{"id":9676,"date":"2023-03-08T13:19:57","date_gmt":"2023-03-08T12:19:57","guid":{"rendered":"https:\/\/iparksa.com\/ipark-madrid-parking-chamartin\/"},"modified":"2025-12-15T14:21:23","modified_gmt":"2025-12-15T13:21:23","slug":"ipark-madrid-parking-chamartin","status":"publish","type":"page","link":"https:\/\/iparksa.com\/pt-pt\/ipark-madrid-parking-chamartin\/","title":{"rendered":"Parque de estacionamento <span class=\"green parking-page\">Chamart\u00edn<\/span>"},"content":{"rendered":"<div class=\"wpb-content-wrapper\"><p>[vc_row][vc_column][vc_empty_space height=&#8221;3vh&#8221;][\/vc_column][\/vc_row][vc_row wrap_container=&#8221;yes&#8221; el_id=&#8221;info&#8221; css=&#8221;.vc_custom_1642676363056{padding-right: 3em !important;padding-left: 3em !important;}&#8221;][vc_column][vc_row_inner][vc_column_inner width=&#8221;1\/3&#8243; offset=&#8221;vc_hidden-sm vc_hidden-xs&#8221;][vc_separator color=&#8221;custom&#8221; accent_color=&#8221;#a5be0b&#8221;][vc_custom_heading text=&#8221;Informa\u00e7ao&#8221; font_container=&#8221;tag:h4|text_align:left&#8221; use_theme_fonts=&#8221;yes&#8221;][vc_empty_space height=&#8221;20&#8243;]<ul class=\"porto-info-list  porto-info-listd751713988987e9331980363e24189ce wpb_custom_2470fd4f9162ce1f73c94a8a2b72b3bf\"><li class=\"porto-info-list-item info-tarifas wpb_custom_eade0171093a7591372ccf9372738e3d\"><i class=\"porto-info-icon fas fa-calculator\"><\/i><div class=\"porto-info-list-item-desc\">[vc_tta_accordion c_icon=&#8221;chevron&#8221; active_section=&#8221;a&#8221; collapsible_all=&#8221;true&#8221;][vc_tta_section title=&#8221;Pre\u00e7os&#8221; tab_id=&#8221;1633174279445-165a9da4-e754&#8243;]<div class=\"porto-sicon-box  wpb_custom_1efe903570d178ff0a9b7bfa5febd3a4 style_1 default-icon flex-wrap\"><div class=\"porto-sicon-description\" style=\"\">\n<p>&nbsp;<\/p>\n<p><\/div> <!-- description --><\/div><!-- porto-sicon-box -->[\/vc_tta_section][\/vc_tta_accordion]<\/div><\/li><li class=\"porto-info-list-item  wpb_custom_eade0171093a7591372ccf9372738e3d\"><i class=\"porto-info-icon fas fa-clock\"><\/i><div class=\"porto-info-list-item-desc\">Hor\u00e1rio: 24\/7<\/div><\/li><li class=\"porto-info-list-item  wpb_custom_eade0171093a7591372ccf9372738e3d\"><i class=\"porto-info-icon fas fa-tachometer-alt\"><\/i><div class=\"porto-info-list-item-desc\">Elevador: N\u00e3o<\/div><\/li><li class=\"porto-info-list-item  wpb_custom_eade0171093a7591372ccf9372738e3d\"><i class=\"porto-info-icon fas fa-charging-station\"><\/i><div class=\"porto-info-list-item-desc\">Locais de carregamento el\u00e9trico: N\u00e3o<\/div><\/li><li class=\"porto-info-list-item  wpb_custom_eade0171093a7591372ccf9372738e3d\"><i class=\"porto-info-icon fas fa-sign\"><\/i><div class=\"porto-info-list-item-desc\">Altura m\u00e1xima: 2,2 m<\/div><\/li><\/ul><a aria-label=\"Email\" class=\"porto-sicon-box-link\" href=\"mailto:chamartin@ipark.es\"><div class=\"porto-sicon-box  vc_custom_1679913794218 custom-view-more  wpb_custom_26965764fb6121a376a742327df9f297 style_1 default-icon\"><div class=\"porto-sicon-default\"><div class=\"porto-just-icon-wrapper porto-icon none\" style=\"color:#ffffff;font-size:34px;margin-right:0px;\"><i class=\"Simple-Line-Icons-envelope\"><\/i><\/div><\/div><div class=\"porto-sicon-header\"><h5 class=\"porto-sicon-title\" style=\"margin-bottom:4px;\">Email<\/h5><p style=\"color:#ffffff;\">chamartin @ipark.es<\/p><\/div> <!-- header --><\/div><!-- porto-sicon-box --><\/a><a aria-label=\"Telefone\" class=\"porto-sicon-box-link\" href=\"tel:+34917333964\"><div class=\"porto-sicon-box  vc_custom_1678278288285 custom-view-more  wpb_custom_26965764fb6121a376a742327df9f297 style_1 default-icon\"><div class=\"porto-sicon-default\"><div class=\"porto-just-icon-wrapper porto-icon none\" style=\"color:#ffffff;font-size:34px;margin-right:0px;\"><i class=\"Simple-Line-Icons-phone\"><\/i><\/div><\/div><div class=\"porto-sicon-header\"><h5 class=\"porto-sicon-title\" style=\"margin-bottom:4px;\">Telefone<\/h5><p style=\"color:#ffffff;\">+34 917 333 964<\/p><\/div> <!-- header --><\/div><!-- porto-sicon-box --><\/a><a aria-label=\"Endere\u00e7o\" class=\"porto-sicon-box-link\" href=\"https:\/\/goo.gl\/maps\/hTTf8YPTbhan1tNfA\" target='_blank'><div class=\"porto-sicon-box  vc_custom_1678278304832 custom-view-more  wpb_custom_26965764fb6121a376a742327df9f297 style_1 default-icon\"><div class=\"porto-sicon-default\"><div class=\"porto-just-icon-wrapper porto-icon none\" style=\"color:#ffffff;font-size:34px;margin-right:0px;\"><i class=\"Simple-Line-Icons-location-pin\"><\/i><\/div><\/div><div class=\"porto-sicon-header\"><h5 class=\"porto-sicon-title\" style=\"margin-bottom:4px;\">Endere\u00e7o<\/h5><p style=\"color:#ffffff;\">C. de Agust\u00edn de Fox\u00e1, 16, 28036 Madrid<\/p><\/div> <!-- header --><\/div><!-- porto-sicon-box --><\/a>[\/vc_column_inner][vc_column_inner width=&#8221;2\/3&#8243; offset=&#8221;vc_hidden-sm vc_hidden-xs&#8221;][vc_custom_heading text=&#8221;Ipark Estacionamientos Y Servicios De Movilidad S.A.&#8221; font_container=&#8221;tag:h3|font_size:14px|text_align:center|line_height:1&#8243; use_theme_fonts=&#8221;yes&#8221; font_weight=&#8221;500&#8243; letter_spacing=&#8221;-0.7px&#8221; el_class=&#8221;ls-0 mb-3 pb-1 mt-2 text-center&#8221;][vc_custom_heading text=&#8221;Parking Chamart\u00edn&#8221; font_container=&#8221;tag:h3|font_size:24px|text_align:center|line_height:1.3&#8243; use_theme_fonts=&#8221;yes&#8221; font_weight=&#8221;700&#8243; letter_spacing=&#8221;-1.61px&#8221; el_class=&#8221;mb-3 text-center&#8221;][vc_column_text css=&#8221;.vc_custom_1678280005483{margin-bottom: 20px !important;}&#8221;]Estacionamento p\u00fablico subterr\u00e2neo, estrategicamente localizado entre a Esta\u00e7\u00e3o Ferrovi\u00e1ria de Chamartin (350 metros) e a Plaza de Castilla (400 metros). Nos arredores encontram-se Las Torres Realia, o Intercambiador de Pl de Castilla, os Hot\u00e9is Barcel\u00f3 Imagine, Crisol Via, Exe Plaza, Melia Chamartin, The One, etc., bem como a Interven\u00e7\u00e3o Geral da Administra\u00e7\u00e3o do Estado, a Federa\u00e7\u00e3o Espanhola de Futebol, o Tesouro da Seguran\u00e7a Social, etc.[\/vc_column_text][vc_separator color=&#8221;custom&#8221; accent_color=&#8221;#a5be0b&#8221;][vc_gmaps link=&#8221;#E-8_JTNDaWZyYW1lJTIwc3JjJTNEJTIyaHR0cHMlM0ElMkYlMkZ3d3cuZ29vZ2xlLmNvbSUyRm1hcHMlMkZlbWJlZCUzRnBiJTNEJTIxMW0xOCUyMTFtMTIlMjExbTMlMjExZDE0NzQuNDQyMDIzOTUzNjkyJTIxMmQtMy42ODY2NTk2ODY4MjczMjY3JTIxM2Q0MC40Njg3ODQxODkzMDczMyUyMTJtMyUyMTFmMCUyMTJmMCUyMTNmMCUyMTNtMiUyMTFpMTAyNCUyMTJpNzY4JTIxNGYxMy4xJTIxM20zJTIxMW0yJTIxMXMweGQ0MjI5MGI5NWQ5NTA3ZCUyNTNBMHg4YThjNTNjNWNiY2ZiYzZjJTIxMnNQYXJraW5nJTI1MjBDaGFtYXJ0aW4lMjUyMCUyNTdDJTI1MjBpUGFyayUyMTVlMCUyMTNtMiUyMTFzZXMlMjEyc2VzJTIxNHYxNjc4Mjc3MTQ4MjE0JTIxNW0yJTIxMXNlcyUyMTJzZXMlMjIlMjB3aWR0aCUzRCUyMjYwMCUyMiUyMGhlaWdodCUzRCUyMjQ1MCUyMiUyMHN0eWxlJTNEJTIyYm9yZGVyJTNBMCUzQiUyMiUyMGFsbG93ZnVsbHNjcmVlbiUzRCUyMiUyMiUyMGxvYWRpbmclM0QlMjJsYXp5JTIyJTIwcmVmZXJyZXJwb2xpY3klM0QlMjJuby1yZWZlcnJlci13aGVuLWRvd25ncmFkZSUyMiUzRSUzQyUyRmlmcmFtZSUzRSUwQQ==&#8221;][\/vc_column_inner][\/vc_row_inner][\/vc_column][\/vc_row][vc_row][vc_column offset=&#8221;vc_hidden-xl vc_hidden-lg vc_hidden-md&#8221; css=&#8221;.vc_custom_1763718149995{padding-right: 3em !important;padding-left: 3em !important;}&#8221; conditional_render=&#8221;%5B%7B%22value_role%22%3A%22administrator%22%7D%5D&#8221; css_params=&#8221;&#8221;][vc_row_inner][vc_column_inner][vc_custom_heading text=&#8221;Ipark Estacionamientos Y Servicios De Movilidad S.A.&#8221; font_container=&#8221;tag:h3|font_size:14px|text_align:center|line_height:1&#8243; use_theme_fonts=&#8221;yes&#8221; font_weight=&#8221;500&#8243; letter_spacing=&#8221;-0.7px&#8221; el_class=&#8221;ls-0 mb-3 pb-1 mt-2 text-center&#8221;][vc_custom_heading text=&#8221;Parking Chamart\u00edn&#8221; font_container=&#8221;tag:h3|font_size:24px|text_align:center|line_height:1.3&#8243; use_theme_fonts=&#8221;yes&#8221; font_weight=&#8221;700&#8243; letter_spacing=&#8221;-1.61px&#8221; el_class=&#8221;mb-3 text-center&#8221;][vc_column_text]Estacionamento p\u00fablico subterr\u00e2neo, estrategicamente localizado entre a Esta\u00e7\u00e3o Ferrovi\u00e1ria de Chamartin (350 metros) e a Plaza de Castilla (400 metros). Nos arredores encontram-se Las Torres Realia, o Intercambiador de Pl de Castilla, os Hot\u00e9is Barcel\u00f3 Imagine, Crisol Via, Exe Plaza, Melia Chamartin, The One, etc., bem como a Interven\u00e7\u00e3o Geral da Administra\u00e7\u00e3o do Estado, a Federa\u00e7\u00e3o Espanhola de Futebol, o Tesouro da Seguran\u00e7a Social, etc.[\/vc_column_text][vc_separator color=&#8221;custom&#8221; accent_color=&#8221;#a5be0b&#8221;][vc_custom_heading text=&#8221;Informa\u00e7ao&#8221; font_container=&#8221;tag:h4|text_align:left&#8221; use_theme_fonts=&#8221;yes&#8221;][vc_empty_space height=&#8221;10&#8243;]<ul class=\"porto-info-list  porto-info-listd751713988987e9331980363e24189ce wpb_custom_2470fd4f9162ce1f73c94a8a2b72b3bf\"><li class=\"porto-info-list-item info-tarifas wpb_custom_eade0171093a7591372ccf9372738e3d\"><i class=\"porto-info-icon fas fa-calculator\"><\/i><div class=\"porto-info-list-item-desc\">[vc_tta_accordion c_icon=&#8221;chevron&#8221; active_section=&#8221;a&#8221; collapsible_all=&#8221;true&#8221;][vc_tta_section title=&#8221;Pre\u00e7os&#8221; tab_id=&#8221;1633174279445-165a9da4-e754&#8243;]<div class=\"porto-sicon-box  wpb_custom_1efe903570d178ff0a9b7bfa5febd3a4 style_1 default-icon flex-wrap\"><div class=\"porto-sicon-description\" style=\"\">\n<p>&nbsp;<\/p>\n<p><\/div> <!-- description --><\/div><!-- porto-sicon-box -->[\/vc_tta_section][\/vc_tta_accordion]<\/div><\/li><li class=\"porto-info-list-item  wpb_custom_eade0171093a7591372ccf9372738e3d\"><i class=\"porto-info-icon fas fa-clock\"><\/i><div class=\"porto-info-list-item-desc\">Hor\u00e1rio: 24\/7<\/div><\/li><li class=\"porto-info-list-item  wpb_custom_eade0171093a7591372ccf9372738e3d\"><i class=\"porto-info-icon fas fa-tachometer-alt\"><\/i><div class=\"porto-info-list-item-desc\">Elevador: N\u00e3o<\/div><\/li><li class=\"porto-info-list-item  wpb_custom_eade0171093a7591372ccf9372738e3d\"><i class=\"porto-info-icon fas fa-charging-station\"><\/i><div class=\"porto-info-list-item-desc\">Locais de carregamento el\u00e9trico: N\u00e3o<\/div><\/li><li class=\"porto-info-list-item  wpb_custom_eade0171093a7591372ccf9372738e3d\"><i class=\"porto-info-icon fas fa-sign\"><\/i><div class=\"porto-info-list-item-desc\">Altura m\u00e1xima: 2,2 m<\/div><\/li><\/ul>[\/vc_column_inner][\/vc_row_inner][\/vc_column][\/vc_row][vc_row wrap_container=&#8221;yes&#8221; css=&#8221;.vc_custom_1642676441188{padding-right: 3em !important;padding-left: 3em !important;}&#8221;][vc_column][vc_custom_heading text=&#8221;Reservas e assinaturas&#8221; use_theme_fonts=&#8221;yes&#8221;][vc_separator color=&#8221;custom&#8221; accent_color=&#8221;#a5be0b&#8221;][vc_row_inner][vc_column_inner width=&#8221;1\/2&#8243; css=&#8221;.vc_custom_1642676668338{margin-bottom: 2em !important;}&#8221;][vc_hoverbox image=&#8221;2329&#8243; primary_title=&#8221;RESERVAS&#8221; hover_title=&#8221;Reserve as horas que vai usar o parque de estacionamento&#8221; hover_title_font_container=&#8221;font_size:20px|color:%23ffffff&#8221; hover_title_use_theme_fonts=&#8221;yes&#8221; hover_background_color=&#8221;custom&#8221; hover_btn_title=&#8221;Comprar&#8221; hover_btn_style=&#8221;outline-custom&#8221; hover_btn_outline_custom_color=&#8221;#ffffff&#8221; hover_btn_outline_custom_hover_background=&#8221;#ffffff&#8221; hover_btn_outline_custom_hover_text=&#8221;#fb8c00&#8243; hover_btn_shape=&#8221;round&#8221; hover_btn_align=&#8221;center&#8221; hover_btn_i_type=&#8221;material&#8221; hover_btn_i_icon_material=&#8221;vc-material vc-material-add_shopping_cart&#8221; use_custom_fonts_hover_title=&#8221;true&#8221; hover_add_button=&#8221;true&#8221; hover_btn_button_block=&#8221;true&#8221; hover_btn_add_icon=&#8221;true&#8221; el_class=&#8221;parking-card&#8221; hover_custom_background=&#8221;#fb8c00&#8243; hover_btn_link=&#8221;url:https%3A%2F%2Fiparksa.com%2Fpt-pt%2Fipark-madrid-parking-chamartin%2Freservas-por-dias%2F&#8221;]<\/p>\n<p style=\"color: #ffffff;\">Reservas por dias. Reservas e pagamentos com anteced\u00eancia.<\/p>\n<p>[\/vc_hoverbox][\/vc_column_inner][vc_column_inner width=&#8221;1\/2&#8243; css=&#8221;.vc_custom_1642676675558{margin-bottom: 2em !important;}&#8221;][vc_hoverbox image=&#8221;2330&#8243; primary_title=&#8221;PASSE DE FIM DE SEMANA&#8221; hover_title=&#8221;Passes de fim de semana&#8221; hover_title_font_container=&#8221;font_size:20px|color:%23ffffff&#8221; hover_title_use_theme_fonts=&#8221;yes&#8221; hover_background_color=&#8221;custom&#8221; hover_btn_title=&#8221;Comprar&#8221; hover_btn_style=&#8221;outline-custom&#8221; hover_btn_outline_custom_color=&#8221;#ffffff&#8221; hover_btn_outline_custom_hover_background=&#8221;#ffffff&#8221; hover_btn_outline_custom_hover_text=&#8221;#aa00ff&#8221; hover_btn_shape=&#8221;round&#8221; hover_btn_align=&#8221;center&#8221; hover_btn_i_type=&#8221;material&#8221; hover_btn_i_icon_material=&#8221;vc-material vc-material-add_shopping_cart&#8221; use_custom_fonts_hover_title=&#8221;true&#8221; hover_add_button=&#8221;true&#8221; hover_btn_button_block=&#8221;true&#8221; hover_btn_add_icon=&#8221;true&#8221; el_class=&#8221;parking-card&#8221; hover_custom_background=&#8221;#aa00ff&#8221; hover_title_link=&#8221;url:https%3A%2F%2Fwww.atocha70.es%2Fproduct-page%2Fbono-fin-de-semana|target:_blank&#8221; hover_btn_link=&#8221;url:https%3A%2F%2Fiparksa.com%2Fpt-pt%2Fipark-madrid-parking-chamartin%2Fabono-fin-de-semana%2F|title:Abono%20Fin%20de%20Semana&#8221;]<\/p>\n<p style=\"color: #ffffff;\">Passes de fim de semana<\/p>\n<p>[\/vc_hoverbox][\/vc_column_inner][\/vc_row_inner][vc_row_inner][vc_column_inner width=&#8221;1\/2&#8243; css=&#8221;.vc_custom_1642676683456{margin-bottom: 2em !important;}&#8221;][vc_hoverbox image=&#8221;2333&#8243; primary_title=&#8221;PASSE NOTURNO&#8221; primary_title_font_container=&#8221;color:%23ffffff&#8221; primary_title_use_theme_fonts=&#8221;yes&#8221; hover_title=&#8221;Bilhetes noturnos&#8221; hover_title_font_container=&#8221;font_size:20px|color:%23ffffff&#8221; hover_title_use_theme_fonts=&#8221;yes&#8221; hover_background_color=&#8221;custom&#8221; hover_btn_title=&#8221;Comprar&#8221; hover_btn_style=&#8221;outline-custom&#8221; hover_btn_outline_custom_color=&#8221;#ffffff&#8221; hover_btn_outline_custom_hover_background=&#8221;#ffffff&#8221; hover_btn_outline_custom_hover_text=&#8221;#212121&#8243; hover_btn_shape=&#8221;round&#8221; hover_btn_align=&#8221;center&#8221; hover_btn_i_type=&#8221;material&#8221; hover_btn_i_icon_material=&#8221;vc-material vc-material-add_shopping_cart&#8221; use_custom_fonts_primary_title=&#8221;true&#8221; use_custom_fonts_hover_title=&#8221;true&#8221; hover_add_button=&#8221;true&#8221; hover_btn_button_block=&#8221;true&#8221; hover_btn_add_icon=&#8221;true&#8221; el_class=&#8221;parking-card&#8221; hover_custom_background=&#8221;#212121&#8243; hover_btn_link=&#8221;url:https%3A%2F%2Fiparksa.com%2Fpt-pt%2Fipark-madrid-parking-chamartin%2Fabono-nocturno%2F|title:Abono%20Nocturno&#8221;]<\/p>\n<p style=\"color: #ffffff;\">O passe permite-lhe estacionar todos os dias do m\u00eas, \u00e0 noite. S\u00e1bados, domingos e feriados pode estacionar 24 horas por dia.<\/p>\n<p>[\/vc_hoverbox][\/vc_column_inner][vc_column_inner width=&#8221;1\/2&#8243; css=&#8221;.vc_custom_1642676696432{margin-bottom: 2em !important;}&#8221;][vc_hoverbox image=&#8221;2338&#8243; primary_title=&#8221;PASSE DE MOTOCICLETA&#8221; hover_title=&#8221;Assinaturas de motocicletas&#8221; hover_title_font_container=&#8221;font_size:20px|color:%23ffffff&#8221; hover_title_use_theme_fonts=&#8221;yes&#8221; hover_background_color=&#8221;custom&#8221; hover_btn_title=&#8221;Comprar&#8221; hover_btn_style=&#8221;outline-custom&#8221; hover_btn_outline_custom_color=&#8221;#ffffff&#8221; hover_btn_outline_custom_hover_background=&#8221;#ffffff&#8221; hover_btn_outline_custom_hover_text=&#8221;#a5be0b&#8221; hover_btn_shape=&#8221;round&#8221; hover_btn_align=&#8221;center&#8221; hover_btn_i_type=&#8221;material&#8221; hover_btn_i_icon_material=&#8221;vc-material vc-material-add_shopping_cart&#8221; use_custom_fonts_hover_title=&#8221;true&#8221; hover_add_button=&#8221;true&#8221; hover_btn_button_block=&#8221;true&#8221; hover_btn_add_icon=&#8221;true&#8221; el_class=&#8221;parking-card&#8221; hover_custom_background=&#8221;#68a83a&#8221; hover_btn_link=&#8221;url:https%3A%2F%2Fiparksa.com%2Fpt-pt%2Fipark-madrid-parking-chamartin%2Fabono-moto%2F|title:Abono%20Moto&#8221;]<\/p>\n<p style=\"color: #ffffff;\">Estacione a motocicleta todos os dias a qualquer momento.<\/p>\n<p>[\/vc_hoverbox][\/vc_column_inner][\/vc_row_inner][vc_row_inner][vc_column_inner width=&#8221;1\/2&#8243; css=&#8221;.vc_custom_1642676683456{margin-bottom: 2em !important;}&#8221;][vc_hoverbox image=&#8221;2332&#8243; primary_title=&#8221;PASSE 24H&#8221; hover_title=&#8221;Assinatura de m\u00eas inteiro&#8221; hover_title_font_container=&#8221;font_size:20px|color:%23ffffff&#8221; hover_title_use_theme_fonts=&#8221;yes&#8221; hover_background_color=&#8221;custom&#8221; hover_btn_title=&#8221;Comprar&#8221; hover_btn_style=&#8221;outline-custom&#8221; hover_btn_outline_custom_color=&#8221;#ffffff&#8221; hover_btn_outline_custom_hover_background=&#8221;#ffffff&#8221; hover_btn_outline_custom_hover_text=&#8221;#2962ff&#8221; hover_btn_shape=&#8221;round&#8221; hover_btn_align=&#8221;center&#8221; hover_btn_i_type=&#8221;material&#8221; hover_btn_i_icon_material=&#8221;vc-material vc-material-add_shopping_cart&#8221; use_custom_fonts_hover_title=&#8221;true&#8221; hover_add_button=&#8221;true&#8221; hover_btn_button_block=&#8221;true&#8221; hover_btn_add_icon=&#8221;true&#8221; hover_custom_background=&#8221;#2962ff&#8221; el_class=&#8221;parking-card&#8221; hover_btn_link=&#8221;url:https%3A%2F%2Fiparksa.com%2Fpt-pt%2Fipark-madrid-parking-chamartin%2Fabono-24h%2F|title:Abono%2024H&#8221;]<\/p>\n<p style=\"color: #ffffff;\">Use o nosso estacionamento todos os dias do m\u00eas 24 horas por dia.<\/p>\n<p>[\/vc_hoverbox][\/vc_column_inner][vc_column_inner width=&#8221;1\/2&#8243; css=&#8221;.vc_custom_1642676696432{margin-bottom: 2em !important;}&#8221;][vc_hoverbox image=&#8221;2334&#8243; primary_title=&#8221;PASSE LIVRE 12H&#8221; hover_title=&#8221;12 horas por dia, de segunda a sexta-feira&#8221; hover_title_font_container=&#8221;font_size:20px|color:%23ffffff&#8221; hover_title_use_theme_fonts=&#8221;yes&#8221; hover_background_color=&#8221;custom&#8221; hover_btn_title=&#8221;Comprar&#8221; hover_btn_style=&#8221;outline-custom&#8221; hover_btn_outline_custom_color=&#8221;#ffffff&#8221; hover_btn_outline_custom_hover_background=&#8221;#ffffff&#8221; hover_btn_outline_custom_hover_text=&#8221;#d50000&#8243; hover_btn_shape=&#8221;round&#8221; hover_btn_align=&#8221;center&#8221; hover_btn_i_type=&#8221;material&#8221; hover_btn_i_icon_material=&#8221;vc-material vc-material-add_shopping_cart&#8221; use_custom_fonts_hover_title=&#8221;true&#8221; hover_add_button=&#8221;true&#8221; hover_btn_button_block=&#8221;true&#8221; hover_btn_add_icon=&#8221;true&#8221; el_class=&#8221;parking-card&#8221; hover_custom_background=&#8221;#d50000&#8243; hover_btn_link=&#8221;url:https%3A%2F%2Fiparksa.com%2Fpt-pt%2Fipark-madrid-parking-chamartin%2Fabono-libre-12h%2F|title:Abono%20Libre%2012%20horas&#8221;]<\/p>\n<p style=\"color: #ffffff;\">Escolhes o teu tempo para entrar e sair, \u00e9 livre!<\/p>\n<p>[\/vc_hoverbox][\/vc_column_inner][\/vc_row_inner][vc_row_inner][vc_column_inner width=&#8221;1\/2&#8243; css=&#8221;.vc_custom_1642676668338{margin-bottom: 2em !important;}&#8221;][vc_hoverbox image=&#8221;11395&#8243; primary_title=&#8221;SALAS DE ARMAZENAMENTO&#8221; hover_title=&#8221;Perguntas sobre tamanhos\/disponibilidade&#8221; hover_title_font_container=&#8221;font_size:20px|color:%23ffffff&#8221; hover_title_use_theme_fonts=&#8221;yes&#8221; hover_background_color=&#8221;custom&#8221; hover_btn_title=&#8221;Por favor contacte chamartin@ipark.es \u00f3 tlf. 917 333 964&#8243; hover_btn_style=&#8221;outline-custom&#8221; hover_btn_outline_custom_color=&#8221;#ffffff&#8221; hover_btn_outline_custom_hover_background=&#8221;#9cc4e7&#8243; hover_btn_outline_custom_hover_text=&#8221;#ffffff&#8221; hover_btn_shape=&#8221;round&#8221; use_custom_fonts_hover_title=&#8221;true&#8221; hover_add_button=&#8221;true&#8221; el_class=&#8221;parking-card&#8221; hover_custom_background=&#8221;#7299eb&#8221;][\/vc_hoverbox][\/vc_column_inner][vc_column_inner width=&#8221;1\/2&#8243; css=&#8221;.vc_custom_1642676675558{margin-bottom: 2em !important;}&#8221;][\/vc_column_inner][\/vc_row_inner][vc_empty_space height=&#8221;5vh&#8221;][vc_row_inner][vc_column_inner offset=&#8221;vc_hidden-xl vc_hidden-lg&#8221; css_params=&#8221;&#8221;]<a aria-label=\"Email\" class=\"porto-sicon-box-link\" href=\"mailto:chamartin@ipark.es\"><div class=\"porto-sicon-box  vc_custom_1679913813980 custom-view-more  wpb_custom_26965764fb6121a376a742327df9f297 style_1 default-icon\"><div class=\"porto-sicon-default\"><div class=\"porto-just-icon-wrapper porto-icon none\" style=\"color:#ffffff;font-size:34px;margin-right:0px;\"><i class=\"Simple-Line-Icons-envelope\"><\/i><\/div><\/div><div class=\"porto-sicon-header\"><h5 class=\"porto-sicon-title\" style=\"margin-bottom:4px;\">Email<\/h5><p style=\"color:#ffffff;\">chamartin @ipark.es<\/p><\/div> <!-- header --><\/div><!-- porto-sicon-box --><\/a><a aria-label=\"Telefone\" class=\"porto-sicon-box-link\" href=\"tel:+34917333964\"><div class=\"porto-sicon-box  vc_custom_1678278288285 custom-view-more  wpb_custom_26965764fb6121a376a742327df9f297 style_1 default-icon\"><div class=\"porto-sicon-default\"><div class=\"porto-just-icon-wrapper porto-icon none\" style=\"color:#ffffff;font-size:34px;margin-right:0px;\"><i class=\"Simple-Line-Icons-phone\"><\/i><\/div><\/div><div class=\"porto-sicon-header\"><h5 class=\"porto-sicon-title\" style=\"margin-bottom:4px;\">Telefone<\/h5><p style=\"color:#ffffff;\">+34 917 333 964<\/p><\/div> <!-- header --><\/div><!-- porto-sicon-box --><\/a><a aria-label=\"Endere\u00e7o\" class=\"porto-sicon-box-link\" href=\"https:\/\/goo.gl\/maps\/hTTf8YPTbhan1tNfA\" target='_blank'><div class=\"porto-sicon-box  vc_custom_1678278304832 custom-view-more  wpb_custom_26965764fb6121a376a742327df9f297 style_1 default-icon\"><div class=\"porto-sicon-default\"><div class=\"porto-just-icon-wrapper porto-icon none\" style=\"color:#ffffff;font-size:34px;margin-right:0px;\"><i class=\"Simple-Line-Icons-location-pin\"><\/i><\/div><\/div><div class=\"porto-sicon-header\"><h5 class=\"porto-sicon-title\" style=\"margin-bottom:4px;\">Endere\u00e7o<\/h5><p style=\"color:#ffffff;\">C. de Agust\u00edn de Fox\u00e1, 16, 28036 Madrid<\/p><\/div> <!-- header --><\/div><!-- porto-sicon-box --><\/a>[vc_empty_space height=&#8221;5vh&#8221;][\/vc_column_inner][\/vc_row_inner][\/vc_column][\/vc_row][vc_row wrap_container=&#8221;yes&#8221; el_id=&#8221;hiw&#8221; css=&#8221;.vc_custom_1642676473740{padding-right: 3em !important;padding-left: 3em !important;}&#8221;][vc_column][vc_custom_heading text=&#8221;Como funciona&#8221; use_theme_fonts=&#8221;yes&#8221;][vc_separator color=&#8221;custom&#8221; accent_color=&#8221;#a5be0b&#8221;][vc_row_inner][vc_column_inner]<ul class=\"porto-info-list  porto-info-listd751713988987e9331980363e24189ce wpb_custom_2470fd4f9162ce1f73c94a8a2b72b3bf\"><li class=\"porto-info-list-item  wpb_custom_eade0171093a7591372ccf9372738e3d\"><i class=\"porto-info-icon fas fa-check-double\"><\/i><div class=\"porto-info-list-item-desc\">\u00c9 necess\u00e1rio introduzir a matr\u00edcula do ve\u00edculo na compra de qualquer produto.<\/div><\/li><li class=\"porto-info-list-item  wpb_custom_eade0171093a7591372ccf9372738e3d\"><i class=\"porto-info-icon fas fa-check-double\"><\/i><div class=\"porto-info-list-item-desc\">Ao efetuar a Reserva ou ao adquirir o Passe, registaremos o seu registo no sistema de controlo de acesso do Estacionamento. \u00c9 assim t\u00e3o f\u00e1cil!\u200b<\/div><\/li><li class=\"porto-info-list-item  wpb_custom_eade0171093a7591372ccf9372738e3d\"><i class=\"porto-info-icon fas fa-check-double\"><\/i><div class=\"porto-info-list-item-desc\">Quando chegar ao Estacionamento, fique ao lado do dispensador de bilhetes. As c\u00e2maras de leitura da placa ir\u00e3o identific\u00e1-lo e abrir a barreira. Pode entrar!<\/div><\/li><li class=\"porto-info-list-item  wpb_custom_eade0171093a7591372ccf9372738e3d\"><i class=\"porto-info-icon fas fa-check-double\"><\/i><div class=\"porto-info-list-item-desc\">No check-out, na sua p\u00e1gina pessoal pode ver as compras efetuas e as suas informa\u00e7\u00f5es pessoais. Pode guard\u00e1-lo para futuras compras.<\/div><\/li><li class=\"porto-info-list-item  wpb_custom_eade0171093a7591372ccf9372738e3d\"><i class=\"porto-info-icon fas fa-check-double\"><\/i><div class=\"porto-info-list-item-desc\">Ao fazer uma Reserva, deve indicar o dia de chegada e o n\u00famero de dias de reserva.<\/div><\/li><\/ul>[vc_empty_space height=&#8221;2vh&#8221;][\/vc_column_inner][\/vc_row_inner][vc_row_inner][vc_column_inner][vc_wp_text]<div id=\"metaslider-id-12945\" style=\"max-width: 800px; margin: 0 auto;\" class=\"ml-slider-3-107-0 metaslider metaslider-flex metaslider-12945 ml-slider ms-theme-default nav-hidden\" role=\"region\" aria-label=\"Madrid - Chamartin\" data-height=\"600\" data-width=\"800\">\n    <div id=\"metaslider_container_12945\">\n        <div id=\"metaslider_12945\">\n            <ul class='slides'>\n                <li style=\"display: block; width: 100%;\" class=\"slide-12946 ms-image \" aria-roledescription=\"slide\" data-date=\"2024-07-15 15:33:00\" data-filename=\"02P-800x600.jpg\" data-slide-type=\"image\"><img loading=\"lazy\" decoding=\"async\" src=\"https:\/\/iparksa.com\/wp-content\/uploads\/2024\/05\/02P-800x600.jpg\" height=\"600\" width=\"800\" alt=\"\" class=\"slider-12945 slide-12946 msDefaultImage\" title=\"02P\" \/><\/li>\n                <li style=\"display: none; width: 100%;\" class=\"slide-12947 ms-image \" aria-roledescription=\"slide\" data-date=\"2024-07-15 15:33:07\" data-filename=\"01P-800x600.jpg\" data-slide-type=\"image\"><img loading=\"lazy\" decoding=\"async\" src=\"https:\/\/iparksa.com\/wp-content\/uploads\/2024\/05\/01P-800x600.jpg\" height=\"600\" width=\"800\" alt=\"\" class=\"slider-12945 slide-12947 msDefaultImage\" title=\"01P\" \/><\/li>\n                <li style=\"display: none; width: 100%;\" class=\"slide-12948 ms-image \" aria-roledescription=\"slide\" data-date=\"2024-07-15 15:33:12\" data-filename=\"03P-800x600.jpg\" data-slide-type=\"image\"><img loading=\"lazy\" decoding=\"async\" src=\"https:\/\/iparksa.com\/wp-content\/uploads\/2024\/05\/03P-800x600.jpg\" height=\"600\" width=\"800\" alt=\"\" class=\"slider-12945 slide-12948 msDefaultImage\" title=\"03P\" \/><\/li>\n                <li style=\"display: none; width: 100%;\" class=\"slide-12949 ms-image \" aria-roledescription=\"slide\" data-date=\"2024-07-15 15:33:23\" data-filename=\"33-800x600.jpg\" data-slide-type=\"image\"><img loading=\"lazy\" decoding=\"async\" src=\"https:\/\/iparksa.com\/wp-content\/uploads\/2024\/05\/33-800x600.jpg\" height=\"600\" width=\"800\" alt=\"\" class=\"slider-12945 slide-12949 msDefaultImage\" title=\"33\" \/><\/li>\n                <li style=\"display: none; width: 100%;\" class=\"slide-12950 ms-image \" aria-roledescription=\"slide\" data-date=\"2024-07-15 15:33:38\" data-filename=\"74-1-800x600.jpg\" data-slide-type=\"image\"><img loading=\"lazy\" decoding=\"async\" src=\"https:\/\/iparksa.com\/wp-content\/uploads\/2024\/05\/74-1-800x600.jpg\" height=\"600\" width=\"800\" alt=\"74\" class=\"slider-12945 slide-12950 msDefaultImage\" title=\"74\" \/><\/li>\n            <\/ul>\n        <\/div>\n        \n    <\/div>\n<\/div>[\/vc_wp_text][\/vc_column_inner][\/vc_row_inner][vc_empty_space height=&#8221;5vh&#8221;][\/vc_column][\/vc_row][vc_row css=&#8221;.vc_custom_1678794925132{padding-right: 3em !important;padding-left: 3em !important;}&#8221;][vc_column][vc_custom_heading text=&#8221;ESTACIONAMENTO DA ESTA\u00c7\u00c3O DE CHAMARTIN&#8221; use_theme_fonts=&#8221;yes&#8221;][vc_column_text]<span style=\"font-weight: 400;\">Est\u00e1 a tentar encontrar estacionamento \u00e0 entrada da esta\u00e7\u00e3o de Chamart\u00edn durante as horas de ponta? Voc\u00ea j\u00e1 se sentiu sobrecarregado com a dificuldade de encontrar um lugar para estacionar seu carro? Aquela ansiedade quando, em um instante, voc\u00ea perde o trem porque n\u00e3o havia vaga suficiente para estacionar parece muito familiar. No Ipark queremos tornar a sua vida mais f\u00e1cil e confort\u00e1vel; Estamos aqui para o que voc\u00ea precisar para o seu ve\u00edculo!<\/span><\/p>\n<p><span style=\"font-weight: 400;\">A Ipark tem um conjunto de solu\u00e7\u00f5es para ir ao encontro das suas necessidades de estacionamento, facilmente adapt\u00e1veis \u200b\u200b\u00e0s suas necessidades individuais.<\/span><\/p>\n<p><span style=\"font-weight: 400;\">Para tornar sua viagem mais f\u00e1cil e agrad\u00e1vel, nos esfor\u00e7amos para oferecer a melhor experi\u00eancia de estacionamento poss\u00edvel. O trem \u00e9 seguro e silencioso, tornando-o uma op\u00e7\u00e3o ideal para viagens de neg\u00f3cios ou lazer. Queremos tirar todo o inc\u00f4modo de voc\u00ea para que voc\u00ea possa se concentrar no que mais importa &#8211; sua viagem!<\/span><\/p>\n<p><span style=\"font-weight: 400;\">O trem \u00e9 uma das formas mais r\u00e1pidas e confort\u00e1veis \u200b\u200bde se locomover pela cidade. Seus muitos benef\u00edcios o tornam uma escolha desej\u00e1vel para viagens, passeios e muito mais.<\/span><\/p>\n<p><span style=\"font-weight: 400;\">No entanto, a verdadeira dificuldade surge quando tentamos conduzir at\u00e9 \u00e0 esta\u00e7\u00e3o de Chamart\u00edn e n\u00e3o encontramos lugar para estacionar. Andar em c\u00edrculos n\u00e3o \u00e9 divertido. N\u00e3o se preocupe se tiver dificuldade em encontrar estacionamento em Chamart\u00edn &#8211; muita gente tem!<\/span><\/p>\n<p><span style=\"font-weight: 400;\">Se procura uma solu\u00e7\u00e3o de estacionamento barata mas fi\u00e1vel perto da esta\u00e7\u00e3o de Chamart\u00edn, n\u00e3o procure mais! Nosso estacionamento barato oferece as tarifas mais competitivas da regi\u00e3o sem comprometer a qualidade. Voc\u00ea n\u00e3o precisa se preocupar onde vai deixar seu carro ou quanto vai custar. Com o nosso servi\u00e7o de estacionamento low cost na esta\u00e7\u00e3o de Chamart\u00edn, tenha a certeza de que o conforto e o pre\u00e7o andam de m\u00e3os dadas.<\/span>[\/vc_column_text][\/vc_column][\/vc_row][vc_row css=&#8221;.vc_custom_1678794925132{padding-right: 3em !important;padding-left: 3em !important;}&#8221;][vc_column][vc_custom_heading text=&#8221;LOCAIS DE INTERESSE PERTO DA ESTA\u00c7\u00c3O DE CHAMART\u00cdN&#8221; use_theme_fonts=&#8221;yes&#8221;][vc_column_text]<span style=\"font-weight: 400;\">Se decidir estacionar no nosso c\u00f3modo parque de estacionamento na esta\u00e7\u00e3o de Chamart\u00edn, beneficiar\u00e1 da proximidade de zonas essenciais no dia-a-dia de Madrid.<\/span><\/p>\n<p><span style=\"font-weight: 400;\">Voc\u00ea pode chegar facilmente \u00e0 Plaza de Castilla e ao Paseo de la Castellana em um salto.<\/span><\/p>\n<p><span style=\"font-weight: 400;\">Al\u00e9m disso, n\u00e3o deixe de explorar as incr\u00edveis quatro torres de Madri, o movimentado centro da bolsa de valores e sua ic\u00f4nica torre de vidro ou &#8220;Puerta de Europa&#8221;. voc\u00ea pode descobrir o monumento hist\u00f3rico a Alfonso XII.<\/span>[\/vc_column_text][\/vc_column][\/vc_row][vc_row css=&#8221;.vc_custom_1678794925132{padding-right: 3em !important;padding-left: 3em !important;}&#8221;][vc_column][vc_custom_heading text=&#8221;ESTA\u00c7\u00c3O MADRID-CHAMART\u00cdN&#8221; use_theme_fonts=&#8221;yes&#8221;][vc_column_text]<span style=\"font-weight: 400;\">Madrid-Chamart\u00edn-Clara Campoamor, anteriormente conhecida simplesmente como Esta\u00e7\u00e3o Norte de Madrid, \u00e9 agora um eixo que liga o noroeste de Espanha \u00e0 capital. Em 2020, recebeu seu novo nome de honra -Madrid-Chamart\u00edn-Clara Campoamor- em reconhecimento \u00e0 incans\u00e1vel defesa dos direitos de voto das mulheres por parte de Clara Campoamor.<\/span><\/p>\n<p><span style=\"font-weight: 400;\">Conclu\u00edda em 1967, a estrutura logo se mostrou pequena demais para o crescente n\u00famero de passageiros. Como solu\u00e7\u00e3o, foi reformado na d\u00e9cada de 1970.<\/span>[\/vc_column_text][\/vc_column][\/vc_row][vc_row css=&#8221;.vc_custom_1678794925132{padding-right: 3em !important;padding-left: 3em !important;}&#8221;][vc_column][vc_custom_heading text=&#8221;MAIS QUE UMA ESTA\u00c7\u00c3O DE TREM&#8221; use_theme_fonts=&#8221;yes&#8221;][vc_column_text]<span style=\"font-weight: 400;\">A esta\u00e7\u00e3o Madrid-Chamart\u00edn \u00e9 um destino tur\u00edstico de primeira classe devido ao seu f\u00e1cil acesso atrav\u00e9s de m\u00faltiplos meios de transporte. Com a linha de alta velocidade AVE conectando-a diretamente a Valladolid, Le\u00f3n e Orense, al\u00e9m de duas linhas de metr\u00f4 e in\u00fameras linhas suburbanas que param aqui regularmente, voc\u00ea n\u00e3o precisa de carro pr\u00f3prio para chegar a esta esta\u00e7\u00e3o movimentada!<\/span><\/p>\n<p><span style=\"font-weight: 400;\">Atrav\u00e9s de passagens subterr\u00e2neas, a esta\u00e7\u00e3o Chamart\u00edn est\u00e1 ligada \u00e0 esta\u00e7\u00e3o Atocha AVE por comboios Cercan\u00edas.<\/span>[\/vc_column_text][\/vc_column][\/vc_row][vc_row css=&#8221;.vc_custom_1678794925132{padding-right: 3em !important;padding-left: 3em !important;}&#8221;][vc_column][vc_custom_heading text=&#8221;ENCONTRE O ESTACIONAMENTO IDEAL EM CHAMART\u00cdN: RESERVE ONLINE&#8221; use_theme_fonts=&#8221;yes&#8221;][vc_column_text]<span style=\"font-weight: 400;\">N\u00e3o perca tempo a procurar estacionamento perto da esta\u00e7\u00e3o Madrid-Chamart\u00edn Ipark oferece-lhe os lugares mais baratos de toda a Chamart\u00edn. Evite qualquer estresse desnecess\u00e1rio e reserve seu lugar online hoje. Insira suas datas de viagem para navegar em nossa sele\u00e7\u00e3o &#8211; voc\u00ea pode comparar pre\u00e7os, encontrar ofertas exclusivas e acessar as tarifas mais baixas dispon\u00edveis, mas tenha certeza de que, com o Ipark, voc\u00ea garante uma \u00f3tima pechincha, n\u00e3o importa o que aconte\u00e7a!<\/span>[\/vc_column_text][\/vc_column][\/vc_row][vc_row css=&#8221;.vc_custom_1678794925132{padding-right: 3em !important;padding-left: 3em !important;}&#8221;][vc_column][vc_custom_heading text=&#8221;DESCUBRA O NOSSO ESTACIONAMENTO BARATO EM CHAMART\u00cdN&#8221; use_theme_fonts=&#8221;yes&#8221;][vc_column_text]<span style=\"font-weight: 400;\">Encontrar um lugar conveniente e acess\u00edvel para estacionar o seu ve\u00edculo quando voc\u00ea viaja pode ser estressante, mas o Estacionamento Low Cost Chamart\u00edn Ipark oferece uma solu\u00e7\u00e3o sem esfor\u00e7o. Nosso servi\u00e7o permite que voc\u00ea fique tranquilo sabendo que seu carro est\u00e1 seguro enquanto voc\u00ea aproveita as vistas de suas viagens.<\/span><\/p>\n<p><span style=\"font-weight: 400;\">Se optar pelo nosso servi\u00e7o de estacionamento na esta\u00e7\u00e3o de Chamart\u00edn, ter\u00e1 acesso a dois servi\u00e7os adicionais exclusivos do parque de estacionamento Chamart\u00edn:<\/span><\/p>\n<p><span style=\"font-weight: 400;\">Desfrute da m\u00e1xima comodidade do servi\u00e7o de valet parking, que lhe permite levantar e entregar a sua viatura diretamente \u00e0 porta da esta\u00e7\u00e3o.<\/span><\/p>\n<p><span style=\"font-weight: 400;\">Ipark oferece parques de estacionamento baratos perto de Chamart\u00edn, com servi\u00e7os de qualidade e pre\u00e7os acess\u00edveis. Pode facilmente registar-se e reservar no nosso site atrav\u00e9s de um formul\u00e1rio simples. Selecione o servi\u00e7o que mais lhe agrada, efetue a reserva e efetue o pagamento (pode pagar antecipadamente ou na entrega da sua viatura).<\/span><\/p>\n<p><span style=\"font-weight: 400;\">Com vigil\u00e2ncia e seguro 24 horas, seu carro estar\u00e1 seguro conosco! A esta\u00e7\u00e3o de Chamart\u00edn tem v\u00e1rios parques de estacionamento, mas nenhum se compara \u00e0 seguran\u00e7a que oferecemos. Confie hoje nos nossos servi\u00e7os e experimente a m\u00e1xima prote\u00e7\u00e3o para o seu carro, n\u00e3o se vai arrepender!<\/span>[\/vc_column_text][\/vc_column][\/vc_row][vc_row css=&#8221;.vc_custom_1678794925132{padding-right: 3em !important;padding-left: 3em !important;}&#8221;][vc_column][vc_custom_heading text=&#8221;SERVI\u00c7OS OFERECIDOS:&#8221; use_theme_fonts=&#8221;yes&#8221;][vc_column_text]<span style=\"font-weight: 400;\">Deixe-nos cuidar do seu ve\u00edculo com o servi\u00e7o Valet Premium, que buscamos e deixamos voc\u00ea na porta da esta\u00e7\u00e3o para que voc\u00ea tenha uma viagem tranquila.<\/span><\/p>\n<p><span style=\"font-weight: 400;\">Os nossos servi\u00e7os t\u00eam os pre\u00e7os mais competitivos do mercado, inferiores aos dos servi\u00e7os oficiais de estacionamento, t\u00e1xi ou VTC. Calcule e compare voc\u00ea mesmo! Depois de viajar conosco, n\u00e3o h\u00e1 d\u00favida de que voc\u00ea n\u00e3o vai querer usar outra op\u00e7\u00e3o de transporte novamente. Relaxe e comece sua jornada hoje!<\/span>[\/vc_column_text][\/vc_column][\/vc_row][vc_row css=&#8221;.vc_custom_1642676545069{padding-right: 3em !important;padding-left: 3em !important;}&#8221;][vc_column offset=&#8221;vc_hidden-xl vc_hidden-lg vc_hidden-md&#8221; conditional_render=&#8221;%5B%7B%22value_role%22%3A%22administrator%22%7D%5D&#8221; css_params=&#8221;&#8221;]<div class=\"porto-ultimate-content-box-container \"><div class=\"porto-ultimate-content-box porto_ucb_d751713988987e9331980363e24189ce\" style=\"\"><div class=\"widget_sidebar_menu main-sidebar-menu wpb_custom_bd96d282bd99227adaa2fd2727fa1ab3\"><div class=\"widget-title\">Parkings<\/div><div class=\"sidebar-menu-wrap\"><ul id=\"menu-parkings-portugues-portugal\" class=\"sidebar-menu\"><li id=\"nav-menu-item-14169\" class=\"menu-item menu-item-type-custom menu-item-object-custom menu-item-has-children  has-sub narrow \"><a href=\"https:\/\/iparksa.com\/pt-pt\/parkings-ipark-madrid\/\"><i class=\"fas fa-parking\"><\/i>Madrid<\/a><span class=\"arrow\" aria-label=\"Open Submenu\"><\/span>\n<div class=\"popup\"><div class=\"inner\" style=\"\"><ul class=\"sub-menu porto-narrow-sub-menu\">\n\t<li id=\"nav-menu-item-3946\" class=\"menu-item menu-item-type-post_type menu-item-object-page menu-item-has-children  sub\" data-cols=\"1\"><a href=\"https:\/\/iparksa.com\/pt-pt\/parkings-ipark-madrid\/\"><i class=\"fas fa-parking\"><\/i>Madrid<\/a>\n\t<ul class=\"sub-menu\">\n\t\t<li id=\"nav-menu-item-9861\" class=\"menu-item menu-item-type-post_type menu-item-object-page \"><a href=\"https:\/\/iparksa.com\/pt-pt\/ipark-madrid-parking-chamartin\/\">Parking Chamart\u00edn<\/a><\/li>\n\t\t<li id=\"nav-menu-item-3947\" class=\"menu-item menu-item-type-post_type menu-item-object-page \"><a href=\"https:\/\/iparksa.com\/pt-pt\/ipark-madrid-princesa-25\/\">Princesa 25<\/a><\/li>\n\t\t<li id=\"nav-menu-item-6050\" class=\"menu-item menu-item-type-post_type menu-item-object-page \"><a href=\"https:\/\/iparksa.com\/pt-pt\/ipark-madrid-atocha-70\/\">Atocha 70<\/a><\/li>\n\t\t<li id=\"nav-menu-item-3948\" class=\"menu-item menu-item-type-post_type menu-item-object-page \"><a href=\"https:\/\/iparksa.com\/pt-pt\/ipark-madrid-verdaguer-y-garcia\/\">Verdaguer y Garc\u00eda<\/a><\/li>\n\t\t<li id=\"nav-menu-item-10228\" class=\"menu-item menu-item-type-post_type menu-item-object-page \"><a href=\"https:\/\/iparksa.com\/pt-pt\/ipark-madrid-parking-goya\/\">Goya<\/a><\/li>\n\t\t<li id=\"nav-menu-item-14168\" class=\"menu-item menu-item-type-custom menu-item-object-custom \"><a href=\"https:\/\/iparksa.com\/pt-pt\/servicio-valet-parking-ave-atocha-chamartin\/\">Servi\u00e7o Valet Atocha | Chamartin<\/a><\/li>\n\t<\/ul>\n<\/li>\n\t<li id=\"nav-menu-item-14191\" class=\"menu-item menu-item-type-custom menu-item-object-custom menu-item-has-children  sub\" data-cols=\"1\"><a href=\"https:\/\/iparksa.com\/pt-pt\/parkings-ipark-san-lorenzo-de-el-escorial\/\"><i class=\"fas fa-parking\"><\/i>San Lorenzo de El Escorial<\/a>\n\t<ul class=\"sub-menu\">\n\t\t<li id=\"nav-menu-item-10674\" class=\"menu-item menu-item-type-post_type menu-item-object-page \"><a href=\"https:\/\/iparksa.com\/pt-pt\/ipark-madrid-parking-plaza-de-la-constitucion\/\">Plaza de la Constituci\u00f3n<\/a><\/li>\n\t<\/ul>\n<\/li>\n<\/ul><\/div><\/div>\n<\/li>\n<li id=\"nav-menu-item-3949\" class=\"menu-item menu-item-type-post_type menu-item-object-page menu-item-has-children  has-sub narrow \"><a href=\"https:\/\/iparksa.com\/pt-pt\/parkings-ipark-granada\/\"><i class=\"fas fa-parking\"><\/i>Granada<\/a><span class=\"arrow\" aria-label=\"Open Submenu\"><\/span>\n<div class=\"popup\"><div class=\"inner\" style=\"\"><ul class=\"sub-menu porto-narrow-sub-menu\">\n\t<li id=\"nav-menu-item-3950\" class=\"menu-item menu-item-type-post_type menu-item-object-page \" data-cols=\"1\"><a href=\"https:\/\/iparksa.com\/pt-pt\/ipark-granada-severo-ochoa\/\">Severo Ochoa<\/a><\/li>\n\t<li id=\"nav-menu-item-3951\" class=\"menu-item menu-item-type-post_type menu-item-object-page \" data-cols=\"1\"><a href=\"https:\/\/iparksa.com\/pt-pt\/ipark-granada-parking-cruz-de-lagos\/\">Cruz de Lagos<\/a><\/li>\n\t<li id=\"nav-menu-item-3952\" class=\"menu-item menu-item-type-post_type menu-item-object-page \" data-cols=\"1\"><a href=\"https:\/\/iparksa.com\/pt-pt\/ipark-granada-ronda-centro\/\">Ronda Centro<\/a><\/li>\n\t<li id=\"nav-menu-item-13424\" class=\"menu-item menu-item-type-post_type menu-item-object-page \" data-cols=\"1\"><a href=\"https:\/\/iparksa.com\/pt-pt\/ipark-granada-aparcamiento-los-carmenes\/\">Los C\u00e1rmenes<\/a><\/li>\n<\/ul><\/div><\/div>\n<\/li>\n<li id=\"nav-menu-item-3953\" class=\"menu-item menu-item-type-post_type menu-item-object-page menu-item-has-children  has-sub narrow \"><a href=\"https:\/\/iparksa.com\/pt-pt\/parkings-ipark-almeria\/\"><i class=\"fas fa-parking\"><\/i>Almer\u00eda<\/a><span class=\"arrow\" aria-label=\"Open Submenu\"><\/span>\n<div class=\"popup\"><div class=\"inner\" style=\"\"><ul class=\"sub-menu porto-narrow-sub-menu\">\n\t<li id=\"nav-menu-item-3954\" class=\"menu-item menu-item-type-post_type menu-item-object-page \" data-cols=\"1\"><a href=\"https:\/\/iparksa.com\/pt-pt\/ipark-almeria-rambla-obispo-orbera-mercado\/\">Rambla Obispo Orber\u00e1 Mercado<\/a><\/li>\n<\/ul><\/div><\/div>\n<\/li>\n<li id=\"nav-menu-item-8866\" class=\"menu-item menu-item-type-custom menu-item-object-custom menu-item-has-children  has-sub narrow \"><a href=\"#\"><i class=\"fas fa-parking\"><\/i>M\u00e1laga<\/a><span class=\"arrow\" aria-label=\"Open Submenu\"><\/span>\n<div class=\"popup\"><div class=\"inner\" style=\"\"><ul class=\"sub-menu porto-narrow-sub-menu\">\n\t<li id=\"nav-menu-item-3955\" class=\"menu-item menu-item-type-post_type menu-item-object-page menu-item-has-children  sub\" data-cols=\"1\"><a href=\"https:\/\/iparksa.com\/pt-pt\/parkings-ipark-malaga\/\"><i class=\"fas fa-parking\"><\/i>V\u00e9lez-M\u00e1laga<\/a>\n\t<ul class=\"sub-menu\">\n\t\t<li id=\"nav-menu-item-3957\" class=\"menu-item menu-item-type-post_type menu-item-object-page \"><a href=\"https:\/\/iparksa.com\/pt-pt\/ipark-velez-malaga-plaza-del-carmen\/\">Plaza del Carmen<\/a><\/li>\n\t\t<li id=\"nav-menu-item-3956\" class=\"menu-item menu-item-type-post_type menu-item-object-page \"><a href=\"https:\/\/iparksa.com\/pt-pt\/ipark-torre-del-mar-las-yucas\/\">Las Yucas<\/a><\/li>\n\t<\/ul>\n<\/li>\n\t<li id=\"nav-menu-item-9389\" class=\"menu-item menu-item-type-post_type menu-item-object-page menu-item-has-children  sub\" data-cols=\"1\"><a href=\"https:\/\/iparksa.com\/pt-pt\/parkings-ipark-torremolinos\/\"><i class=\"fas fa-parking\"><\/i>Torremolinos<\/a>\n\t<ul class=\"sub-menu\">\n\t\t<li id=\"nav-menu-item-3958\" class=\"menu-item menu-item-type-post_type menu-item-object-page \"><a href=\"https:\/\/iparksa.com\/pt-pt\/ipark-torremolinos-pueblo-blanco\/\">Pueblo Blanco<\/a><\/li>\n\t\t<li id=\"nav-menu-item-3959\" class=\"menu-item menu-item-type-post_type menu-item-object-page \"><a href=\"https:\/\/iparksa.com\/pt-pt\/ipark-torremolinos-parking-centro\/\">Parking Centro<\/a><\/li>\n\t<\/ul>\n<\/li>\n<\/ul><\/div><\/div>\n<\/li>\n<li id=\"nav-menu-item-11361\" class=\"menu-item menu-item-type-post_type menu-item-object-page menu-item-has-children  has-sub narrow \"><a href=\"https:\/\/iparksa.com\/pt-pt\/parkings-ipark-murcia\/\"><i class=\"fas fa-parking\"><\/i>Murcia<\/a><span class=\"arrow\" aria-label=\"Open Submenu\"><\/span>\n<div class=\"popup\"><div class=\"inner\" style=\"\"><ul class=\"sub-menu porto-narrow-sub-menu\">\n\t<li id=\"nav-menu-item-11362\" class=\"menu-item menu-item-type-post_type menu-item-object-page \" data-cols=\"1\"><a href=\"https:\/\/iparksa.com\/pt-pt\/ipark-murcia-parking-jose-barnes\/\">Jos\u00e9 Barn\u00e9s<\/a><\/li>\n<\/ul><\/div><\/div>\n<\/li>\n<li id=\"nav-menu-item-15037\" class=\"menu-item menu-item-type-post_type menu-item-object-page menu-item-has-children  has-sub narrow \"><a href=\"https:\/\/iparksa.com\/pt-pt\/parkings-ipark-las-palmas-de-gran-canaria\/\"><i class=\"fas fa-parking\"><\/i>Gran Canaria<\/a><span class=\"arrow\" aria-label=\"Open Submenu\"><\/span>\n<div class=\"popup\"><div class=\"inner\" style=\"\"><ul class=\"sub-menu porto-narrow-sub-menu\">\n\t<li id=\"nav-menu-item-15036\" class=\"menu-item menu-item-type-post_type menu-item-object-page \" data-cols=\"1\"><a href=\"https:\/\/iparksa.com\/pt-pt\/ipark-las-palmas-de-gran-canaria-la-puntilla\/\">La Puntilla<\/a><\/li>\n\t<li id=\"nav-menu-item-15956\" class=\"menu-item menu-item-type-post_type menu-item-object-page \" data-cols=\"1\"><a href=\"https:\/\/iparksa.com\/pt-pt\/parking-ciudad-jardin\/\">Ciudad Jard\u00edn<\/a><\/li>\n\t<li id=\"nav-menu-item-15984\" class=\"menu-item menu-item-type-post_type menu-item-object-page \" data-cols=\"1\"><a href=\"https:\/\/iparksa.com\/pt-pt\/ipark-las-palmas-parking-monopol-triana\/\">Monopol<\/a><\/li>\n\t<li id=\"nav-menu-item-16205\" class=\"menu-item menu-item-type-post_type menu-item-object-page \" data-cols=\"1\"><a href=\"https:\/\/iparksa.com\/pt-pt\/ipark-gran-canaria-parking-bahia-feliz\/\">Bahia Feliz<\/a><\/li>\n<\/ul><\/div><\/div>\n<\/li>\n<li id=\"nav-menu-item-8867\" class=\"menu-item menu-item-type-custom menu-item-object-custom menu-item-has-children  has-sub narrow \"><a href=\"#\"><i class=\"fas fa-parking\"><\/i>Bizkaia<\/a><span class=\"arrow\" aria-label=\"Open Submenu\"><\/span>\n<div class=\"popup\"><div class=\"inner\" style=\"\"><ul class=\"sub-menu porto-narrow-sub-menu\">\n\t<li id=\"nav-menu-item-3960\" class=\"menu-item menu-item-type-post_type menu-item-object-page menu-item-has-children  sub\" data-cols=\"1\"><a href=\"https:\/\/iparksa.com\/pt-pt\/parkings-ipark-bilbao\/\"><i class=\"fas fa-parking\"><\/i>Bilbao<\/a>\n\t<ul class=\"sub-menu\">\n\t\t<li id=\"nav-menu-item-3961\" class=\"menu-item menu-item-type-post_type menu-item-object-page \"><a href=\"https:\/\/iparksa.com\/pt-pt\/ipark-bilbao-parking-madariaga\/\">Madariaga<\/a><\/li>\n\t<\/ul>\n<\/li>\n<\/ul><\/div><\/div>\n<\/li>\n<li id=\"nav-menu-item-9298\" class=\"menu-item menu-item-type-custom menu-item-object-custom menu-item-has-children  has-sub narrow \"><a href=\"#\"><i class=\"fas fa-parking\"><\/i>Alicante<\/a><span class=\"arrow\" aria-label=\"Open Submenu\"><\/span>\n<div class=\"popup\"><div class=\"inner\" style=\"\"><ul class=\"sub-menu porto-narrow-sub-menu\">\n\t<li id=\"nav-menu-item-3962\" class=\"menu-item menu-item-type-post_type menu-item-object-page menu-item-has-children  sub\" data-cols=\"1\"><a href=\"https:\/\/iparksa.com\/pt-pt\/parkings-ipark-alicante\/\"><i class=\"fas fa-parking\"><\/i>Alicante<\/a>\n\t<ul class=\"sub-menu\">\n\t\t<li id=\"nav-menu-item-3963\" class=\"menu-item menu-item-type-post_type menu-item-object-page \"><a href=\"https:\/\/iparksa.com\/pt-pt\/ipark-alicante-poeta-quintana\/\">Poeta Quintana<\/a><\/li>\n\t<\/ul>\n<\/li>\n\t<li id=\"nav-menu-item-9391\" class=\"menu-item menu-item-type-post_type menu-item-object-page menu-item-has-children  sub\" data-cols=\"1\"><a href=\"https:\/\/iparksa.com\/pt-pt\/parkings-ipark-santa-pola\/\"><i class=\"fas fa-parking\"><\/i>Santa pola<\/a>\n\t<ul class=\"sub-menu\">\n\t\t<li id=\"nav-menu-item-9197\" class=\"menu-item menu-item-type-post_type menu-item-object-page \"><a href=\"https:\/\/iparksa.com\/pt-pt\/ipark-alicante-parking-castillo\/\">Parking Castillo<\/a><\/li>\n\t<\/ul>\n<\/li>\n<\/ul><\/div><\/div>\n<\/li>\n<li id=\"nav-menu-item-3964\" class=\"menu-item menu-item-type-post_type menu-item-object-page menu-item-has-children  has-sub narrow \"><a href=\"https:\/\/iparksa.com\/pt-pt\/parkings-ipark-cordoba\/\"><i class=\"fas fa-parking\"><\/i>C\u00f3rdoba<\/a><span class=\"arrow\" aria-label=\"Open Submenu\"><\/span>\n<div class=\"popup\"><div class=\"inner\" style=\"\"><ul class=\"sub-menu porto-narrow-sub-menu\">\n\t<li id=\"nav-menu-item-6051\" class=\"menu-item menu-item-type-post_type menu-item-object-page \" data-cols=\"1\"><a href=\"https:\/\/iparksa.com\/pt-pt\/ipark-cordoba-cordoba-centro\/\">C\u00f3rdoba Centro<\/a><\/li>\n<\/ul><\/div><\/div>\n<\/li>\n<li id=\"nav-menu-item-8869\" class=\"menu-item menu-item-type-custom menu-item-object-custom menu-item-has-children  has-sub narrow \"><a href=\"#\"><i class=\"fas fa-parking\"><\/i>C\u00e1diz<\/a><span class=\"arrow\" aria-label=\"Open Submenu\"><\/span>\n<div class=\"popup\"><div class=\"inner\" style=\"\"><ul class=\"sub-menu porto-narrow-sub-menu\">\n\t<li id=\"nav-menu-item-9390\" class=\"menu-item menu-item-type-post_type menu-item-object-page menu-item-has-children  sub\" data-cols=\"1\"><a href=\"https:\/\/iparksa.com\/pt-pt\/parkings-ipark-algeciras\/\"><i class=\"fas fa-parking\"><\/i>Algeciras<\/a>\n\t<ul class=\"sub-menu\">\n\t\t<li id=\"nav-menu-item-3970\" class=\"menu-item menu-item-type-post_type menu-item-object-page \"><a href=\"https:\/\/iparksa.com\/pt-pt\/ipark-algeciras-mercado-de-abastos\/\">Mercado de Abastos<\/a><\/li>\n\t\t<li id=\"nav-menu-item-9860\" class=\"menu-item menu-item-type-post_type menu-item-object-page \"><a href=\"https:\/\/iparksa.com\/pt-pt\/ipark-algeciras-parking-hispano\/\">Parking Hispano<\/a><\/li>\n\t<\/ul>\n<\/li>\n\t<li id=\"nav-menu-item-3969\" class=\"menu-item menu-item-type-post_type menu-item-object-page menu-item-has-children  sub\" data-cols=\"1\"><a href=\"https:\/\/iparksa.com\/pt-pt\/parkings-ipark-cadiz\/\"><i class=\"fas fa-parking\"><\/i>C\u00e1diz<\/a>\n\t<ul class=\"sub-menu\">\n\t\t<li id=\"nav-menu-item-3971\" class=\"menu-item menu-item-type-post_type menu-item-object-page \"><a href=\"https:\/\/iparksa.com\/pt-pt\/ipark-cadiz-garaje-america\/\">Garaje Am\u00e9rica<\/a><\/li>\n\t\t<li id=\"nav-menu-item-8784\" class=\"menu-item menu-item-type-post_type menu-item-object-page \"><a href=\"https:\/\/iparksa.com\/pt-pt\/ipark-cadiz-parking-telegrafia\/\">Parking Telegrafia<\/a><\/li>\n\t\t<li id=\"nav-menu-item-10747\" class=\"menu-item menu-item-type-post_type menu-item-object-page \"><a href=\"https:\/\/iparksa.com\/pt-pt\/ipark-cadiz-parking-fo-cona\/\">Puerta de Gibraltar<\/a><\/li>\n\t<\/ul>\n<\/li>\n\t<li id=\"nav-menu-item-14731\" class=\"menu-item menu-item-type-post_type menu-item-object-page menu-item-has-children  sub\" data-cols=\"1\"><a href=\"https:\/\/iparksa.com\/pt-pt\/parkings-ipark-rota\/\"><i class=\"fas fa-parking\"><\/i>Rota<\/a>\n\t<ul class=\"sub-menu\">\n\t\t<li id=\"nav-menu-item-14730\" class=\"menu-item menu-item-type-post_type menu-item-object-page \"><a href=\"https:\/\/iparksa.com\/pt-pt\/ipark-rota-parking-puerto-rota\/\">Parking Puerto Rota<\/a><\/li>\n\t<\/ul>\n<\/li>\n<\/ul><\/div><\/div>\n<\/li>\n<li id=\"nav-menu-item-8870\" class=\"menu-item menu-item-type-custom menu-item-object-custom menu-item-has-children  has-sub narrow \"><a href=\"#\"><i class=\"fas fa-parking\"><\/i>Huelva<\/a><span class=\"arrow\" aria-label=\"Open Submenu\"><\/span>\n<div class=\"popup\"><div class=\"inner\" style=\"\"><ul class=\"sub-menu porto-narrow-sub-menu\">\n\t<li id=\"nav-menu-item-3965\" class=\"menu-item menu-item-type-post_type menu-item-object-page menu-item-has-children  sub\" data-cols=\"1\"><a href=\"https:\/\/iparksa.com\/pt-pt\/parkings-ipark-huelva\/\"><i class=\"fas fa-parking\"><\/i>Huelva<\/a>\n\t<ul class=\"sub-menu\">\n\t\t<li id=\"nav-menu-item-7097\" class=\"menu-item menu-item-type-post_type menu-item-object-page \"><a href=\"https:\/\/iparksa.com\/pt-pt\/ipark-huelva-hospital-costa-de-la-luz\/\">Hospital Costa de la luz<\/a><\/li>\n\t\t<li id=\"nav-menu-item-11554\" class=\"menu-item menu-item-type-post_type menu-item-object-page \"><a href=\"https:\/\/iparksa.com\/pt-pt\/ipark-huelva-parking-coronacion\/\">Parking Coronaci\u00f3n<\/a><\/li>\n\t\t<li id=\"nav-menu-item-15631\" class=\"menu-item menu-item-type-post_type menu-item-object-page \"><a href=\"https:\/\/iparksa.com\/pt-pt\/ipark-huelva-parking-cc-puerta-del-odiel\/\">Parking Puerta del Odiel<\/a><\/li>\n\t<\/ul>\n<\/li>\n\t<li id=\"nav-menu-item-9392\" class=\"menu-item menu-item-type-post_type menu-item-object-page menu-item-has-children  sub\" data-cols=\"1\"><a href=\"https:\/\/iparksa.com\/pt-pt\/parkings-ipark-punta-umbria\/\"><i class=\"fas fa-parking\"><\/i>Punta Umbr\u00eda<\/a>\n\t<ul class=\"sub-menu\">\n\t\t<li id=\"nav-menu-item-3966\" class=\"menu-item menu-item-type-post_type menu-item-object-page \"><a href=\"https:\/\/iparksa.com\/pt-pt\/ipark-punta-umbria-hotel-barcelo\/\">Hotel Barcel\u00f3<\/a><\/li>\n\t\t<li id=\"nav-menu-item-14316\" class=\"menu-item menu-item-type-post_type menu-item-object-page \"><a href=\"https:\/\/iparksa.com\/pt-pt\/ipark-huelva-punta-umbria-mar\/\">Punta Umbria MAR<\/a><\/li>\n\t<\/ul>\n<\/li>\n<\/ul><\/div><\/div>\n<\/li>\n<li id=\"nav-menu-item-6941\" class=\"menu-item menu-item-type-post_type menu-item-object-page menu-item-has-children  has-sub narrow \"><a href=\"https:\/\/iparksa.com\/pt-pt\/parkings-ipark-soria\/\"><i class=\"fas fa-parking\"><\/i>Soria<\/a><span class=\"arrow\" aria-label=\"Open Submenu\"><\/span>\n<div class=\"popup\"><div class=\"inner\" style=\"\"><ul class=\"sub-menu porto-narrow-sub-menu\">\n\t<li id=\"nav-menu-item-6942\" class=\"menu-item menu-item-type-post_type menu-item-object-page \" data-cols=\"1\"><a href=\"https:\/\/iparksa.com\/pt-pt\/ipark-soria-riosa\/\">Riosa<\/a><\/li>\n<\/ul><\/div><\/div>\n<\/li>\n<li id=\"nav-menu-item-8872\" class=\"menu-item menu-item-type-custom menu-item-object-custom menu-item-has-children  has-sub narrow \"><a href=\"#\"><i class=\"fas fa-parking\"><\/i>Le\u00f3n<\/a><span class=\"arrow\" aria-label=\"Open Submenu\"><\/span>\n<div class=\"popup\"><div class=\"inner\" style=\"\"><ul class=\"sub-menu porto-narrow-sub-menu\">\n\t<li id=\"nav-menu-item-14879\" class=\"menu-item menu-item-type-post_type menu-item-object-page menu-item-has-children  sub\" data-cols=\"1\"><a href=\"https:\/\/iparksa.com\/pt-pt\/parkings-ipark-leon\/\"><i class=\"fas fa-parking\"><\/i>Le\u00f3n<\/a>\n\t<ul class=\"sub-menu\">\n\t\t<li id=\"nav-menu-item-14878\" class=\"menu-item menu-item-type-post_type menu-item-object-page \"><a href=\"https:\/\/iparksa.com\/pt-pt\/ipark-leon-parking-san-marcelo\/\">San Marcelo<\/a><\/li>\n\t<\/ul>\n<\/li>\n\t<li id=\"nav-menu-item-6943\" class=\"menu-item menu-item-type-post_type menu-item-object-page menu-item-has-children  sub\" data-cols=\"1\"><a href=\"https:\/\/iparksa.com\/pt-pt\/parkings-ipark-ponferrada\/\"><i class=\"fas fa-parking\"><\/i>Ponferrada<\/a>\n\t<ul class=\"sub-menu\">\n\t\t<li id=\"nav-menu-item-6944\" class=\"menu-item menu-item-type-post_type menu-item-object-page \"><a href=\"https:\/\/iparksa.com\/pt-pt\/ipark-ponferrada-compostilla\/\">Compostilla<\/a><\/li>\n\t<\/ul>\n<\/li>\n<\/ul><\/div><\/div>\n<\/li>\n<li id=\"nav-menu-item-9004\" class=\"menu-item menu-item-type-custom menu-item-object-custom menu-item-has-children  has-sub narrow \"><a href=\"#\"><i class=\"fas fa-parking\"><\/i>\u00c1lava<\/a><span class=\"arrow\" aria-label=\"Open Submenu\"><\/span>\n<div class=\"popup\"><div class=\"inner\" style=\"\"><ul class=\"sub-menu porto-narrow-sub-menu\">\n\t<li id=\"nav-menu-item-6945\" class=\"menu-item menu-item-type-post_type menu-item-object-page menu-item-has-children  sub\" data-cols=\"1\"><a href=\"https:\/\/iparksa.com\/pt-pt\/parkings-ipark-vitoria-gasteiz\/\"><i class=\"fas fa-parking\"><\/i>Vitoria-Gasteiz<\/a>\n\t<ul class=\"sub-menu\">\n\t\t<li id=\"nav-menu-item-6946\" class=\"menu-item menu-item-type-post_type menu-item-object-page \"><a href=\"https:\/\/iparksa.com\/pt-pt\/ipark-vitoria-gasteiz-san-jose-mutualia\/\">Hospital San Jos\u00e9<\/a><\/li>\n\t<\/ul>\n<\/li>\n<\/ul><\/div><\/div>\n<\/li>\n<li id=\"nav-menu-item-6947\" class=\"menu-item menu-item-type-post_type menu-item-object-page menu-item-has-children  has-sub narrow \"><a href=\"https:\/\/iparksa.com\/pt-pt\/parkings-ipark-caceres\/\"><i class=\"fas fa-parking\"><\/i>C\u00e1ceres<\/a><span class=\"arrow\" aria-label=\"Open Submenu\"><\/span>\n<div class=\"popup\"><div class=\"inner\" style=\"\"><ul class=\"sub-menu porto-narrow-sub-menu\">\n\t<li id=\"nav-menu-item-6948\" class=\"menu-item menu-item-type-post_type menu-item-object-page \" data-cols=\"1\"><a href=\"https:\/\/iparksa.com\/pt-pt\/ipark-caceres-canovas\/\">C\u00e1novas<\/a><\/li>\n<\/ul><\/div><\/div>\n<\/li>\n<li id=\"nav-menu-item-9864\" class=\"menu-item menu-item-type-custom menu-item-object-custom menu-item-has-children  has-sub narrow \"><a href=\"#\"><i class=\"fas fa-parking\"><\/i>Pontevedra<\/a><span class=\"arrow\" aria-label=\"Open Submenu\"><\/span>\n<div class=\"popup\"><div class=\"inner\" style=\"\"><ul class=\"sub-menu porto-narrow-sub-menu\">\n\t<li id=\"nav-menu-item-9862\" class=\"menu-item menu-item-type-post_type menu-item-object-page menu-item-has-children  sub\" data-cols=\"1\"><a href=\"https:\/\/iparksa.com\/pt-pt\/parkings-ipark-vigo\/\"><i class=\"fas fa-parking\"><\/i>Vigo<\/a>\n\t<ul class=\"sub-menu\">\n\t\t<li id=\"nav-menu-item-9863\" class=\"menu-item menu-item-type-post_type menu-item-object-page \"><a href=\"https:\/\/iparksa.com\/pt-pt\/ipark-vigo-colon-centro\/\">Col\u00f3n Centro<\/a><\/li>\n\t<\/ul>\n<\/li>\n<\/ul><\/div><\/div>\n<\/li>\n<li id=\"nav-menu-item-12300\" class=\"menu-item menu-item-type-custom menu-item-object-custom menu-item-has-children  has-sub narrow \"><a href=\"#\"><i class=\"fas fa-parking\"><\/i>La Coru\u00f1a<\/a><span class=\"arrow\" aria-label=\"Open Submenu\"><\/span>\n<div class=\"popup\"><div class=\"inner\" style=\"\"><ul class=\"sub-menu porto-narrow-sub-menu\">\n\t<li id=\"nav-menu-item-12301\" class=\"menu-item menu-item-type-post_type menu-item-object-page menu-item-has-children  sub\" data-cols=\"1\"><a href=\"https:\/\/iparksa.com\/pt-pt\/parkings-ipark-santiago-de-compostela\/\">Santiago<\/a>\n\t<ul class=\"sub-menu\">\n\t\t<li id=\"nav-menu-item-12302\" class=\"menu-item menu-item-type-post_type menu-item-object-page \"><a href=\"https:\/\/iparksa.com\/pt-pt\/ipark-santiago-de-compostela-parking-granvia\/\">Parking Gran V\u00eda<\/a><\/li>\n\t\t<li id=\"nav-menu-item-15962\" class=\"menu-item menu-item-type-post_type menu-item-object-page \"><a href=\"https:\/\/iparksa.com\/pt-pt\/parking-rosalia-de-castro\/\">Rosal\u00eda de Castro<\/a><\/li>\n\t<\/ul>\n<\/li>\n<\/ul><\/div><\/div>\n<\/li>\n<li id=\"nav-menu-item-8873\" class=\"menu-item menu-item-type-custom menu-item-object-custom menu-item-has-children  has-sub narrow \"><a href=\"#\"><i class=\"fas fa-parking\"><\/i>Lisboa<\/a><span class=\"arrow\" aria-label=\"Open Submenu\"><\/span>\n<div class=\"popup\"><div class=\"inner\" style=\"\"><ul class=\"sub-menu porto-narrow-sub-menu\">\n\t<li id=\"nav-menu-item-3972\" class=\"menu-item menu-item-type-post_type menu-item-object-page menu-item-has-children  sub\" data-cols=\"1\"><a href=\"https:\/\/iparksa.com\/pt-pt\/parkings-ipark-agualva-cacem\/\"><i class=\"fas fa-parking\"><\/i>Agualva-C\u00e1cem<\/a>\n\t<ul class=\"sub-menu\">\n\t\t<li id=\"nav-menu-item-3973\" class=\"menu-item menu-item-type-post_type menu-item-object-page \"><a href=\"https:\/\/iparksa.com\/pt-pt\/ipark-cacem-parque-central\/\">Parque Central<\/a><\/li>\n\t<\/ul>\n<\/li>\n\t<li id=\"nav-menu-item-9271\" class=\"menu-item menu-item-type-post_type menu-item-object-page menu-item-has-children  sub\" data-cols=\"1\"><a href=\"https:\/\/iparksa.com\/pt-pt\/parkings-ipark-lisboa\/\"><i class=\"fas fa-parking\"><\/i>Lisboa<\/a>\n\t<ul class=\"sub-menu\">\n\t\t<li id=\"nav-menu-item-9272\" class=\"menu-item menu-item-type-post_type menu-item-object-page \"><a href=\"https:\/\/iparksa.com\/pt-pt\/ipark-lisboa-misericordia\/\">Misericordia<\/a><\/li>\n\t<\/ul>\n<\/li>\n<\/ul><\/div><\/div>\n<\/li>\n<li id=\"nav-menu-item-3974\" class=\"menu-item menu-item-type-post_type menu-item-object-page menu-item-has-children  has-sub narrow \"><a href=\"https:\/\/iparksa.com\/pt-pt\/parkings-ipark-braga\/\"><i class=\"fas fa-parking\"><\/i>Braga<\/a><span class=\"arrow\" aria-label=\"Open Submenu\"><\/span>\n<div class=\"popup\"><div class=\"inner\" style=\"\"><ul class=\"sub-menu porto-narrow-sub-menu\">\n\t<li id=\"nav-menu-item-3975\" class=\"menu-item menu-item-type-post_type menu-item-object-page \" data-cols=\"1\"><a href=\"https:\/\/iparksa.com\/pt-pt\/ipark-braga-parque-sao-lazaro\/\">Parque S\u00e3o L\u00e1zaro<\/a><\/li>\n<\/ul><\/div><\/div>\n<\/li>\n<li id=\"nav-menu-item-13144\" class=\"menu-item menu-item-type-post_type menu-item-object-page menu-item-has-children  has-sub narrow \"><a href=\"https:\/\/iparksa.com\/pt-pt\/parkings-ipark-oporto\/\"><i class=\"fas fa-parking\"><\/i>Oporto<\/a><span class=\"arrow\" aria-label=\"Open Submenu\"><\/span>\n<div class=\"popup\"><div class=\"inner\" style=\"\"><ul class=\"sub-menu porto-narrow-sub-menu\">\n\t<li id=\"nav-menu-item-12502\" class=\"menu-item menu-item-type-post_type menu-item-object-page \" data-cols=\"1\"><a href=\"https:\/\/iparksa.com\/pt-pt\/ipark-vilanova-de-gaia-parking-cais-de-gaia\/\">Cais de Gaia<\/a><\/li>\n\t<li id=\"nav-menu-item-13587\" class=\"menu-item menu-item-type-post_type menu-item-object-page \" data-cols=\"1\"><a href=\"https:\/\/iparksa.com\/pt-pt\/ipark-oporto-bonjardim-bolhao\/\">Bonjardim\/Bolh\u00e3o<\/a><\/li>\n\t<li id=\"nav-menu-item-15440\" class=\"menu-item menu-item-type-post_type menu-item-object-page \" data-cols=\"1\"><a href=\"https:\/\/iparksa.com\/pt-pt\/ipark-porto-parking-parque-bessa-leite\/\">Bessa Leite<\/a><\/li>\n<\/ul><\/div><\/div>\n<\/li>\n<\/ul><\/div><\/div><\/div><\/div>[\/vc_column][\/vc_row]<\/p>\n<\/div>","protected":false},"excerpt":{"rendered":"<p>[vc_row][vc_column][vc_empty_space height=&#8221;3vh&#8221;][\/vc_column][\/vc_row][vc_row wrap_container=&#8221;yes&#8221; el_id=&#8221;info&#8221; css=&#8221;.vc_custom_1642676363056{padding-right: 3em !important;padding-left: 3em !important;}&#8221;][vc_column][vc_row_inner][vc_column_inner width=&#8221;1\/3&#8243; offset=&#8221;vc_hidden-sm vc_hidden-xs&#8221;][vc_separator color=&#8221;custom&#8221; accent_color=&#8221;#a5be0b&#8221;][vc_custom_heading text=&#8221;Informa\u00e7ao&#8221; font_container=&#8221;tag:h4|text_align:left&#8221; use_theme_fonts=&#8221;yes&#8221;][vc_empty_space height=&#8221;20&#8243;][\/vc_column_inner][vc_column_inner width=&#8221;2\/3&#8243; offset=&#8221;vc_hidden-sm vc_hidden-xs&#8221;][vc_custom_heading text=&#8221;Ipark Estacionamientos Y Servicios De Movilidad S.A.&#8221; font_container=&#8221;tag:h3|font_size:14px|text_align:center|line_height:1&#8243; use_theme_fonts=&#8221;yes&#8221; font_weight=&#8221;500&#8243; letter_spacing=&#8221;-0.7px&#8221; el_class=&#8221;ls-0 mb-3 pb-1 mt-2 text-center&#8221;][vc_custom_heading text=&#8221;Parking Chamart\u00edn&#8221; font_container=&#8221;tag:h3|font_size:24px|text_align:center|line_height:1.3&#8243; use_theme_fonts=&#8221;yes&#8221; font_weight=&#8221;700&#8243; letter_spacing=&#8221;-1.61px&#8221; el_class=&#8221;mb-3 text-center&#8221;][vc_column_text css=&#8221;.vc_custom_1678280005483{margin-bottom: 20px !important;}&#8221;]Estacionamento p\u00fablico subterr\u00e2neo, estrategicamente localizado entre a Esta\u00e7\u00e3o [&hellip;]<\/p>\n","protected":false},"author":3,"featured_media":0,"parent":0,"menu_order":0,"comment_status":"closed","ping_status":"closed","template":"","meta":{"footnotes":""},"wf_page_folders":[208],"class_list":["post-9676","page","type-page","status-publish","hentry"],"yoast_head":"<!-- This site is optimized with the Yoast SEO plugin v27.4 - https:\/\/yoast.com\/product\/yoast-seo-wordpress\/ -->\n<title>Reserve Parking Chamart\u00edn em Madrid | Parque de estacionamento no centro | iPark<\/title>\n<meta name=\"description\" content=\"O Parque de Estacionamento Chamart\u00edn \u00e9 um parking central em Madrid. Tarifas com desconto para contratos online sem comiss\u00e3o. Entre e conhe\u00e7a as taxas.\" \/>\n<meta name=\"robots\" content=\"index, follow, max-snippet:-1, max-image-preview:large, max-video-preview:-1\" \/>\n<link rel=\"canonical\" href=\"https:\/\/iparksa.com\/pt-pt\/ipark-madrid-parking-chamartin\/\" \/>\n<meta property=\"og:locale\" content=\"pt_PT\" \/>\n<meta property=\"og:type\" content=\"article\" \/>\n<meta property=\"og:title\" content=\"Reserve Parking Chamart\u00edn em Madrid | Parque de estacionamento no centro | iPark\" \/>\n<meta property=\"og:description\" content=\"O Parque de Estacionamento Chamart\u00edn \u00e9 um parking central em Madrid. Tarifas com desconto para contratos online sem comiss\u00e3o. Entre e conhe\u00e7a as taxas.\" \/>\n<meta property=\"og:url\" content=\"https:\/\/iparksa.com\/pt-pt\/ipark-madrid-parking-chamartin\/\" \/>\n<meta property=\"og:site_name\" content=\"iPark\" \/>\n<meta property=\"article:modified_time\" content=\"2025-12-15T13:21:23+00:00\" \/>\n<meta name=\"twitter:card\" content=\"summary_large_image\" \/>\n<meta name=\"twitter:label1\" content=\"Tempo estimado de leitura\" \/>\n\t<meta name=\"twitter:data1\" content=\"11 minutos\" \/>\n<script type=\"application\/ld+json\" class=\"yoast-schema-graph\">{\"@context\":\"https:\\\/\\\/schema.org\",\"@graph\":[{\"@type\":\"WebPage\",\"@id\":\"https:\\\/\\\/iparksa.com\\\/pt-pt\\\/ipark-madrid-parking-chamartin\\\/\",\"url\":\"https:\\\/\\\/iparksa.com\\\/pt-pt\\\/ipark-madrid-parking-chamartin\\\/\",\"name\":\"Reserve Parking Chamart\u00edn em Madrid | Parque de estacionamento no centro | iPark\",\"isPartOf\":{\"@id\":\"https:\\\/\\\/iparksa.com\\\/pt-pt\\\/#website\"},\"datePublished\":\"2023-03-08T12:19:57+00:00\",\"dateModified\":\"2025-12-15T13:21:23+00:00\",\"description\":\"O Parque de Estacionamento Chamart\u00edn \u00e9 um parking central em Madrid. Tarifas com desconto para contratos online sem comiss\u00e3o. Entre e conhe\u00e7a as taxas.\",\"breadcrumb\":{\"@id\":\"https:\\\/\\\/iparksa.com\\\/pt-pt\\\/ipark-madrid-parking-chamartin\\\/#breadcrumb\"},\"inLanguage\":\"pt-PT\",\"potentialAction\":[{\"@type\":\"ReadAction\",\"target\":[\"https:\\\/\\\/iparksa.com\\\/pt-pt\\\/ipark-madrid-parking-chamartin\\\/\"]}]},{\"@type\":\"BreadcrumbList\",\"@id\":\"https:\\\/\\\/iparksa.com\\\/pt-pt\\\/ipark-madrid-parking-chamartin\\\/#breadcrumb\",\"itemListElement\":[{\"@type\":\"ListItem\",\"position\":1,\"name\":\"Portada\",\"item\":\"https:\\\/\\\/iparksa.com\\\/pt-pt\\\/\"},{\"@type\":\"ListItem\",\"position\":2,\"name\":\"Parque de estacionamento Chamart\u00edn\"}]},{\"@type\":\"WebSite\",\"@id\":\"https:\\\/\\\/iparksa.com\\\/pt-pt\\\/#website\",\"url\":\"https:\\\/\\\/iparksa.com\\\/pt-pt\\\/\",\"name\":\"iPark\",\"description\":\"Gesti\u00f3n de aparcamientos\",\"potentialAction\":[{\"@type\":\"SearchAction\",\"target\":{\"@type\":\"EntryPoint\",\"urlTemplate\":\"https:\\\/\\\/iparksa.com\\\/pt-pt\\\/?s={search_term_string}\"},\"query-input\":{\"@type\":\"PropertyValueSpecification\",\"valueRequired\":true,\"valueName\":\"search_term_string\"}}],\"inLanguage\":\"pt-PT\"}]}<\/script>\n<!-- \/ Yoast SEO plugin. -->","yoast_head_json":{"title":"Reserve Parking Chamart\u00edn em Madrid | Parque de estacionamento no centro | iPark","description":"O Parque de Estacionamento Chamart\u00edn \u00e9 um parking central em Madrid. Tarifas com desconto para contratos online sem comiss\u00e3o. Entre e conhe\u00e7a as taxas.","robots":{"index":"index","follow":"follow","max-snippet":"max-snippet:-1","max-image-preview":"max-image-preview:large","max-video-preview":"max-video-preview:-1"},"canonical":"https:\/\/iparksa.com\/pt-pt\/ipark-madrid-parking-chamartin\/","og_locale":"pt_PT","og_type":"article","og_title":"Reserve Parking Chamart\u00edn em Madrid | Parque de estacionamento no centro | iPark","og_description":"O Parque de Estacionamento Chamart\u00edn \u00e9 um parking central em Madrid. Tarifas com desconto para contratos online sem comiss\u00e3o. Entre e conhe\u00e7a as taxas.","og_url":"https:\/\/iparksa.com\/pt-pt\/ipark-madrid-parking-chamartin\/","og_site_name":"iPark","article_modified_time":"2025-12-15T13:21:23+00:00","twitter_card":"summary_large_image","twitter_misc":{"Tempo estimado de leitura":"11 minutos"},"schema":{"@context":"https:\/\/schema.org","@graph":[{"@type":"WebPage","@id":"https:\/\/iparksa.com\/pt-pt\/ipark-madrid-parking-chamartin\/","url":"https:\/\/iparksa.com\/pt-pt\/ipark-madrid-parking-chamartin\/","name":"Reserve Parking Chamart\u00edn em Madrid | Parque de estacionamento no centro | iPark","isPartOf":{"@id":"https:\/\/iparksa.com\/pt-pt\/#website"},"datePublished":"2023-03-08T12:19:57+00:00","dateModified":"2025-12-15T13:21:23+00:00","description":"O Parque de Estacionamento Chamart\u00edn \u00e9 um parking central em Madrid. Tarifas com desconto para contratos online sem comiss\u00e3o. Entre e conhe\u00e7a as taxas.","breadcrumb":{"@id":"https:\/\/iparksa.com\/pt-pt\/ipark-madrid-parking-chamartin\/#breadcrumb"},"inLanguage":"pt-PT","potentialAction":[{"@type":"ReadAction","target":["https:\/\/iparksa.com\/pt-pt\/ipark-madrid-parking-chamartin\/"]}]},{"@type":"BreadcrumbList","@id":"https:\/\/iparksa.com\/pt-pt\/ipark-madrid-parking-chamartin\/#breadcrumb","itemListElement":[{"@type":"ListItem","position":1,"name":"Portada","item":"https:\/\/iparksa.com\/pt-pt\/"},{"@type":"ListItem","position":2,"name":"Parque de estacionamento Chamart\u00edn"}]},{"@type":"WebSite","@id":"https:\/\/iparksa.com\/pt-pt\/#website","url":"https:\/\/iparksa.com\/pt-pt\/","name":"iPark","description":"Gesti\u00f3n de aparcamientos","potentialAction":[{"@type":"SearchAction","target":{"@type":"EntryPoint","urlTemplate":"https:\/\/iparksa.com\/pt-pt\/?s={search_term_string}"},"query-input":{"@type":"PropertyValueSpecification","valueRequired":true,"valueName":"search_term_string"}}],"inLanguage":"pt-PT"}]}},"_links":{"self":[{"href":"https:\/\/iparksa.com\/pt-pt\/wp-json\/wp\/v2\/pages\/9676","targetHints":{"allow":["GET"]}}],"collection":[{"href":"https:\/\/iparksa.com\/pt-pt\/wp-json\/wp\/v2\/pages"}],"about":[{"href":"https:\/\/iparksa.com\/pt-pt\/wp-json\/wp\/v2\/types\/page"}],"author":[{"embeddable":true,"href":"https:\/\/iparksa.com\/pt-pt\/wp-json\/wp\/v2\/users\/3"}],"replies":[{"embeddable":true,"href":"https:\/\/iparksa.com\/pt-pt\/wp-json\/wp\/v2\/comments?post=9676"}],"version-history":[{"count":25,"href":"https:\/\/iparksa.com\/pt-pt\/wp-json\/wp\/v2\/pages\/9676\/revisions"}],"predecessor-version":[{"id":15542,"href":"https:\/\/iparksa.com\/pt-pt\/wp-json\/wp\/v2\/pages\/9676\/revisions\/15542"}],"wp:attachment":[{"href":"https:\/\/iparksa.com\/pt-pt\/wp-json\/wp\/v2\/media?parent=9676"}],"wp:term":[{"taxonomy":"wf_page_folders","embeddable":true,"href":"https:\/\/iparksa.com\/pt-pt\/wp-json\/wp\/v2\/wf_page_folders?post=9676"}],"curies":[{"name":"wp","href":"https:\/\/api.w.org\/{rel}","templated":true}]}}