{"id":8542,"date":"2023-01-24T12:14:01","date_gmt":"2023-01-24T11:14:01","guid":{"rendered":"https:\/\/iparksa.com\/castillo-parking\/"},"modified":"2025-11-20T13:00:55","modified_gmt":"2025-11-20T12:00:55","slug":"ipark-alicante-parking-castillo","status":"publish","type":"page","link":"https:\/\/iparksa.com\/pt-pt\/ipark-alicante-parking-castillo\/","title":{"rendered":"Parque de estacionamento <span class=\"green parking-page\">Castillo<\/span>"},"content":{"rendered":"<div class=\"wpb-content-wrapper\"><p>[vc_row][vc_column][vc_empty_space height=&#8221;3vh&#8221;][\/vc_column][\/vc_row][vc_row wrap_container=&#8221;yes&#8221; el_id=&#8221;info&#8221; css=&#8221;.vc_custom_1642676363056{padding-right: 3em !important;padding-left: 3em !important;}&#8221;][vc_column][vc_row_inner][vc_column_inner width=&#8221;1\/3&#8243; offset=&#8221;vc_hidden-sm vc_hidden-xs&#8221;][vc_separator color=&#8221;custom&#8221; accent_color=&#8221;#a5be0b&#8221;][vc_custom_heading text=&#8221;Informa\u00e7ao&#8221; font_container=&#8221;tag:h4|text_align:left&#8221; use_theme_fonts=&#8221;yes&#8221;][vc_empty_space height=&#8221;20&#8243;]<ul class=\"porto-info-list  porto-info-listd751713988987e9331980363e24189ce wpb_custom_2470fd4f9162ce1f73c94a8a2b72b3bf\"><li class=\"porto-info-list-item info-tarifas wpb_custom_eade0171093a7591372ccf9372738e3d\"><i class=\"porto-info-icon fas fa-calculator\"><\/i><div class=\"porto-info-list-item-desc\">[vc_tta_accordion c_icon=&#8221;chevron&#8221; active_section=&#8221;a&#8221; collapsible_all=&#8221;true&#8221;][vc_tta_section title=&#8221;Pre\u00e7os&#8221; tab_id=&#8221;1633174279445-165a9da4-e754&#8243;]<div class=\"porto-sicon-box  wpb_custom_1efe903570d178ff0a9b7bfa5febd3a4 style_1 default-icon flex-wrap\"><div class=\"porto-sicon-description\" style=\"\">\n<p>M\u00e1ximo diario: 18,25<\/p>\n<p><\/div> <!-- description --><\/div><!-- porto-sicon-box -->[\/vc_tta_section][\/vc_tta_accordion]<\/div><\/li><li class=\"porto-info-list-item  wpb_custom_eade0171093a7591372ccf9372738e3d\"><i class=\"porto-info-icon fas fa-clock\"><\/i><div class=\"porto-info-list-item-desc\">Hor\u00e1rio: 24\/7<\/div><\/li><li class=\"porto-info-list-item  wpb_custom_eade0171093a7591372ccf9372738e3d\"><i class=\"porto-info-icon fas fa-tachometer-alt\"><\/i><div class=\"porto-info-list-item-desc\">Elevador: Si<\/div><\/li><li class=\"porto-info-list-item  wpb_custom_eade0171093a7591372ccf9372738e3d\"><i class=\"porto-info-icon fas fa-charging-station\"><\/i><div class=\"porto-info-list-item-desc\">Locais de carregamento el\u00e9trico: N\u00e3o<\/div><\/li><li class=\"porto-info-list-item  wpb_custom_eade0171093a7591372ccf9372738e3d\"><i class=\"porto-info-icon fas fa-sign\"><\/i><div class=\"porto-info-list-item-desc\">Altura m\u00e1xima: 2 m<\/div><\/li><\/ul><a aria-label=\"Email\" class=\"porto-sicon-box-link\" href=\"mailto:parkingdelcastillo@ipark.es\"><div class=\"porto-sicon-box  vc_custom_1679916630502 custom-view-more  wpb_custom_26965764fb6121a376a742327df9f297 style_1 default-icon\"><div class=\"porto-sicon-default\"><div class=\"porto-just-icon-wrapper porto-icon none\" style=\"color:#ffffff;font-size:34px;margin-right:0px;\"><i class=\"Simple-Line-Icons-envelope\"><\/i><\/div><\/div><div class=\"porto-sicon-header\"><h5 class=\"porto-sicon-title\" style=\"margin-bottom:4px;\">Email<\/h5><p style=\"color:#ffffff;\">parkingdelcastillo @ipark.es<\/p><\/div> <!-- header --><\/div><!-- porto-sicon-box --><\/a><a aria-label=\"Telefone\" class=\"porto-sicon-box-link\" href=\"tel:+34966692285\"><div class=\"porto-sicon-box  vc_custom_1705578820946 custom-view-more  wpb_custom_26965764fb6121a376a742327df9f297 style_1 default-icon\"><div class=\"porto-sicon-default\"><div class=\"porto-just-icon-wrapper porto-icon none\" style=\"color:#ffffff;font-size:34px;margin-right:0px;\"><i class=\"Simple-Line-Icons-phone\"><\/i><\/div><\/div><div class=\"porto-sicon-header\"><h5 class=\"porto-sicon-title\" style=\"margin-bottom:4px;\">Telefone<\/h5><p style=\"color:#ffffff;\">+34 966 692 285<\/p><\/div> <!-- header --><\/div><!-- porto-sicon-box --><\/a><a aria-label=\"Endere\u00e7o\" class=\"porto-sicon-box-link\" href=\"https:\/\/goo.gl\/maps\/YRDbPw4x4JrjHHXv8\" target='_blank'><div class=\"porto-sicon-box  vc_custom_1677849764781 custom-view-more  wpb_custom_26965764fb6121a376a742327df9f297 style_1 default-icon\"><div class=\"porto-sicon-default\"><div class=\"porto-just-icon-wrapper porto-icon none\" style=\"color:#ffffff;font-size:34px;margin-right:0px;\"><i class=\"Simple-Line-Icons-location-pin\"><\/i><\/div><\/div><div class=\"porto-sicon-header\"><h5 class=\"porto-sicon-title\" style=\"margin-bottom:4px;\">Endere\u00e7o<\/h5><p style=\"color:#ffffff;\">Carrer Almirante Antequera s\/n, 03130 Santa Pola<\/p><\/div> <!-- header --><\/div><!-- porto-sicon-box --><\/a>[\/vc_column_inner][vc_column_inner width=&#8221;2\/3&#8243; offset=&#8221;vc_hidden-sm vc_hidden-xs&#8221;][vc_custom_heading text=&#8221;Ipark Estacionamientos Y Servicios De Movilidad S.A.&#8221; font_container=&#8221;tag:h3|font_size:14px|text_align:center|line_height:1&#8243; use_theme_fonts=&#8221;yes&#8221; font_weight=&#8221;500&#8243; letter_spacing=&#8221;-0.7px&#8221; el_class=&#8221;ls-0 mb-3 pb-1 mt-2 text-center&#8221;][vc_custom_heading text=&#8221;Parking del Castillo&#8221; font_container=&#8221;tag:h3|font_size:24px|text_align:center|line_height:1.3&#8243; use_theme_fonts=&#8221;yes&#8221; font_weight=&#8221;700&#8243; letter_spacing=&#8221;-1.61px&#8221; el_class=&#8221;mb-3 text-center&#8221;][vc_column_text css=&#8221;.vc_custom_1676361730134{margin-bottom: 20px !important;}&#8221;]Situado junto ao emblem\u00e1tico Castelo-Fortaleza de Santa Pola, este parque de estacionamento concessionado municipal disp\u00f5e de tr\u00eas pisos para rota\u00e7\u00e3o, assinantes e residentes[\/vc_column_text][vc_separator color=&#8221;custom&#8221; accent_color=&#8221;#a5be0b&#8221;][vc_gmaps link=&#8221;#E-8_JTNDaWZyYW1lJTIwc3JjJTNEJTIyaHR0cHMlM0ElMkYlMkZ3d3cuZ29vZ2xlLmNvbSUyRm1hcHMlMkZlbWJlZCUzRnBiJTNEJTIxMW0xOCUyMTFtMTIlMjExbTMlMjExZDkzMi4yNzcxMzcwOTg1MjIyJTIxMmQtMC41NTQ3Mjc3MTgyNDUzOTEyJTIxM2QzOC4xOTE0NTg2OTEyNzQ1OCUyMTJtMyUyMTFmMCUyMTJmMCUyMTNmMCUyMTNtMiUyMTFpMTAyNCUyMTJpNzY4JTIxNGYxMy4xJTIxM20zJTIxMW0yJTIxMXMweGQ2MjRjNTI3OTM4YmQ2MSUyNTNBMHg2YWRjMDRjOGU1N2NhOTgxJTIxMnMlMjU1QlAlMjU1RCUyNTIwUGFya2luZyUyNTIwZGVsJTI1MjBDYXN0aWxsbyUyNTIwJTI1N0MlMjUyMGlQYXJrJTIxNWUwJTIxM20yJTIxMXNlcyUyMTJzZXMlMjE0djE2NzYzNjE1MTA4OTQlMjE1bTIlMjExc2VzJTIxMnNlcyUyMiUyMHdpZHRoJTNEJTIyNjAwJTIyJTIwaGVpZ2h0JTNEJTIyNDUwJTIyJTIwc3R5bGUlM0QlMjJib3JkZXIlM0EwJTNCJTIyJTIwYWxsb3dmdWxsc2NyZWVuJTNEJTIyJTIyJTIwbG9hZGluZyUzRCUyMmxhenklMjIlMjByZWZlcnJlcnBvbGljeSUzRCUyMm5vLXJlZmVycmVyLXdoZW4tZG93bmdyYWRlJTIyJTNFJTNDJTJGaWZyYW1lJTNF&#8221;][\/vc_column_inner][\/vc_row_inner][\/vc_column][\/vc_row][vc_row][vc_column offset=&#8221;vc_hidden-xl vc_hidden-lg vc_hidden-md&#8221; css=&#8221;.vc_custom_1763640042375{padding-right: 3em !important;padding-left: 3em !important;}&#8221; conditional_render=&#8221;%5B%7B%22value_role%22%3A%22administrator%22%7D%5D&#8221; css_params=&#8221;&#8221;][vc_row_inner][vc_column_inner][vc_custom_heading text=&#8221;Ipark Estacionamientos Y Servicios De Movilidad S.A.&#8221; font_container=&#8221;tag:h3|font_size:14px|text_align:center|line_height:1&#8243; use_theme_fonts=&#8221;yes&#8221; font_weight=&#8221;500&#8243; letter_spacing=&#8221;-0.7px&#8221; el_class=&#8221;ls-0 mb-3 pb-1 mt-2 text-center&#8221;][vc_custom_heading text=&#8221;Parking del Castillo&#8221; font_container=&#8221;tag:h3|font_size:24px|text_align:center|line_height:1.3&#8243; use_theme_fonts=&#8221;yes&#8221; font_weight=&#8221;700&#8243; letter_spacing=&#8221;-1.61px&#8221; el_class=&#8221;mb-3 text-center&#8221;][vc_column_text]Situado junto ao emblem\u00e1tico Castelo-Fortaleza de Santa Pola, este parque de estacionamento concessionado municipal disp\u00f5e de tr\u00eas pisos para rota\u00e7\u00e3o, assinantes e residentes[\/vc_column_text][vc_separator color=&#8221;custom&#8221; accent_color=&#8221;#a5be0b&#8221;][vc_custom_heading text=&#8221;Informa\u00e7ao&#8221; font_container=&#8221;tag:h4|text_align:left&#8221; use_theme_fonts=&#8221;yes&#8221;][vc_empty_space height=&#8221;10&#8243;]<ul class=\"porto-info-list  porto-info-listd751713988987e9331980363e24189ce wpb_custom_2470fd4f9162ce1f73c94a8a2b72b3bf\"><li class=\"porto-info-list-item info-tarifas wpb_custom_eade0171093a7591372ccf9372738e3d\"><i class=\"porto-info-icon fas fa-calculator\"><\/i><div class=\"porto-info-list-item-desc\">[vc_tta_accordion c_icon=&#8221;chevron&#8221; active_section=&#8221;a&#8221; collapsible_all=&#8221;true&#8221;][vc_tta_section title=&#8221;Pre\u00e7os&#8221; tab_id=&#8221;1633174279445-165a9da4-e754&#8243;]<div class=\"porto-sicon-box  wpb_custom_1efe903570d178ff0a9b7bfa5febd3a4 style_1 default-icon flex-wrap\"><div class=\"porto-sicon-description\" style=\"\">\n<p>M\u00e1ximo diario: 18,25<\/p>\n<p><\/div> <!-- description --><\/div><!-- porto-sicon-box -->[\/vc_tta_section][\/vc_tta_accordion]<\/div><\/li><li class=\"porto-info-list-item  wpb_custom_eade0171093a7591372ccf9372738e3d\"><i class=\"porto-info-icon fas fa-clock\"><\/i><div class=\"porto-info-list-item-desc\">Hor\u00e1rio: 24\/7<\/div><\/li><li class=\"porto-info-list-item  wpb_custom_eade0171093a7591372ccf9372738e3d\"><i class=\"porto-info-icon fas fa-tachometer-alt\"><\/i><div class=\"porto-info-list-item-desc\">Elevador: Si<\/div><\/li><li class=\"porto-info-list-item  wpb_custom_eade0171093a7591372ccf9372738e3d\"><i class=\"porto-info-icon fas fa-charging-station\"><\/i><div class=\"porto-info-list-item-desc\">Locais de carregamento el\u00e9trico: N\u00e3o<\/div><\/li><li class=\"porto-info-list-item  wpb_custom_eade0171093a7591372ccf9372738e3d\"><i class=\"porto-info-icon fas fa-sign\"><\/i><div class=\"porto-info-list-item-desc\">Altura m\u00e1xima: 2 m<\/div><\/li><\/ul>[\/vc_column_inner][\/vc_row_inner][\/vc_column][\/vc_row][vc_row wrap_container=&#8221;yes&#8221; css=&#8221;.vc_custom_1642676441188{padding-right: 3em !important;padding-left: 3em !important;}&#8221;][vc_column][vc_custom_heading text=&#8221;Reservas e assinaturas&#8221; use_theme_fonts=&#8221;yes&#8221;][vc_separator color=&#8221;custom&#8221; accent_color=&#8221;#a5be0b&#8221;][vc_row_inner][vc_column_inner width=&#8221;1\/2&#8243; css=&#8221;.vc_custom_1642676668338{margin-bottom: 2em !important;}&#8221;][vc_hoverbox image=&#8221;2329&#8243; primary_title=&#8221;RESERVAS&#8221; hover_title=&#8221;Reserve as horas que vai usar o parque de estacionamento&#8221; hover_title_font_container=&#8221;font_size:20px|color:%23ffffff&#8221; hover_title_use_theme_fonts=&#8221;yes&#8221; hover_background_color=&#8221;custom&#8221; hover_btn_title=&#8221;Comprar&#8221; hover_btn_style=&#8221;outline-custom&#8221; hover_btn_outline_custom_color=&#8221;#ffffff&#8221; hover_btn_outline_custom_hover_background=&#8221;#ffffff&#8221; hover_btn_outline_custom_hover_text=&#8221;#fb8c00&#8243; hover_btn_shape=&#8221;round&#8221; hover_btn_align=&#8221;center&#8221; hover_btn_i_type=&#8221;material&#8221; hover_btn_i_icon_material=&#8221;vc-material vc-material-add_shopping_cart&#8221; use_custom_fonts_hover_title=&#8221;true&#8221; hover_add_button=&#8221;true&#8221; hover_btn_button_block=&#8221;true&#8221; hover_btn_add_icon=&#8221;true&#8221; el_class=&#8221;parking-card&#8221; hover_custom_background=&#8221;#fb8c00&#8243; hover_btn_link=&#8221;url:.%2Freservas-por-dias%2F&#8221;]<\/p>\n<p style=\"color: #ffffff;\">Reservas por dias. Reservas e pagamentos com anteced\u00eancia.<\/p>\n<p>[\/vc_hoverbox][\/vc_column_inner][vc_column_inner width=&#8221;1\/2&#8243; css=&#8221;.vc_custom_1642676675558{margin-bottom: 2em !important;}&#8221;][vc_hoverbox image=&#8221;9066&#8243; primary_title=&#8221;PASSE VIP&#8221; hover_title=&#8221;Passe com lugar reservado&#8221; hover_title_font_container=&#8221;font_size:20px|color:%230a0a0a&#8221; hover_title_use_theme_fonts=&#8221;yes&#8221; hover_background_color=&#8221;custom&#8221; hover_btn_title=&#8221;Comprar&#8221; hover_btn_style=&#8221;outline-custom&#8221; hover_btn_outline_custom_color=&#8221;#0a0a0a&#8221; hover_btn_outline_custom_hover_background=&#8221;#ffffff&#8221; hover_btn_outline_custom_hover_text=&#8221;#d50000&#8243; hover_btn_shape=&#8221;round&#8221; hover_btn_align=&#8221;center&#8221; hover_btn_i_type=&#8221;material&#8221; hover_btn_i_icon_material=&#8221;vc-material vc-material-add_shopping_cart&#8221; use_custom_fonts_hover_title=&#8221;true&#8221; hover_add_button=&#8221;true&#8221; hover_btn_button_block=&#8221;true&#8221; hover_btn_add_icon=&#8221;true&#8221; el_class=&#8221;parking-card&#8221; hover_custom_background=&#8221;#ffd600&#8243; hover_btn_link=&#8221;url:.%2Fabono-vip%2F&#8221;]<\/p>\n<p style=\"color: #000;\">Para uso exclusivo durante a sua estadia<\/p>\n<p>[\/vc_hoverbox][\/vc_column_inner][\/vc_row_inner][vc_row_inner][vc_column_inner width=&#8221;1\/2&#8243; css=&#8221;.vc_custom_1642676668338{margin-bottom: 2em !important;}&#8221;][vc_hoverbox image=&#8221;2338&#8243; primary_title=&#8221;PASSE DE MOTOCICLETA&#8221; hover_title=&#8221;Assinaturas de motocicletas&#8221; hover_title_font_container=&#8221;font_size:20px|color:%23ffffff&#8221; hover_title_use_theme_fonts=&#8221;yes&#8221; hover_background_color=&#8221;custom&#8221; hover_btn_title=&#8221;Comprar&#8221; hover_btn_style=&#8221;outline-custom&#8221; hover_btn_outline_custom_color=&#8221;#ffffff&#8221; hover_btn_outline_custom_hover_background=&#8221;#ffffff&#8221; hover_btn_outline_custom_hover_text=&#8221;#a5be0b&#8221; hover_btn_shape=&#8221;round&#8221; hover_btn_align=&#8221;center&#8221; hover_btn_i_type=&#8221;material&#8221; hover_btn_i_icon_material=&#8221;vc-material vc-material-add_shopping_cart&#8221; use_custom_fonts_hover_title=&#8221;true&#8221; hover_add_button=&#8221;true&#8221; hover_btn_button_block=&#8221;true&#8221; hover_btn_add_icon=&#8221;true&#8221; el_class=&#8221;parking-card&#8221; hover_custom_background=&#8221;#68a83a&#8221; hover_btn_link=&#8221;url:.%2Fabono-moto%2F&#8221;]<\/p>\n<p style=\"color: #ffffff;\">Estacione a motocicleta todos os dias a qualquer momento.<\/p>\n<p>[\/vc_hoverbox][\/vc_column_inner][vc_column_inner width=&#8221;1\/2&#8243; css=&#8221;.vc_custom_1642676675558{margin-bottom: 2em !important;}&#8221;][vc_hoverbox image=&#8221;2332&#8243; primary_title=&#8221;PASSE 24H&#8221; hover_title=&#8221;Assinatura de m\u00eas inteiro&#8221; hover_title_font_container=&#8221;font_size:20px|color:%23ffffff&#8221; hover_title_use_theme_fonts=&#8221;yes&#8221; hover_background_color=&#8221;custom&#8221; hover_btn_title=&#8221;Comprar&#8221; hover_btn_style=&#8221;outline-custom&#8221; hover_btn_outline_custom_color=&#8221;#ffffff&#8221; hover_btn_outline_custom_hover_background=&#8221;#ffffff&#8221; hover_btn_outline_custom_hover_text=&#8221;#2962ff&#8221; hover_btn_shape=&#8221;round&#8221; hover_btn_align=&#8221;center&#8221; hover_btn_i_type=&#8221;material&#8221; hover_btn_i_icon_material=&#8221;vc-material vc-material-add_shopping_cart&#8221; use_custom_fonts_hover_title=&#8221;true&#8221; hover_add_button=&#8221;true&#8221; hover_btn_button_block=&#8221;true&#8221; hover_btn_add_icon=&#8221;true&#8221; hover_custom_background=&#8221;#2962ff&#8221; el_class=&#8221;parking-card&#8221; hover_btn_link=&#8221;url:.%2Fabono-24h%2F&#8221;]<\/p>\n<p style=\"color: #ffffff;\">Use o nosso estacionamento todos os dias do m\u00eas 24 horas por dia.<\/p>\n<p>[\/vc_hoverbox][\/vc_column_inner][\/vc_row_inner][vc_row_inner][vc_column_inner width=&#8221;1\/2&#8243; css=&#8221;.vc_custom_1642676668338{margin-bottom: 2em !important;}&#8221;][vc_hoverbox image=&#8221;2334&#8243; primary_title=&#8221;PASSE LIVRE 9H&#8221; hover_title=&#8221;9 Horas al d\u00eda, de lunes a viernes&#8221; hover_title_font_container=&#8221;font_size:20px|color:%23ffffff&#8221; hover_title_use_theme_fonts=&#8221;yes&#8221; hover_background_color=&#8221;custom&#8221; hover_btn_title=&#8221;Comprar&#8221; hover_btn_style=&#8221;outline-custom&#8221; hover_btn_outline_custom_color=&#8221;#ffffff&#8221; hover_btn_outline_custom_hover_background=&#8221;#ffffff&#8221; hover_btn_outline_custom_hover_text=&#8221;#d50000&#8243; hover_btn_shape=&#8221;round&#8221; hover_btn_align=&#8221;center&#8221; hover_btn_i_type=&#8221;material&#8221; hover_btn_i_icon_material=&#8221;vc-material vc-material-add_shopping_cart&#8221; use_custom_fonts_hover_title=&#8221;true&#8221; hover_add_button=&#8221;true&#8221; hover_btn_button_block=&#8221;true&#8221; hover_btn_add_icon=&#8221;true&#8221; el_class=&#8221;parking-card&#8221; hover_custom_background=&#8221;#d50000&#8243; hover_btn_link=&#8221;url:.%2Fabono-libre-9h%2F&#8221;]<\/p>\n<p style=\"color: #ffffff;\">Escolhes o teu tempo para entrar e sair, \u00e9 livre!<\/p>\n<p>[\/vc_hoverbox][\/vc_column_inner][vc_column_inner width=&#8221;1\/2&#8243; css=&#8221;.vc_custom_1642676675558{margin-bottom: 2em !important;}&#8221;][vc_hoverbox image=&#8221;2334&#8243; primary_title=&#8221;PASSE LIVRE 12H&#8221; hover_title=&#8221;12 Horas al d\u00eda, de lunes a viernes&#8221; hover_title_font_container=&#8221;font_size:20px|color:%23ffffff&#8221; hover_title_use_theme_fonts=&#8221;yes&#8221; hover_background_color=&#8221;custom&#8221; hover_btn_title=&#8221;Comprar&#8221; hover_btn_style=&#8221;outline-custom&#8221; hover_btn_outline_custom_color=&#8221;#ffffff&#8221; hover_btn_outline_custom_hover_background=&#8221;#ffffff&#8221; hover_btn_outline_custom_hover_text=&#8221;#d50000&#8243; hover_btn_shape=&#8221;round&#8221; hover_btn_align=&#8221;center&#8221; hover_btn_i_type=&#8221;material&#8221; hover_btn_i_icon_material=&#8221;vc-material vc-material-add_shopping_cart&#8221; use_custom_fonts_hover_title=&#8221;true&#8221; hover_add_button=&#8221;true&#8221; hover_btn_button_block=&#8221;true&#8221; hover_btn_add_icon=&#8221;true&#8221; el_class=&#8221;parking-card&#8221; hover_custom_background=&#8221;#d50000&#8243; hover_btn_link=&#8221;url:.%2Fabono-libre-12h%2F&#8221;]<\/p>\n<p style=\"color: #ffffff;\">Escolhes o teu tempo para entrar e sair, \u00e9 livre!<\/p>\n<p>[\/vc_hoverbox][\/vc_column_inner][\/vc_row_inner][vc_empty_space height=&#8221;5vh&#8221;][vc_row_inner][vc_column_inner offset=&#8221;vc_hidden-xl vc_hidden-lg&#8221; css_params=&#8221;&#8221;]<a aria-label=\"Email\" class=\"porto-sicon-box-link\" href=\"mailto:parkingdelcastillo@ipark.es\"><div class=\"porto-sicon-box  vc_custom_1679916645696 custom-view-more  wpb_custom_26965764fb6121a376a742327df9f297 style_1 default-icon\"><div class=\"porto-sicon-default\"><div class=\"porto-just-icon-wrapper porto-icon none\" style=\"color:#ffffff;font-size:34px;margin-right:0px;\"><i class=\"Simple-Line-Icons-envelope\"><\/i><\/div><\/div><div class=\"porto-sicon-header\"><h5 class=\"porto-sicon-title\" style=\"margin-bottom:4px;\">Email<\/h5><p style=\"color:#ffffff;\">parkingdelcastillo @ipark.es<\/p><\/div> <!-- header --><\/div><!-- porto-sicon-box --><\/a><a aria-label=\"Telefone\" class=\"porto-sicon-box-link\" href=\"tel:+34966692285\"><div class=\"porto-sicon-box  vc_custom_1705578835240 custom-view-more  wpb_custom_26965764fb6121a376a742327df9f297 style_1 default-icon\"><div class=\"porto-sicon-default\"><div class=\"porto-just-icon-wrapper porto-icon none\" style=\"color:#ffffff;font-size:34px;margin-right:0px;\"><i class=\"Simple-Line-Icons-phone\"><\/i><\/div><\/div><div class=\"porto-sicon-header\"><h5 class=\"porto-sicon-title\" style=\"margin-bottom:4px;\">Telefone<\/h5><p style=\"color:#ffffff;\">+34 966 692 285<\/p><\/div> <!-- header --><\/div><!-- porto-sicon-box --><\/a><a aria-label=\"Endere\u00e7o\" class=\"porto-sicon-box-link\" href=\"https:\/\/goo.gl\/maps\/YRDbPw4x4JrjHHXv8\" target='_blank'><div class=\"porto-sicon-box  vc_custom_1677849814833 custom-view-more  wpb_custom_26965764fb6121a376a742327df9f297 style_1 default-icon\"><div class=\"porto-sicon-default\"><div class=\"porto-just-icon-wrapper porto-icon none\" style=\"color:#ffffff;font-size:34px;margin-right:0px;\"><i class=\"Simple-Line-Icons-location-pin\"><\/i><\/div><\/div><div class=\"porto-sicon-header\"><h5 class=\"porto-sicon-title\" style=\"margin-bottom:4px;\">Endere\u00e7o<\/h5><p style=\"color:#ffffff;\">Carrer Almirante Antequera s\/n, 03130 Santa Pola<\/p><\/div> <!-- header --><\/div><!-- porto-sicon-box --><\/a>[vc_empty_space height=&#8221;5vh&#8221;][\/vc_column_inner][\/vc_row_inner][\/vc_column][\/vc_row][vc_row wrap_container=&#8221;yes&#8221; el_id=&#8221;hiw&#8221; css=&#8221;.vc_custom_1642676473740{padding-right: 3em !important;padding-left: 3em !important;}&#8221;][vc_column][vc_custom_heading text=&#8221;Como funciona&#8221; use_theme_fonts=&#8221;yes&#8221;][vc_separator color=&#8221;custom&#8221; accent_color=&#8221;#a5be0b&#8221;][vc_row_inner][vc_column_inner]<ul class=\"porto-info-list  porto-info-listd751713988987e9331980363e24189ce wpb_custom_2470fd4f9162ce1f73c94a8a2b72b3bf\"><li class=\"porto-info-list-item  wpb_custom_eade0171093a7591372ccf9372738e3d\"><i class=\"porto-info-icon fas fa-check-double\"><\/i><div class=\"porto-info-list-item-desc\">\u00c9 necess\u00e1rio introduzir a matr\u00edcula do ve\u00edculo na compra de qualquer produto.<\/div><\/li><li class=\"porto-info-list-item  wpb_custom_eade0171093a7591372ccf9372738e3d\"><i class=\"porto-info-icon fas fa-check-double\"><\/i><div class=\"porto-info-list-item-desc\">Ao efetuar a Reserva ou ao adquirir o Passe, registaremos o seu registo no sistema de controlo de acesso do Estacionamento. \u00c9 assim t\u00e3o f\u00e1cil!\u200b<\/div><\/li><li class=\"porto-info-list-item  wpb_custom_eade0171093a7591372ccf9372738e3d\"><i class=\"porto-info-icon fas fa-check-double\"><\/i><div class=\"porto-info-list-item-desc\">Quando chegar ao Estacionamento, fique ao lado do dispensador de bilhetes. As c\u00e2maras de leitura da placa ir\u00e3o identific\u00e1-lo e abrir a barreira. Pode entrar!<\/div><\/li><li class=\"porto-info-list-item  wpb_custom_eade0171093a7591372ccf9372738e3d\"><i class=\"porto-info-icon fas fa-check-double\"><\/i><div class=\"porto-info-list-item-desc\">No check-out, na sua p\u00e1gina pessoal pode ver as compras efetuas e as suas informa\u00e7\u00f5es pessoais. Pode guard\u00e1-lo para futuras compras.<\/div><\/li><li class=\"porto-info-list-item  wpb_custom_eade0171093a7591372ccf9372738e3d\"><i class=\"porto-info-icon fas fa-check-double\"><\/i><div class=\"porto-info-list-item-desc\">Ao fazer uma Reserva, deve indicar o dia de chegada e o n\u00famero de dias de reserva.<br \/>\n<\/div><\/li><\/ul>[vc_empty_space height=&#8221;2vh&#8221;][\/vc_column_inner][\/vc_row_inner][vc_row_inner][vc_column_inner][vc_wp_text]<div id=\"metaslider-id-12694\" style=\"max-width: 800px; margin: 0 auto;\" class=\"ml-slider-3-107-0 metaslider metaslider-flex metaslider-12694 ml-slider ms-theme-default nav-hidden\" role=\"region\" aria-label=\"Santa Pola\" data-height=\"600\" data-width=\"800\">\n    <div id=\"metaslider_container_12694\">\n        <div id=\"metaslider_12694\">\n            <ul class='slides'>\n                <li style=\"display: block; width: 100%;\" class=\"slide-12695 ms-image \" aria-roledescription=\"slide\" data-date=\"2024-07-15 10:53:16\" data-filename=\"SPA-Foto-4-666x500.jpg\" data-slide-type=\"image\"><img loading=\"lazy\" decoding=\"async\" src=\"https:\/\/iparksa.com\/wp-content\/uploads\/2024\/01\/SPA-Foto-4-666x500.jpg\" height=\"600\" width=\"800\" alt=\"\" class=\"slider-12694 slide-12695 msDefaultImage\" title=\"SPA Foto (4)\" \/><\/li>\n                <li style=\"display: none; width: 100%;\" class=\"slide-12696 ms-image \" aria-roledescription=\"slide\" data-date=\"2024-07-15 10:53:19\" data-filename=\"SPA-Foto-8-666x500.jpg\" data-slide-type=\"image\"><img loading=\"lazy\" decoding=\"async\" src=\"https:\/\/iparksa.com\/wp-content\/uploads\/2024\/01\/SPA-Foto-8-666x500.jpg\" height=\"600\" width=\"800\" alt=\"\" class=\"slider-12694 slide-12696 msDefaultImage\" title=\"SPA Foto (8)\" \/><\/li>\n                <li style=\"display: none; width: 100%;\" class=\"slide-12697 ms-image \" aria-roledescription=\"slide\" data-date=\"2024-07-15 10:53:21\" data-filename=\"SPA-Foto-7-666x500.jpg\" data-slide-type=\"image\"><img loading=\"lazy\" decoding=\"async\" src=\"https:\/\/iparksa.com\/wp-content\/uploads\/2024\/01\/SPA-Foto-7-666x500.jpg\" height=\"600\" width=\"800\" alt=\"\" class=\"slider-12694 slide-12697 msDefaultImage\" title=\"SPA Foto (7)\" \/><\/li>\n            <\/ul>\n        <\/div>\n        \n    <\/div>\n<\/div>[\/vc_wp_text][\/vc_column_inner][\/vc_row_inner][vc_empty_space height=&#8221;5vh&#8221;][\/vc_column][\/vc_row][vc_row css=&#8221;.vc_custom_1676976454031{padding-right: 3em !important;padding-left: 3em !important;}&#8221;][vc_column][vc_custom_heading text=&#8221;O segredo mais bem guardado de Santa Pola: O Parque de estacionamento del Castelo&#8221; use_theme_fonts=&#8221;yes&#8221;][vc_column_text]<span style=\"font-weight: 400;\">Santa Pola. H\u00e1 algo de m\u00e1gico nesta bela cidade costeira de Alicante. Se voc\u00ea est\u00e1 aqui para apreciar as vistas deslumbrantes do castelo-fortaleza, desfrutar de um dia no aqu\u00e1rio ou simplesmente aproveitar o sol na praia de Levante, \u00e9 f\u00e1cil entender por que este \u00e9 um destino de f\u00e9rias t\u00e3o popular. Mas deixa-me contar-te um segredo: se queres tornar a tua estadia em Santa Pola ainda melhor, h\u00e1 um s\u00edtio que n\u00e3o vais querer perder: o parque Estacionamento do Castelo.<\/span><\/p>\n<p><span style=\"font-weight: 400;\">\u00a0<\/span><\/p>\n<p><span style=\"font-weight: 400;\">O parking del castillo, localizado na rua Almirante Antequera, o parque de estacionamento Castillo oferece mais do que conforto e seguran\u00e7a. Tem seguran\u00e7a 24 horas por dia, 7 dias por semana e elevador para os clientes, para que possa ter a certeza que o seu carro estar\u00e1 seguro enquanto explora tudo o que Santa Pola tem para lhe oferecer. Al\u00e9m disso, est\u00e1 convenientemente localizado perto do castelo-fortaleza de Santa Pola, da C\u00e2mara Municipal da mesma cidade, do aqu\u00e1rio e da praia de Levante (ou Santa Pola). E como se n\u00e3o bastasse, est\u00e1 rodeada de restaurantes e lojas para que possa comer alguma coisa ou ir \u00e0s compras durante a sua visita.<\/span><\/p>\n<p>&nbsp;<\/p>\n<p><span style=\"font-weight: 400;\">O que realmente diferencia este parque de estacionamento del Castelo dos outros \u00e9 a sua acessibilidade. Aqui voc\u00ea n\u00e3o ter\u00e1 que se preocupar com carregadores el\u00e9tricos, pois fica bem pr\u00f3ximo de todas essas atra\u00e7\u00f5es e servi\u00e7os, o que facilita ainda mais a locomo\u00e7\u00e3o! Quer prefira ir a p\u00e9 ou de transportes p\u00fablicos (a esta\u00e7\u00e3o de autocarros tamb\u00e9m fica perto), existem v\u00e1rias formas de chegar onde pretende ir sem se preocupar com custos de transporte ou compatibilidade de VE.<\/span><\/p>\n<p>&nbsp;<\/p>\n<p><span style=\"font-weight: 400;\">Por isso, se est\u00e1 a planear uma viagem a Santa Pola em breve &#8211; certifique-se de que n\u00e3o perde as grandes oportunidades que o parque de estacionamento Castillo lhe oferece! Com sua localiza\u00e7\u00e3o imbat\u00edvel perto de todas as melhores atra\u00e7\u00f5es de Santa Pola, al\u00e9m de seus servi\u00e7os convenientes, como seguran\u00e7a 24 horas e acesso por elevador, far\u00e1 com que sua estadia nesta bela cidade seja ainda melhor do que o esperado. Certifique-se de aproveitar esta joia escondida na pr\u00f3xima vez que estiver na cidade.<\/span>[\/vc_column_text][\/vc_column][\/vc_row][vc_row css=&#8221;.vc_custom_1642676545069{padding-right: 3em !important;padding-left: 3em !important;}&#8221;][vc_column offset=&#8221;vc_hidden-xl vc_hidden-lg vc_hidden-md&#8221; conditional_render=&#8221;%5B%7B%22value_role%22%3A%22administrator%22%7D%5D&#8221; css_params=&#8221;&#8221;]<div class=\"porto-ultimate-content-box-container \"><div class=\"porto-ultimate-content-box porto_ucb_d751713988987e9331980363e24189ce\" style=\"\"><div class=\"widget_sidebar_menu main-sidebar-menu wpb_custom_bd96d282bd99227adaa2fd2727fa1ab3\"><div class=\"widget-title\">Parkings<\/div><div class=\"sidebar-menu-wrap\"><ul id=\"menu-parkings-portugues-portugal\" class=\"sidebar-menu\"><li id=\"nav-menu-item-14169\" class=\"menu-item menu-item-type-custom menu-item-object-custom menu-item-has-children  has-sub narrow \"><a href=\"https:\/\/iparksa.com\/pt-pt\/parkings-ipark-madrid\/\"><i class=\"fas fa-parking\"><\/i>Madrid<\/a><span class=\"arrow\" aria-label=\"Open Submenu\"><\/span>\n<div class=\"popup\"><div class=\"inner\" style=\"\"><ul class=\"sub-menu porto-narrow-sub-menu\">\n\t<li id=\"nav-menu-item-3946\" class=\"menu-item menu-item-type-post_type menu-item-object-page menu-item-has-children  sub\" data-cols=\"1\"><a href=\"https:\/\/iparksa.com\/pt-pt\/parkings-ipark-madrid\/\"><i class=\"fas fa-parking\"><\/i>Madrid<\/a>\n\t<ul class=\"sub-menu\">\n\t\t<li id=\"nav-menu-item-9861\" class=\"menu-item menu-item-type-post_type menu-item-object-page \"><a href=\"https:\/\/iparksa.com\/pt-pt\/ipark-madrid-parking-chamartin\/\">Parking Chamart\u00edn<\/a><\/li>\n\t\t<li id=\"nav-menu-item-3947\" class=\"menu-item menu-item-type-post_type menu-item-object-page \"><a href=\"https:\/\/iparksa.com\/pt-pt\/ipark-madrid-princesa-25\/\">Princesa 25<\/a><\/li>\n\t\t<li id=\"nav-menu-item-6050\" class=\"menu-item menu-item-type-post_type menu-item-object-page \"><a href=\"https:\/\/iparksa.com\/pt-pt\/ipark-madrid-atocha-70\/\">Atocha 70<\/a><\/li>\n\t\t<li id=\"nav-menu-item-3948\" class=\"menu-item menu-item-type-post_type menu-item-object-page \"><a href=\"https:\/\/iparksa.com\/pt-pt\/ipark-madrid-verdaguer-y-garcia\/\">Verdaguer y Garc\u00eda<\/a><\/li>\n\t\t<li id=\"nav-menu-item-10228\" class=\"menu-item menu-item-type-post_type menu-item-object-page \"><a href=\"https:\/\/iparksa.com\/pt-pt\/ipark-madrid-parking-goya\/\">Goya<\/a><\/li>\n\t\t<li id=\"nav-menu-item-14168\" class=\"menu-item menu-item-type-custom menu-item-object-custom \"><a href=\"https:\/\/iparksa.com\/pt-pt\/servicio-valet-parking-ave-atocha-chamartin\/\">Servi\u00e7o Valet Atocha | Chamartin<\/a><\/li>\n\t<\/ul>\n<\/li>\n\t<li id=\"nav-menu-item-14191\" class=\"menu-item menu-item-type-custom menu-item-object-custom menu-item-has-children  sub\" data-cols=\"1\"><a href=\"https:\/\/iparksa.com\/pt-pt\/parkings-ipark-san-lorenzo-de-el-escorial\/\"><i class=\"fas fa-parking\"><\/i>San Lorenzo de El Escorial<\/a>\n\t<ul class=\"sub-menu\">\n\t\t<li id=\"nav-menu-item-10674\" class=\"menu-item menu-item-type-post_type menu-item-object-page \"><a href=\"https:\/\/iparksa.com\/pt-pt\/ipark-madrid-parking-plaza-de-la-constitucion\/\">Plaza de la Constituci\u00f3n<\/a><\/li>\n\t<\/ul>\n<\/li>\n<\/ul><\/div><\/div>\n<\/li>\n<li id=\"nav-menu-item-3949\" class=\"menu-item menu-item-type-post_type menu-item-object-page menu-item-has-children  has-sub narrow \"><a href=\"https:\/\/iparksa.com\/pt-pt\/parkings-ipark-granada\/\"><i class=\"fas fa-parking\"><\/i>Granada<\/a><span class=\"arrow\" aria-label=\"Open Submenu\"><\/span>\n<div class=\"popup\"><div class=\"inner\" style=\"\"><ul class=\"sub-menu porto-narrow-sub-menu\">\n\t<li id=\"nav-menu-item-3950\" class=\"menu-item menu-item-type-post_type menu-item-object-page \" data-cols=\"1\"><a href=\"https:\/\/iparksa.com\/pt-pt\/ipark-granada-severo-ochoa\/\">Severo Ochoa<\/a><\/li>\n\t<li id=\"nav-menu-item-3951\" class=\"menu-item menu-item-type-post_type menu-item-object-page \" data-cols=\"1\"><a href=\"https:\/\/iparksa.com\/pt-pt\/ipark-granada-parking-cruz-de-lagos\/\">Cruz de Lagos<\/a><\/li>\n\t<li id=\"nav-menu-item-3952\" class=\"menu-item menu-item-type-post_type menu-item-object-page \" data-cols=\"1\"><a href=\"https:\/\/iparksa.com\/pt-pt\/ipark-granada-ronda-centro\/\">Ronda Centro<\/a><\/li>\n\t<li id=\"nav-menu-item-13424\" class=\"menu-item menu-item-type-post_type menu-item-object-page \" data-cols=\"1\"><a href=\"https:\/\/iparksa.com\/pt-pt\/ipark-granada-aparcamiento-los-carmenes\/\">Los C\u00e1rmenes<\/a><\/li>\n<\/ul><\/div><\/div>\n<\/li>\n<li id=\"nav-menu-item-3953\" class=\"menu-item menu-item-type-post_type menu-item-object-page menu-item-has-children  has-sub narrow \"><a href=\"https:\/\/iparksa.com\/pt-pt\/parkings-ipark-almeria\/\"><i class=\"fas fa-parking\"><\/i>Almer\u00eda<\/a><span class=\"arrow\" aria-label=\"Open Submenu\"><\/span>\n<div class=\"popup\"><div class=\"inner\" style=\"\"><ul class=\"sub-menu porto-narrow-sub-menu\">\n\t<li id=\"nav-menu-item-3954\" class=\"menu-item menu-item-type-post_type menu-item-object-page \" data-cols=\"1\"><a href=\"https:\/\/iparksa.com\/pt-pt\/ipark-almeria-rambla-obispo-orbera-mercado\/\">Rambla Obispo Orber\u00e1 Mercado<\/a><\/li>\n<\/ul><\/div><\/div>\n<\/li>\n<li id=\"nav-menu-item-8866\" class=\"menu-item menu-item-type-custom menu-item-object-custom menu-item-has-children  has-sub narrow \"><a href=\"#\"><i class=\"fas fa-parking\"><\/i>M\u00e1laga<\/a><span class=\"arrow\" aria-label=\"Open Submenu\"><\/span>\n<div class=\"popup\"><div class=\"inner\" style=\"\"><ul class=\"sub-menu porto-narrow-sub-menu\">\n\t<li id=\"nav-menu-item-3955\" class=\"menu-item menu-item-type-post_type menu-item-object-page menu-item-has-children  sub\" data-cols=\"1\"><a href=\"https:\/\/iparksa.com\/pt-pt\/parkings-ipark-malaga\/\"><i class=\"fas fa-parking\"><\/i>V\u00e9lez-M\u00e1laga<\/a>\n\t<ul class=\"sub-menu\">\n\t\t<li id=\"nav-menu-item-3957\" class=\"menu-item menu-item-type-post_type menu-item-object-page \"><a href=\"https:\/\/iparksa.com\/pt-pt\/ipark-velez-malaga-plaza-del-carmen\/\">Plaza del Carmen<\/a><\/li>\n\t\t<li id=\"nav-menu-item-3956\" class=\"menu-item menu-item-type-post_type menu-item-object-page \"><a href=\"https:\/\/iparksa.com\/pt-pt\/ipark-torre-del-mar-las-yucas\/\">Las Yucas<\/a><\/li>\n\t<\/ul>\n<\/li>\n\t<li id=\"nav-menu-item-9389\" class=\"menu-item menu-item-type-post_type menu-item-object-page menu-item-has-children  sub\" data-cols=\"1\"><a href=\"https:\/\/iparksa.com\/pt-pt\/parkings-ipark-torremolinos\/\"><i class=\"fas fa-parking\"><\/i>Torremolinos<\/a>\n\t<ul class=\"sub-menu\">\n\t\t<li id=\"nav-menu-item-3958\" class=\"menu-item menu-item-type-post_type menu-item-object-page \"><a href=\"https:\/\/iparksa.com\/pt-pt\/ipark-torremolinos-pueblo-blanco\/\">Pueblo Blanco<\/a><\/li>\n\t\t<li id=\"nav-menu-item-3959\" class=\"menu-item menu-item-type-post_type menu-item-object-page \"><a href=\"https:\/\/iparksa.com\/pt-pt\/ipark-torremolinos-parking-centro\/\">Parking Centro<\/a><\/li>\n\t<\/ul>\n<\/li>\n<\/ul><\/div><\/div>\n<\/li>\n<li id=\"nav-menu-item-11361\" class=\"menu-item menu-item-type-post_type menu-item-object-page menu-item-has-children  has-sub narrow \"><a href=\"https:\/\/iparksa.com\/pt-pt\/parkings-ipark-murcia\/\"><i class=\"fas fa-parking\"><\/i>Murcia<\/a><span class=\"arrow\" aria-label=\"Open Submenu\"><\/span>\n<div class=\"popup\"><div class=\"inner\" style=\"\"><ul class=\"sub-menu porto-narrow-sub-menu\">\n\t<li id=\"nav-menu-item-11362\" class=\"menu-item menu-item-type-post_type menu-item-object-page \" data-cols=\"1\"><a href=\"https:\/\/iparksa.com\/pt-pt\/ipark-murcia-parking-jose-barnes\/\">Jos\u00e9 Barn\u00e9s<\/a><\/li>\n<\/ul><\/div><\/div>\n<\/li>\n<li id=\"nav-menu-item-15037\" class=\"menu-item menu-item-type-post_type menu-item-object-page menu-item-has-children  has-sub narrow \"><a href=\"https:\/\/iparksa.com\/pt-pt\/parkings-ipark-las-palmas-de-gran-canaria\/\"><i class=\"fas fa-parking\"><\/i>Gran Canaria<\/a><span class=\"arrow\" aria-label=\"Open Submenu\"><\/span>\n<div class=\"popup\"><div class=\"inner\" style=\"\"><ul class=\"sub-menu porto-narrow-sub-menu\">\n\t<li id=\"nav-menu-item-15036\" class=\"menu-item menu-item-type-post_type menu-item-object-page \" data-cols=\"1\"><a href=\"https:\/\/iparksa.com\/pt-pt\/ipark-las-palmas-de-gran-canaria-la-puntilla\/\">La Puntilla<\/a><\/li>\n\t<li id=\"nav-menu-item-15956\" class=\"menu-item menu-item-type-post_type menu-item-object-page \" data-cols=\"1\"><a href=\"https:\/\/iparksa.com\/pt-pt\/parking-ciudad-jardin\/\">Ciudad Jard\u00edn<\/a><\/li>\n\t<li id=\"nav-menu-item-15984\" class=\"menu-item menu-item-type-post_type menu-item-object-page \" data-cols=\"1\"><a href=\"https:\/\/iparksa.com\/pt-pt\/ipark-las-palmas-parking-monopol-triana\/\">Monopol<\/a><\/li>\n\t<li id=\"nav-menu-item-16205\" class=\"menu-item menu-item-type-post_type menu-item-object-page \" data-cols=\"1\"><a href=\"https:\/\/iparksa.com\/pt-pt\/ipark-gran-canaria-parking-bahia-feliz\/\">Bahia Feliz<\/a><\/li>\n<\/ul><\/div><\/div>\n<\/li>\n<li id=\"nav-menu-item-8867\" class=\"menu-item menu-item-type-custom menu-item-object-custom menu-item-has-children  has-sub narrow \"><a href=\"#\"><i class=\"fas fa-parking\"><\/i>Bizkaia<\/a><span class=\"arrow\" aria-label=\"Open Submenu\"><\/span>\n<div class=\"popup\"><div class=\"inner\" style=\"\"><ul class=\"sub-menu porto-narrow-sub-menu\">\n\t<li id=\"nav-menu-item-3960\" class=\"menu-item menu-item-type-post_type menu-item-object-page menu-item-has-children  sub\" data-cols=\"1\"><a href=\"https:\/\/iparksa.com\/pt-pt\/parkings-ipark-bilbao\/\"><i class=\"fas fa-parking\"><\/i>Bilbao<\/a>\n\t<ul class=\"sub-menu\">\n\t\t<li id=\"nav-menu-item-3961\" class=\"menu-item menu-item-type-post_type menu-item-object-page \"><a href=\"https:\/\/iparksa.com\/pt-pt\/ipark-bilbao-parking-madariaga\/\">Madariaga<\/a><\/li>\n\t<\/ul>\n<\/li>\n<\/ul><\/div><\/div>\n<\/li>\n<li id=\"nav-menu-item-9298\" class=\"menu-item menu-item-type-custom menu-item-object-custom menu-item-has-children  has-sub narrow \"><a href=\"#\"><i class=\"fas fa-parking\"><\/i>Alicante<\/a><span class=\"arrow\" aria-label=\"Open Submenu\"><\/span>\n<div class=\"popup\"><div class=\"inner\" style=\"\"><ul class=\"sub-menu porto-narrow-sub-menu\">\n\t<li id=\"nav-menu-item-3962\" class=\"menu-item menu-item-type-post_type menu-item-object-page menu-item-has-children  sub\" data-cols=\"1\"><a href=\"https:\/\/iparksa.com\/pt-pt\/parkings-ipark-alicante\/\"><i class=\"fas fa-parking\"><\/i>Alicante<\/a>\n\t<ul class=\"sub-menu\">\n\t\t<li id=\"nav-menu-item-3963\" class=\"menu-item menu-item-type-post_type menu-item-object-page \"><a href=\"https:\/\/iparksa.com\/pt-pt\/ipark-alicante-poeta-quintana\/\">Poeta Quintana<\/a><\/li>\n\t<\/ul>\n<\/li>\n\t<li id=\"nav-menu-item-9391\" class=\"menu-item menu-item-type-post_type menu-item-object-page menu-item-has-children  sub\" data-cols=\"1\"><a href=\"https:\/\/iparksa.com\/pt-pt\/parkings-ipark-santa-pola\/\"><i class=\"fas fa-parking\"><\/i>Santa pola<\/a>\n\t<ul class=\"sub-menu\">\n\t\t<li id=\"nav-menu-item-9197\" class=\"menu-item menu-item-type-post_type menu-item-object-page \"><a href=\"https:\/\/iparksa.com\/pt-pt\/ipark-alicante-parking-castillo\/\">Parking Castillo<\/a><\/li>\n\t<\/ul>\n<\/li>\n<\/ul><\/div><\/div>\n<\/li>\n<li id=\"nav-menu-item-3964\" class=\"menu-item menu-item-type-post_type menu-item-object-page menu-item-has-children  has-sub narrow \"><a href=\"https:\/\/iparksa.com\/pt-pt\/parkings-ipark-cordoba\/\"><i class=\"fas fa-parking\"><\/i>C\u00f3rdoba<\/a><span class=\"arrow\" aria-label=\"Open Submenu\"><\/span>\n<div class=\"popup\"><div class=\"inner\" style=\"\"><ul class=\"sub-menu porto-narrow-sub-menu\">\n\t<li id=\"nav-menu-item-6051\" class=\"menu-item menu-item-type-post_type menu-item-object-page \" data-cols=\"1\"><a href=\"https:\/\/iparksa.com\/pt-pt\/ipark-cordoba-cordoba-centro\/\">C\u00f3rdoba Centro<\/a><\/li>\n<\/ul><\/div><\/div>\n<\/li>\n<li id=\"nav-menu-item-8869\" class=\"menu-item menu-item-type-custom menu-item-object-custom menu-item-has-children  has-sub narrow \"><a href=\"#\"><i class=\"fas fa-parking\"><\/i>C\u00e1diz<\/a><span class=\"arrow\" aria-label=\"Open Submenu\"><\/span>\n<div class=\"popup\"><div class=\"inner\" style=\"\"><ul class=\"sub-menu porto-narrow-sub-menu\">\n\t<li id=\"nav-menu-item-9390\" class=\"menu-item menu-item-type-post_type menu-item-object-page menu-item-has-children  sub\" data-cols=\"1\"><a href=\"https:\/\/iparksa.com\/pt-pt\/parkings-ipark-algeciras\/\"><i class=\"fas fa-parking\"><\/i>Algeciras<\/a>\n\t<ul class=\"sub-menu\">\n\t\t<li id=\"nav-menu-item-3970\" class=\"menu-item menu-item-type-post_type menu-item-object-page \"><a href=\"https:\/\/iparksa.com\/pt-pt\/ipark-algeciras-mercado-de-abastos\/\">Mercado de Abastos<\/a><\/li>\n\t\t<li id=\"nav-menu-item-9860\" class=\"menu-item menu-item-type-post_type menu-item-object-page \"><a href=\"https:\/\/iparksa.com\/pt-pt\/ipark-algeciras-parking-hispano\/\">Parking Hispano<\/a><\/li>\n\t<\/ul>\n<\/li>\n\t<li id=\"nav-menu-item-3969\" class=\"menu-item menu-item-type-post_type menu-item-object-page menu-item-has-children  sub\" data-cols=\"1\"><a href=\"https:\/\/iparksa.com\/pt-pt\/parkings-ipark-cadiz\/\"><i class=\"fas fa-parking\"><\/i>C\u00e1diz<\/a>\n\t<ul class=\"sub-menu\">\n\t\t<li id=\"nav-menu-item-3971\" class=\"menu-item menu-item-type-post_type menu-item-object-page \"><a href=\"https:\/\/iparksa.com\/pt-pt\/ipark-cadiz-garaje-america\/\">Garaje Am\u00e9rica<\/a><\/li>\n\t\t<li id=\"nav-menu-item-8784\" class=\"menu-item menu-item-type-post_type menu-item-object-page \"><a href=\"https:\/\/iparksa.com\/pt-pt\/ipark-cadiz-parking-telegrafia\/\">Parking Telegrafia<\/a><\/li>\n\t\t<li id=\"nav-menu-item-10747\" class=\"menu-item menu-item-type-post_type menu-item-object-page \"><a href=\"https:\/\/iparksa.com\/pt-pt\/ipark-cadiz-parking-fo-cona\/\">Puerta de Gibraltar<\/a><\/li>\n\t<\/ul>\n<\/li>\n\t<li id=\"nav-menu-item-14731\" class=\"menu-item menu-item-type-post_type menu-item-object-page menu-item-has-children  sub\" data-cols=\"1\"><a href=\"https:\/\/iparksa.com\/pt-pt\/parkings-ipark-rota\/\"><i class=\"fas fa-parking\"><\/i>Rota<\/a>\n\t<ul class=\"sub-menu\">\n\t\t<li id=\"nav-menu-item-14730\" class=\"menu-item menu-item-type-post_type menu-item-object-page \"><a href=\"https:\/\/iparksa.com\/pt-pt\/ipark-rota-parking-puerto-rota\/\">Parking Puerto Rota<\/a><\/li>\n\t<\/ul>\n<\/li>\n<\/ul><\/div><\/div>\n<\/li>\n<li id=\"nav-menu-item-8870\" class=\"menu-item menu-item-type-custom menu-item-object-custom menu-item-has-children  has-sub narrow \"><a href=\"#\"><i class=\"fas fa-parking\"><\/i>Huelva<\/a><span class=\"arrow\" aria-label=\"Open Submenu\"><\/span>\n<div class=\"popup\"><div class=\"inner\" style=\"\"><ul class=\"sub-menu porto-narrow-sub-menu\">\n\t<li id=\"nav-menu-item-3965\" class=\"menu-item menu-item-type-post_type menu-item-object-page menu-item-has-children  sub\" data-cols=\"1\"><a href=\"https:\/\/iparksa.com\/pt-pt\/parkings-ipark-huelva\/\"><i class=\"fas fa-parking\"><\/i>Huelva<\/a>\n\t<ul class=\"sub-menu\">\n\t\t<li id=\"nav-menu-item-7097\" class=\"menu-item menu-item-type-post_type menu-item-object-page \"><a href=\"https:\/\/iparksa.com\/pt-pt\/ipark-huelva-hospital-costa-de-la-luz\/\">Hospital Costa de la luz<\/a><\/li>\n\t\t<li id=\"nav-menu-item-11554\" class=\"menu-item menu-item-type-post_type menu-item-object-page \"><a href=\"https:\/\/iparksa.com\/pt-pt\/ipark-huelva-parking-coronacion\/\">Parking Coronaci\u00f3n<\/a><\/li>\n\t\t<li id=\"nav-menu-item-15631\" class=\"menu-item menu-item-type-post_type menu-item-object-page \"><a href=\"https:\/\/iparksa.com\/pt-pt\/ipark-huelva-parking-cc-puerta-del-odiel\/\">Parking Puerta del Odiel<\/a><\/li>\n\t<\/ul>\n<\/li>\n\t<li id=\"nav-menu-item-9392\" class=\"menu-item menu-item-type-post_type menu-item-object-page menu-item-has-children  sub\" data-cols=\"1\"><a href=\"https:\/\/iparksa.com\/pt-pt\/parkings-ipark-punta-umbria\/\"><i class=\"fas fa-parking\"><\/i>Punta Umbr\u00eda<\/a>\n\t<ul class=\"sub-menu\">\n\t\t<li id=\"nav-menu-item-3966\" class=\"menu-item menu-item-type-post_type menu-item-object-page \"><a href=\"https:\/\/iparksa.com\/pt-pt\/ipark-punta-umbria-hotel-barcelo\/\">Hotel Barcel\u00f3<\/a><\/li>\n\t\t<li id=\"nav-menu-item-14316\" class=\"menu-item menu-item-type-post_type menu-item-object-page \"><a href=\"https:\/\/iparksa.com\/pt-pt\/ipark-huelva-punta-umbria-mar\/\">Punta Umbria MAR<\/a><\/li>\n\t<\/ul>\n<\/li>\n<\/ul><\/div><\/div>\n<\/li>\n<li id=\"nav-menu-item-6941\" class=\"menu-item menu-item-type-post_type menu-item-object-page menu-item-has-children  has-sub narrow \"><a href=\"https:\/\/iparksa.com\/pt-pt\/parkings-ipark-soria\/\"><i class=\"fas fa-parking\"><\/i>Soria<\/a><span class=\"arrow\" aria-label=\"Open Submenu\"><\/span>\n<div class=\"popup\"><div class=\"inner\" style=\"\"><ul class=\"sub-menu porto-narrow-sub-menu\">\n\t<li id=\"nav-menu-item-6942\" class=\"menu-item menu-item-type-post_type menu-item-object-page \" data-cols=\"1\"><a href=\"https:\/\/iparksa.com\/pt-pt\/ipark-soria-riosa\/\">Riosa<\/a><\/li>\n<\/ul><\/div><\/div>\n<\/li>\n<li id=\"nav-menu-item-8872\" class=\"menu-item menu-item-type-custom menu-item-object-custom menu-item-has-children  has-sub narrow \"><a href=\"#\"><i class=\"fas fa-parking\"><\/i>Le\u00f3n<\/a><span class=\"arrow\" aria-label=\"Open Submenu\"><\/span>\n<div class=\"popup\"><div class=\"inner\" style=\"\"><ul class=\"sub-menu porto-narrow-sub-menu\">\n\t<li id=\"nav-menu-item-14879\" class=\"menu-item menu-item-type-post_type menu-item-object-page menu-item-has-children  sub\" data-cols=\"1\"><a href=\"https:\/\/iparksa.com\/pt-pt\/parkings-ipark-leon\/\"><i class=\"fas fa-parking\"><\/i>Le\u00f3n<\/a>\n\t<ul class=\"sub-menu\">\n\t\t<li id=\"nav-menu-item-14878\" class=\"menu-item menu-item-type-post_type menu-item-object-page \"><a href=\"https:\/\/iparksa.com\/pt-pt\/ipark-leon-parking-san-marcelo\/\">San Marcelo<\/a><\/li>\n\t<\/ul>\n<\/li>\n\t<li id=\"nav-menu-item-6943\" class=\"menu-item menu-item-type-post_type menu-item-object-page menu-item-has-children  sub\" data-cols=\"1\"><a href=\"https:\/\/iparksa.com\/pt-pt\/parkings-ipark-ponferrada\/\"><i class=\"fas fa-parking\"><\/i>Ponferrada<\/a>\n\t<ul class=\"sub-menu\">\n\t\t<li id=\"nav-menu-item-6944\" class=\"menu-item menu-item-type-post_type menu-item-object-page \"><a href=\"https:\/\/iparksa.com\/pt-pt\/ipark-ponferrada-compostilla\/\">Compostilla<\/a><\/li>\n\t<\/ul>\n<\/li>\n<\/ul><\/div><\/div>\n<\/li>\n<li id=\"nav-menu-item-9004\" class=\"menu-item menu-item-type-custom menu-item-object-custom menu-item-has-children  has-sub narrow \"><a href=\"#\"><i class=\"fas fa-parking\"><\/i>\u00c1lava<\/a><span class=\"arrow\" aria-label=\"Open Submenu\"><\/span>\n<div class=\"popup\"><div class=\"inner\" style=\"\"><ul class=\"sub-menu porto-narrow-sub-menu\">\n\t<li id=\"nav-menu-item-6945\" class=\"menu-item menu-item-type-post_type menu-item-object-page menu-item-has-children  sub\" data-cols=\"1\"><a href=\"https:\/\/iparksa.com\/pt-pt\/parkings-ipark-vitoria-gasteiz\/\"><i class=\"fas fa-parking\"><\/i>Vitoria-Gasteiz<\/a>\n\t<ul class=\"sub-menu\">\n\t\t<li id=\"nav-menu-item-6946\" class=\"menu-item menu-item-type-post_type menu-item-object-page \"><a href=\"https:\/\/iparksa.com\/pt-pt\/ipark-vitoria-gasteiz-san-jose-mutualia\/\">Hospital San Jos\u00e9<\/a><\/li>\n\t<\/ul>\n<\/li>\n<\/ul><\/div><\/div>\n<\/li>\n<li id=\"nav-menu-item-6947\" class=\"menu-item menu-item-type-post_type menu-item-object-page menu-item-has-children  has-sub narrow \"><a href=\"https:\/\/iparksa.com\/pt-pt\/parkings-ipark-caceres\/\"><i class=\"fas fa-parking\"><\/i>C\u00e1ceres<\/a><span class=\"arrow\" aria-label=\"Open Submenu\"><\/span>\n<div class=\"popup\"><div class=\"inner\" style=\"\"><ul class=\"sub-menu porto-narrow-sub-menu\">\n\t<li id=\"nav-menu-item-6948\" class=\"menu-item menu-item-type-post_type menu-item-object-page \" data-cols=\"1\"><a href=\"https:\/\/iparksa.com\/pt-pt\/ipark-caceres-canovas\/\">C\u00e1novas<\/a><\/li>\n<\/ul><\/div><\/div>\n<\/li>\n<li id=\"nav-menu-item-9864\" class=\"menu-item menu-item-type-custom menu-item-object-custom menu-item-has-children  has-sub narrow \"><a href=\"#\"><i class=\"fas fa-parking\"><\/i>Pontevedra<\/a><span class=\"arrow\" aria-label=\"Open Submenu\"><\/span>\n<div class=\"popup\"><div class=\"inner\" style=\"\"><ul class=\"sub-menu porto-narrow-sub-menu\">\n\t<li id=\"nav-menu-item-9862\" class=\"menu-item menu-item-type-post_type menu-item-object-page menu-item-has-children  sub\" data-cols=\"1\"><a href=\"https:\/\/iparksa.com\/pt-pt\/parkings-ipark-vigo\/\"><i class=\"fas fa-parking\"><\/i>Vigo<\/a>\n\t<ul class=\"sub-menu\">\n\t\t<li id=\"nav-menu-item-9863\" class=\"menu-item menu-item-type-post_type menu-item-object-page \"><a href=\"https:\/\/iparksa.com\/pt-pt\/ipark-vigo-colon-centro\/\">Col\u00f3n Centro<\/a><\/li>\n\t<\/ul>\n<\/li>\n<\/ul><\/div><\/div>\n<\/li>\n<li id=\"nav-menu-item-12300\" class=\"menu-item menu-item-type-custom menu-item-object-custom menu-item-has-children  has-sub narrow \"><a href=\"#\"><i class=\"fas fa-parking\"><\/i>La Coru\u00f1a<\/a><span class=\"arrow\" aria-label=\"Open Submenu\"><\/span>\n<div class=\"popup\"><div class=\"inner\" style=\"\"><ul class=\"sub-menu porto-narrow-sub-menu\">\n\t<li id=\"nav-menu-item-12301\" class=\"menu-item menu-item-type-post_type menu-item-object-page menu-item-has-children  sub\" data-cols=\"1\"><a href=\"https:\/\/iparksa.com\/pt-pt\/parkings-ipark-santiago-de-compostela\/\">Santiago<\/a>\n\t<ul class=\"sub-menu\">\n\t\t<li id=\"nav-menu-item-12302\" class=\"menu-item menu-item-type-post_type menu-item-object-page \"><a href=\"https:\/\/iparksa.com\/pt-pt\/ipark-santiago-de-compostela-parking-granvia\/\">Parking Gran V\u00eda<\/a><\/li>\n\t\t<li id=\"nav-menu-item-15962\" class=\"menu-item menu-item-type-post_type menu-item-object-page \"><a href=\"https:\/\/iparksa.com\/pt-pt\/parking-rosalia-de-castro\/\">Rosal\u00eda de Castro<\/a><\/li>\n\t<\/ul>\n<\/li>\n<\/ul><\/div><\/div>\n<\/li>\n<li id=\"nav-menu-item-8873\" class=\"menu-item menu-item-type-custom menu-item-object-custom menu-item-has-children  has-sub narrow \"><a href=\"#\"><i class=\"fas fa-parking\"><\/i>Lisboa<\/a><span class=\"arrow\" aria-label=\"Open Submenu\"><\/span>\n<div class=\"popup\"><div class=\"inner\" style=\"\"><ul class=\"sub-menu porto-narrow-sub-menu\">\n\t<li id=\"nav-menu-item-3972\" class=\"menu-item menu-item-type-post_type menu-item-object-page menu-item-has-children  sub\" data-cols=\"1\"><a href=\"https:\/\/iparksa.com\/pt-pt\/parkings-ipark-agualva-cacem\/\"><i class=\"fas fa-parking\"><\/i>Agualva-C\u00e1cem<\/a>\n\t<ul class=\"sub-menu\">\n\t\t<li id=\"nav-menu-item-3973\" class=\"menu-item menu-item-type-post_type menu-item-object-page \"><a href=\"https:\/\/iparksa.com\/pt-pt\/ipark-cacem-parque-central\/\">Parque Central<\/a><\/li>\n\t<\/ul>\n<\/li>\n\t<li id=\"nav-menu-item-9271\" class=\"menu-item menu-item-type-post_type menu-item-object-page menu-item-has-children  sub\" data-cols=\"1\"><a href=\"https:\/\/iparksa.com\/pt-pt\/parkings-ipark-lisboa\/\"><i class=\"fas fa-parking\"><\/i>Lisboa<\/a>\n\t<ul class=\"sub-menu\">\n\t\t<li id=\"nav-menu-item-9272\" class=\"menu-item menu-item-type-post_type menu-item-object-page \"><a href=\"https:\/\/iparksa.com\/pt-pt\/ipark-lisboa-misericordia\/\">Misericordia<\/a><\/li>\n\t<\/ul>\n<\/li>\n<\/ul><\/div><\/div>\n<\/li>\n<li id=\"nav-menu-item-3974\" class=\"menu-item menu-item-type-post_type menu-item-object-page menu-item-has-children  has-sub narrow \"><a href=\"https:\/\/iparksa.com\/pt-pt\/parkings-ipark-braga\/\"><i class=\"fas fa-parking\"><\/i>Braga<\/a><span class=\"arrow\" aria-label=\"Open Submenu\"><\/span>\n<div class=\"popup\"><div class=\"inner\" style=\"\"><ul class=\"sub-menu porto-narrow-sub-menu\">\n\t<li id=\"nav-menu-item-3975\" class=\"menu-item menu-item-type-post_type menu-item-object-page \" data-cols=\"1\"><a href=\"https:\/\/iparksa.com\/pt-pt\/ipark-braga-parque-sao-lazaro\/\">Parque S\u00e3o L\u00e1zaro<\/a><\/li>\n<\/ul><\/div><\/div>\n<\/li>\n<li id=\"nav-menu-item-13144\" class=\"menu-item menu-item-type-post_type menu-item-object-page menu-item-has-children  has-sub narrow \"><a href=\"https:\/\/iparksa.com\/pt-pt\/parkings-ipark-oporto\/\"><i class=\"fas fa-parking\"><\/i>Oporto<\/a><span class=\"arrow\" aria-label=\"Open Submenu\"><\/span>\n<div class=\"popup\"><div class=\"inner\" style=\"\"><ul class=\"sub-menu porto-narrow-sub-menu\">\n\t<li id=\"nav-menu-item-12502\" class=\"menu-item menu-item-type-post_type menu-item-object-page \" data-cols=\"1\"><a href=\"https:\/\/iparksa.com\/pt-pt\/ipark-vilanova-de-gaia-parking-cais-de-gaia\/\">Cais de Gaia<\/a><\/li>\n\t<li id=\"nav-menu-item-13587\" class=\"menu-item menu-item-type-post_type menu-item-object-page \" data-cols=\"1\"><a href=\"https:\/\/iparksa.com\/pt-pt\/ipark-oporto-bonjardim-bolhao\/\">Bonjardim\/Bolh\u00e3o<\/a><\/li>\n\t<li id=\"nav-menu-item-15440\" class=\"menu-item menu-item-type-post_type menu-item-object-page \" data-cols=\"1\"><a href=\"https:\/\/iparksa.com\/pt-pt\/ipark-porto-parking-parque-bessa-leite\/\">Bessa Leite<\/a><\/li>\n<\/ul><\/div><\/div>\n<\/li>\n<\/ul><\/div><\/div><\/div><\/div>[\/vc_column][\/vc_row]<\/p>\n<\/div>","protected":false},"excerpt":{"rendered":"<p>[vc_row][vc_column][vc_empty_space height=&#8221;3vh&#8221;][\/vc_column][\/vc_row][vc_row wrap_container=&#8221;yes&#8221; el_id=&#8221;info&#8221; css=&#8221;.vc_custom_1642676363056{padding-right: 3em !important;padding-left: 3em !important;}&#8221;][vc_column][vc_row_inner][vc_column_inner width=&#8221;1\/3&#8243; offset=&#8221;vc_hidden-sm vc_hidden-xs&#8221;][vc_separator color=&#8221;custom&#8221; accent_color=&#8221;#a5be0b&#8221;][vc_custom_heading text=&#8221;Informa\u00e7ao&#8221; font_container=&#8221;tag:h4|text_align:left&#8221; use_theme_fonts=&#8221;yes&#8221;][vc_empty_space height=&#8221;20&#8243;][\/vc_column_inner][vc_column_inner width=&#8221;2\/3&#8243; offset=&#8221;vc_hidden-sm vc_hidden-xs&#8221;][vc_custom_heading text=&#8221;Ipark Estacionamientos Y Servicios De Movilidad S.A.&#8221; font_container=&#8221;tag:h3|font_size:14px|text_align:center|line_height:1&#8243; use_theme_fonts=&#8221;yes&#8221; font_weight=&#8221;500&#8243; letter_spacing=&#8221;-0.7px&#8221; el_class=&#8221;ls-0 mb-3 pb-1 mt-2 text-center&#8221;][vc_custom_heading text=&#8221;Parking del Castillo&#8221; font_container=&#8221;tag:h3|font_size:24px|text_align:center|line_height:1.3&#8243; use_theme_fonts=&#8221;yes&#8221; font_weight=&#8221;700&#8243; letter_spacing=&#8221;-1.61px&#8221; el_class=&#8221;mb-3 text-center&#8221;][vc_column_text css=&#8221;.vc_custom_1676361730134{margin-bottom: 20px !important;}&#8221;]Situado junto ao emblem\u00e1tico Castelo-Fortaleza de Santa [&hellip;]<\/p>\n","protected":false},"author":3,"featured_media":0,"parent":0,"menu_order":0,"comment_status":"closed","ping_status":"closed","template":"","meta":{"footnotes":""},"wf_page_folders":[179],"class_list":["post-8542","page","type-page","status-publish","hentry"],"yoast_head":"<!-- This site is optimized with the Yoast SEO plugin v27.4 - https:\/\/yoast.com\/product\/yoast-seo-wordpress\/ -->\n<title>Reserve Parking del Castillo em Santa Pola, Alicante | Parque de estacionamento no centro | iPark<\/title>\n<meta name=\"description\" content=\"O Parque de Estacionamento del Castillo \u00e9 um parking central em Santa Pola, Alicante. Tarifas com desconto para contratos online sem comiss\u00e3o. Entre e conhe\u00e7a as taxas.\" \/>\n<meta name=\"robots\" content=\"index, follow, max-snippet:-1, max-image-preview:large, max-video-preview:-1\" \/>\n<link rel=\"canonical\" href=\"https:\/\/iparksa.com\/pt-pt\/ipark-alicante-parking-castillo\/\" \/>\n<meta property=\"og:locale\" content=\"pt_PT\" \/>\n<meta property=\"og:type\" content=\"article\" \/>\n<meta property=\"og:title\" content=\"Reserve Parking del Castillo em Santa Pola, Alicante | Parque de estacionamento no centro | iPark\" \/>\n<meta property=\"og:description\" content=\"O Parque de Estacionamento del Castillo \u00e9 um parking central em Santa Pola, Alicante. Tarifas com desconto para contratos online sem comiss\u00e3o. Entre e conhe\u00e7a as taxas.\" \/>\n<meta property=\"og:url\" content=\"https:\/\/iparksa.com\/pt-pt\/ipark-alicante-parking-castillo\/\" \/>\n<meta property=\"og:site_name\" content=\"iPark\" \/>\n<meta property=\"article:modified_time\" content=\"2025-11-20T12:00:55+00:00\" \/>\n<meta name=\"twitter:card\" content=\"summary_large_image\" \/>\n<meta name=\"twitter:label1\" content=\"Tempo estimado de leitura\" \/>\n\t<meta name=\"twitter:data1\" content=\"8 minutos\" \/>\n<script type=\"application\/ld+json\" class=\"yoast-schema-graph\">{\"@context\":\"https:\\\/\\\/schema.org\",\"@graph\":[{\"@type\":\"WebPage\",\"@id\":\"https:\\\/\\\/iparksa.com\\\/pt-pt\\\/ipark-alicante-parking-castillo\\\/\",\"url\":\"https:\\\/\\\/iparksa.com\\\/pt-pt\\\/ipark-alicante-parking-castillo\\\/\",\"name\":\"Reserve Parking del Castillo em Santa Pola, Alicante | Parque de estacionamento no centro | iPark\",\"isPartOf\":{\"@id\":\"https:\\\/\\\/iparksa.com\\\/pt-pt\\\/#website\"},\"datePublished\":\"2023-01-24T11:14:01+00:00\",\"dateModified\":\"2025-11-20T12:00:55+00:00\",\"description\":\"O Parque de Estacionamento del Castillo \u00e9 um parking central em Santa Pola, Alicante. Tarifas com desconto para contratos online sem comiss\u00e3o. Entre e conhe\u00e7a as taxas.\",\"breadcrumb\":{\"@id\":\"https:\\\/\\\/iparksa.com\\\/pt-pt\\\/ipark-alicante-parking-castillo\\\/#breadcrumb\"},\"inLanguage\":\"pt-PT\",\"potentialAction\":[{\"@type\":\"ReadAction\",\"target\":[\"https:\\\/\\\/iparksa.com\\\/pt-pt\\\/ipark-alicante-parking-castillo\\\/\"]}]},{\"@type\":\"BreadcrumbList\",\"@id\":\"https:\\\/\\\/iparksa.com\\\/pt-pt\\\/ipark-alicante-parking-castillo\\\/#breadcrumb\",\"itemListElement\":[{\"@type\":\"ListItem\",\"position\":1,\"name\":\"Portada\",\"item\":\"https:\\\/\\\/iparksa.com\\\/pt-pt\\\/\"},{\"@type\":\"ListItem\",\"position\":2,\"name\":\"Parque de estacionamento Castillo\"}]},{\"@type\":\"WebSite\",\"@id\":\"https:\\\/\\\/iparksa.com\\\/pt-pt\\\/#website\",\"url\":\"https:\\\/\\\/iparksa.com\\\/pt-pt\\\/\",\"name\":\"iPark\",\"description\":\"Gesti\u00f3n de aparcamientos\",\"potentialAction\":[{\"@type\":\"SearchAction\",\"target\":{\"@type\":\"EntryPoint\",\"urlTemplate\":\"https:\\\/\\\/iparksa.com\\\/pt-pt\\\/?s={search_term_string}\"},\"query-input\":{\"@type\":\"PropertyValueSpecification\",\"valueRequired\":true,\"valueName\":\"search_term_string\"}}],\"inLanguage\":\"pt-PT\"}]}<\/script>\n<!-- \/ Yoast SEO plugin. -->","yoast_head_json":{"title":"Reserve Parking del Castillo em Santa Pola, Alicante | Parque de estacionamento no centro | iPark","description":"O Parque de Estacionamento del Castillo \u00e9 um parking central em Santa Pola, Alicante. Tarifas com desconto para contratos online sem comiss\u00e3o. Entre e conhe\u00e7a as taxas.","robots":{"index":"index","follow":"follow","max-snippet":"max-snippet:-1","max-image-preview":"max-image-preview:large","max-video-preview":"max-video-preview:-1"},"canonical":"https:\/\/iparksa.com\/pt-pt\/ipark-alicante-parking-castillo\/","og_locale":"pt_PT","og_type":"article","og_title":"Reserve Parking del Castillo em Santa Pola, Alicante | Parque de estacionamento no centro | iPark","og_description":"O Parque de Estacionamento del Castillo \u00e9 um parking central em Santa Pola, Alicante. Tarifas com desconto para contratos online sem comiss\u00e3o. Entre e conhe\u00e7a as taxas.","og_url":"https:\/\/iparksa.com\/pt-pt\/ipark-alicante-parking-castillo\/","og_site_name":"iPark","article_modified_time":"2025-11-20T12:00:55+00:00","twitter_card":"summary_large_image","twitter_misc":{"Tempo estimado de leitura":"8 minutos"},"schema":{"@context":"https:\/\/schema.org","@graph":[{"@type":"WebPage","@id":"https:\/\/iparksa.com\/pt-pt\/ipark-alicante-parking-castillo\/","url":"https:\/\/iparksa.com\/pt-pt\/ipark-alicante-parking-castillo\/","name":"Reserve Parking del Castillo em Santa Pola, Alicante | Parque de estacionamento no centro | iPark","isPartOf":{"@id":"https:\/\/iparksa.com\/pt-pt\/#website"},"datePublished":"2023-01-24T11:14:01+00:00","dateModified":"2025-11-20T12:00:55+00:00","description":"O Parque de Estacionamento del Castillo \u00e9 um parking central em Santa Pola, Alicante. Tarifas com desconto para contratos online sem comiss\u00e3o. Entre e conhe\u00e7a as taxas.","breadcrumb":{"@id":"https:\/\/iparksa.com\/pt-pt\/ipark-alicante-parking-castillo\/#breadcrumb"},"inLanguage":"pt-PT","potentialAction":[{"@type":"ReadAction","target":["https:\/\/iparksa.com\/pt-pt\/ipark-alicante-parking-castillo\/"]}]},{"@type":"BreadcrumbList","@id":"https:\/\/iparksa.com\/pt-pt\/ipark-alicante-parking-castillo\/#breadcrumb","itemListElement":[{"@type":"ListItem","position":1,"name":"Portada","item":"https:\/\/iparksa.com\/pt-pt\/"},{"@type":"ListItem","position":2,"name":"Parque de estacionamento Castillo"}]},{"@type":"WebSite","@id":"https:\/\/iparksa.com\/pt-pt\/#website","url":"https:\/\/iparksa.com\/pt-pt\/","name":"iPark","description":"Gesti\u00f3n de aparcamientos","potentialAction":[{"@type":"SearchAction","target":{"@type":"EntryPoint","urlTemplate":"https:\/\/iparksa.com\/pt-pt\/?s={search_term_string}"},"query-input":{"@type":"PropertyValueSpecification","valueRequired":true,"valueName":"search_term_string"}}],"inLanguage":"pt-PT"}]}},"_links":{"self":[{"href":"https:\/\/iparksa.com\/pt-pt\/wp-json\/wp\/v2\/pages\/8542","targetHints":{"allow":["GET"]}}],"collection":[{"href":"https:\/\/iparksa.com\/pt-pt\/wp-json\/wp\/v2\/pages"}],"about":[{"href":"https:\/\/iparksa.com\/pt-pt\/wp-json\/wp\/v2\/types\/page"}],"author":[{"embeddable":true,"href":"https:\/\/iparksa.com\/pt-pt\/wp-json\/wp\/v2\/users\/3"}],"replies":[{"embeddable":true,"href":"https:\/\/iparksa.com\/pt-pt\/wp-json\/wp\/v2\/comments?post=8542"}],"version-history":[{"count":23,"href":"https:\/\/iparksa.com\/pt-pt\/wp-json\/wp\/v2\/pages\/8542\/revisions"}],"predecessor-version":[{"id":15151,"href":"https:\/\/iparksa.com\/pt-pt\/wp-json\/wp\/v2\/pages\/8542\/revisions\/15151"}],"wp:attachment":[{"href":"https:\/\/iparksa.com\/pt-pt\/wp-json\/wp\/v2\/media?parent=8542"}],"wp:term":[{"taxonomy":"wf_page_folders","embeddable":true,"href":"https:\/\/iparksa.com\/pt-pt\/wp-json\/wp\/v2\/wf_page_folders?post=8542"}],"curies":[{"name":"wp","href":"https:\/\/api.w.org\/{rel}","templated":true}]}}