{"id":2409,"date":"2022-04-22T13:17:01","date_gmt":"2022-04-22T11:17:01","guid":{"rendered":"https:\/\/iparksa.com\/?page_id=2409"},"modified":"2025-11-20T14:03:10","modified_gmt":"2025-11-20T13:03:10","slug":"ipark-granada-parking-cruz-de-lagos","status":"publish","type":"page","link":"https:\/\/iparksa.com\/pt-pt\/ipark-granada-parking-cruz-de-lagos\/","title":{"rendered":"Parque de estacionamento <span class=\"green parking-page\">Cruz de Lagos<\/span>"},"content":{"rendered":"<div class=\"wpb-content-wrapper\"><p>[vc_row][vc_column][vc_empty_space height=&#8221;3vh&#8221;][\/vc_column][\/vc_row][vc_row wrap_container=&#8221;yes&#8221; el_id=&#8221;info&#8221; css=&#8221;.vc_custom_1642676363056{padding-right: 3em !important;padding-left: 3em !important;}&#8221;][vc_column offset=&#8221;vc_hidden-sm vc_hidden-xs&#8221;][vc_row_inner][vc_column_inner width=&#8221;1\/3&#8243;][vc_separator color=&#8221;custom&#8221; accent_color=&#8221;#a5be0b&#8221;][vc_custom_heading text=&#8221;Informa\u00e7ao&#8221; font_container=&#8221;tag:h4|text_align:left&#8221; use_theme_fonts=&#8221;yes&#8221;][vc_empty_space height=&#8221;20&#8243;]<ul class=\"porto-info-list  porto-info-listd751713988987e9331980363e24189ce wpb_custom_2470fd4f9162ce1f73c94a8a2b72b3bf\"><li class=\"porto-info-list-item info-tarifas wpb_custom_eade0171093a7591372ccf9372738e3d\"><i class=\"porto-info-icon fas fa-calculator\"><\/i><div class=\"porto-info-list-item-desc\">[vc_tta_accordion c_icon=&#8221;chevron&#8221; active_section=&#8221;a&#8221; collapsible_all=&#8221;true&#8221;][vc_tta_section title=&#8221;Pre\u00e7os&#8221; tab_id=&#8221;1633174279445-165a9da4-e754&#8243;]<div class=\"porto-sicon-box  wpb_custom_1efe903570d178ff0a9b7bfa5febd3a4 style_1 default-icon flex-wrap\"><div class=\"porto-sicon-description\" style=\"\">\n<p>M\u00e1ximo di\u00e1rio: 18,00\u20ac<\/p>\n<p><\/div> <!-- description --><\/div><!-- porto-sicon-box -->[\/vc_tta_section][\/vc_tta_accordion]<\/div><\/li><li class=\"porto-info-list-item  wpb_custom_eade0171093a7591372ccf9372738e3d\"><i class=\"porto-info-icon fas fa-clock\"><\/i><div class=\"porto-info-list-item-desc\">Hor\u00e1rio: 24\/7<\/div><\/li><li class=\"porto-info-list-item  wpb_custom_eade0171093a7591372ccf9372738e3d\"><i class=\"porto-info-icon fas fa-tachometer-alt\"><\/i><div class=\"porto-info-list-item-desc\">Elevador: Si<\/div><\/li><li class=\"porto-info-list-item  wpb_custom_eade0171093a7591372ccf9372738e3d\"><i class=\"porto-info-icon fas fa-charging-station\"><\/i><div class=\"porto-info-list-item-desc\">Locais de carregamento el\u00e9trico: 2<\/div><\/li><li class=\"porto-info-list-item  wpb_custom_eade0171093a7591372ccf9372738e3d\"><i class=\"porto-info-icon fas fa-sign\"><\/i><div class=\"porto-info-list-item-desc\">Altura m\u00e1xima: 2,1 m<\/div><\/li><\/ul><a aria-label=\"Email\" class=\"porto-sicon-box-link\" href=\"mailto:severo.ochoa@ipark.es\"><div class=\"porto-sicon-box  vc_custom_1679919168536 custom-view-more  wpb_custom_26965764fb6121a376a742327df9f297 style_1 default-icon\"><div class=\"porto-sicon-default\"><div class=\"porto-just-icon-wrapper porto-icon none\" style=\"color:#ffffff;font-size:34px;margin-right:0px;\"><i class=\"Simple-Line-Icons-envelope\"><\/i><\/div><\/div><div class=\"porto-sicon-header\"><h5 class=\"porto-sicon-title\" style=\"margin-bottom:4px;\">Email<\/h5><p style=\"color:#ffffff;\">severo.ochoa @ipark.es<\/p><\/div> <!-- header --><\/div><!-- porto-sicon-box --><\/a><a aria-label=\"Telefone\" class=\"porto-sicon-box-link\" href=\"tel:+34680873997\"><div class=\"porto-sicon-box  vc_custom_1678197160996 custom-view-more  wpb_custom_26965764fb6121a376a742327df9f297 style_1 default-icon\"><div class=\"porto-sicon-default\"><div class=\"porto-just-icon-wrapper porto-icon none\" style=\"color:#ffffff;font-size:34px;margin-right:0px;\"><i class=\"Simple-Line-Icons-phone\"><\/i><\/div><\/div><div class=\"porto-sicon-header\"><h5 class=\"porto-sicon-title\" style=\"margin-bottom:4px;\">Telefone<\/h5><p style=\"color:#ffffff;\">+34 680 873 997<br \/>\n+34 697 445 867<\/p><\/div> <!-- header --><\/div><!-- porto-sicon-box --><\/a><a aria-label=\"Endere\u00e7o\" class=\"porto-sicon-box-link\" href=\"https:\/\/goo.gl\/maps\/vNWEkUcQf2fECXSJ7\" target='_blank'><div class=\"porto-sicon-box  vc_custom_1678197170073 custom-view-more  wpb_custom_26965764fb6121a376a742327df9f297 style_1 default-icon\"><div class=\"porto-sicon-default\"><div class=\"porto-just-icon-wrapper porto-icon none\" style=\"color:#ffffff;font-size:34px;margin-right:0px;\"><i class=\"Simple-Line-Icons-location-pin\"><\/i><\/div><\/div><div class=\"porto-sicon-header\"><h5 class=\"porto-sicon-title\" style=\"margin-bottom:4px;\">Endere\u00e7o<\/h5><p style=\"color:#ffffff;\">Avenida Don Bosco 4, 18006 Granada<\/p><\/div> <!-- header --><\/div><!-- porto-sicon-box --><\/a>[\/vc_column_inner][vc_column_inner width=&#8221;2\/3&#8243;][vc_custom_heading text=&#8221;Cruz de Lagos Aparcamientos Concesionales SLU&#8221; font_container=&#8221;tag:h3|font_size:14px|text_align:center|line_height:1&#8243; use_theme_fonts=&#8221;yes&#8221; font_weight=&#8221;500&#8243; letter_spacing=&#8221;-0.7px&#8221; el_class=&#8221;ls-0 mb-3 pb-1 mt-2 text-center&#8221;][vc_custom_heading text=&#8221;Aparcamiento Cruz de Lagos&#8221; font_container=&#8221;tag:h3|font_size:24px|text_align:center|line_height:1.3&#8243; use_theme_fonts=&#8221;yes&#8221; font_weight=&#8221;700&#8243; letter_spacing=&#8221;-1.61px&#8221; el_class=&#8221;mb-3 text-center&#8221;][vc_custom_heading text=&#8221;Estacionamento afeto ao Munic\u00edpio de Granada para a zona de baixas emiss\u00f5es (ZLE)&#8221; font_container=&#8221;tag:h3|font_size:24px|text_align:center|color:%23a5be0b|line_height:1.3&#8243; use_theme_fonts=&#8221;yes&#8221; font_weight=&#8221;700&#8243; letter_spacing=&#8221;-1.61px&#8221; el_class=&#8221;mb-3 text-center&#8221;][vc_column_text css=&#8221;.vc_custom_1669382738680{margin-bottom: 20px !important;}&#8221;]<\/p>\n<p class=\"text-3-4\">Junto ao Parque da Ci\u00eancia e ao Audit\u00f3rio Caja Rural. Estacionamento p\u00fablico coberto, com pessoal e videovigil\u00e2ncia. Oferece estacionamento de curta e longa perman\u00eancia, com descontos especiais para contratos online.<\/p>\n<p>[\/vc_column_text][vc_separator color=&#8221;custom&#8221; accent_color=&#8221;#a5be0b&#8221;][vc_gmaps link=&#8221;#E-8_JTNDaWZyYW1lJTIwc3JjJTNEJTIyaHR0cHMlM0ElMkYlMkZ3d3cuZ29vZ2xlLmNvbSUyRm1hcHMlMkZlbWJlZCUzRnBiJTNEJTIxMW0xOCUyMTFtMTIlMjExbTMlMjExZDUzNDcuNTI1NzcwODM4NTQ1JTIxMmQtMy42MDc1NDg1MDMwMzg4NTk0JTIxM2QzNy4xNjA4MzQ0NDY4NjMxNyUyMTJtMyUyMTFmMCUyMTJmMCUyMTNmMCUyMTNtMiUyMTFpMTAyNCUyMTJpNzY4JTIxNGYxMy4xJTIxM20zJTIxMW0yJTIxMXMweGQ3MWZjOWYxZjYzOWMzYiUyNTNBMHhlZDA2NTRjMGRiMWM5M2M0JTIxMnNBcGFyY2FtaWVudG8lMjUyMENydXolMjUyMGRlJTI1MjBMYWdvcyUyNTIwJTI1N0MlMjUyMGlQYXJrJTIxNWUwJTIxM20yJTIxMXNlcyUyMTJzZXMlMjE0djE2NzY0NjY0OTc4NjUlMjE1bTIlMjExc2VzJTIxMnNlcyUyMiUyMHdpZHRoJTNEJTIyNjAwJTIyJTIwaGVpZ2h0JTNEJTIyNDUwJTIyJTIwc3R5bGUlM0QlMjJib3JkZXIlM0EwJTNCJTIyJTIwYWxsb3dmdWxsc2NyZWVuJTNEJTIyJTIyJTIwbG9hZGluZyUzRCUyMmxhenklMjIlMjByZWZlcnJlcnBvbGljeSUzRCUyMm5vLXJlZmVycmVyLXdoZW4tZG93bmdyYWRlJTIyJTNFJTNDJTJGaWZyYW1lJTNF&#8221;][\/vc_column_inner][\/vc_row_inner][\/vc_column][\/vc_row][vc_row][vc_column offset=&#8221;vc_hidden-xl vc_hidden-lg vc_hidden-md&#8221; css=&#8221;.vc_custom_1763643769325{padding-right: 3em !important;padding-left: 3em !important;}&#8221; conditional_render=&#8221;%5B%7B%22value_role%22%3A%22administrator%22%7D%5D&#8221; css_params=&#8221;&#8221;][vc_row_inner][vc_column_inner][vc_custom_heading text=&#8221;Cruz de Lagos Aparcamientos Concesionales SLU&#8221; font_container=&#8221;tag:h3|font_size:14px|text_align:center|line_height:1&#8243; use_theme_fonts=&#8221;yes&#8221; font_weight=&#8221;500&#8243; letter_spacing=&#8221;-0.7px&#8221; el_class=&#8221;ls-0 mb-3 pb-1 mt-2 text-center&#8221;][vc_custom_heading text=&#8221;Aparcamiento Cruz de Lagos&#8221; font_container=&#8221;tag:h3|font_size:24px|text_align:center|line_height:1.3&#8243; use_theme_fonts=&#8221;yes&#8221; font_weight=&#8221;700&#8243; letter_spacing=&#8221;-1.61px&#8221; el_class=&#8221;mb-3 text-center&#8221;][vc_custom_heading text=&#8221;Estacionamento afeto ao Munic\u00edpio de Granada para a zona de baixas emiss\u00f5es (ZLE)&#8221; font_container=&#8221;tag:h3|font_size:24px|text_align:center|color:%23a5be0b|line_height:1.3&#8243; use_theme_fonts=&#8221;yes&#8221; font_weight=&#8221;700&#8243; letter_spacing=&#8221;-1.61px&#8221; el_class=&#8221;mb-3 text-center&#8221;][vc_column_text]<\/p>\n<p class=\"text-3-4\">Junto ao Parque da Ci\u00eancia e ao Audit\u00f3rio Caja Rural. Estacionamento p\u00fablico coberto, com pessoal e videovigil\u00e2ncia. Oferece estacionamento de curta e longa perman\u00eancia, com descontos especiais para contratos online.<\/p>\n<p>[\/vc_column_text][vc_separator color=&#8221;custom&#8221; accent_color=&#8221;#a5be0b&#8221;][vc_custom_heading text=&#8221;Informa\u00e7ao&#8221; font_container=&#8221;tag:h4|text_align:left&#8221; use_theme_fonts=&#8221;yes&#8221;][vc_empty_space height=&#8221;10&#8243;][\/vc_column_inner][\/vc_row_inner]<ul class=\"porto-info-list  porto-info-listd751713988987e9331980363e24189ce wpb_custom_2470fd4f9162ce1f73c94a8a2b72b3bf\"><li class=\"porto-info-list-item info-tarifas wpb_custom_eade0171093a7591372ccf9372738e3d\"><i class=\"porto-info-icon fas fa-calculator\"><\/i><div class=\"porto-info-list-item-desc\">[vc_tta_accordion c_icon=&#8221;chevron&#8221; active_section=&#8221;a&#8221; collapsible_all=&#8221;true&#8221;][vc_tta_section title=&#8221;Pre\u00e7os&#8221; tab_id=&#8221;1633174279445-165a9da4-e754&#8243;]<div class=\"porto-sicon-box  wpb_custom_1efe903570d178ff0a9b7bfa5febd3a4 style_1 default-icon flex-wrap\"><div class=\"porto-sicon-description\" style=\"\">\n<p>M\u00e1ximo di\u00e1rio: 18,00\u20ac<\/p>\n<p><\/div> <!-- description --><\/div><!-- porto-sicon-box -->[\/vc_tta_section][\/vc_tta_accordion]<\/div><\/li><li class=\"porto-info-list-item  wpb_custom_eade0171093a7591372ccf9372738e3d\"><i class=\"porto-info-icon fas fa-clock\"><\/i><div class=\"porto-info-list-item-desc\">Hor\u00e1rio: 24\/7<\/div><\/li><li class=\"porto-info-list-item  wpb_custom_eade0171093a7591372ccf9372738e3d\"><i class=\"porto-info-icon fas fa-tachometer-alt\"><\/i><div class=\"porto-info-list-item-desc\">Elevador: Si<\/div><\/li><li class=\"porto-info-list-item  wpb_custom_eade0171093a7591372ccf9372738e3d\"><i class=\"porto-info-icon fas fa-charging-station\"><\/i><div class=\"porto-info-list-item-desc\">Locais de carregamento el\u00e9trico: 2<\/div><\/li><li class=\"porto-info-list-item  wpb_custom_eade0171093a7591372ccf9372738e3d\"><i class=\"porto-info-icon fas fa-sign\"><\/i><div class=\"porto-info-list-item-desc\">Altura m\u00e1xima: 2,1 m<\/div><\/li><\/ul>[\/vc_column][\/vc_row][vc_row wrap_container=&#8221;yes&#8221; css=&#8221;.vc_custom_1642676441188{padding-right: 3em !important;padding-left: 3em !important;}&#8221;][vc_column][vc_custom_heading text=&#8221;Reservas e assinaturas&#8221; use_theme_fonts=&#8221;yes&#8221;][vc_separator color=&#8221;custom&#8221; accent_color=&#8221;#a5be0b&#8221;][vc_row_inner][vc_column_inner width=&#8221;1\/2&#8243; css=&#8221;.vc_custom_1642676668338{margin-bottom: 2em !important;}&#8221;][vc_hoverbox image=&#8221;2329&#8243; primary_title=&#8221;RESERVAS&#8221; hover_title=&#8221;Reserve as horas que vai usar o parque de estacionamento&#8221; hover_title_font_container=&#8221;font_size:20px|color:%23ffffff&#8221; hover_title_use_theme_fonts=&#8221;yes&#8221; hover_background_color=&#8221;custom&#8221; hover_btn_title=&#8221;Comprar&#8221; hover_btn_style=&#8221;outline-custom&#8221; hover_btn_outline_custom_color=&#8221;#ffffff&#8221; hover_btn_outline_custom_hover_background=&#8221;#ffffff&#8221; hover_btn_outline_custom_hover_text=&#8221;#fb8c00&#8243; hover_btn_shape=&#8221;round&#8221; hover_btn_align=&#8221;center&#8221; hover_btn_i_type=&#8221;material&#8221; hover_btn_i_icon_material=&#8221;vc-material vc-material-add_shopping_cart&#8221; use_custom_fonts_hover_title=&#8221;true&#8221; hover_add_button=&#8221;true&#8221; hover_btn_button_block=&#8221;true&#8221; hover_btn_add_icon=&#8221;true&#8221; el_class=&#8221;parking-card&#8221; hover_custom_background=&#8221;#fb8c00&#8243; hover_btn_link=&#8221;url:.%2Freservas-por-dias%2F&#8221;]<\/p>\n<p style=\"color: #ffffff;\">Reservas por dias. Reservas e pagamentos com anteced\u00eancia.<\/p>\n<p>[\/vc_hoverbox][\/vc_column_inner][vc_column_inner width=&#8221;1\/2&#8243; css=&#8221;.vc_custom_1642676675558{margin-bottom: 2em !important;}&#8221;][vc_hoverbox image=&#8221;2333&#8243; primary_title=&#8221;PASSE NOTURNO&#8221; primary_title_font_container=&#8221;color:%23ffffff&#8221; primary_title_use_theme_fonts=&#8221;yes&#8221; hover_title=&#8221;Bilhetes noturnos&#8221; hover_title_font_container=&#8221;font_size:20px|color:%23ffffff&#8221; hover_title_use_theme_fonts=&#8221;yes&#8221; hover_background_color=&#8221;custom&#8221; hover_btn_title=&#8221;Comprar&#8221; hover_btn_style=&#8221;outline-custom&#8221; hover_btn_outline_custom_color=&#8221;#ffffff&#8221; hover_btn_outline_custom_hover_background=&#8221;#ffffff&#8221; hover_btn_outline_custom_hover_text=&#8221;#212121&#8243; hover_btn_shape=&#8221;round&#8221; hover_btn_align=&#8221;center&#8221; hover_btn_i_type=&#8221;material&#8221; hover_btn_i_icon_material=&#8221;vc-material vc-material-add_shopping_cart&#8221; use_custom_fonts_primary_title=&#8221;true&#8221; use_custom_fonts_hover_title=&#8221;true&#8221; hover_add_button=&#8221;true&#8221; hover_btn_button_block=&#8221;true&#8221; hover_btn_add_icon=&#8221;true&#8221; el_class=&#8221;parking-card&#8221; hover_custom_background=&#8221;#212121&#8243; hover_btn_link=&#8221;url:.%2Fabono-nocturno%2F&#8221;]<\/p>\n<p style=\"color: #ffffff;\">O passe permite-lhe estacionar todos os dias do m\u00eas, \u00e0 noite. S\u00e1bados, domingos e feriados pode estacionar 24 horas por dia.<\/p>\n<p>[\/vc_hoverbox][\/vc_column_inner][\/vc_row_inner][vc_row_inner][vc_column_inner width=&#8221;1\/2&#8243; css=&#8221;.vc_custom_1642676683456{margin-bottom: 2em !important;}&#8221;][vc_hoverbox image=&#8221;2338&#8243; primary_title=&#8221;PASSE DE MOTOCICLETA&#8221; hover_title=&#8221;Assinaturas de motocicletas&#8221; hover_title_font_container=&#8221;font_size:20px|color:%23ffffff&#8221; hover_title_use_theme_fonts=&#8221;yes&#8221; hover_background_color=&#8221;custom&#8221; hover_btn_title=&#8221;Comprar&#8221; hover_btn_style=&#8221;outline-custom&#8221; hover_btn_outline_custom_color=&#8221;#ffffff&#8221; hover_btn_outline_custom_hover_background=&#8221;#ffffff&#8221; hover_btn_outline_custom_hover_text=&#8221;#a5be0b&#8221; hover_btn_shape=&#8221;round&#8221; hover_btn_align=&#8221;center&#8221; hover_btn_i_type=&#8221;material&#8221; hover_btn_i_icon_material=&#8221;vc-material vc-material-add_shopping_cart&#8221; use_custom_fonts_hover_title=&#8221;true&#8221; hover_add_button=&#8221;true&#8221; hover_btn_button_block=&#8221;true&#8221; hover_btn_add_icon=&#8221;true&#8221; el_class=&#8221;parking-card&#8221; hover_custom_background=&#8221;#68a83a&#8221; hover_btn_link=&#8221;url:.%2Fabono-moto%2F&#8221;]<\/p>\n<p style=\"color: #ffffff;\">Estacione a motocicleta todos os dias a qualquer momento.<\/p>\n<p>[\/vc_hoverbox][\/vc_column_inner][vc_column_inner width=&#8221;1\/2&#8243; css=&#8221;.vc_custom_1642676696432{margin-bottom: 2em !important;}&#8221;][vc_hoverbox image=&#8221;2332&#8243; primary_title=&#8221;PASSE 24H&#8221; hover_title=&#8221;Assinatura de m\u00eas inteiro&#8221; hover_title_font_container=&#8221;font_size:20px|color:%23ffffff&#8221; hover_title_use_theme_fonts=&#8221;yes&#8221; hover_background_color=&#8221;custom&#8221; hover_btn_title=&#8221;Comprar&#8221; hover_btn_style=&#8221;outline-custom&#8221; hover_btn_outline_custom_color=&#8221;#ffffff&#8221; hover_btn_outline_custom_hover_background=&#8221;#ffffff&#8221; hover_btn_outline_custom_hover_text=&#8221;#2962ff&#8221; hover_btn_shape=&#8221;round&#8221; hover_btn_align=&#8221;center&#8221; hover_btn_i_type=&#8221;material&#8221; hover_btn_i_icon_material=&#8221;vc-material vc-material-add_shopping_cart&#8221; use_custom_fonts_hover_title=&#8221;true&#8221; hover_add_button=&#8221;true&#8221; hover_btn_button_block=&#8221;true&#8221; hover_btn_add_icon=&#8221;true&#8221; hover_custom_background=&#8221;#2962ff&#8221; el_class=&#8221;parking-card&#8221; hover_btn_link=&#8221;url:.%2Fabono-24h%2F&#8221;]<\/p>\n<p style=\"color: #ffffff;\">Use o nosso estacionamento todos os dias do m\u00eas 24 horas por dia.<\/p>\n<p>[\/vc_hoverbox][\/vc_column_inner][\/vc_row_inner][vc_row_inner][vc_column_inner width=&#8221;1\/2&#8243; css=&#8221;.vc_custom_1642676683456{margin-bottom: 2em !important;}&#8221;][vc_hoverbox image=&#8221;2341&#8243; primary_title=&#8221;PASSE ESCOLAR&#8221; hover_title=&#8221;De segunda a sexta&#8221; hover_title_font_container=&#8221;font_size:20px|color:%23000000&#8243; hover_title_use_theme_fonts=&#8221;yes&#8221; hover_background_color=&#8221;custom&#8221; hover_btn_title=&#8221;Comprar&#8221; hover_btn_style=&#8221;outline-custom&#8221; hover_btn_outline_custom_color=&#8221;#000000&#8243; hover_btn_outline_custom_hover_background=&#8221;#000000&#8243; hover_btn_outline_custom_hover_text=&#8221;#ffd600&#8243; hover_btn_shape=&#8221;round&#8221; hover_btn_align=&#8221;center&#8221; hover_btn_i_type=&#8221;material&#8221; hover_btn_i_icon_material=&#8221;vc-material vc-material-add_shopping_cart&#8221; use_custom_fonts_hover_title=&#8221;true&#8221; hover_add_button=&#8221;true&#8221; hover_btn_button_block=&#8221;true&#8221; hover_btn_add_icon=&#8221;true&#8221; el_class=&#8221;parking-card&#8221; hover_custom_background=&#8221;#a5be0b&#8221; hover_btn_link=&#8221;url:.%2Fabono-libre-colegio%2F&#8221;]<\/p>\n<p style=\"color: #000;\">Passe escolar para levar e buscar seus filhos. Voc\u00ea tem 3 horas n\u00e3o cumulativas por dia, de segunda a sexta-feira.<\/p>\n<p>[\/vc_hoverbox][\/vc_column_inner][vc_column_inner width=&#8221;1\/2&#8243; css=&#8221;.vc_custom_1642676696432{margin-bottom: 2em !important;}&#8221;][vc_hoverbox image=&#8221;2334&#8243; primary_title=&#8221;PASSE LIVRE 9H PLUS&#8221; hover_title=&#8221;9 horas por dia, de segunda a domingo&#8221; hover_title_font_container=&#8221;font_size:20px|color:%23ffffff&#8221; hover_title_use_theme_fonts=&#8221;yes&#8221; hover_background_color=&#8221;custom&#8221; hover_btn_title=&#8221;Comprar&#8221; hover_btn_style=&#8221;outline-custom&#8221; hover_btn_outline_custom_color=&#8221;#ffffff&#8221; hover_btn_outline_custom_hover_background=&#8221;#ffffff&#8221; hover_btn_outline_custom_hover_text=&#8221;#d50000&#8243; hover_btn_shape=&#8221;round&#8221; hover_btn_align=&#8221;center&#8221; hover_btn_i_type=&#8221;material&#8221; hover_btn_i_icon_material=&#8221;vc-material vc-material-add_shopping_cart&#8221; use_custom_fonts_hover_title=&#8221;true&#8221; hover_add_button=&#8221;true&#8221; hover_btn_button_block=&#8221;true&#8221; hover_btn_add_icon=&#8221;true&#8221; el_class=&#8221;parking-card&#8221; hover_custom_background=&#8221;#d50000&#8243; hover_btn_link=&#8221;url:.%2Fabono-libre-9h%2F&#8221;]<\/p>\n<p style=\"color: #ffffff;\">Escolhes o teu tempo para entrar e sair, \u00e9 livre!<\/p>\n<p>[\/vc_hoverbox][\/vc_column_inner][\/vc_row_inner][vc_row_inner][vc_column_inner width=&#8221;1\/2&#8243; css=&#8221;.vc_custom_1642676683456{margin-bottom: 2em !important;}&#8221;][\/vc_column_inner][vc_column_inner width=&#8221;1\/2&#8243; css=&#8221;.vc_custom_1642676696432{margin-bottom: 2em !important;}&#8221;][\/vc_column_inner][\/vc_row_inner][vc_empty_space height=&#8221;5vh&#8221;][vc_row_inner][vc_column_inner offset=&#8221;vc_hidden-xl vc_hidden-lg&#8221; css_params=&#8221;&#8221;]<a aria-label=\"Email\" class=\"porto-sicon-box-link\" href=\"mailto:severo.ochoa@ipark.es\"><div class=\"porto-sicon-box  vc_custom_1679919182851 custom-view-more  wpb_custom_26965764fb6121a376a742327df9f297 style_1 default-icon\"><div class=\"porto-sicon-default\"><div class=\"porto-just-icon-wrapper porto-icon none\" style=\"color:#ffffff;font-size:34px;margin-right:0px;\"><i class=\"Simple-Line-Icons-envelope\"><\/i><\/div><\/div><div class=\"porto-sicon-header\"><h5 class=\"porto-sicon-title\" style=\"margin-bottom:4px;\">Email<\/h5><p style=\"color:#ffffff;\">severo.ochoa @ipark.es<\/p><\/div> <!-- header --><\/div><!-- porto-sicon-box --><\/a><a aria-label=\"Telefone\" class=\"porto-sicon-box-link\" href=\"tel:+34680873997\"><div class=\"porto-sicon-box  vc_custom_1678197181954 custom-view-more  wpb_custom_26965764fb6121a376a742327df9f297 style_1 default-icon\"><div class=\"porto-sicon-default\"><div class=\"porto-just-icon-wrapper porto-icon none\" style=\"color:#ffffff;font-size:34px;margin-right:0px;\"><i class=\"Simple-Line-Icons-phone\"><\/i><\/div><\/div><div class=\"porto-sicon-header\"><h5 class=\"porto-sicon-title\" style=\"margin-bottom:4px;\">Telefone<\/h5><p style=\"color:#ffffff;\">+34 680 873 997<br \/>\n+34 697 445 867<\/p><\/div> <!-- header --><\/div><!-- porto-sicon-box --><\/a><a aria-label=\"Endere\u00e7o\" class=\"porto-sicon-box-link\" href=\"https:\/\/goo.gl\/maps\/vNWEkUcQf2fECXSJ7\" target='_blank'><div class=\"porto-sicon-box  vc_custom_1678197191350 custom-view-more  wpb_custom_26965764fb6121a376a742327df9f297 style_1 default-icon\"><div class=\"porto-sicon-default\"><div class=\"porto-just-icon-wrapper porto-icon none\" style=\"color:#ffffff;font-size:34px;margin-right:0px;\"><i class=\"Simple-Line-Icons-location-pin\"><\/i><\/div><\/div><div class=\"porto-sicon-header\"><h5 class=\"porto-sicon-title\" style=\"margin-bottom:4px;\">Endere\u00e7o<\/h5><p style=\"color:#ffffff;\">Avenida Don Bosco 4, 18006 Granada<\/p><\/div> <!-- header --><\/div><!-- porto-sicon-box --><\/a>[vc_empty_space height=&#8221;5vh&#8221;][\/vc_column_inner][\/vc_row_inner][\/vc_column][\/vc_row][vc_row wrap_container=&#8221;yes&#8221; el_id=&#8221;hiw&#8221; css=&#8221;.vc_custom_1642676473740{padding-right: 3em !important;padding-left: 3em !important;}&#8221;][vc_column][vc_custom_heading text=&#8221;Como funciona&#8221; use_theme_fonts=&#8221;yes&#8221;][vc_separator color=&#8221;custom&#8221; accent_color=&#8221;#a5be0b&#8221;][vc_row_inner][vc_column_inner]<ul class=\"porto-info-list  porto-info-listd751713988987e9331980363e24189ce wpb_custom_2470fd4f9162ce1f73c94a8a2b72b3bf\"><li class=\"porto-info-list-item  wpb_custom_eade0171093a7591372ccf9372738e3d\"><i class=\"porto-info-icon fas fa-check-double\"><\/i><div class=\"porto-info-list-item-desc\">\u00c9 necess\u00e1rio introduzir a matr\u00edcula do ve\u00edculo na compra de qualquer produto.<\/div><\/li><li class=\"porto-info-list-item  wpb_custom_eade0171093a7591372ccf9372738e3d\"><i class=\"porto-info-icon fas fa-check-double\"><\/i><div class=\"porto-info-list-item-desc\">Ao efetuar a Reserva ou ao adquirir o Passe, registaremos o seu registo no sistema de controlo de acesso do Estacionamento. \u00c9 assim t\u00e3o f\u00e1cil!\u200b<\/div><\/li><li class=\"porto-info-list-item  wpb_custom_eade0171093a7591372ccf9372738e3d\"><i class=\"porto-info-icon fas fa-check-double\"><\/i><div class=\"porto-info-list-item-desc\">Quando chegar ao Estacionamento, fique ao lado do dispensador de bilhetes. As c\u00e2maras de leitura da placa ir\u00e3o identific\u00e1-lo e abrir a barreira. Pode entrar!<\/div><\/li><li class=\"porto-info-list-item  wpb_custom_eade0171093a7591372ccf9372738e3d\"><i class=\"porto-info-icon fas fa-check-double\"><\/i><div class=\"porto-info-list-item-desc\">No check-out, na sua p\u00e1gina pessoal pode ver as compras efetuas e as suas informa\u00e7\u00f5es pessoais. Pode guard\u00e1-lo para futuras compras.<\/div><\/li><li class=\"porto-info-list-item  wpb_custom_eade0171093a7591372ccf9372738e3d\"><i class=\"porto-info-icon fas fa-check-double\"><\/i><div class=\"porto-info-list-item-desc\">Ao fazer uma Reserva, deve indicar o dia de chegada e o n\u00famero de dias de reserva.<\/div><\/li><\/ul>[vc_empty_space height=&#8221;2vh&#8221;][\/vc_column_inner][\/vc_row_inner][vc_row_inner][vc_column_inner][vc_wp_text]<div id=\"metaslider-id-12880\" style=\"max-width: 800px; margin: 0 auto;\" class=\"ml-slider-3-107-0 metaslider metaslider-flex metaslider-12880 ml-slider ms-theme-default nav-hidden\" role=\"region\" aria-label=\"Granada - Cruz de Lagos\" data-height=\"600\" data-width=\"800\">\n    <div id=\"metaslider_container_12880\">\n        <div id=\"metaslider_12880\">\n            <ul class='slides'>\n                <li style=\"display: block; width: 100%;\" class=\"slide-12881 ms-image \" aria-roledescription=\"slide\" data-date=\"2024-07-15 14:40:00\" data-filename=\"ipark-cruz-de-los-lagos-2-372x279.jpg\" data-slide-type=\"image\"><img loading=\"lazy\" decoding=\"async\" src=\"https:\/\/iparksa.com\/wp-content\/uploads\/2021\/11\/ipark-cruz-de-los-lagos-2-372x279.jpg\" height=\"600\" width=\"800\" alt=\"\" class=\"slider-12880 slide-12881 msDefaultImage\" title=\"ipark cruz de los lagos 2\" \/><\/li>\n                <li style=\"display: none; width: 100%;\" class=\"slide-12882 ms-image \" aria-roledescription=\"slide\" data-date=\"2024-07-15 14:40:09\" data-filename=\"ipark-cruz-de-los-lagos-372x279.jpg\" data-slide-type=\"image\"><img loading=\"lazy\" decoding=\"async\" src=\"https:\/\/iparksa.com\/wp-content\/uploads\/2021\/11\/ipark-cruz-de-los-lagos-372x279.jpg\" height=\"600\" width=\"800\" alt=\"\" class=\"slider-12880 slide-12882 msDefaultImage\" title=\"ipark cruz de los lagos\" \/><\/li>\n                <li style=\"display: none; width: 100%;\" class=\"slide-12883 ms-image \" aria-roledescription=\"slide\" data-date=\"2024-07-15 14:42:06\" data-filename=\"cruz-5_edited-800x600.jpg\" data-slide-type=\"image\"><img loading=\"lazy\" decoding=\"async\" src=\"https:\/\/iparksa.com\/wp-content\/uploads\/2022\/11\/cruz-5_edited-800x600.jpg\" height=\"600\" width=\"800\" alt=\"\" class=\"slider-12880 slide-12883 msDefaultImage\" title=\"cruz 5_edited\" \/><\/li>\n                <li style=\"display: none; width: 100%;\" class=\"slide-12884 ms-image \" aria-roledescription=\"slide\" data-date=\"2024-07-15 14:42:09\" data-filename=\"cruz-1_edited-800x600.jpg\" data-slide-type=\"image\"><img loading=\"lazy\" decoding=\"async\" src=\"https:\/\/iparksa.com\/wp-content\/uploads\/2022\/11\/cruz-1_edited-800x600.jpg\" height=\"600\" width=\"800\" alt=\"\" class=\"slider-12880 slide-12884 msDefaultImage\" title=\"cruz 1_edited\" \/><\/li>\n                <li style=\"display: none; width: 100%;\" class=\"slide-12885 ms-image \" aria-roledescription=\"slide\" data-date=\"2024-07-15 14:42:12\" data-filename=\"cruz-9_edited-800x600.jpg\" data-slide-type=\"image\"><img loading=\"lazy\" decoding=\"async\" src=\"https:\/\/iparksa.com\/wp-content\/uploads\/2022\/11\/cruz-9_edited-800x600.jpg\" height=\"600\" width=\"800\" alt=\"\" class=\"slider-12880 slide-12885 msDefaultImage\" title=\"cruz 9_edited\" \/><\/li>\n            <\/ul>\n        <\/div>\n        \n    <\/div>\n<\/div>[\/vc_wp_text][\/vc_column_inner][\/vc_row_inner][vc_empty_space height=&#8221;5vh&#8221;][\/vc_column][\/vc_row][vc_row css=&#8221;.vc_custom_1650454839583{padding-right: 3em !important;padding-left: 3em !important;}&#8221;][vc_column][vc_custom_heading text=&#8221;Parking Cruz de Lagos&#8221; use_theme_fonts=&#8221;yes&#8221;][vc_column_text]\u00c0s vezes, encontrar <strong>parques de estacionamento em Granada Capital<\/strong> pode se tornar uma tarefa bastante complicada.<\/p>\n<p>Por esta raz\u00e3o, aqui vamos ajud\u00e1-lo a tornar esta tarefa mais f\u00e1cil, e voc\u00ea n\u00e3o precisa gastar tempo e muito dinheiro para estacionar seu carro quando estiver visitando <strong>Granada<\/strong>.<\/p>\n<p><strong>Informamos que o Parking Cruz de Lagos de Granada est\u00e1 autorizado pela C\u00e2mara Municipal para operar dentro da Zona de Baixas Emiss\u00f5es (ZBE).<\/strong> Isso significa que este estacionamento cumpre a normativa vigente estabelecida pela Lei de Altera\u00e7\u00f5es Clim\u00e1ticas e Transi\u00e7\u00e3o Energ\u00e9tica e pelo Real Decreto 1052\/2022, que obrigam os munic\u00edpios a implementar Zonas de Baixas Emiss\u00f5es com o objetivo de reduzir a polui\u00e7\u00e3o e melhorar a qualidade do ar. Gra\u00e7as a esta autoriza\u00e7\u00e3o, pode aceder e estacionar no Parking Cruz de Lagos com total tranquilidade, cumprindo os requisitos legais de acesso e circula\u00e7\u00e3o dentro da ZBE de Granada.<\/p>\n<p>Neste caso, o <strong>Parque de Estacionamento Cruz de Lagos<\/strong> \u00e9 a op\u00e7\u00e3o ideal, tanto para os visitantes como para quem vive perto da zona e precisa de fazer arranjos no <strong>centro da cidade.<\/strong><\/p>\n<p>J\u00e1 n\u00e3o tem desculpa para n\u00e3o planear a sua viagem e <strong>reserve o seu lugar no parque de estacionamento Cruz de Lagos<\/strong> atrav\u00e9s deste site. Assim, voc\u00ea pode facilmente acessar e localizar um <strong>parque de estacionamento em Granada<\/strong>.[\/vc_column_text][\/vc_column][\/vc_row][vc_row css=&#8221;.vc_custom_1650454839583{padding-right: 3em !important;padding-left: 3em !important;}&#8221;][vc_column][vc_custom_heading text=&#8221;Localiza\u00e7\u00e3o do Parking Cruz de Lagos&#8221; use_theme_fonts=&#8221;yes&#8221;][vc_column_text]O <strong>Parque de Estacionamento Cruz de Lagos<\/strong> est\u00e1 localizado na Av. Dom Bosco, 4, 18006 Granada, especificamente na zona financeira da cidade, junto ao Parque da Ci\u00eancia e ao Audit\u00f3rio Rural da Caja, e muito perto do Parque da Ci\u00eancia. Museu da Mem\u00f3ria Hist\u00f3rica da Andaluzia.[\/vc_column_text][\/vc_column][\/vc_row][vc_row css=&#8221;.vc_custom_1650454839583{padding-right: 3em !important;padding-left: 3em !important;}&#8221;][vc_column][vc_custom_heading text=&#8221;Porque vai escolher o Parque de Estacionamento Cruz de Lagos?&#8221; use_theme_fonts=&#8221;yes&#8221;][vc_column_text]Este parque de estacionamento p\u00fablico coberto disp\u00f5e de pessoal qualificado e videovigil\u00e2ncia. Oferece estacionamento de curta e longa dura\u00e7\u00e3o, com descontos especiais para reservas online.<\/p>\n<p>O parque de estacionamento Cruz De Lagos \u00e9 sem d\u00favida uma alternativa para deixar a sua viatura em boas m\u00e3os. Voc\u00ea pode estacionar seu carro em um local seguro, e o melhor de tudo, as instala\u00e7\u00f5es s\u00e3o muito espa\u00e7osas e confort\u00e1veis.<\/p>\n<p>Neste parque de estacionamento em Alicante, encontrar\u00e1 todos os servi\u00e7os necess\u00e1rios para si e para o seu carro, e como se isso n\u00e3o bastasse, o parque de estacionamento est\u00e1 aberto 24 horas por dia, 7 dias por semana.<\/p>\n<p>Este parque de estacionamento no centro de Granada adapta-se \u00e0s suas necessidades e assim o carro estar\u00e1 vigiado 24 horas por dia, para que possa desfrutar da sua visita e ficar sem preocupa\u00e7\u00f5es.[\/vc_column_text][\/vc_column][\/vc_row][vc_row css=&#8221;.vc_custom_1650454839583{padding-right: 3em !important;padding-left: 3em !important;}&#8221;][vc_column][vc_custom_heading text=&#8221;Vantagens do Parking Cruz de Lagos&#8221; use_theme_fonts=&#8221;yes&#8221;][vc_column_text]Entre as grandes vantagens do Estacionamento Cruz de Lagos destacam-se os descontos especiais para reservas online.<\/p>\n<p>Como se isso n\u00e3o bastasse, este estacionamento p\u00fablico coberto de Granada tem uma equipe muito atenciosa que monitorar\u00e1 o carro adequadamente com a ajuda de c\u00e2meras de seguran\u00e7a. Tamb\u00e9m oferece por minuto e taxas de rotatividade m\u00e1xima di\u00e1ria, e as horas s\u00e3o 24 horas por dia, 7 dias por semana.[\/vc_column_text][\/vc_column][\/vc_row][vc_row css=&#8221;.vc_custom_1650454839583{padding-right: 3em !important;padding-left: 3em !important;}&#8221;][vc_column][vc_custom_heading text=&#8221;Como funciona o Estacionamento Cruz de Lagos?&#8221; use_theme_fonts=&#8221;yes&#8221;][vc_column_text]Estacionar confortavelmente em Granada \u00e9 poss\u00edvel gra\u00e7as ao Estacionamento Cruz de Lagos: basta introduzir a matr\u00edcula do ve\u00edculo na compra de um produto.<\/p>\n<p>Ao chegar ao parque de estacionamento da Cruz De Lagos, dever\u00e1 colocar-se junto \u00e0 bilheteira, e desta forma as c\u00e2maras de leitura da matr\u00edcula identificar\u00e3o o carro e abrir\u00e3o a barreira.<\/p>\n<p>Lembre-se que, uma vez que voc\u00ea tenha feito a reserva neste estacionamento no centro de Granada, voc\u00ea deve indicar o dia de chegada e o n\u00famero de dias da reserva.[\/vc_column_text][\/vc_column][\/vc_row][vc_row css=&#8221;.vc_custom_1650454839583{padding-right: 3em !important;padding-left: 3em !important;}&#8221;][vc_column][vc_custom_heading text=&#8221;Reserva no Parque de Estacionamento Cruz de Lagos&#8221; use_theme_fonts=&#8221;yes&#8221;][vc_column_text]O pre\u00e7o da reserva do Estacionamento Cruz de Lagos varia geralmente e depender\u00e1 do n\u00famero de horas que o ve\u00edculo estiver estacionado.<\/p>\n<p>Este parque de estacionamento tem 805 lugares e cada um tem uma dimens\u00e3o superior a 16 metros quadrados. N\u00e3o pense nisso e corra para fazer uma reserva no Estacionamento Cruz de Lagos antes que os lugares esgotem.[\/vc_column_text][vc_row_inner][vc_column_inner][vc_column_text]<strong>Cruz de Lagos Aparcamientos Concesionales SLU recebeu ajuda da Uni\u00e3o Europeia no \u00e2mbito do Programa Operacional FEDER Andaluzia 2014-2020, financiado no \u00e2mbito da resposta da Uni\u00e3o \u00e0 pandemia de COVID-19 (REACT-EU), para compensar o custo energ\u00e9tico adicional do g\u00e1s natural e\/ou eletricidade para as PME e os trabalhadores independentes particularmente afetados pelo aumento dos pre\u00e7os do g\u00e1s natural e da eletricidade causado pelo impacto da guerra de agress\u00e3o da R\u00fassia contra a Ucr\u00e2nia.<\/strong>[\/vc_column_text][\/vc_column_inner][\/vc_row_inner][\/vc_column][\/vc_row][vc_row css=&#8221;.vc_custom_1642676545069{padding-right: 3em !important;padding-left: 3em !important;}&#8221;][vc_column offset=&#8221;vc_hidden-xl vc_hidden-lg vc_hidden-md&#8221; conditional_render=&#8221;%5B%7B%22value_role%22%3A%22administrator%22%7D%5D&#8221; css_params=&#8221;&#8221;]<div class=\"porto-ultimate-content-box-container \"><div class=\"porto-ultimate-content-box porto_ucb_d751713988987e9331980363e24189ce\" style=\"\"><div class=\"widget_sidebar_menu main-sidebar-menu wpb_custom_bd96d282bd99227adaa2fd2727fa1ab3\"><div class=\"widget-title\">Parkings<\/div><div class=\"sidebar-menu-wrap\"><ul id=\"menu-parkings-portugues-portugal\" class=\"sidebar-menu\"><li id=\"nav-menu-item-14169\" class=\"menu-item menu-item-type-custom menu-item-object-custom menu-item-has-children  has-sub narrow \"><a href=\"https:\/\/iparksa.com\/pt-pt\/parkings-ipark-madrid\/\"><i class=\"fas fa-parking\"><\/i>Madrid<\/a><span class=\"arrow\" aria-label=\"Open Submenu\"><\/span>\n<div class=\"popup\"><div class=\"inner\" style=\"\"><ul class=\"sub-menu porto-narrow-sub-menu\">\n\t<li id=\"nav-menu-item-3946\" class=\"menu-item menu-item-type-post_type menu-item-object-page menu-item-has-children  sub\" data-cols=\"1\"><a href=\"https:\/\/iparksa.com\/pt-pt\/parkings-ipark-madrid\/\"><i class=\"fas fa-parking\"><\/i>Madrid<\/a>\n\t<ul class=\"sub-menu\">\n\t\t<li id=\"nav-menu-item-9861\" class=\"menu-item menu-item-type-post_type menu-item-object-page \"><a href=\"https:\/\/iparksa.com\/pt-pt\/ipark-madrid-parking-chamartin\/\">Parking Chamart\u00edn<\/a><\/li>\n\t\t<li id=\"nav-menu-item-3947\" class=\"menu-item menu-item-type-post_type menu-item-object-page \"><a href=\"https:\/\/iparksa.com\/pt-pt\/ipark-madrid-princesa-25\/\">Princesa 25<\/a><\/li>\n\t\t<li id=\"nav-menu-item-6050\" class=\"menu-item menu-item-type-post_type menu-item-object-page \"><a href=\"https:\/\/iparksa.com\/pt-pt\/ipark-madrid-atocha-70\/\">Atocha 70<\/a><\/li>\n\t\t<li id=\"nav-menu-item-3948\" class=\"menu-item menu-item-type-post_type menu-item-object-page \"><a href=\"https:\/\/iparksa.com\/pt-pt\/ipark-madrid-verdaguer-y-garcia\/\">Verdaguer y Garc\u00eda<\/a><\/li>\n\t\t<li id=\"nav-menu-item-10228\" class=\"menu-item menu-item-type-post_type menu-item-object-page \"><a href=\"https:\/\/iparksa.com\/pt-pt\/ipark-madrid-parking-goya\/\">Goya<\/a><\/li>\n\t\t<li id=\"nav-menu-item-14168\" class=\"menu-item menu-item-type-custom menu-item-object-custom \"><a href=\"https:\/\/iparksa.com\/pt-pt\/servicio-valet-parking-ave-atocha-chamartin\/\">Servi\u00e7o Valet Atocha | Chamartin<\/a><\/li>\n\t<\/ul>\n<\/li>\n\t<li id=\"nav-menu-item-14191\" class=\"menu-item menu-item-type-custom menu-item-object-custom menu-item-has-children  sub\" data-cols=\"1\"><a href=\"https:\/\/iparksa.com\/pt-pt\/parkings-ipark-san-lorenzo-de-el-escorial\/\"><i class=\"fas fa-parking\"><\/i>San Lorenzo de El Escorial<\/a>\n\t<ul class=\"sub-menu\">\n\t\t<li id=\"nav-menu-item-10674\" class=\"menu-item menu-item-type-post_type menu-item-object-page \"><a href=\"https:\/\/iparksa.com\/pt-pt\/ipark-madrid-parking-plaza-de-la-constitucion\/\">Plaza de la Constituci\u00f3n<\/a><\/li>\n\t<\/ul>\n<\/li>\n<\/ul><\/div><\/div>\n<\/li>\n<li id=\"nav-menu-item-3949\" class=\"menu-item menu-item-type-post_type menu-item-object-page menu-item-has-children  has-sub narrow \"><a href=\"https:\/\/iparksa.com\/pt-pt\/parkings-ipark-granada\/\"><i class=\"fas fa-parking\"><\/i>Granada<\/a><span class=\"arrow\" aria-label=\"Open Submenu\"><\/span>\n<div class=\"popup\"><div class=\"inner\" style=\"\"><ul class=\"sub-menu porto-narrow-sub-menu\">\n\t<li id=\"nav-menu-item-3950\" class=\"menu-item menu-item-type-post_type menu-item-object-page \" data-cols=\"1\"><a href=\"https:\/\/iparksa.com\/pt-pt\/ipark-granada-severo-ochoa\/\">Severo Ochoa<\/a><\/li>\n\t<li id=\"nav-menu-item-3951\" class=\"menu-item menu-item-type-post_type menu-item-object-page \" data-cols=\"1\"><a href=\"https:\/\/iparksa.com\/pt-pt\/ipark-granada-parking-cruz-de-lagos\/\">Cruz de Lagos<\/a><\/li>\n\t<li id=\"nav-menu-item-3952\" class=\"menu-item menu-item-type-post_type menu-item-object-page \" data-cols=\"1\"><a href=\"https:\/\/iparksa.com\/pt-pt\/ipark-granada-ronda-centro\/\">Ronda Centro<\/a><\/li>\n\t<li id=\"nav-menu-item-13424\" class=\"menu-item menu-item-type-post_type menu-item-object-page \" data-cols=\"1\"><a href=\"https:\/\/iparksa.com\/pt-pt\/ipark-granada-aparcamiento-los-carmenes\/\">Los C\u00e1rmenes<\/a><\/li>\n<\/ul><\/div><\/div>\n<\/li>\n<li id=\"nav-menu-item-3953\" class=\"menu-item menu-item-type-post_type menu-item-object-page menu-item-has-children  has-sub narrow \"><a href=\"https:\/\/iparksa.com\/pt-pt\/parkings-ipark-almeria\/\"><i class=\"fas fa-parking\"><\/i>Almer\u00eda<\/a><span class=\"arrow\" aria-label=\"Open Submenu\"><\/span>\n<div class=\"popup\"><div class=\"inner\" style=\"\"><ul class=\"sub-menu porto-narrow-sub-menu\">\n\t<li id=\"nav-menu-item-3954\" class=\"menu-item menu-item-type-post_type menu-item-object-page \" data-cols=\"1\"><a href=\"https:\/\/iparksa.com\/pt-pt\/ipark-almeria-rambla-obispo-orbera-mercado\/\">Rambla Obispo Orber\u00e1 Mercado<\/a><\/li>\n<\/ul><\/div><\/div>\n<\/li>\n<li id=\"nav-menu-item-8866\" class=\"menu-item menu-item-type-custom menu-item-object-custom menu-item-has-children  has-sub narrow \"><a href=\"#\"><i class=\"fas fa-parking\"><\/i>M\u00e1laga<\/a><span class=\"arrow\" aria-label=\"Open Submenu\"><\/span>\n<div class=\"popup\"><div class=\"inner\" style=\"\"><ul class=\"sub-menu porto-narrow-sub-menu\">\n\t<li id=\"nav-menu-item-3955\" class=\"menu-item menu-item-type-post_type menu-item-object-page menu-item-has-children  sub\" data-cols=\"1\"><a href=\"https:\/\/iparksa.com\/pt-pt\/parkings-ipark-malaga\/\"><i class=\"fas fa-parking\"><\/i>V\u00e9lez-M\u00e1laga<\/a>\n\t<ul class=\"sub-menu\">\n\t\t<li id=\"nav-menu-item-3957\" class=\"menu-item menu-item-type-post_type menu-item-object-page \"><a href=\"https:\/\/iparksa.com\/pt-pt\/ipark-velez-malaga-plaza-del-carmen\/\">Plaza del Carmen<\/a><\/li>\n\t\t<li id=\"nav-menu-item-3956\" class=\"menu-item menu-item-type-post_type menu-item-object-page \"><a href=\"https:\/\/iparksa.com\/pt-pt\/ipark-torre-del-mar-las-yucas\/\">Las Yucas<\/a><\/li>\n\t<\/ul>\n<\/li>\n\t<li id=\"nav-menu-item-9389\" class=\"menu-item menu-item-type-post_type menu-item-object-page menu-item-has-children  sub\" data-cols=\"1\"><a href=\"https:\/\/iparksa.com\/pt-pt\/parkings-ipark-torremolinos\/\"><i class=\"fas fa-parking\"><\/i>Torremolinos<\/a>\n\t<ul class=\"sub-menu\">\n\t\t<li id=\"nav-menu-item-3958\" class=\"menu-item menu-item-type-post_type menu-item-object-page \"><a href=\"https:\/\/iparksa.com\/pt-pt\/ipark-torremolinos-pueblo-blanco\/\">Pueblo Blanco<\/a><\/li>\n\t\t<li id=\"nav-menu-item-3959\" class=\"menu-item menu-item-type-post_type menu-item-object-page \"><a href=\"https:\/\/iparksa.com\/pt-pt\/ipark-torremolinos-parking-centro\/\">Parking Centro<\/a><\/li>\n\t<\/ul>\n<\/li>\n<\/ul><\/div><\/div>\n<\/li>\n<li id=\"nav-menu-item-11361\" class=\"menu-item menu-item-type-post_type menu-item-object-page menu-item-has-children  has-sub narrow \"><a href=\"https:\/\/iparksa.com\/pt-pt\/parkings-ipark-murcia\/\"><i class=\"fas fa-parking\"><\/i>Murcia<\/a><span class=\"arrow\" aria-label=\"Open Submenu\"><\/span>\n<div class=\"popup\"><div class=\"inner\" style=\"\"><ul class=\"sub-menu porto-narrow-sub-menu\">\n\t<li id=\"nav-menu-item-11362\" class=\"menu-item menu-item-type-post_type menu-item-object-page \" data-cols=\"1\"><a href=\"https:\/\/iparksa.com\/pt-pt\/ipark-murcia-parking-jose-barnes\/\">Jos\u00e9 Barn\u00e9s<\/a><\/li>\n<\/ul><\/div><\/div>\n<\/li>\n<li id=\"nav-menu-item-15037\" class=\"menu-item menu-item-type-post_type menu-item-object-page menu-item-has-children  has-sub narrow \"><a href=\"https:\/\/iparksa.com\/pt-pt\/parkings-ipark-las-palmas-de-gran-canaria\/\"><i class=\"fas fa-parking\"><\/i>Gran Canaria<\/a><span class=\"arrow\" aria-label=\"Open Submenu\"><\/span>\n<div class=\"popup\"><div class=\"inner\" style=\"\"><ul class=\"sub-menu porto-narrow-sub-menu\">\n\t<li id=\"nav-menu-item-15036\" class=\"menu-item menu-item-type-post_type menu-item-object-page \" data-cols=\"1\"><a href=\"https:\/\/iparksa.com\/pt-pt\/ipark-las-palmas-de-gran-canaria-la-puntilla\/\">La Puntilla<\/a><\/li>\n\t<li id=\"nav-menu-item-15956\" class=\"menu-item menu-item-type-post_type menu-item-object-page \" data-cols=\"1\"><a href=\"https:\/\/iparksa.com\/pt-pt\/parking-ciudad-jardin\/\">Ciudad Jard\u00edn<\/a><\/li>\n\t<li id=\"nav-menu-item-15984\" class=\"menu-item menu-item-type-post_type menu-item-object-page \" data-cols=\"1\"><a href=\"https:\/\/iparksa.com\/pt-pt\/ipark-las-palmas-parking-monopol-triana\/\">Monopol<\/a><\/li>\n\t<li id=\"nav-menu-item-16205\" class=\"menu-item menu-item-type-post_type menu-item-object-page \" data-cols=\"1\"><a href=\"https:\/\/iparksa.com\/pt-pt\/ipark-gran-canaria-parking-bahia-feliz\/\">Bahia Feliz<\/a><\/li>\n<\/ul><\/div><\/div>\n<\/li>\n<li id=\"nav-menu-item-8867\" class=\"menu-item menu-item-type-custom menu-item-object-custom menu-item-has-children  has-sub narrow \"><a href=\"#\"><i class=\"fas fa-parking\"><\/i>Bizkaia<\/a><span class=\"arrow\" aria-label=\"Open Submenu\"><\/span>\n<div class=\"popup\"><div class=\"inner\" style=\"\"><ul class=\"sub-menu porto-narrow-sub-menu\">\n\t<li id=\"nav-menu-item-3960\" class=\"menu-item menu-item-type-post_type menu-item-object-page menu-item-has-children  sub\" data-cols=\"1\"><a href=\"https:\/\/iparksa.com\/pt-pt\/parkings-ipark-bilbao\/\"><i class=\"fas fa-parking\"><\/i>Bilbao<\/a>\n\t<ul class=\"sub-menu\">\n\t\t<li id=\"nav-menu-item-3961\" class=\"menu-item menu-item-type-post_type menu-item-object-page \"><a href=\"https:\/\/iparksa.com\/pt-pt\/ipark-bilbao-parking-madariaga\/\">Madariaga<\/a><\/li>\n\t<\/ul>\n<\/li>\n<\/ul><\/div><\/div>\n<\/li>\n<li id=\"nav-menu-item-9298\" class=\"menu-item menu-item-type-custom menu-item-object-custom menu-item-has-children  has-sub narrow \"><a href=\"#\"><i class=\"fas fa-parking\"><\/i>Alicante<\/a><span class=\"arrow\" aria-label=\"Open Submenu\"><\/span>\n<div class=\"popup\"><div class=\"inner\" style=\"\"><ul class=\"sub-menu porto-narrow-sub-menu\">\n\t<li id=\"nav-menu-item-3962\" class=\"menu-item menu-item-type-post_type menu-item-object-page menu-item-has-children  sub\" data-cols=\"1\"><a href=\"https:\/\/iparksa.com\/pt-pt\/parkings-ipark-alicante\/\"><i class=\"fas fa-parking\"><\/i>Alicante<\/a>\n\t<ul class=\"sub-menu\">\n\t\t<li id=\"nav-menu-item-3963\" class=\"menu-item menu-item-type-post_type menu-item-object-page \"><a href=\"https:\/\/iparksa.com\/pt-pt\/ipark-alicante-poeta-quintana\/\">Poeta Quintana<\/a><\/li>\n\t<\/ul>\n<\/li>\n\t<li id=\"nav-menu-item-9391\" class=\"menu-item menu-item-type-post_type menu-item-object-page menu-item-has-children  sub\" data-cols=\"1\"><a href=\"https:\/\/iparksa.com\/pt-pt\/parkings-ipark-santa-pola\/\"><i class=\"fas fa-parking\"><\/i>Santa pola<\/a>\n\t<ul class=\"sub-menu\">\n\t\t<li id=\"nav-menu-item-9197\" class=\"menu-item menu-item-type-post_type menu-item-object-page \"><a href=\"https:\/\/iparksa.com\/pt-pt\/ipark-alicante-parking-castillo\/\">Parking Castillo<\/a><\/li>\n\t<\/ul>\n<\/li>\n<\/ul><\/div><\/div>\n<\/li>\n<li id=\"nav-menu-item-3964\" class=\"menu-item menu-item-type-post_type menu-item-object-page menu-item-has-children  has-sub narrow \"><a href=\"https:\/\/iparksa.com\/pt-pt\/parkings-ipark-cordoba\/\"><i class=\"fas fa-parking\"><\/i>C\u00f3rdoba<\/a><span class=\"arrow\" aria-label=\"Open Submenu\"><\/span>\n<div class=\"popup\"><div class=\"inner\" style=\"\"><ul class=\"sub-menu porto-narrow-sub-menu\">\n\t<li id=\"nav-menu-item-6051\" class=\"menu-item menu-item-type-post_type menu-item-object-page \" data-cols=\"1\"><a href=\"https:\/\/iparksa.com\/pt-pt\/ipark-cordoba-cordoba-centro\/\">C\u00f3rdoba Centro<\/a><\/li>\n<\/ul><\/div><\/div>\n<\/li>\n<li id=\"nav-menu-item-8869\" class=\"menu-item menu-item-type-custom menu-item-object-custom menu-item-has-children  has-sub narrow \"><a href=\"#\"><i class=\"fas fa-parking\"><\/i>C\u00e1diz<\/a><span class=\"arrow\" aria-label=\"Open Submenu\"><\/span>\n<div class=\"popup\"><div class=\"inner\" style=\"\"><ul class=\"sub-menu porto-narrow-sub-menu\">\n\t<li id=\"nav-menu-item-9390\" class=\"menu-item menu-item-type-post_type menu-item-object-page menu-item-has-children  sub\" data-cols=\"1\"><a href=\"https:\/\/iparksa.com\/pt-pt\/parkings-ipark-algeciras\/\"><i class=\"fas fa-parking\"><\/i>Algeciras<\/a>\n\t<ul class=\"sub-menu\">\n\t\t<li id=\"nav-menu-item-3970\" class=\"menu-item menu-item-type-post_type menu-item-object-page \"><a href=\"https:\/\/iparksa.com\/pt-pt\/ipark-algeciras-mercado-de-abastos\/\">Mercado de Abastos<\/a><\/li>\n\t\t<li id=\"nav-menu-item-9860\" class=\"menu-item menu-item-type-post_type menu-item-object-page \"><a href=\"https:\/\/iparksa.com\/pt-pt\/ipark-algeciras-parking-hispano\/\">Parking Hispano<\/a><\/li>\n\t<\/ul>\n<\/li>\n\t<li id=\"nav-menu-item-3969\" class=\"menu-item menu-item-type-post_type menu-item-object-page menu-item-has-children  sub\" data-cols=\"1\"><a href=\"https:\/\/iparksa.com\/pt-pt\/parkings-ipark-cadiz\/\"><i class=\"fas fa-parking\"><\/i>C\u00e1diz<\/a>\n\t<ul class=\"sub-menu\">\n\t\t<li id=\"nav-menu-item-3971\" class=\"menu-item menu-item-type-post_type menu-item-object-page \"><a href=\"https:\/\/iparksa.com\/pt-pt\/ipark-cadiz-garaje-america\/\">Garaje Am\u00e9rica<\/a><\/li>\n\t\t<li id=\"nav-menu-item-8784\" class=\"menu-item menu-item-type-post_type menu-item-object-page \"><a href=\"https:\/\/iparksa.com\/pt-pt\/ipark-cadiz-parking-telegrafia\/\">Parking Telegrafia<\/a><\/li>\n\t\t<li id=\"nav-menu-item-10747\" class=\"menu-item menu-item-type-post_type menu-item-object-page \"><a href=\"https:\/\/iparksa.com\/pt-pt\/ipark-cadiz-parking-fo-cona\/\">Puerta de Gibraltar<\/a><\/li>\n\t<\/ul>\n<\/li>\n\t<li id=\"nav-menu-item-14731\" class=\"menu-item menu-item-type-post_type menu-item-object-page menu-item-has-children  sub\" data-cols=\"1\"><a href=\"https:\/\/iparksa.com\/pt-pt\/parkings-ipark-rota\/\"><i class=\"fas fa-parking\"><\/i>Rota<\/a>\n\t<ul class=\"sub-menu\">\n\t\t<li id=\"nav-menu-item-14730\" class=\"menu-item menu-item-type-post_type menu-item-object-page \"><a href=\"https:\/\/iparksa.com\/pt-pt\/ipark-rota-parking-puerto-rota\/\">Parking Puerto Rota<\/a><\/li>\n\t<\/ul>\n<\/li>\n<\/ul><\/div><\/div>\n<\/li>\n<li id=\"nav-menu-item-8870\" class=\"menu-item menu-item-type-custom menu-item-object-custom menu-item-has-children  has-sub narrow \"><a href=\"#\"><i class=\"fas fa-parking\"><\/i>Huelva<\/a><span class=\"arrow\" aria-label=\"Open Submenu\"><\/span>\n<div class=\"popup\"><div class=\"inner\" style=\"\"><ul class=\"sub-menu porto-narrow-sub-menu\">\n\t<li id=\"nav-menu-item-3965\" class=\"menu-item menu-item-type-post_type menu-item-object-page menu-item-has-children  sub\" data-cols=\"1\"><a href=\"https:\/\/iparksa.com\/pt-pt\/parkings-ipark-huelva\/\"><i class=\"fas fa-parking\"><\/i>Huelva<\/a>\n\t<ul class=\"sub-menu\">\n\t\t<li id=\"nav-menu-item-7097\" class=\"menu-item menu-item-type-post_type menu-item-object-page \"><a href=\"https:\/\/iparksa.com\/pt-pt\/ipark-huelva-hospital-costa-de-la-luz\/\">Hospital Costa de la luz<\/a><\/li>\n\t\t<li id=\"nav-menu-item-11554\" class=\"menu-item menu-item-type-post_type menu-item-object-page \"><a href=\"https:\/\/iparksa.com\/pt-pt\/ipark-huelva-parking-coronacion\/\">Parking Coronaci\u00f3n<\/a><\/li>\n\t\t<li id=\"nav-menu-item-15631\" class=\"menu-item menu-item-type-post_type menu-item-object-page \"><a href=\"https:\/\/iparksa.com\/pt-pt\/ipark-huelva-parking-cc-puerta-del-odiel\/\">Parking Puerta del Odiel<\/a><\/li>\n\t<\/ul>\n<\/li>\n\t<li id=\"nav-menu-item-9392\" class=\"menu-item menu-item-type-post_type menu-item-object-page menu-item-has-children  sub\" data-cols=\"1\"><a href=\"https:\/\/iparksa.com\/pt-pt\/parkings-ipark-punta-umbria\/\"><i class=\"fas fa-parking\"><\/i>Punta Umbr\u00eda<\/a>\n\t<ul class=\"sub-menu\">\n\t\t<li id=\"nav-menu-item-3966\" class=\"menu-item menu-item-type-post_type menu-item-object-page \"><a href=\"https:\/\/iparksa.com\/pt-pt\/ipark-punta-umbria-hotel-barcelo\/\">Hotel Barcel\u00f3<\/a><\/li>\n\t\t<li id=\"nav-menu-item-14316\" class=\"menu-item menu-item-type-post_type menu-item-object-page \"><a href=\"https:\/\/iparksa.com\/pt-pt\/ipark-huelva-punta-umbria-mar\/\">Punta Umbria MAR<\/a><\/li>\n\t<\/ul>\n<\/li>\n<\/ul><\/div><\/div>\n<\/li>\n<li id=\"nav-menu-item-6941\" class=\"menu-item menu-item-type-post_type menu-item-object-page menu-item-has-children  has-sub narrow \"><a href=\"https:\/\/iparksa.com\/pt-pt\/parkings-ipark-soria\/\"><i class=\"fas fa-parking\"><\/i>Soria<\/a><span class=\"arrow\" aria-label=\"Open Submenu\"><\/span>\n<div class=\"popup\"><div class=\"inner\" style=\"\"><ul class=\"sub-menu porto-narrow-sub-menu\">\n\t<li id=\"nav-menu-item-6942\" class=\"menu-item menu-item-type-post_type menu-item-object-page \" data-cols=\"1\"><a href=\"https:\/\/iparksa.com\/pt-pt\/ipark-soria-riosa\/\">Riosa<\/a><\/li>\n<\/ul><\/div><\/div>\n<\/li>\n<li id=\"nav-menu-item-8872\" class=\"menu-item menu-item-type-custom menu-item-object-custom menu-item-has-children  has-sub narrow \"><a href=\"#\"><i class=\"fas fa-parking\"><\/i>Le\u00f3n<\/a><span class=\"arrow\" aria-label=\"Open Submenu\"><\/span>\n<div class=\"popup\"><div class=\"inner\" style=\"\"><ul class=\"sub-menu porto-narrow-sub-menu\">\n\t<li id=\"nav-menu-item-14879\" class=\"menu-item menu-item-type-post_type menu-item-object-page menu-item-has-children  sub\" data-cols=\"1\"><a href=\"https:\/\/iparksa.com\/pt-pt\/parkings-ipark-leon\/\"><i class=\"fas fa-parking\"><\/i>Le\u00f3n<\/a>\n\t<ul class=\"sub-menu\">\n\t\t<li id=\"nav-menu-item-14878\" class=\"menu-item menu-item-type-post_type menu-item-object-page \"><a href=\"https:\/\/iparksa.com\/pt-pt\/ipark-leon-parking-san-marcelo\/\">San Marcelo<\/a><\/li>\n\t<\/ul>\n<\/li>\n\t<li id=\"nav-menu-item-6943\" class=\"menu-item menu-item-type-post_type menu-item-object-page menu-item-has-children  sub\" data-cols=\"1\"><a href=\"https:\/\/iparksa.com\/pt-pt\/parkings-ipark-ponferrada\/\"><i class=\"fas fa-parking\"><\/i>Ponferrada<\/a>\n\t<ul class=\"sub-menu\">\n\t\t<li id=\"nav-menu-item-6944\" class=\"menu-item menu-item-type-post_type menu-item-object-page \"><a href=\"https:\/\/iparksa.com\/pt-pt\/ipark-ponferrada-compostilla\/\">Compostilla<\/a><\/li>\n\t<\/ul>\n<\/li>\n<\/ul><\/div><\/div>\n<\/li>\n<li id=\"nav-menu-item-9004\" class=\"menu-item menu-item-type-custom menu-item-object-custom menu-item-has-children  has-sub narrow \"><a href=\"#\"><i class=\"fas fa-parking\"><\/i>\u00c1lava<\/a><span class=\"arrow\" aria-label=\"Open Submenu\"><\/span>\n<div class=\"popup\"><div class=\"inner\" style=\"\"><ul class=\"sub-menu porto-narrow-sub-menu\">\n\t<li id=\"nav-menu-item-6945\" class=\"menu-item menu-item-type-post_type menu-item-object-page menu-item-has-children  sub\" data-cols=\"1\"><a href=\"https:\/\/iparksa.com\/pt-pt\/parkings-ipark-vitoria-gasteiz\/\"><i class=\"fas fa-parking\"><\/i>Vitoria-Gasteiz<\/a>\n\t<ul class=\"sub-menu\">\n\t\t<li id=\"nav-menu-item-6946\" class=\"menu-item menu-item-type-post_type menu-item-object-page \"><a href=\"https:\/\/iparksa.com\/pt-pt\/ipark-vitoria-gasteiz-san-jose-mutualia\/\">Hospital San Jos\u00e9<\/a><\/li>\n\t<\/ul>\n<\/li>\n<\/ul><\/div><\/div>\n<\/li>\n<li id=\"nav-menu-item-6947\" class=\"menu-item menu-item-type-post_type menu-item-object-page menu-item-has-children  has-sub narrow \"><a href=\"https:\/\/iparksa.com\/pt-pt\/parkings-ipark-caceres\/\"><i class=\"fas fa-parking\"><\/i>C\u00e1ceres<\/a><span class=\"arrow\" aria-label=\"Open Submenu\"><\/span>\n<div class=\"popup\"><div class=\"inner\" style=\"\"><ul class=\"sub-menu porto-narrow-sub-menu\">\n\t<li id=\"nav-menu-item-6948\" class=\"menu-item menu-item-type-post_type menu-item-object-page \" data-cols=\"1\"><a href=\"https:\/\/iparksa.com\/pt-pt\/ipark-caceres-canovas\/\">C\u00e1novas<\/a><\/li>\n<\/ul><\/div><\/div>\n<\/li>\n<li id=\"nav-menu-item-9864\" class=\"menu-item menu-item-type-custom menu-item-object-custom menu-item-has-children  has-sub narrow \"><a href=\"#\"><i class=\"fas fa-parking\"><\/i>Pontevedra<\/a><span class=\"arrow\" aria-label=\"Open Submenu\"><\/span>\n<div class=\"popup\"><div class=\"inner\" style=\"\"><ul class=\"sub-menu porto-narrow-sub-menu\">\n\t<li id=\"nav-menu-item-9862\" class=\"menu-item menu-item-type-post_type menu-item-object-page menu-item-has-children  sub\" data-cols=\"1\"><a href=\"https:\/\/iparksa.com\/pt-pt\/parkings-ipark-vigo\/\"><i class=\"fas fa-parking\"><\/i>Vigo<\/a>\n\t<ul class=\"sub-menu\">\n\t\t<li id=\"nav-menu-item-9863\" class=\"menu-item menu-item-type-post_type menu-item-object-page \"><a href=\"https:\/\/iparksa.com\/pt-pt\/ipark-vigo-colon-centro\/\">Col\u00f3n Centro<\/a><\/li>\n\t<\/ul>\n<\/li>\n<\/ul><\/div><\/div>\n<\/li>\n<li id=\"nav-menu-item-12300\" class=\"menu-item menu-item-type-custom menu-item-object-custom menu-item-has-children  has-sub narrow \"><a href=\"#\"><i class=\"fas fa-parking\"><\/i>La Coru\u00f1a<\/a><span class=\"arrow\" aria-label=\"Open Submenu\"><\/span>\n<div class=\"popup\"><div class=\"inner\" style=\"\"><ul class=\"sub-menu porto-narrow-sub-menu\">\n\t<li id=\"nav-menu-item-12301\" class=\"menu-item menu-item-type-post_type menu-item-object-page menu-item-has-children  sub\" data-cols=\"1\"><a href=\"https:\/\/iparksa.com\/pt-pt\/parkings-ipark-santiago-de-compostela\/\">Santiago<\/a>\n\t<ul class=\"sub-menu\">\n\t\t<li id=\"nav-menu-item-12302\" class=\"menu-item menu-item-type-post_type menu-item-object-page \"><a href=\"https:\/\/iparksa.com\/pt-pt\/ipark-santiago-de-compostela-parking-granvia\/\">Parking Gran V\u00eda<\/a><\/li>\n\t\t<li id=\"nav-menu-item-15962\" class=\"menu-item menu-item-type-post_type menu-item-object-page \"><a href=\"https:\/\/iparksa.com\/pt-pt\/parking-rosalia-de-castro\/\">Rosal\u00eda de Castro<\/a><\/li>\n\t<\/ul>\n<\/li>\n<\/ul><\/div><\/div>\n<\/li>\n<li id=\"nav-menu-item-8873\" class=\"menu-item menu-item-type-custom menu-item-object-custom menu-item-has-children  has-sub narrow \"><a href=\"#\"><i class=\"fas fa-parking\"><\/i>Lisboa<\/a><span class=\"arrow\" aria-label=\"Open Submenu\"><\/span>\n<div class=\"popup\"><div class=\"inner\" style=\"\"><ul class=\"sub-menu porto-narrow-sub-menu\">\n\t<li id=\"nav-menu-item-3972\" class=\"menu-item menu-item-type-post_type menu-item-object-page menu-item-has-children  sub\" data-cols=\"1\"><a href=\"https:\/\/iparksa.com\/pt-pt\/parkings-ipark-agualva-cacem\/\"><i class=\"fas fa-parking\"><\/i>Agualva-C\u00e1cem<\/a>\n\t<ul class=\"sub-menu\">\n\t\t<li id=\"nav-menu-item-3973\" class=\"menu-item menu-item-type-post_type menu-item-object-page \"><a href=\"https:\/\/iparksa.com\/pt-pt\/ipark-cacem-parque-central\/\">Parque Central<\/a><\/li>\n\t<\/ul>\n<\/li>\n\t<li id=\"nav-menu-item-9271\" class=\"menu-item menu-item-type-post_type menu-item-object-page menu-item-has-children  sub\" data-cols=\"1\"><a href=\"https:\/\/iparksa.com\/pt-pt\/parkings-ipark-lisboa\/\"><i class=\"fas fa-parking\"><\/i>Lisboa<\/a>\n\t<ul class=\"sub-menu\">\n\t\t<li id=\"nav-menu-item-9272\" class=\"menu-item menu-item-type-post_type menu-item-object-page \"><a href=\"https:\/\/iparksa.com\/pt-pt\/ipark-lisboa-misericordia\/\">Misericordia<\/a><\/li>\n\t<\/ul>\n<\/li>\n<\/ul><\/div><\/div>\n<\/li>\n<li id=\"nav-menu-item-3974\" class=\"menu-item menu-item-type-post_type menu-item-object-page menu-item-has-children  has-sub narrow \"><a href=\"https:\/\/iparksa.com\/pt-pt\/parkings-ipark-braga\/\"><i class=\"fas fa-parking\"><\/i>Braga<\/a><span class=\"arrow\" aria-label=\"Open Submenu\"><\/span>\n<div class=\"popup\"><div class=\"inner\" style=\"\"><ul class=\"sub-menu porto-narrow-sub-menu\">\n\t<li id=\"nav-menu-item-3975\" class=\"menu-item menu-item-type-post_type menu-item-object-page \" data-cols=\"1\"><a href=\"https:\/\/iparksa.com\/pt-pt\/ipark-braga-parque-sao-lazaro\/\">Parque S\u00e3o L\u00e1zaro<\/a><\/li>\n<\/ul><\/div><\/div>\n<\/li>\n<li id=\"nav-menu-item-13144\" class=\"menu-item menu-item-type-post_type menu-item-object-page menu-item-has-children  has-sub narrow \"><a href=\"https:\/\/iparksa.com\/pt-pt\/parkings-ipark-oporto\/\"><i class=\"fas fa-parking\"><\/i>Oporto<\/a><span class=\"arrow\" aria-label=\"Open Submenu\"><\/span>\n<div class=\"popup\"><div class=\"inner\" style=\"\"><ul class=\"sub-menu porto-narrow-sub-menu\">\n\t<li id=\"nav-menu-item-12502\" class=\"menu-item menu-item-type-post_type menu-item-object-page \" data-cols=\"1\"><a href=\"https:\/\/iparksa.com\/pt-pt\/ipark-vilanova-de-gaia-parking-cais-de-gaia\/\">Cais de Gaia<\/a><\/li>\n\t<li id=\"nav-menu-item-13587\" class=\"menu-item menu-item-type-post_type menu-item-object-page \" data-cols=\"1\"><a href=\"https:\/\/iparksa.com\/pt-pt\/ipark-oporto-bonjardim-bolhao\/\">Bonjardim\/Bolh\u00e3o<\/a><\/li>\n\t<li id=\"nav-menu-item-15440\" class=\"menu-item menu-item-type-post_type menu-item-object-page \" data-cols=\"1\"><a href=\"https:\/\/iparksa.com\/pt-pt\/ipark-porto-parking-parque-bessa-leite\/\">Bessa Leite<\/a><\/li>\n<\/ul><\/div><\/div>\n<\/li>\n<\/ul><\/div><\/div><\/div><\/div>[\/vc_column][\/vc_row]<\/p>\n<\/div>","protected":false},"excerpt":{"rendered":"<p>[vc_row][vc_column][vc_empty_space height=&#8221;3vh&#8221;][\/vc_column][\/vc_row][vc_row wrap_container=&#8221;yes&#8221; el_id=&#8221;info&#8221; css=&#8221;.vc_custom_1642676363056{padding-right: 3em !important;padding-left: 3em !important;}&#8221;][vc_column offset=&#8221;vc_hidden-sm vc_hidden-xs&#8221;][vc_row_inner][vc_column_inner width=&#8221;1\/3&#8243;][vc_separator color=&#8221;custom&#8221; accent_color=&#8221;#a5be0b&#8221;][vc_custom_heading text=&#8221;Informa\u00e7ao&#8221; font_container=&#8221;tag:h4|text_align:left&#8221; use_theme_fonts=&#8221;yes&#8221;][vc_empty_space height=&#8221;20&#8243;][\/vc_column_inner][vc_column_inner width=&#8221;2\/3&#8243;][vc_custom_heading text=&#8221;Cruz de Lagos Aparcamientos Concesionales SLU&#8221; font_container=&#8221;tag:h3|font_size:14px|text_align:center|line_height:1&#8243; use_theme_fonts=&#8221;yes&#8221; font_weight=&#8221;500&#8243; letter_spacing=&#8221;-0.7px&#8221; el_class=&#8221;ls-0 mb-3 pb-1 mt-2 text-center&#8221;][vc_custom_heading text=&#8221;Aparcamiento Cruz de Lagos&#8221; font_container=&#8221;tag:h3|font_size:24px|text_align:center|line_height:1.3&#8243; use_theme_fonts=&#8221;yes&#8221; font_weight=&#8221;700&#8243; letter_spacing=&#8221;-1.61px&#8221; el_class=&#8221;mb-3 text-center&#8221;][vc_custom_heading text=&#8221;Estacionamento afeto ao Munic\u00edpio de Granada para a zona de baixas [&hellip;]<\/p>\n","protected":false},"author":2,"featured_media":0,"parent":0,"menu_order":0,"comment_status":"closed","ping_status":"closed","template":"","meta":{"footnotes":""},"wf_page_folders":[102],"class_list":["post-2409","page","type-page","status-publish","hentry"],"yoast_head":"<!-- This site is optimized with the Yoast SEO plugin v27.4 - https:\/\/yoast.com\/product\/yoast-seo-wordpress\/ -->\n<title>Parque de estacionamento Cruz de Lagos - iPark<\/title>\n<meta name=\"description\" content=\"o parking Cruz de Lagos \u00e9 um parque de estacionamento central em Granada. Tarifas com desconto para contratos online sem comiss\u00e3o. Entre e conhe\u00e7a as taxas\" \/>\n<meta name=\"robots\" content=\"index, follow, max-snippet:-1, max-image-preview:large, max-video-preview:-1\" \/>\n<link rel=\"canonical\" href=\"https:\/\/iparksa.com\/pt-pt\/ipark-granada-parking-cruz-de-lagos\/\" \/>\n<meta property=\"og:locale\" content=\"pt_PT\" \/>\n<meta property=\"og:type\" content=\"article\" \/>\n<meta property=\"og:title\" content=\"Parque de estacionamento Cruz de Lagos - iPark\" \/>\n<meta property=\"og:description\" content=\"o parking Cruz de Lagos \u00e9 um parque de estacionamento central em Granada. Tarifas com desconto para contratos online sem comiss\u00e3o. Entre e conhe\u00e7a as taxas\" \/>\n<meta property=\"og:url\" content=\"https:\/\/iparksa.com\/pt-pt\/ipark-granada-parking-cruz-de-lagos\/\" \/>\n<meta property=\"og:site_name\" content=\"iPark\" \/>\n<meta property=\"article:modified_time\" content=\"2025-11-20T13:03:10+00:00\" \/>\n<meta name=\"twitter:card\" content=\"summary_large_image\" \/>\n<meta name=\"twitter:label1\" content=\"Tempo estimado de leitura\" \/>\n\t<meta name=\"twitter:data1\" content=\"10 minutos\" \/>\n<script type=\"application\/ld+json\" class=\"yoast-schema-graph\">{\"@context\":\"https:\\\/\\\/schema.org\",\"@graph\":[{\"@type\":\"WebPage\",\"@id\":\"https:\\\/\\\/iparksa.com\\\/pt-pt\\\/ipark-granada-parking-cruz-de-lagos\\\/\",\"url\":\"https:\\\/\\\/iparksa.com\\\/pt-pt\\\/ipark-granada-parking-cruz-de-lagos\\\/\",\"name\":\"Parque de estacionamento Cruz de Lagos - iPark\",\"isPartOf\":{\"@id\":\"https:\\\/\\\/iparksa.com\\\/pt-pt\\\/#website\"},\"datePublished\":\"2022-04-22T11:17:01+00:00\",\"dateModified\":\"2025-11-20T13:03:10+00:00\",\"description\":\"o parking Cruz de Lagos \u00e9 um parque de estacionamento central em Granada. Tarifas com desconto para contratos online sem comiss\u00e3o. Entre e conhe\u00e7a as taxas\",\"breadcrumb\":{\"@id\":\"https:\\\/\\\/iparksa.com\\\/pt-pt\\\/ipark-granada-parking-cruz-de-lagos\\\/#breadcrumb\"},\"inLanguage\":\"pt-PT\",\"potentialAction\":[{\"@type\":\"ReadAction\",\"target\":[\"https:\\\/\\\/iparksa.com\\\/pt-pt\\\/ipark-granada-parking-cruz-de-lagos\\\/\"]}]},{\"@type\":\"BreadcrumbList\",\"@id\":\"https:\\\/\\\/iparksa.com\\\/pt-pt\\\/ipark-granada-parking-cruz-de-lagos\\\/#breadcrumb\",\"itemListElement\":[{\"@type\":\"ListItem\",\"position\":1,\"name\":\"Portada\",\"item\":\"https:\\\/\\\/iparksa.com\\\/pt-pt\\\/\"},{\"@type\":\"ListItem\",\"position\":2,\"name\":\"Parque de estacionamento Cruz de Lagos\"}]},{\"@type\":\"WebSite\",\"@id\":\"https:\\\/\\\/iparksa.com\\\/pt-pt\\\/#website\",\"url\":\"https:\\\/\\\/iparksa.com\\\/pt-pt\\\/\",\"name\":\"iPark\",\"description\":\"Gesti\u00f3n de aparcamientos\",\"potentialAction\":[{\"@type\":\"SearchAction\",\"target\":{\"@type\":\"EntryPoint\",\"urlTemplate\":\"https:\\\/\\\/iparksa.com\\\/pt-pt\\\/?s={search_term_string}\"},\"query-input\":{\"@type\":\"PropertyValueSpecification\",\"valueRequired\":true,\"valueName\":\"search_term_string\"}}],\"inLanguage\":\"pt-PT\"}]}<\/script>\n<!-- \/ Yoast SEO plugin. -->","yoast_head_json":{"title":"Parque de estacionamento Cruz de Lagos - iPark","description":"o parking Cruz de Lagos \u00e9 um parque de estacionamento central em Granada. Tarifas com desconto para contratos online sem comiss\u00e3o. Entre e conhe\u00e7a as taxas","robots":{"index":"index","follow":"follow","max-snippet":"max-snippet:-1","max-image-preview":"max-image-preview:large","max-video-preview":"max-video-preview:-1"},"canonical":"https:\/\/iparksa.com\/pt-pt\/ipark-granada-parking-cruz-de-lagos\/","og_locale":"pt_PT","og_type":"article","og_title":"Parque de estacionamento Cruz de Lagos - iPark","og_description":"o parking Cruz de Lagos \u00e9 um parque de estacionamento central em Granada. Tarifas com desconto para contratos online sem comiss\u00e3o. Entre e conhe\u00e7a as taxas","og_url":"https:\/\/iparksa.com\/pt-pt\/ipark-granada-parking-cruz-de-lagos\/","og_site_name":"iPark","article_modified_time":"2025-11-20T13:03:10+00:00","twitter_card":"summary_large_image","twitter_misc":{"Tempo estimado de leitura":"10 minutos"},"schema":{"@context":"https:\/\/schema.org","@graph":[{"@type":"WebPage","@id":"https:\/\/iparksa.com\/pt-pt\/ipark-granada-parking-cruz-de-lagos\/","url":"https:\/\/iparksa.com\/pt-pt\/ipark-granada-parking-cruz-de-lagos\/","name":"Parque de estacionamento Cruz de Lagos - iPark","isPartOf":{"@id":"https:\/\/iparksa.com\/pt-pt\/#website"},"datePublished":"2022-04-22T11:17:01+00:00","dateModified":"2025-11-20T13:03:10+00:00","description":"o parking Cruz de Lagos \u00e9 um parque de estacionamento central em Granada. Tarifas com desconto para contratos online sem comiss\u00e3o. Entre e conhe\u00e7a as taxas","breadcrumb":{"@id":"https:\/\/iparksa.com\/pt-pt\/ipark-granada-parking-cruz-de-lagos\/#breadcrumb"},"inLanguage":"pt-PT","potentialAction":[{"@type":"ReadAction","target":["https:\/\/iparksa.com\/pt-pt\/ipark-granada-parking-cruz-de-lagos\/"]}]},{"@type":"BreadcrumbList","@id":"https:\/\/iparksa.com\/pt-pt\/ipark-granada-parking-cruz-de-lagos\/#breadcrumb","itemListElement":[{"@type":"ListItem","position":1,"name":"Portada","item":"https:\/\/iparksa.com\/pt-pt\/"},{"@type":"ListItem","position":2,"name":"Parque de estacionamento Cruz de Lagos"}]},{"@type":"WebSite","@id":"https:\/\/iparksa.com\/pt-pt\/#website","url":"https:\/\/iparksa.com\/pt-pt\/","name":"iPark","description":"Gesti\u00f3n de aparcamientos","potentialAction":[{"@type":"SearchAction","target":{"@type":"EntryPoint","urlTemplate":"https:\/\/iparksa.com\/pt-pt\/?s={search_term_string}"},"query-input":{"@type":"PropertyValueSpecification","valueRequired":true,"valueName":"search_term_string"}}],"inLanguage":"pt-PT"}]}},"_links":{"self":[{"href":"https:\/\/iparksa.com\/pt-pt\/wp-json\/wp\/v2\/pages\/2409","targetHints":{"allow":["GET"]}}],"collection":[{"href":"https:\/\/iparksa.com\/pt-pt\/wp-json\/wp\/v2\/pages"}],"about":[{"href":"https:\/\/iparksa.com\/pt-pt\/wp-json\/wp\/v2\/types\/page"}],"author":[{"embeddable":true,"href":"https:\/\/iparksa.com\/pt-pt\/wp-json\/wp\/v2\/users\/2"}],"replies":[{"embeddable":true,"href":"https:\/\/iparksa.com\/pt-pt\/wp-json\/wp\/v2\/comments?post=2409"}],"version-history":[{"count":23,"href":"https:\/\/iparksa.com\/pt-pt\/wp-json\/wp\/v2\/pages\/2409\/revisions"}],"predecessor-version":[{"id":15175,"href":"https:\/\/iparksa.com\/pt-pt\/wp-json\/wp\/v2\/pages\/2409\/revisions\/15175"}],"wp:attachment":[{"href":"https:\/\/iparksa.com\/pt-pt\/wp-json\/wp\/v2\/media?parent=2409"}],"wp:term":[{"taxonomy":"wf_page_folders","embeddable":true,"href":"https:\/\/iparksa.com\/pt-pt\/wp-json\/wp\/v2\/wf_page_folders?post=2409"}],"curies":[{"name":"wp","href":"https:\/\/api.w.org\/{rel}","templated":true}]}}