{"id":16174,"date":"2026-04-23T13:41:54","date_gmt":"2026-04-23T11:41:54","guid":{"rendered":"https:\/\/iparksa.com\/ipark-canarias-bahia-feliz\/"},"modified":"2026-04-27T12:34:14","modified_gmt":"2026-04-27T10:34:14","slug":"ipark-gran-canaria-parking-bahia-feliz","status":"publish","type":"page","link":"https:\/\/iparksa.com\/pt-pt\/ipark-gran-canaria-parking-bahia-feliz\/","title":{"rendered":"Parque de estacionamento <span class=\"green parking-page\">Bahia Feliz<\/span>"},"content":{"rendered":"<div class=\"wpb-content-wrapper\"><p>[vc_row][vc_column][vc_empty_space height=&#8221;3vh&#8221;][\/vc_column][\/vc_row][vc_row wrap_container=&#8221;yes&#8221; el_id=&#8221;info&#8221; css=&#8221;.vc_custom_1642676363056{padding-right: 3em !important;padding-left: 3em !important;}&#8221;][vc_column][vc_row_inner][vc_column_inner width=&#8221;1\/3&#8243; offset=&#8221;vc_hidden-sm vc_hidden-xs&#8221;][vc_separator color=&#8221;custom&#8221; accent_color=&#8221;#a5be0b&#8221;][vc_custom_heading text=&#8221;Informa\u00e7ao&#8221; font_container=&#8221;tag:h4|text_align:left&#8221; use_theme_fonts=&#8221;yes&#8221;][vc_empty_space height=&#8221;20&#8243;]<ul class=\"porto-info-list  porto-info-listd751713988987e9331980363e24189ce wpb_custom_2470fd4f9162ce1f73c94a8a2b72b3bf\"><li class=\"porto-info-list-item info-tarifas wpb_custom_eade0171093a7591372ccf9372738e3d\"><i class=\"porto-info-icon fas fa-calculator\"><\/i><div class=\"porto-info-list-item-desc\">[vc_tta_accordion c_icon=&#8221;chevron&#8221; active_section=&#8221;a&#8221; collapsible_all=&#8221;true&#8221;][vc_tta_section title=&#8221;Pre\u00e7os&#8221; tab_id=&#8221;1633174279445-165a9da4-e754&#8243;]<div class=\"porto-sicon-box  wpb_custom_1efe903570d178ff0a9b7bfa5febd3a4 style_1 default-icon flex-wrap\"><div class=\"porto-sicon-description\" style=\"\">\n<p>M\u00e1ximo di\u00e1rio: \u20ac9<\/p>\n<p><\/div> <!-- description --><\/div><!-- porto-sicon-box -->[\/vc_tta_section][\/vc_tta_accordion]<\/div><\/li><li class=\"porto-info-list-item  wpb_custom_eade0171093a7591372ccf9372738e3d\"><i class=\"porto-info-icon fas fa-clock\"><\/i><div class=\"porto-info-list-item-desc\">Hor\u00e1rio: 24\/7<\/div><\/li><li class=\"porto-info-list-item  wpb_custom_eade0171093a7591372ccf9372738e3d\"><i class=\"porto-info-icon fas fa-tachometer-alt\"><\/i><div class=\"porto-info-list-item-desc\">Elevador: N\u00e3o<\/div><\/li><li class=\"porto-info-list-item  wpb_custom_eade0171093a7591372ccf9372738e3d\"><i class=\"porto-info-icon fas fa-charging-station\"><\/i><div class=\"porto-info-list-item-desc\">Locais de carregamento el\u00e9trico: N\u00e3o<\/div><\/li><li class=\"porto-info-list-item  wpb_custom_eade0171093a7591372ccf9372738e3d\"><div class=\"porto-info-list-item-desc\">Altura m\u00e1xima: N\u00e3o<\/div><\/li><\/ul><a aria-label=\"Email\" class=\"porto-sicon-box-link\" href=\"mailto:bahiafeliz@ipark.es\"><div class=\"porto-sicon-box  vc_custom_1705069558301 custom-view-more  wpb_custom_26965764fb6121a376a742327df9f297 style_1 default-icon\"><div class=\"porto-sicon-default\"><div class=\"porto-just-icon-wrapper porto-icon none\" style=\"color:#ffffff;font-size:34px;margin-right:0px;\"><i class=\"Simple-Line-Icons-envelope\"><\/i><\/div><\/div><div class=\"porto-sicon-header\"><h5 class=\"porto-sicon-title\" style=\"margin-bottom:4px;\">Email<\/h5><p style=\"color:#ffffff;\">bahiafeliz @ipark.es<\/p><\/div> <!-- header --><\/div><!-- porto-sicon-box --><\/a><a aria-label=\"Telefone\" class=\"porto-sicon-box-link\" href=\"tel:+34634026736\"><div class=\"porto-sicon-box  vc_custom_1705069188531 custom-view-more  wpb_custom_26965764fb6121a376a742327df9f297 style_1 default-icon\"><div class=\"porto-sicon-default\"><div class=\"porto-just-icon-wrapper porto-icon none\" style=\"color:#ffffff;font-size:34px;margin-right:0px;\"><i class=\"Simple-Line-Icons-phone\"><\/i><\/div><\/div><div class=\"porto-sicon-header\"><h5 class=\"porto-sicon-title\" style=\"margin-bottom:4px;\">Telefone<\/h5><p style=\"color:#ffffff;\">+34 634 026 736<\/p><\/div> <!-- header --><\/div><!-- porto-sicon-box --><\/a><a aria-label=\"Endere\u00e7o\" class=\"porto-sicon-box-link\" href=\"\" target='_blank'><div class=\"porto-sicon-box  vc_custom_1705069819133 custom-view-more  wpb_custom_26965764fb6121a376a742327df9f297 style_1 default-icon\"><div class=\"porto-sicon-default\"><div class=\"porto-just-icon-wrapper porto-icon none\" style=\"color:#ffffff;font-size:34px;margin-right:0px;\"><i class=\"Simple-Line-Icons-location-pin\"><\/i><\/div><\/div><div class=\"porto-sicon-header\"><h5 class=\"porto-sicon-title\" style=\"margin-bottom:4px;\">Endere\u00e7o<\/h5><p style=\"color:#ffffff;\">Avda Windsurfing S\/N ESQ. c\/ Viejos Tendereteros Edif. Oficinas Local 16<\/p><\/div> <!-- header --><\/div><!-- porto-sicon-box --><\/a>[\/vc_column_inner][vc_column_inner width=&#8221;2\/3&#8243; offset=&#8221;vc_hidden-sm vc_hidden-xs&#8221;][vc_custom_heading text=&#8221;Ipark Estacionamientos Canarios SL&#8221; font_container=&#8221;tag:h3|font_size:14px|text_align:center|line_height:1&#8243; use_theme_fonts=&#8221;yes&#8221; font_weight=&#8221;500&#8243; letter_spacing=&#8221;-0.7px&#8221; el_class=&#8221;ls-0 mb-3 pb-1 mt-2 text-center&#8221; css_params=&#8221;&#8221;][vc_custom_heading text=&#8221;Parque de estacionamento Bahia Feliz&#8221; font_container=&#8221;tag:h3|font_size:24px|text_align:center|line_height:1.3&#8243; use_theme_fonts=&#8221;yes&#8221; font_weight=&#8221;700&#8243; letter_spacing=&#8221;-1.61px&#8221; el_class=&#8221;mb-3 text-center&#8221; css_params=&#8221;&#8221;][vc_column_text css=&#8221;.vc_custom_1777278142839{margin-bottom: 20px !important;}&#8221; css_params=&#8221;&#8221;]Se est\u00e1 \u00e0 procura de um parque de estacionamento em Las Palmas de Gran Canaria c\u00f3modo, seguro e bem localizado, o Parque Bah\u00eda Feliz \u00e9 a sua melhor escolha. Situado no cora\u00e7\u00e3o da frente mar\u00edtima da capital, este parque permite-lhe deixar o carro com total tranquilidade enquanto desfruta de tudo o que a cidade tem para oferecer: praias de n\u00edvel europeu, gastronomia local, compras, cultura e desportos aqu\u00e1ticos.[\/vc_column_text][vc_separator color=&#8221;custom&#8221; accent_color=&#8221;#a5be0b&#8221;][vc_gmaps link=&#8221;#E-8_JTNDaWZyYW1lJTIwc3JjJTNEJTIyaHR0cHMlM0ElMkYlMkZ3d3cuZ29vZ2xlLmNvbSUyRm1hcHMlMkZlbWJlZCUzRnBiJTNEJTIxMW0xNyUyMTFtMTIlMjExbTMlMjExZDg4Mi40NTc4NDU3Njk5MjE4JTIxMmQtMTUuNTE4NDc3MDkzMTI0MTMxJTIxM2QyNy43ODQxNjkyMTk2NzU0NjYlMjEybTMlMjExZjAlMjEyZjAlMjEzZjAlMjEzbTIlMjExaTEwMjQlMjEyaTc2OCUyMTRmMTMuMSUyMTNtMiUyMTFtMSUyMTJ6TWpmQ3NEUTNKekF6TGpBaVRpQXhOY0t3TXpFbk1EUXVNU0pYJTIxNWUwJTIxM20yJTIxMXNlcyUyMTJzZXMlMjE0djE3NzY5NDQ5NDE3NjAlMjE1bTIlMjExc2VzJTIxMnNlcyUyMiUyMHdpZHRoJTNEJTIyNjAwJTIyJTIwaGVpZ2h0JTNEJTIyNDUwJTIyJTIwc3R5bGUlM0QlMjJib3JkZXIlM0EwJTNCJTIyJTIwYWxsb3dmdWxsc2NyZWVuJTNEJTIyJTIyJTIwbG9hZGluZyUzRCUyMmxhenklMjIlMjByZWZlcnJlcnBvbGljeSUzRCUyMm5vLXJlZmVycmVyLXdoZW4tZG93bmdyYWRlJTIyJTNFJTNDJTJGaWZyYW1lJTNF&#8221; css=&#8221;&#8221; css_params=&#8221;&#8221;][\/vc_column_inner][\/vc_row_inner][\/vc_column][\/vc_row][vc_row][vc_column offset=&#8221;vc_hidden-lg vc_hidden-md&#8221; css=&#8221;.vc_custom_1657267350548{padding-right: 3em !important;padding-left: 3em !important;}&#8221;][vc_row_inner][vc_column_inner][vc_custom_heading text=&#8221;Ipark Estacionamientos Canarios SL&#8221; font_container=&#8221;tag:h3|font_size:14px|text_align:center|line_height:1&#8243; use_theme_fonts=&#8221;yes&#8221; font_weight=&#8221;500&#8243; letter_spacing=&#8221;-0.7px&#8221; el_class=&#8221;ls-0 mb-3 pb-1 mt-2 text-center&#8221; css_params=&#8221;&#8221;][vc_custom_heading text=&#8221;Parque de estacionamento Bahia Feliz&#8221; font_container=&#8221;tag:h3|font_size:24px|text_align:center|line_height:1.3&#8243; use_theme_fonts=&#8221;yes&#8221; font_weight=&#8221;700&#8243; letter_spacing=&#8221;-1.61px&#8221; el_class=&#8221;mb-3 text-center&#8221; css_params=&#8221;&#8221;][vc_column_text css=&#8221;&#8221; css_params=&#8221;&#8221;]Se est\u00e1 \u00e0 procura de um parque de estacionamento em Las Palmas de Gran Canaria c\u00f3modo, seguro e bem localizado, o Parque Bah\u00eda Feliz \u00e9 a sua melhor escolha. Situado no cora\u00e7\u00e3o da frente mar\u00edtima da capital, este parque permite-lhe deixar o carro com total tranquilidade enquanto desfruta de tudo o que a cidade tem para oferecer: praias de n\u00edvel europeu, gastronomia local, compras, cultura e desportos aqu\u00e1ticos.[\/vc_column_text][vc_separator color=&#8221;custom&#8221; accent_color=&#8221;#a5be0b&#8221;][vc_custom_heading text=&#8221;Informa\u00e7ao&#8221; font_container=&#8221;tag:h4|text_align:left&#8221; use_theme_fonts=&#8221;yes&#8221;][vc_empty_space height=&#8221;10&#8243;]<ul class=\"porto-info-list  porto-info-listd751713988987e9331980363e24189ce wpb_custom_2470fd4f9162ce1f73c94a8a2b72b3bf\"><li class=\"porto-info-list-item info-tarifas wpb_custom_eade0171093a7591372ccf9372738e3d\"><i class=\"porto-info-icon fas fa-calculator\"><\/i><div class=\"porto-info-list-item-desc\">[vc_tta_accordion c_icon=&#8221;chevron&#8221; active_section=&#8221;a&#8221; collapsible_all=&#8221;true&#8221;][vc_tta_section title=&#8221;Pre\u00e7os&#8221; tab_id=&#8221;1633174279445-165a9da4-e754&#8243;]<div class=\"porto-sicon-box  wpb_custom_1efe903570d178ff0a9b7bfa5febd3a4 style_1 default-icon flex-wrap\"><div class=\"porto-sicon-description\" style=\"\">\n<p>M\u00e1ximo di\u00e1rio: \u20ac9<\/p>\n<p><\/div> <!-- description --><\/div><!-- porto-sicon-box -->[\/vc_tta_section][\/vc_tta_accordion]<\/div><\/li><li class=\"porto-info-list-item  wpb_custom_eade0171093a7591372ccf9372738e3d\"><i class=\"porto-info-icon fas fa-clock\"><\/i><div class=\"porto-info-list-item-desc\">Hor\u00e1rio: 24\/7<\/div><\/li><li class=\"porto-info-list-item  wpb_custom_eade0171093a7591372ccf9372738e3d\"><i class=\"porto-info-icon fas fa-tachometer-alt\"><\/i><div class=\"porto-info-list-item-desc\">Elevador: N\u00e3o<\/div><\/li><li class=\"porto-info-list-item  wpb_custom_eade0171093a7591372ccf9372738e3d\"><i class=\"porto-info-icon fas fa-charging-station\"><\/i><div class=\"porto-info-list-item-desc\">Locais de carregamento el\u00e9trico: N\u00e3o<\/div><\/li><li class=\"porto-info-list-item  wpb_custom_eade0171093a7591372ccf9372738e3d\"><i class=\"porto-info-icon fas fa-sign\"><\/i><div class=\"porto-info-list-item-desc\">Altura m\u00e1xima: N\u00e3o<\/div><\/li><\/ul>[\/vc_column_inner][\/vc_row_inner][\/vc_column][\/vc_row][vc_row wrap_container=&#8221;yes&#8221; css=&#8221;.vc_custom_1642676441188{padding-right: 3em !important;padding-left: 3em !important;}&#8221;][vc_column][vc_custom_heading text=&#8221;Reservas e assinaturas&#8221; use_theme_fonts=&#8221;yes&#8221;][vc_separator color=&#8221;custom&#8221; accent_color=&#8221;#a5be0b&#8221;][vc_row_inner][vc_column_inner width=&#8221;1\/2&#8243; css=&#8221;.vc_custom_1642676668338{margin-bottom: 2em !important;}&#8221;][vc_hoverbox image=&#8221;2329&#8243; primary_title=&#8221;RESERVAS&#8221; hover_title=&#8221;Reserve as horas que vai usar o parque de estacionamento&#8221; hover_title_font_container=&#8221;font_size:20px|color:%23ffffff&#8221; hover_title_use_theme_fonts=&#8221;yes&#8221; hover_background_color=&#8221;custom&#8221; hover_btn_title=&#8221;Comprar&#8221; hover_btn_style=&#8221;outline-custom&#8221; hover_btn_outline_custom_color=&#8221;#ffffff&#8221; hover_btn_outline_custom_hover_background=&#8221;#ffffff&#8221; hover_btn_outline_custom_hover_text=&#8221;#fb8c00&#8243; hover_btn_shape=&#8221;round&#8221; hover_btn_align=&#8221;center&#8221; hover_btn_i_type=&#8221;material&#8221; hover_btn_i_icon_material=&#8221;vc-material vc-material-add_shopping_cart&#8221; use_custom_fonts_hover_title=&#8221;true&#8221; hover_add_button=&#8221;true&#8221; hover_btn_button_block=&#8221;true&#8221; hover_btn_add_icon=&#8221;true&#8221; el_class=&#8221;parking-card&#8221; hover_custom_background=&#8221;#fb8c00&#8243; hover_btn_link=&#8221;url:.%2Freservas-por-dias%2F&#8221;]<\/p>\n<p style=\"color: #ffffff;\">Reservas por dias. Reservas e pagamentos com anteced\u00eancia.<\/p>\n<p>[\/vc_hoverbox][\/vc_column_inner][\/vc_row_inner][vc_empty_space height=&#8221;5vh&#8221;][vc_row_inner][vc_column_inner offset=&#8221;vc_hidden-lg&#8221;]<a aria-label=\"Email\" class=\"porto-sicon-box-link\" href=\"mailto:bahiafeliz@ipark.es\"><div class=\"porto-sicon-box  vc_custom_1705069575984 custom-view-more  wpb_custom_26965764fb6121a376a742327df9f297 style_1 default-icon\"><div class=\"porto-sicon-default\"><div class=\"porto-just-icon-wrapper porto-icon none\" style=\"color:#ffffff;font-size:34px;margin-right:0px;\"><i class=\"Simple-Line-Icons-envelope\"><\/i><\/div><\/div><div class=\"porto-sicon-header\"><h5 class=\"porto-sicon-title\" style=\"margin-bottom:4px;\">Email<\/h5><p style=\"color:#ffffff;\">bahiafeliz @ipark.es<\/p><\/div> <!-- header --><\/div><!-- porto-sicon-box --><\/a><a aria-label=\"Telefone\" class=\"porto-sicon-box-link\" href=\"tel:+34634026736\"><div class=\"porto-sicon-box  vc_custom_1705069274435 custom-view-more  wpb_custom_26965764fb6121a376a742327df9f297 style_1 default-icon\"><div class=\"porto-sicon-default\"><div class=\"porto-just-icon-wrapper porto-icon none\" style=\"color:#ffffff;font-size:34px;margin-right:0px;\"><i class=\"Simple-Line-Icons-phone\"><\/i><\/div><\/div><div class=\"porto-sicon-header\"><h5 class=\"porto-sicon-title\" style=\"margin-bottom:4px;\">Telefone<\/h5><p style=\"color:#ffffff;\">+34 634 026 736<\/p><\/div> <!-- header --><\/div><!-- porto-sicon-box --><\/a><a aria-label=\"Endere\u00e7o\" class=\"porto-sicon-box-link\" href=\"\" target='_blank'><div class=\"porto-sicon-box  vc_custom_1705069796547 custom-view-more  wpb_custom_26965764fb6121a376a742327df9f297 style_1 default-icon\"><div class=\"porto-sicon-default\"><div class=\"porto-just-icon-wrapper porto-icon none\" style=\"color:#ffffff;font-size:34px;margin-right:0px;\"><i class=\"Simple-Line-Icons-location-pin\"><\/i><\/div><\/div><div class=\"porto-sicon-header\"><h5 class=\"porto-sicon-title\" style=\"margin-bottom:4px;\">Endere\u00e7o<\/h5><p style=\"color:#ffffff;\">Avda Windsurfing S\/N ESQ. c\/ Viejos Tendereteros Edif. Oficinas Local 16<\/p><\/div> <!-- header --><\/div><!-- porto-sicon-box --><\/a>[vc_empty_space height=&#8221;5vh&#8221;][\/vc_column_inner][\/vc_row_inner][\/vc_column][\/vc_row][vc_row wrap_container=&#8221;yes&#8221; el_id=&#8221;hiw&#8221; css=&#8221;.vc_custom_1642676473740{padding-right: 3em !important;padding-left: 3em !important;}&#8221;][vc_column][vc_custom_heading text=&#8221;Como funciona&#8221; use_theme_fonts=&#8221;yes&#8221;][vc_separator color=&#8221;custom&#8221; accent_color=&#8221;#a5be0b&#8221;][vc_row_inner][vc_column_inner]<ul class=\"porto-info-list  porto-info-listd751713988987e9331980363e24189ce wpb_custom_2470fd4f9162ce1f73c94a8a2b72b3bf\"><li class=\"porto-info-list-item  wpb_custom_eade0171093a7591372ccf9372738e3d\"><i class=\"porto-info-icon fas fa-check-double\"><\/i><div class=\"porto-info-list-item-desc\">\u00c9 necess\u00e1rio introduzir a matr\u00edcula do ve\u00edculo na compra de qualquer produto.<\/div><\/li><li class=\"porto-info-list-item  wpb_custom_eade0171093a7591372ccf9372738e3d\"><i class=\"porto-info-icon fas fa-check-double\"><\/i><div class=\"porto-info-list-item-desc\">Ao efetuar a Reserva ou ao adquirir o Passe, registaremos o seu registo no sistema de controlo de acesso do Estacionamento. \u00c9 assim t\u00e3o f\u00e1cil!\u200b<\/div><\/li><li class=\"porto-info-list-item  wpb_custom_eade0171093a7591372ccf9372738e3d\"><i class=\"porto-info-icon fas fa-check-double\"><\/i><div class=\"porto-info-list-item-desc\">Quando chegar ao Estacionamento, fique ao lado do dispensador de bilhetes. As c\u00e2maras de leitura da placa ir\u00e3o identific\u00e1-lo e abrir a barreira. Pode entrar!<\/div><\/li><li class=\"porto-info-list-item  wpb_custom_eade0171093a7591372ccf9372738e3d\"><i class=\"porto-info-icon fas fa-check-double\"><\/i><div class=\"porto-info-list-item-desc\">No check-out, na sua p\u00e1gina pessoal pode ver as compras efetuas e as suas informa\u00e7\u00f5es pessoais. Pode guard\u00e1-lo para futuras compras.<\/div><\/li><li class=\"porto-info-list-item  wpb_custom_eade0171093a7591372ccf9372738e3d\"><i class=\"porto-info-icon fas fa-check-double\"><\/i><div class=\"porto-info-list-item-desc\">Ao fazer uma Reserva, deve indicar o dia de chegada e o n\u00famero de dias de reserva.<br \/>\n<\/div><\/li><\/ul>[vc_empty_space height=&#8221;2vh&#8221;][\/vc_column_inner][\/vc_row_inner][vc_row_inner][vc_column_inner offset=&#8221;vc_hidden-xs&#8221;][vc_wp_text]<div id=\"metaslider-id-16147\" style=\"max-width: 800px; margin: 0 auto;\" class=\"ml-slider-3-107-0 metaslider metaslider-flex metaslider-16147 ml-slider has-dots-nav ms-theme-default\" role=\"region\" aria-label=\"Bahia Feliz\" data-height=\"600\" data-width=\"800\">\n    <div id=\"metaslider_container_16147\">\n        <div id=\"metaslider_16147\">\n            <ul class='slides'>\n                <li style=\"display: block; width: 100%;\" class=\"slide-16166 ms-image \" aria-roledescription=\"slide\" data-date=\"2026-04-23 13:56:30\" data-filename=\"BahiaFeliz6-800x600.jpg\" data-slide-type=\"image\"><img loading=\"lazy\" decoding=\"async\" src=\"https:\/\/iparksa.com\/wp-content\/uploads\/2026\/04\/BahiaFeliz6-800x600.jpg\" height=\"600\" width=\"800\" alt=\"\" class=\"slider-16147 slide-16166 msDefaultImage\" title=\"BahiaFeliz6\" \/><\/li>\n                <li style=\"display: none; width: 100%;\" class=\"slide-16167 ms-image \" aria-roledescription=\"slide\" data-date=\"2026-04-23 13:56:30\" data-filename=\"BahiaFeliz5-800x600.jpg\" data-slide-type=\"image\"><img loading=\"lazy\" decoding=\"async\" src=\"https:\/\/iparksa.com\/wp-content\/uploads\/2026\/04\/BahiaFeliz5-800x600.jpg\" height=\"600\" width=\"800\" alt=\"\" class=\"slider-16147 slide-16167 msDefaultImage\" title=\"BahiaFeliz5\" \/><\/li>\n                <li style=\"display: none; width: 100%;\" class=\"slide-16168 ms-image \" aria-roledescription=\"slide\" data-date=\"2026-04-23 13:56:30\" data-filename=\"BahiaFeliz4-800x600.jpg\" data-slide-type=\"image\"><img loading=\"lazy\" decoding=\"async\" src=\"https:\/\/iparksa.com\/wp-content\/uploads\/2026\/04\/BahiaFeliz4-800x600.jpg\" height=\"600\" width=\"800\" alt=\"\" class=\"slider-16147 slide-16168 msDefaultImage\" title=\"BahiaFeliz4\" \/><\/li>\n                <li style=\"display: none; width: 100%;\" class=\"slide-16169 ms-image \" aria-roledescription=\"slide\" data-date=\"2026-04-23 13:56:30\" data-filename=\"BahiaFeliz3-800x600.jpg\" data-slide-type=\"image\"><img loading=\"lazy\" decoding=\"async\" src=\"https:\/\/iparksa.com\/wp-content\/uploads\/2026\/04\/BahiaFeliz3-800x600.jpg\" height=\"600\" width=\"800\" alt=\"\" class=\"slider-16147 slide-16169 msDefaultImage\" title=\"BahiaFeliz3\" \/><\/li>\n                <li style=\"display: none; width: 100%;\" class=\"slide-16170 ms-image \" aria-roledescription=\"slide\" data-date=\"2026-04-23 13:56:30\" data-filename=\"BahiaFeliz2-800x600.jpg\" data-slide-type=\"image\"><img loading=\"lazy\" decoding=\"async\" src=\"https:\/\/iparksa.com\/wp-content\/uploads\/2026\/04\/BahiaFeliz2-800x600.jpg\" height=\"600\" width=\"800\" alt=\"\" class=\"slider-16147 slide-16170 msDefaultImage\" title=\"BahiaFeliz2\" \/><\/li>\n                <li style=\"display: none; width: 100%;\" class=\"slide-16171 ms-image \" aria-roledescription=\"slide\" data-date=\"2026-04-23 13:56:30\" data-filename=\"BahiaFeliz1-800x600.jpg\" data-slide-type=\"image\"><img loading=\"lazy\" decoding=\"async\" src=\"https:\/\/iparksa.com\/wp-content\/uploads\/2026\/04\/BahiaFeliz1-800x600.jpg\" height=\"600\" width=\"800\" alt=\"\" class=\"slider-16147 slide-16171 msDefaultImage\" title=\"BahiaFeliz1\" \/><\/li>\n            <\/ul>\n        <\/div>\n        \n    <\/div>\n<\/div>[\/vc_wp_text][\/vc_column_inner][\/vc_row_inner][vc_empty_space height=&#8221;5vh&#8221;][vc_row_inner][vc_column_inner offset=&#8221;vc_hidden-lg vc_hidden-md vc_hidden-sm&#8221;][vc_wp_text]<div id=\"metaslider-id-16147\" style=\"max-width: 800px; margin: 0 auto;\" class=\"ml-slider-3-107-0 metaslider metaslider-flex metaslider-16147 ml-slider has-dots-nav ms-theme-default\" role=\"region\" aria-label=\"Bahia Feliz\" data-height=\"600\" data-width=\"800\">\n    <div id=\"metaslider_container_16147\">\n        <div id=\"metaslider_16147\">\n            <ul class='slides'>\n                <li style=\"display: block; width: 100%;\" class=\"slide-16166 ms-image \" aria-roledescription=\"slide\" data-date=\"2026-04-23 13:56:30\" data-filename=\"BahiaFeliz6-800x600.jpg\" data-slide-type=\"image\"><img loading=\"lazy\" decoding=\"async\" src=\"https:\/\/iparksa.com\/wp-content\/uploads\/2026\/04\/BahiaFeliz6-800x600.jpg\" height=\"600\" width=\"800\" alt=\"\" class=\"slider-16147 slide-16166 msDefaultImage\" title=\"BahiaFeliz6\" \/><\/li>\n                <li style=\"display: none; width: 100%;\" class=\"slide-16167 ms-image \" aria-roledescription=\"slide\" data-date=\"2026-04-23 13:56:30\" data-filename=\"BahiaFeliz5-800x600.jpg\" data-slide-type=\"image\"><img loading=\"lazy\" decoding=\"async\" src=\"https:\/\/iparksa.com\/wp-content\/uploads\/2026\/04\/BahiaFeliz5-800x600.jpg\" height=\"600\" width=\"800\" alt=\"\" class=\"slider-16147 slide-16167 msDefaultImage\" title=\"BahiaFeliz5\" \/><\/li>\n                <li style=\"display: none; width: 100%;\" class=\"slide-16168 ms-image \" aria-roledescription=\"slide\" data-date=\"2026-04-23 13:56:30\" data-filename=\"BahiaFeliz4-800x600.jpg\" data-slide-type=\"image\"><img loading=\"lazy\" decoding=\"async\" src=\"https:\/\/iparksa.com\/wp-content\/uploads\/2026\/04\/BahiaFeliz4-800x600.jpg\" height=\"600\" width=\"800\" alt=\"\" class=\"slider-16147 slide-16168 msDefaultImage\" title=\"BahiaFeliz4\" \/><\/li>\n                <li style=\"display: none; width: 100%;\" class=\"slide-16169 ms-image \" aria-roledescription=\"slide\" data-date=\"2026-04-23 13:56:30\" data-filename=\"BahiaFeliz3-800x600.jpg\" data-slide-type=\"image\"><img loading=\"lazy\" decoding=\"async\" src=\"https:\/\/iparksa.com\/wp-content\/uploads\/2026\/04\/BahiaFeliz3-800x600.jpg\" height=\"600\" width=\"800\" alt=\"\" class=\"slider-16147 slide-16169 msDefaultImage\" title=\"BahiaFeliz3\" \/><\/li>\n                <li style=\"display: none; width: 100%;\" class=\"slide-16170 ms-image \" aria-roledescription=\"slide\" data-date=\"2026-04-23 13:56:30\" data-filename=\"BahiaFeliz2-800x600.jpg\" data-slide-type=\"image\"><img loading=\"lazy\" decoding=\"async\" src=\"https:\/\/iparksa.com\/wp-content\/uploads\/2026\/04\/BahiaFeliz2-800x600.jpg\" height=\"600\" width=\"800\" alt=\"\" class=\"slider-16147 slide-16170 msDefaultImage\" title=\"BahiaFeliz2\" \/><\/li>\n                <li style=\"display: none; width: 100%;\" class=\"slide-16171 ms-image \" aria-roledescription=\"slide\" data-date=\"2026-04-23 13:56:30\" data-filename=\"BahiaFeliz1-800x600.jpg\" data-slide-type=\"image\"><img loading=\"lazy\" decoding=\"async\" src=\"https:\/\/iparksa.com\/wp-content\/uploads\/2026\/04\/BahiaFeliz1-800x600.jpg\" height=\"600\" width=\"800\" alt=\"\" class=\"slider-16147 slide-16171 msDefaultImage\" title=\"BahiaFeliz1\" \/><\/li>\n            <\/ul>\n        <\/div>\n        \n    <\/div>\n<\/div>[\/vc_wp_text][\/vc_column_inner][\/vc_row_inner][\/vc_column][\/vc_row][vc_row css=&#8221;.vc_custom_1777278208345{padding-right: 3em !important;padding-left: 3em !important;}&#8221; conditional_render=&#8221;%5B%7B%22value_role%22%3A%22administrator%22%7D%5D&#8221; css_params=&#8221;&#8221;][vc_column][vc_custom_heading text=&#8221;O Seu Parque de Confian\u00e7a junto \u00e0 Praia de Las Canteras&#8221; use_theme_fonts=&#8221;yes&#8221; css_params=&#8221;&#8221;][vc_column_text css=&#8221;&#8221; css_params=&#8221;&#8221;]Se est\u00e1 \u00e0 procura de um parque de estacionamento em Las Palmas de Gran Canaria c\u00f3modo, seguro e bem localizado, o Parque Bah\u00eda Feliz \u00e9 a sua melhor escolha. Situado no cora\u00e7\u00e3o da frente mar\u00edtima da capital, este parque permite-lhe deixar o carro com total tranquilidade enquanto desfruta de tudo o que a cidade tem para oferecer: praias de n\u00edvel europeu, gastronomia local, compras, cultura e desportos aqu\u00e1ticos.[\/vc_column_text][\/vc_column][\/vc_row][vc_row css=&#8221;.vc_custom_1777278208345{padding-right: 3em !important;padding-left: 3em !important;}&#8221; conditional_render=&#8221;%5B%7B%22value_role%22%3A%22administrator%22%7D%5D&#8221; css_params=&#8221;&#8221;][vc_column][vc_custom_heading text=&#8221;Onde Fica o Parque de Estacionamento Bah\u00eda Feliz?&#8221; use_theme_fonts=&#8221;yes&#8221; css_params=&#8221;&#8221;][vc_column_text css=&#8221;&#8221; css_params=&#8221;&#8221;]O Parque Bah\u00eda Feliz est\u00e1 localizado na Avenida Windsurfing S\/N, esquina com a Rua Viejos Tendereteros, Edif\u00edcio de Escrit\u00f3rios, Local 16, em Las Palmas de Gran Canaria. A sua localiza\u00e7\u00e3o estrat\u00e9gica torna-o no ponto de partida ideal para explorar a p\u00e9 o passeio mar\u00edtimo de Las Canteras, o Mercado do Porto, o Audit\u00f3rio Alfredo Kraus e os melhores restaurantes da zona.<br \/>\nO acesso \u00e9 muito simples: o parque tem uma \u00fanica entrada e sa\u00edda, o que agiliza o fluxo de ve\u00edculos e evita confus\u00f5es. N\u00e3o existem restri\u00e7\u00f5es de altura, pelo que qualquer carro standard, SUV ou ve\u00edculo de altura normal pode entrar sem qualquer problema.<br \/>\n[\/vc_column_text][\/vc_column][\/vc_row][vc_row css=&#8221;.vc_custom_1777278208345{padding-right: 3em !important;padding-left: 3em !important;}&#8221; conditional_render=&#8221;%5B%7B%22value_role%22%3A%22administrator%22%7D%5D&#8221; css_params=&#8221;&#8221;][vc_column][vc_custom_heading text=&#8221;Hor\u00e1rio e Funcionamento&#8221; use_theme_fonts=&#8221;yes&#8221; css_params=&#8221;&#8221;][vc_column_text css=&#8221;&#8221; css_params=&#8221;&#8221;]O Parque Bah\u00eda Feliz funciona 24 horas por dia, 7 dias por semana, 365 dias por ano. Quer chegue de madrugada depois de uma noite na cidade, quer precise de estacionar cedo antes de um dia de praia ou de trabalho, o parque est\u00e1 sempre dispon\u00edvel para si.<br \/>\nO sistema de controlo de acessos \u00e9 gerido por equipamentos da marca e uma das solu\u00e7\u00f5es tecnol\u00f3gicas mais avan\u00e7adas do setor do estacionamento. Este sistema automatizado l\u00ea a matr\u00edcula do seu ve\u00edculo na entrada, emite um ticket de acesso e gere o pagamento de forma eficiente no final do estacionamento. Isto reduz os tempos de espera e garante um fluxo \u00e1gil de entradas e sa\u00eddas.<br \/>\n[\/vc_column_text][\/vc_column][\/vc_row][vc_row css=&#8221;.vc_custom_1777278208345{padding-right: 3em !important;padding-left: 3em !important;}&#8221; conditional_render=&#8221;%5B%7B%22value_role%22%3A%22administrator%22%7D%5D&#8221; css_params=&#8221;&#8221;][vc_column][vc_custom_heading text=&#8221;Tarifas e Modalidades de Estacionamento&#8221; use_theme_fonts=&#8221;yes&#8221; css_params=&#8221;&#8221;][vc_column_text css=&#8221;&#8221; css_params=&#8221;&#8221;]No Parque Bah\u00eda Feliz encontrar\u00e1 flexibilidade real para se adaptar \u00e0s suas necessidades, seja residente, trabalhador da zona ou turista de passagem.[\/vc_column_text][\/vc_column][\/vc_row][vc_row css=&#8221;.vc_custom_1777278208345{padding-right: 3em !important;padding-left: 3em !important;}&#8221; conditional_render=&#8221;%5B%7B%22value_role%22%3A%22administrator%22%7D%5D&#8221; css_params=&#8221;&#8221;][vc_column][vc_custom_heading text=&#8221;Estacionamento de Rota\u00e7\u00e3o&#8221; use_theme_fonts=&#8221;yes&#8221; css_params=&#8221;&#8221;][vc_column_text css=&#8221;&#8221; css_params=&#8221;&#8221;]Para visitas pontuais, o sistema funciona da seguinte forma: \u00e0 entrada, uma c\u00e2mara l\u00ea automaticamente a matr\u00edcula do seu ve\u00edculo e emite um ticket. Quando terminar, pague o valor correspondente no parqu\u00edmetro autom\u00e1tico do parque antes de levantar o carro. R\u00e1pido, sem filas e totalmente automatizado.<br \/>\n\u25cf Tarifa por horas: pague apenas o tempo que estiver estacionado<br \/>\n\u25cf Tarifa m\u00e1xima di\u00e1ria: existe um limite m\u00e1ximo di\u00e1rio; consulte directamente no parque as tarifas actualizadas, pois podem variar conforme a \u00e9poca<br \/>\n[\/vc_column_text][\/vc_column][\/vc_row][vc_row css=&#8221;.vc_custom_1777278208345{padding-right: 3em !important;padding-left: 3em !important;}&#8221; conditional_render=&#8221;%5B%7B%22value_role%22%3A%22administrator%22%7D%5D&#8221; css_params=&#8221;&#8221;][vc_column][vc_custom_heading text=&#8221;Passe Mensal 24 Horas&#8221; use_theme_fonts=&#8221;yes&#8221; css_params=&#8221;&#8221;][vc_column_text css=&#8221;&#8221; css_params=&#8221;&#8221;]Se \u00e9 residente ou trabalha habitualmente na zona de Las Canteras, o passe mensal 24 horas d\u00e1-lhe acesso ilimitado ao parque a qualquer hora do dia ou da noite. Com o passe, o sistema reconhece a sua matr\u00edcula e o acesso \u00e9 autom\u00e1tico \u2014 sem tickets, sem parar no parqu\u00edmetro, sem complica\u00e7\u00f5es.<br \/>\nPara contratar o seu passe ou obter mais informa\u00e7\u00f5es sobre as tarifas actuais, pode contactar directamente a equipa do Bah\u00eda Feliz:<br \/>\n\u25cf Telefone: +34 634 026 736<br \/>\n\u25cf Email: bahiafeliz@ipark.es<br \/>\n[\/vc_column_text][\/vc_column][\/vc_row][vc_row css=&#8221;.vc_custom_1777278208345{padding-right: 3em !important;padding-left: 3em !important;}&#8221; conditional_render=&#8221;%5B%7B%22value_role%22%3A%22administrator%22%7D%5D&#8221; css_params=&#8221;&#8221;][vc_column][vc_custom_heading text=&#8221;Reservas Di\u00e1rias&#8221; use_theme_fonts=&#8221;yes&#8221; css_params=&#8221;&#8221;][vc_column_text css=&#8221;&#8221; css_params=&#8221;&#8221;]Vem a Las Palmas por um dia e quer garantir o seu lugar? O Parque Bah\u00eda Feliz aceita reservas di\u00e1rias, uma op\u00e7\u00e3o muito \u00fatil em \u00e9poca alta ou quando planeia uma jornada intensa de turismo e actividades. Contacte o parque com anteced\u00eancia para confirmar disponibilidade e condi\u00e7\u00f5es.[\/vc_column_text][\/vc_column][\/vc_row][vc_row css=&#8221;.vc_custom_1777278208345{padding-right: 3em !important;padding-left: 3em !important;}&#8221; conditional_render=&#8221;%5B%7B%22value_role%22%3A%22administrator%22%7D%5D&#8221; css_params=&#8221;&#8221;][vc_column][vc_custom_heading text=&#8221;Seguran\u00e7a no Parque Bah\u00eda Feliz&#8221; use_theme_fonts=&#8221;yes&#8221; css_params=&#8221;&#8221;][vc_column_text css=&#8221;&#8221; css_params=&#8221;&#8221;]A seguran\u00e7a dos utilizadores \u00e9 uma prioridade. O parque conta com rondas de vigil\u00e2ncia nocturna realizadas pela Securitas, empresa de refer\u00eancia em seguran\u00e7a privada, com percursos regulares durante as horas nocturnas. Al\u00e9m disso, em breve ser\u00e1 instalado um sistema completo de videovigil\u00e2ncia por c\u00e2maras, que refor\u00e7ar\u00e1 ainda mais a seguran\u00e7a em todas as \u00e1reas do recinto.[\/vc_column_text][\/vc_column][\/vc_row][vc_row css=&#8221;.vc_custom_1777278208345{padding-right: 3em !important;padding-left: 3em !important;}&#8221; conditional_render=&#8221;%5B%7B%22value_role%22%3A%22administrator%22%7D%5D&#8221; css_params=&#8221;&#8221;][vc_column][vc_custom_heading text=&#8221;A Poucos Passos de Tudo: Pontos de Interesse Pr\u00f3ximos do Parque Bah\u00eda Feliz&#8221; use_theme_fonts=&#8221;yes&#8221; css_params=&#8221;&#8221;][vc_column_text css=&#8221;&#8221; css_params=&#8221;&#8221;]Uma das grandes vantagens do parque de estacionamento Bah\u00eda Feliz em Las Palmas de Gran Canaria \u00e9 a sua localiza\u00e7\u00e3o excecional. Daqui, em apenas alguns minutos a p\u00e9, pode chegar aos pontos mais ic\u00f3nicos e atractivos da cidade. Eis o que o espera:[\/vc_column_text][\/vc_column][\/vc_row][vc_row css=&#8221;.vc_custom_1777278208345{padding-right: 3em !important;padding-left: 3em !important;}&#8221; conditional_render=&#8221;%5B%7B%22value_role%22%3A%22administrator%22%7D%5D&#8221; css_params=&#8221;&#8221;][vc_column][vc_custom_heading text=&#8221;Praias e Ambiente Natural&#8221; use_theme_fonts=&#8221;yes&#8221; css_params=&#8221;&#8221;][vc_column_text css=&#8221;&#8221; css_params=&#8221;&#8221;]A Praia de Las Canteras \u00e9, sem d\u00favida, a joia de Las Palmas de Gran Canaria e uma das praias urbanas mais reconhecidas de toda a Europa. Com mais de 3 quil\u00f3metros de areia dourada, as suas \u00e1guas est\u00e3o protegidas por uma forma\u00e7\u00e3o rochosa submarina natural conhecida como La Barra, que actua como barreira natural e cria uma lagoa de \u00e1guas calmas perfeita para banho familiar, snorkel e desportos aqu\u00e1ticos suaves. Ao longo do seu passeio mar\u00edtimo encontrar\u00e1 bares de praia, esplanadas e toda a vida social da capital da ilha. Estacionar no Parque Bah\u00eda Feliz e caminhar at\u00e9 Las Canteras \u00e9 uma quest\u00e3o de minutos.<br \/>\nA Ba\u00eda do Confital, situada para al\u00e9m de La Puntilla em direc\u00e7\u00e3o ao norte, \u00e9 o territ\u00f3rio dos surfistas mais exigentes de Las Palmas. O seu ondulado aberto e as suas ondas de qualidade tornaram-na num dos spots de surf mais respeitados das Ilhas Can\u00e1rias. Seja um surfista de alto rendimento ou simplesmente queira contemplar as ondas, este recanto \u00e9 imperd\u00edvel.<br \/>\nA Praia de La C\u00edcer (Guanarteme), a sul de La Puntilla, \u00e9 outro cl\u00e1ssico para os amantes do surf. Frequentada desde os anos 70 pela comunidade local de surfistas, mant\u00e9m esse esp\u00edrito aut\u00eantico e alternativo que a distingue das zonas mais tur\u00edsticas. \u00c9 ideal para observar os locais em ac\u00e7\u00e3o ou apanhar ondas num ambiente mais genu\u00edno.<br \/>\n[\/vc_column_text][\/vc_column][\/vc_row][vc_row css=&#8221;.vc_custom_1777278208345{padding-right: 3em !important;padding-left: 3em !important;}&#8221; conditional_render=&#8221;%5B%7B%22value_role%22%3A%22administrator%22%7D%5D&#8221; css_params=&#8221;&#8221;][vc_column][vc_custom_heading text=&#8221;Gastronomia: Sabores Can\u00e1rios \u00e0 Porta de Casa&#8221; use_theme_fonts=&#8221;yes&#8221; css_params=&#8221;&#8221;][vc_column_text css=&#8221;&#8221; css_params=&#8221;&#8221;]A oferta gastron\u00f3mica em redor do Parque Bah\u00eda Feliz \u00e9 extraordin\u00e1ria. Esta zona concentra alguns dos melhores restaurantes de Las Palmas, desde chiringuitos de praia at\u00e9 propostas gourmet de alto n\u00edvel.<br \/>\nO Mercado do Porto (Mercado del Puerto), localizado em La Puntilla a escassos metros do parque, \u00e9 um mercado gastron\u00f3mico de refer\u00eancia na cidade. Bancas de comida fresca, bares de tapas, lojas de produtos locais e artesanato can\u00e1rio convivem num ambiente animado e colorido que representa na perfei\u00e7\u00e3o a cultura culin\u00e1ria da ilha. \u00c9 o local ideal para uma pausa a meio da manh\u00e3, um almo\u00e7o informal ou umas tapas antes de regressar ao carro.<br \/>\nO Restaurante La Marinera \u00e9 um dos \u00edcones gastron\u00f3micos de Las Canteras. Especializado em peixe fresco de barco, capturado em embarca\u00e7\u00f5es locais e servido no pr\u00f3prio dia, conta com uma ampla esplanada com vistas directas para o mar. A sua ementa reflecte a melhor tradi\u00e7\u00e3o marineira can\u00e1ria: vieja encebollada, cherne al mojo, gambas frescas da ba\u00eda&#8230; Uma experi\u00eancia gastron\u00f3mica genu\u00edna que n\u00e3o deve perder.<br \/>\nA Casa Carmelo \u00e9 h\u00e1 d\u00e9cadas o restaurante de refer\u00eancia para quem procura carnes na brasa e cozinha can\u00e1ria tradicional. As suas vistas para o mar e a atmosfera cl\u00e1ssica tornam-na no local ideal para um almo\u00e7o longo e descontra\u00eddo.<br \/>\nO Mabo Fish, dentro do Mercado do Porto, \u00e9 um dos estabelecimentos mais bem avaliados de toda a zona. Especializado em polvo e marisco fresco, preparados com t\u00e9cnica apurada e ingredientes de primeira qualidade, \u00e9 uma paragem obrigat\u00f3ria ao visitar o mercado.<br \/>\nA La Bikina Cantina aposta numa cozinha de fus\u00e3o internacional numa posi\u00e7\u00e3o privilegiada no passeio mar\u00edtimo. Com vistas directas para a praia e uma proposta criativa que mistura sabores de todo o mundo, \u00e9 perfeita para quem procura algo diferente sem se afastar da frente mar\u00edtima.<br \/>\nO Restaurante Tabla Caliente \u00e9 outra das op\u00e7\u00f5es mais elogiadas pelos visitantes de Las Canteras, especialmente valorizado pela excelente rela\u00e7\u00e3o qualidade-pre\u00e7o e pelo servi\u00e7o caloroso e atencioso.<br \/>\n[\/vc_column_text][\/vc_column][\/vc_row][vc_row css=&#8221;.vc_custom_1777278208345{padding-right: 3em !important;padding-left: 3em !important;}&#8221; conditional_render=&#8221;%5B%7B%22value_role%22%3A%22administrator%22%7D%5D&#8221; css_params=&#8221;&#8221;][vc_column][vc_custom_heading text=&#8221;Compras e Lazer&#8221; use_theme_fonts=&#8221;yes&#8221; css_params=&#8221;&#8221;][vc_column_text css=&#8221;&#8221; css_params=&#8221;&#8221;]A poucos minutos do parque encontra-se o Centro Comercial Las Arenas, um dos mais completos de Las Palmas de Gran Canaria. Com mais de 70 lojas de marcas nacionais e internacionais, salas de cinema, caf\u00e9s e zonas de restaura\u00e7\u00e3o, Las Arenas oferece uma experi\u00eancia de compras completa com vistas para o Audit\u00f3rio Alfredo Kraus e para o mar. \u00c9 uma \u00f3ptima op\u00e7\u00e3o para dias de chuva ou para quem queira combinar compras com entretenimento em fam\u00edlia.<br \/>\nO Passeio Mar\u00edtimo de Las Canteras \u00e9 em si mesmo uma experi\u00eancia de lazer e com\u00e9rcio. Ao longo dos seus mais de tr\u00eas quil\u00f3metros encontrar\u00e1 lojas de artesanato, boutiques locais, gelaterias artesanais, caf\u00e9s com esplanada e in\u00fameras lojas de moda e surf. Passear por ele ao p\u00f4r do sol \u00e9 um dos programas favoritos dos locais e dos turistas que visitam a cidade.<br \/>\n[\/vc_column_text][\/vc_column][\/vc_row][vc_row css=&#8221;.vc_custom_1777278208345{padding-right: 3em !important;padding-left: 3em !important;}&#8221; conditional_render=&#8221;%5B%7B%22value_role%22%3A%22administrator%22%7D%5D&#8221; css_params=&#8221;&#8221;][vc_column][vc_custom_heading text=&#8221;Cultura, Hist\u00f3ria e Patrim\u00f3nio&#8221; use_theme_fonts=&#8221;yes&#8221; css_params=&#8221;&#8221;][vc_column_text css=&#8221;&#8221; css_params=&#8221;&#8221;]O Audit\u00f3rio Alfredo Kraus \u00e9 um dos edif\u00edcios mais reconhec\u00edveis de Las Palmas de Gran Canaria. Desenhado pelo arquitecto \u00d3scar Tusquets, este \u00edcone arquitect\u00f3nico situa-se a sul de Las Canteras, com esplanadas abertas para o Atl\u00e2ntico e uma programa\u00e7\u00e3o cultural de primeiro n\u00edvel que inclui concertos, \u00f3pera, ballet e eventos internacionais. Mesmo que n\u00e3o assista a nenhum espect\u00e1culo, o edif\u00edcio merece uma visita pelo seu impacto visual e pelas vistas deslumbrantes que oferece das suas esplanadas exteriores.<br \/>\nPara quem deseje mergulhar na hist\u00f3ria e na alma de Gran Canaria, o Bairro Hist\u00f3rico de Vegueta, a cerca de 4-5 quil\u00f3metros do parque, \u00e9 uma excurs\u00e3o imprescind\u00edvel de meio dia. Este bairro declarado Bem de Interesse Cultural alberga a imponente Catedral de Santa Ana, cuja constru\u00e7\u00e3o se iniciou no s\u00e9culo XV; a Casa de Col\u00f3n, museu que recorda a passagem de Crist\u00f3v\u00e3o Colombo pela ilha a caminho do Novo Mundo; o Museu Can\u00e1rio, que conserva a maior colec\u00e7\u00e3o arqueol\u00f3gica pr\u00e9-hisp\u00e2nica das Ilhas Can\u00e1rias; e a Pra\u00e7a de Santa Ana, o centro simb\u00f3lico da cidade, ladeada pelos ic\u00f3nicos c\u00e3es majoreiros que guardam a entrada da catedral. Uma viagem pela mem\u00f3ria das Ilhas Can\u00e1rias, a apenas alguns minutos de carro do Parque Bah\u00eda Feliz.<br \/>\n[\/vc_column_text][\/vc_column][\/vc_row][vc_row css=&#8221;.vc_custom_1777278208345{padding-right: 3em !important;padding-left: 3em !important;}&#8221; conditional_render=&#8221;%5B%7B%22value_role%22%3A%22administrator%22%7D%5D&#8221; css_params=&#8221;&#8221;][vc_column][vc_custom_heading text=&#8221;Desportos Aqu\u00e1ticos e Actividades ao Ar Livre&#8221; use_theme_fonts=&#8221;yes&#8221; css_params=&#8221;&#8221;][vc_column_text css=&#8221;&#8221; css_params=&#8221;&#8221;]A zona de La Puntilla e Las Canteras \u00e9 um dos enclaves mais activos das Ilhas Can\u00e1rias no que diz respeito a desportos aqu\u00e1ticos. Ao longo do passeio mar\u00edtimo encontrar\u00e1 v\u00e1rias escolas de surf, windsurf e bodyboard que oferecem aulas para todos os n\u00edveis, desde principiantes at\u00e9 praticantes avan\u00e7ados. O windsurf tem, em particular, uma longa tradi\u00e7\u00e3o nesta zona, com condi\u00e7\u00f5es de vento e onda muito valorizadas no circuito internacional.<br \/>\nSe preferir o mundo subaqu\u00e1tico, a zona de La Barra em Las Canteras \u00e9 excelente para snorkel gra\u00e7as \u00e0 riqueza da sua fauna marinha e \u00e0 transpar\u00eancia das suas \u00e1guas. Empresas locais organizam tamb\u00e9m mergulhos de scuba diving para explorar os fundos rochosos a norte da cidade. Para os mais activos, o passeio mar\u00edtimo \u00e9 tamb\u00e9m um circuito muito popular para correr, andar de bicicleta ou simplesmente caminhar junto ao Atl\u00e2ntico.<br \/>\n[\/vc_column_text][\/vc_column][\/vc_row][vc_row css=&#8221;.vc_custom_1777278208345{padding-right: 3em !important;padding-left: 3em !important;}&#8221; conditional_render=&#8221;%5B%7B%22value_role%22%3A%22administrator%22%7D%5D&#8221; css_params=&#8221;&#8221;][vc_column][vc_custom_heading text=&#8221;Contacte o Parque de Estacionamento Bah\u00eda Feliz&#8221; use_theme_fonts=&#8221;yes&#8221; css_params=&#8221;&#8221;][vc_column_text css=&#8221;&#8221; css_params=&#8221;&#8221;]Tem alguma d\u00favida sobre tarifas, passes mensais ou reservas? A equipa do Parque Bah\u00eda Feliz em Las Palmas de Gran Canaria est\u00e1 \u00e0 sua disposi\u00e7\u00e3o:<br \/>\n\u25cf Telefone: +34 634 026 736<br \/>\n\u25cf Email: bahiafeliz@ipark.es<br \/>\n\u25cf Morada: Avda. Windsurfing S\/N, esq. C\/ Viejos Tendereteros, Edif\u00edcio de Escrit\u00f3rios, Local 16 \u2014 Las Palmas de Gran Canaria<br \/>\nDeixe o seu carro em m\u00e3os profissionais e desfrute de tudo o que Las Palmas tem para oferecer. O Parque Bah\u00eda Feliz \u00e9 o seu aliado na cidade.<br \/>\n[\/vc_column_text][\/vc_column][\/vc_row][vc_row css=&#8221;.vc_custom_1642676545069{padding-right: 3em !important;padding-left: 3em !important;}&#8221;][vc_column offset=&#8221;vc_hidden-lg vc_hidden-md&#8221;]<div class=\"porto-ultimate-content-box-container \"><div class=\"porto-ultimate-content-box porto_ucb_d751713988987e9331980363e24189ce\" style=\"\"><div class=\"widget_sidebar_menu main-sidebar-menu wpb_custom_bd96d282bd99227adaa2fd2727fa1ab3\"><div class=\"widget-title\">Parkings<\/div><div class=\"sidebar-menu-wrap\"><ul id=\"menu-parkings-portugues-portugal\" class=\"sidebar-menu\"><li id=\"nav-menu-item-14169\" class=\"menu-item menu-item-type-custom menu-item-object-custom menu-item-has-children  has-sub narrow \"><a href=\"https:\/\/iparksa.com\/pt-pt\/parkings-ipark-madrid\/\"><i class=\"fas fa-parking\"><\/i>Madrid<\/a><span class=\"arrow\" aria-label=\"Open Submenu\"><\/span>\n<div class=\"popup\"><div class=\"inner\" style=\"\"><ul class=\"sub-menu porto-narrow-sub-menu\">\n\t<li id=\"nav-menu-item-3946\" class=\"menu-item menu-item-type-post_type menu-item-object-page menu-item-has-children  sub\" data-cols=\"1\"><a href=\"https:\/\/iparksa.com\/pt-pt\/parkings-ipark-madrid\/\"><i class=\"fas fa-parking\"><\/i>Madrid<\/a>\n\t<ul class=\"sub-menu\">\n\t\t<li id=\"nav-menu-item-9861\" class=\"menu-item menu-item-type-post_type menu-item-object-page \"><a href=\"https:\/\/iparksa.com\/pt-pt\/ipark-madrid-parking-chamartin\/\">Parking Chamart\u00edn<\/a><\/li>\n\t\t<li id=\"nav-menu-item-3947\" class=\"menu-item menu-item-type-post_type menu-item-object-page \"><a href=\"https:\/\/iparksa.com\/pt-pt\/ipark-madrid-princesa-25\/\">Princesa 25<\/a><\/li>\n\t\t<li id=\"nav-menu-item-6050\" class=\"menu-item menu-item-type-post_type menu-item-object-page \"><a href=\"https:\/\/iparksa.com\/pt-pt\/ipark-madrid-atocha-70\/\">Atocha 70<\/a><\/li>\n\t\t<li id=\"nav-menu-item-3948\" class=\"menu-item menu-item-type-post_type menu-item-object-page \"><a href=\"https:\/\/iparksa.com\/pt-pt\/ipark-madrid-verdaguer-y-garcia\/\">Verdaguer y Garc\u00eda<\/a><\/li>\n\t\t<li id=\"nav-menu-item-10228\" class=\"menu-item menu-item-type-post_type menu-item-object-page \"><a href=\"https:\/\/iparksa.com\/pt-pt\/ipark-madrid-parking-goya\/\">Goya<\/a><\/li>\n\t\t<li id=\"nav-menu-item-14168\" class=\"menu-item menu-item-type-custom menu-item-object-custom \"><a href=\"https:\/\/iparksa.com\/pt-pt\/servicio-valet-parking-ave-atocha-chamartin\/\">Servi\u00e7o Valet Atocha | Chamartin<\/a><\/li>\n\t<\/ul>\n<\/li>\n\t<li id=\"nav-menu-item-14191\" class=\"menu-item menu-item-type-custom menu-item-object-custom menu-item-has-children  sub\" data-cols=\"1\"><a href=\"https:\/\/iparksa.com\/pt-pt\/parkings-ipark-san-lorenzo-de-el-escorial\/\"><i class=\"fas fa-parking\"><\/i>San Lorenzo de El Escorial<\/a>\n\t<ul class=\"sub-menu\">\n\t\t<li id=\"nav-menu-item-10674\" class=\"menu-item menu-item-type-post_type menu-item-object-page \"><a href=\"https:\/\/iparksa.com\/pt-pt\/ipark-madrid-parking-plaza-de-la-constitucion\/\">Plaza de la Constituci\u00f3n<\/a><\/li>\n\t<\/ul>\n<\/li>\n<\/ul><\/div><\/div>\n<\/li>\n<li id=\"nav-menu-item-3949\" class=\"menu-item menu-item-type-post_type menu-item-object-page menu-item-has-children  has-sub narrow \"><a href=\"https:\/\/iparksa.com\/pt-pt\/parkings-ipark-granada\/\"><i class=\"fas fa-parking\"><\/i>Granada<\/a><span class=\"arrow\" aria-label=\"Open Submenu\"><\/span>\n<div class=\"popup\"><div class=\"inner\" style=\"\"><ul class=\"sub-menu porto-narrow-sub-menu\">\n\t<li id=\"nav-menu-item-3950\" class=\"menu-item menu-item-type-post_type menu-item-object-page \" data-cols=\"1\"><a href=\"https:\/\/iparksa.com\/pt-pt\/ipark-granada-severo-ochoa\/\">Severo Ochoa<\/a><\/li>\n\t<li id=\"nav-menu-item-3951\" class=\"menu-item menu-item-type-post_type menu-item-object-page \" data-cols=\"1\"><a href=\"https:\/\/iparksa.com\/pt-pt\/ipark-granada-parking-cruz-de-lagos\/\">Cruz de Lagos<\/a><\/li>\n\t<li id=\"nav-menu-item-3952\" class=\"menu-item menu-item-type-post_type menu-item-object-page \" data-cols=\"1\"><a href=\"https:\/\/iparksa.com\/pt-pt\/ipark-granada-ronda-centro\/\">Ronda Centro<\/a><\/li>\n\t<li id=\"nav-menu-item-13424\" class=\"menu-item menu-item-type-post_type menu-item-object-page \" data-cols=\"1\"><a href=\"https:\/\/iparksa.com\/pt-pt\/ipark-granada-aparcamiento-los-carmenes\/\">Los C\u00e1rmenes<\/a><\/li>\n<\/ul><\/div><\/div>\n<\/li>\n<li id=\"nav-menu-item-3953\" class=\"menu-item menu-item-type-post_type menu-item-object-page menu-item-has-children  has-sub narrow \"><a href=\"https:\/\/iparksa.com\/pt-pt\/parkings-ipark-almeria\/\"><i class=\"fas fa-parking\"><\/i>Almer\u00eda<\/a><span class=\"arrow\" aria-label=\"Open Submenu\"><\/span>\n<div class=\"popup\"><div class=\"inner\" style=\"\"><ul class=\"sub-menu porto-narrow-sub-menu\">\n\t<li id=\"nav-menu-item-3954\" class=\"menu-item menu-item-type-post_type menu-item-object-page \" data-cols=\"1\"><a href=\"https:\/\/iparksa.com\/pt-pt\/ipark-almeria-rambla-obispo-orbera-mercado\/\">Rambla Obispo Orber\u00e1 Mercado<\/a><\/li>\n<\/ul><\/div><\/div>\n<\/li>\n<li id=\"nav-menu-item-8866\" class=\"menu-item menu-item-type-custom menu-item-object-custom menu-item-has-children  has-sub narrow \"><a href=\"#\"><i class=\"fas fa-parking\"><\/i>M\u00e1laga<\/a><span class=\"arrow\" aria-label=\"Open Submenu\"><\/span>\n<div class=\"popup\"><div class=\"inner\" style=\"\"><ul class=\"sub-menu porto-narrow-sub-menu\">\n\t<li id=\"nav-menu-item-3955\" class=\"menu-item menu-item-type-post_type menu-item-object-page menu-item-has-children  sub\" data-cols=\"1\"><a href=\"https:\/\/iparksa.com\/pt-pt\/parkings-ipark-malaga\/\"><i class=\"fas fa-parking\"><\/i>V\u00e9lez-M\u00e1laga<\/a>\n\t<ul class=\"sub-menu\">\n\t\t<li id=\"nav-menu-item-3957\" class=\"menu-item menu-item-type-post_type menu-item-object-page \"><a href=\"https:\/\/iparksa.com\/pt-pt\/ipark-velez-malaga-plaza-del-carmen\/\">Plaza del Carmen<\/a><\/li>\n\t\t<li id=\"nav-menu-item-3956\" class=\"menu-item menu-item-type-post_type menu-item-object-page \"><a href=\"https:\/\/iparksa.com\/pt-pt\/ipark-torre-del-mar-las-yucas\/\">Las Yucas<\/a><\/li>\n\t<\/ul>\n<\/li>\n\t<li id=\"nav-menu-item-9389\" class=\"menu-item menu-item-type-post_type menu-item-object-page menu-item-has-children  sub\" data-cols=\"1\"><a href=\"https:\/\/iparksa.com\/pt-pt\/parkings-ipark-torremolinos\/\"><i class=\"fas fa-parking\"><\/i>Torremolinos<\/a>\n\t<ul class=\"sub-menu\">\n\t\t<li id=\"nav-menu-item-3958\" class=\"menu-item menu-item-type-post_type menu-item-object-page \"><a href=\"https:\/\/iparksa.com\/pt-pt\/ipark-torremolinos-pueblo-blanco\/\">Pueblo Blanco<\/a><\/li>\n\t\t<li id=\"nav-menu-item-3959\" class=\"menu-item menu-item-type-post_type menu-item-object-page \"><a href=\"https:\/\/iparksa.com\/pt-pt\/ipark-torremolinos-parking-centro\/\">Parking Centro<\/a><\/li>\n\t<\/ul>\n<\/li>\n<\/ul><\/div><\/div>\n<\/li>\n<li id=\"nav-menu-item-11361\" class=\"menu-item menu-item-type-post_type menu-item-object-page menu-item-has-children  has-sub narrow \"><a href=\"https:\/\/iparksa.com\/pt-pt\/parkings-ipark-murcia\/\"><i class=\"fas fa-parking\"><\/i>Murcia<\/a><span class=\"arrow\" aria-label=\"Open Submenu\"><\/span>\n<div class=\"popup\"><div class=\"inner\" style=\"\"><ul class=\"sub-menu porto-narrow-sub-menu\">\n\t<li id=\"nav-menu-item-11362\" class=\"menu-item menu-item-type-post_type menu-item-object-page \" data-cols=\"1\"><a href=\"https:\/\/iparksa.com\/pt-pt\/ipark-murcia-parking-jose-barnes\/\">Jos\u00e9 Barn\u00e9s<\/a><\/li>\n<\/ul><\/div><\/div>\n<\/li>\n<li id=\"nav-menu-item-15037\" class=\"menu-item menu-item-type-post_type menu-item-object-page menu-item-has-children  has-sub narrow \"><a href=\"https:\/\/iparksa.com\/pt-pt\/parkings-ipark-las-palmas-de-gran-canaria\/\"><i class=\"fas fa-parking\"><\/i>Gran Canaria<\/a><span class=\"arrow\" aria-label=\"Open Submenu\"><\/span>\n<div class=\"popup\"><div class=\"inner\" style=\"\"><ul class=\"sub-menu porto-narrow-sub-menu\">\n\t<li id=\"nav-menu-item-15036\" class=\"menu-item menu-item-type-post_type menu-item-object-page \" data-cols=\"1\"><a href=\"https:\/\/iparksa.com\/pt-pt\/ipark-las-palmas-de-gran-canaria-la-puntilla\/\">La Puntilla<\/a><\/li>\n\t<li id=\"nav-menu-item-15956\" class=\"menu-item menu-item-type-post_type menu-item-object-page \" data-cols=\"1\"><a href=\"https:\/\/iparksa.com\/pt-pt\/parking-ciudad-jardin\/\">Ciudad Jard\u00edn<\/a><\/li>\n\t<li id=\"nav-menu-item-15984\" class=\"menu-item menu-item-type-post_type menu-item-object-page \" data-cols=\"1\"><a href=\"https:\/\/iparksa.com\/pt-pt\/ipark-las-palmas-parking-monopol-triana\/\">Monopol<\/a><\/li>\n\t<li id=\"nav-menu-item-16205\" class=\"menu-item menu-item-type-post_type menu-item-object-page \" data-cols=\"1\"><a href=\"https:\/\/iparksa.com\/pt-pt\/ipark-gran-canaria-parking-bahia-feliz\/\">Bahia Feliz<\/a><\/li>\n<\/ul><\/div><\/div>\n<\/li>\n<li id=\"nav-menu-item-8867\" class=\"menu-item menu-item-type-custom menu-item-object-custom menu-item-has-children  has-sub narrow \"><a href=\"#\"><i class=\"fas fa-parking\"><\/i>Bizkaia<\/a><span class=\"arrow\" aria-label=\"Open Submenu\"><\/span>\n<div class=\"popup\"><div class=\"inner\" style=\"\"><ul class=\"sub-menu porto-narrow-sub-menu\">\n\t<li id=\"nav-menu-item-3960\" class=\"menu-item menu-item-type-post_type menu-item-object-page menu-item-has-children  sub\" data-cols=\"1\"><a href=\"https:\/\/iparksa.com\/pt-pt\/parkings-ipark-bilbao\/\"><i class=\"fas fa-parking\"><\/i>Bilbao<\/a>\n\t<ul class=\"sub-menu\">\n\t\t<li id=\"nav-menu-item-3961\" class=\"menu-item menu-item-type-post_type menu-item-object-page \"><a href=\"https:\/\/iparksa.com\/pt-pt\/ipark-bilbao-parking-madariaga\/\">Madariaga<\/a><\/li>\n\t<\/ul>\n<\/li>\n<\/ul><\/div><\/div>\n<\/li>\n<li id=\"nav-menu-item-9298\" class=\"menu-item menu-item-type-custom menu-item-object-custom menu-item-has-children  has-sub narrow \"><a href=\"#\"><i class=\"fas fa-parking\"><\/i>Alicante<\/a><span class=\"arrow\" aria-label=\"Open Submenu\"><\/span>\n<div class=\"popup\"><div class=\"inner\" style=\"\"><ul class=\"sub-menu porto-narrow-sub-menu\">\n\t<li id=\"nav-menu-item-3962\" class=\"menu-item menu-item-type-post_type menu-item-object-page menu-item-has-children  sub\" data-cols=\"1\"><a href=\"https:\/\/iparksa.com\/pt-pt\/parkings-ipark-alicante\/\"><i class=\"fas fa-parking\"><\/i>Alicante<\/a>\n\t<ul class=\"sub-menu\">\n\t\t<li id=\"nav-menu-item-3963\" class=\"menu-item menu-item-type-post_type menu-item-object-page \"><a href=\"https:\/\/iparksa.com\/pt-pt\/ipark-alicante-poeta-quintana\/\">Poeta Quintana<\/a><\/li>\n\t<\/ul>\n<\/li>\n\t<li id=\"nav-menu-item-9391\" class=\"menu-item menu-item-type-post_type menu-item-object-page menu-item-has-children  sub\" data-cols=\"1\"><a href=\"https:\/\/iparksa.com\/pt-pt\/parkings-ipark-santa-pola\/\"><i class=\"fas fa-parking\"><\/i>Santa pola<\/a>\n\t<ul class=\"sub-menu\">\n\t\t<li id=\"nav-menu-item-9197\" class=\"menu-item menu-item-type-post_type menu-item-object-page \"><a href=\"https:\/\/iparksa.com\/pt-pt\/ipark-alicante-parking-castillo\/\">Parking Castillo<\/a><\/li>\n\t<\/ul>\n<\/li>\n<\/ul><\/div><\/div>\n<\/li>\n<li id=\"nav-menu-item-3964\" class=\"menu-item menu-item-type-post_type menu-item-object-page menu-item-has-children  has-sub narrow \"><a href=\"https:\/\/iparksa.com\/pt-pt\/parkings-ipark-cordoba\/\"><i class=\"fas fa-parking\"><\/i>C\u00f3rdoba<\/a><span class=\"arrow\" aria-label=\"Open Submenu\"><\/span>\n<div class=\"popup\"><div class=\"inner\" style=\"\"><ul class=\"sub-menu porto-narrow-sub-menu\">\n\t<li id=\"nav-menu-item-6051\" class=\"menu-item menu-item-type-post_type menu-item-object-page \" data-cols=\"1\"><a href=\"https:\/\/iparksa.com\/pt-pt\/ipark-cordoba-cordoba-centro\/\">C\u00f3rdoba Centro<\/a><\/li>\n<\/ul><\/div><\/div>\n<\/li>\n<li id=\"nav-menu-item-8869\" class=\"menu-item menu-item-type-custom menu-item-object-custom menu-item-has-children  has-sub narrow \"><a href=\"#\"><i class=\"fas fa-parking\"><\/i>C\u00e1diz<\/a><span class=\"arrow\" aria-label=\"Open Submenu\"><\/span>\n<div class=\"popup\"><div class=\"inner\" style=\"\"><ul class=\"sub-menu porto-narrow-sub-menu\">\n\t<li id=\"nav-menu-item-9390\" class=\"menu-item menu-item-type-post_type menu-item-object-page menu-item-has-children  sub\" data-cols=\"1\"><a href=\"https:\/\/iparksa.com\/pt-pt\/parkings-ipark-algeciras\/\"><i class=\"fas fa-parking\"><\/i>Algeciras<\/a>\n\t<ul class=\"sub-menu\">\n\t\t<li id=\"nav-menu-item-3970\" class=\"menu-item menu-item-type-post_type menu-item-object-page \"><a href=\"https:\/\/iparksa.com\/pt-pt\/ipark-algeciras-mercado-de-abastos\/\">Mercado de Abastos<\/a><\/li>\n\t\t<li id=\"nav-menu-item-9860\" class=\"menu-item menu-item-type-post_type menu-item-object-page \"><a href=\"https:\/\/iparksa.com\/pt-pt\/ipark-algeciras-parking-hispano\/\">Parking Hispano<\/a><\/li>\n\t<\/ul>\n<\/li>\n\t<li id=\"nav-menu-item-3969\" class=\"menu-item menu-item-type-post_type menu-item-object-page menu-item-has-children  sub\" data-cols=\"1\"><a href=\"https:\/\/iparksa.com\/pt-pt\/parkings-ipark-cadiz\/\"><i class=\"fas fa-parking\"><\/i>C\u00e1diz<\/a>\n\t<ul class=\"sub-menu\">\n\t\t<li id=\"nav-menu-item-3971\" class=\"menu-item menu-item-type-post_type menu-item-object-page \"><a href=\"https:\/\/iparksa.com\/pt-pt\/ipark-cadiz-garaje-america\/\">Garaje Am\u00e9rica<\/a><\/li>\n\t\t<li id=\"nav-menu-item-8784\" class=\"menu-item menu-item-type-post_type menu-item-object-page \"><a href=\"https:\/\/iparksa.com\/pt-pt\/ipark-cadiz-parking-telegrafia\/\">Parking Telegrafia<\/a><\/li>\n\t\t<li id=\"nav-menu-item-10747\" class=\"menu-item menu-item-type-post_type menu-item-object-page \"><a href=\"https:\/\/iparksa.com\/pt-pt\/ipark-cadiz-parking-fo-cona\/\">Puerta de Gibraltar<\/a><\/li>\n\t<\/ul>\n<\/li>\n\t<li id=\"nav-menu-item-14731\" class=\"menu-item menu-item-type-post_type menu-item-object-page menu-item-has-children  sub\" data-cols=\"1\"><a href=\"https:\/\/iparksa.com\/pt-pt\/parkings-ipark-rota\/\"><i class=\"fas fa-parking\"><\/i>Rota<\/a>\n\t<ul class=\"sub-menu\">\n\t\t<li id=\"nav-menu-item-14730\" class=\"menu-item menu-item-type-post_type menu-item-object-page \"><a href=\"https:\/\/iparksa.com\/pt-pt\/ipark-rota-parking-puerto-rota\/\">Parking Puerto Rota<\/a><\/li>\n\t<\/ul>\n<\/li>\n<\/ul><\/div><\/div>\n<\/li>\n<li id=\"nav-menu-item-8870\" class=\"menu-item menu-item-type-custom menu-item-object-custom menu-item-has-children  has-sub narrow \"><a href=\"#\"><i class=\"fas fa-parking\"><\/i>Huelva<\/a><span class=\"arrow\" aria-label=\"Open Submenu\"><\/span>\n<div class=\"popup\"><div class=\"inner\" style=\"\"><ul class=\"sub-menu porto-narrow-sub-menu\">\n\t<li id=\"nav-menu-item-3965\" class=\"menu-item menu-item-type-post_type menu-item-object-page menu-item-has-children  sub\" data-cols=\"1\"><a href=\"https:\/\/iparksa.com\/pt-pt\/parkings-ipark-huelva\/\"><i class=\"fas fa-parking\"><\/i>Huelva<\/a>\n\t<ul class=\"sub-menu\">\n\t\t<li id=\"nav-menu-item-7097\" class=\"menu-item menu-item-type-post_type menu-item-object-page \"><a href=\"https:\/\/iparksa.com\/pt-pt\/ipark-huelva-hospital-costa-de-la-luz\/\">Hospital Costa de la luz<\/a><\/li>\n\t\t<li id=\"nav-menu-item-11554\" class=\"menu-item menu-item-type-post_type menu-item-object-page \"><a href=\"https:\/\/iparksa.com\/pt-pt\/ipark-huelva-parking-coronacion\/\">Parking Coronaci\u00f3n<\/a><\/li>\n\t\t<li id=\"nav-menu-item-15631\" class=\"menu-item menu-item-type-post_type menu-item-object-page \"><a href=\"https:\/\/iparksa.com\/pt-pt\/ipark-huelva-parking-cc-puerta-del-odiel\/\">Parking Puerta del Odiel<\/a><\/li>\n\t<\/ul>\n<\/li>\n\t<li id=\"nav-menu-item-9392\" class=\"menu-item menu-item-type-post_type menu-item-object-page menu-item-has-children  sub\" data-cols=\"1\"><a href=\"https:\/\/iparksa.com\/pt-pt\/parkings-ipark-punta-umbria\/\"><i class=\"fas fa-parking\"><\/i>Punta Umbr\u00eda<\/a>\n\t<ul class=\"sub-menu\">\n\t\t<li id=\"nav-menu-item-3966\" class=\"menu-item menu-item-type-post_type menu-item-object-page \"><a href=\"https:\/\/iparksa.com\/pt-pt\/ipark-punta-umbria-hotel-barcelo\/\">Hotel Barcel\u00f3<\/a><\/li>\n\t\t<li id=\"nav-menu-item-14316\" class=\"menu-item menu-item-type-post_type menu-item-object-page \"><a href=\"https:\/\/iparksa.com\/pt-pt\/ipark-huelva-punta-umbria-mar\/\">Punta Umbria MAR<\/a><\/li>\n\t<\/ul>\n<\/li>\n<\/ul><\/div><\/div>\n<\/li>\n<li id=\"nav-menu-item-6941\" class=\"menu-item menu-item-type-post_type menu-item-object-page menu-item-has-children  has-sub narrow \"><a href=\"https:\/\/iparksa.com\/pt-pt\/parkings-ipark-soria\/\"><i class=\"fas fa-parking\"><\/i>Soria<\/a><span class=\"arrow\" aria-label=\"Open Submenu\"><\/span>\n<div class=\"popup\"><div class=\"inner\" style=\"\"><ul class=\"sub-menu porto-narrow-sub-menu\">\n\t<li id=\"nav-menu-item-6942\" class=\"menu-item menu-item-type-post_type menu-item-object-page \" data-cols=\"1\"><a href=\"https:\/\/iparksa.com\/pt-pt\/ipark-soria-riosa\/\">Riosa<\/a><\/li>\n<\/ul><\/div><\/div>\n<\/li>\n<li id=\"nav-menu-item-8872\" class=\"menu-item menu-item-type-custom menu-item-object-custom menu-item-has-children  has-sub narrow \"><a href=\"#\"><i class=\"fas fa-parking\"><\/i>Le\u00f3n<\/a><span class=\"arrow\" aria-label=\"Open Submenu\"><\/span>\n<div class=\"popup\"><div class=\"inner\" style=\"\"><ul class=\"sub-menu porto-narrow-sub-menu\">\n\t<li id=\"nav-menu-item-14879\" class=\"menu-item menu-item-type-post_type menu-item-object-page menu-item-has-children  sub\" data-cols=\"1\"><a href=\"https:\/\/iparksa.com\/pt-pt\/parkings-ipark-leon\/\"><i class=\"fas fa-parking\"><\/i>Le\u00f3n<\/a>\n\t<ul class=\"sub-menu\">\n\t\t<li id=\"nav-menu-item-14878\" class=\"menu-item menu-item-type-post_type menu-item-object-page \"><a href=\"https:\/\/iparksa.com\/pt-pt\/ipark-leon-parking-san-marcelo\/\">San Marcelo<\/a><\/li>\n\t<\/ul>\n<\/li>\n\t<li id=\"nav-menu-item-6943\" class=\"menu-item menu-item-type-post_type menu-item-object-page menu-item-has-children  sub\" data-cols=\"1\"><a href=\"https:\/\/iparksa.com\/pt-pt\/parkings-ipark-ponferrada\/\"><i class=\"fas fa-parking\"><\/i>Ponferrada<\/a>\n\t<ul class=\"sub-menu\">\n\t\t<li id=\"nav-menu-item-6944\" class=\"menu-item menu-item-type-post_type menu-item-object-page \"><a href=\"https:\/\/iparksa.com\/pt-pt\/ipark-ponferrada-compostilla\/\">Compostilla<\/a><\/li>\n\t<\/ul>\n<\/li>\n<\/ul><\/div><\/div>\n<\/li>\n<li id=\"nav-menu-item-9004\" class=\"menu-item menu-item-type-custom menu-item-object-custom menu-item-has-children  has-sub narrow \"><a href=\"#\"><i class=\"fas fa-parking\"><\/i>\u00c1lava<\/a><span class=\"arrow\" aria-label=\"Open Submenu\"><\/span>\n<div class=\"popup\"><div class=\"inner\" style=\"\"><ul class=\"sub-menu porto-narrow-sub-menu\">\n\t<li id=\"nav-menu-item-6945\" class=\"menu-item menu-item-type-post_type menu-item-object-page menu-item-has-children  sub\" data-cols=\"1\"><a href=\"https:\/\/iparksa.com\/pt-pt\/parkings-ipark-vitoria-gasteiz\/\"><i class=\"fas fa-parking\"><\/i>Vitoria-Gasteiz<\/a>\n\t<ul class=\"sub-menu\">\n\t\t<li id=\"nav-menu-item-6946\" class=\"menu-item menu-item-type-post_type menu-item-object-page \"><a href=\"https:\/\/iparksa.com\/pt-pt\/ipark-vitoria-gasteiz-san-jose-mutualia\/\">Hospital San Jos\u00e9<\/a><\/li>\n\t<\/ul>\n<\/li>\n<\/ul><\/div><\/div>\n<\/li>\n<li id=\"nav-menu-item-6947\" class=\"menu-item menu-item-type-post_type menu-item-object-page menu-item-has-children  has-sub narrow \"><a href=\"https:\/\/iparksa.com\/pt-pt\/parkings-ipark-caceres\/\"><i class=\"fas fa-parking\"><\/i>C\u00e1ceres<\/a><span class=\"arrow\" aria-label=\"Open Submenu\"><\/span>\n<div class=\"popup\"><div class=\"inner\" style=\"\"><ul class=\"sub-menu porto-narrow-sub-menu\">\n\t<li id=\"nav-menu-item-6948\" class=\"menu-item menu-item-type-post_type menu-item-object-page \" data-cols=\"1\"><a href=\"https:\/\/iparksa.com\/pt-pt\/ipark-caceres-canovas\/\">C\u00e1novas<\/a><\/li>\n<\/ul><\/div><\/div>\n<\/li>\n<li id=\"nav-menu-item-9864\" class=\"menu-item menu-item-type-custom menu-item-object-custom menu-item-has-children  has-sub narrow \"><a href=\"#\"><i class=\"fas fa-parking\"><\/i>Pontevedra<\/a><span class=\"arrow\" aria-label=\"Open Submenu\"><\/span>\n<div class=\"popup\"><div class=\"inner\" style=\"\"><ul class=\"sub-menu porto-narrow-sub-menu\">\n\t<li id=\"nav-menu-item-9862\" class=\"menu-item menu-item-type-post_type menu-item-object-page menu-item-has-children  sub\" data-cols=\"1\"><a href=\"https:\/\/iparksa.com\/pt-pt\/parkings-ipark-vigo\/\"><i class=\"fas fa-parking\"><\/i>Vigo<\/a>\n\t<ul class=\"sub-menu\">\n\t\t<li id=\"nav-menu-item-9863\" class=\"menu-item menu-item-type-post_type menu-item-object-page \"><a href=\"https:\/\/iparksa.com\/pt-pt\/ipark-vigo-colon-centro\/\">Col\u00f3n Centro<\/a><\/li>\n\t<\/ul>\n<\/li>\n<\/ul><\/div><\/div>\n<\/li>\n<li id=\"nav-menu-item-12300\" class=\"menu-item menu-item-type-custom menu-item-object-custom menu-item-has-children  has-sub narrow \"><a href=\"#\"><i class=\"fas fa-parking\"><\/i>La Coru\u00f1a<\/a><span class=\"arrow\" aria-label=\"Open Submenu\"><\/span>\n<div class=\"popup\"><div class=\"inner\" style=\"\"><ul class=\"sub-menu porto-narrow-sub-menu\">\n\t<li id=\"nav-menu-item-12301\" class=\"menu-item menu-item-type-post_type menu-item-object-page menu-item-has-children  sub\" data-cols=\"1\"><a href=\"https:\/\/iparksa.com\/pt-pt\/parkings-ipark-santiago-de-compostela\/\">Santiago<\/a>\n\t<ul class=\"sub-menu\">\n\t\t<li id=\"nav-menu-item-12302\" class=\"menu-item menu-item-type-post_type menu-item-object-page \"><a href=\"https:\/\/iparksa.com\/pt-pt\/ipark-santiago-de-compostela-parking-granvia\/\">Parking Gran V\u00eda<\/a><\/li>\n\t\t<li id=\"nav-menu-item-15962\" class=\"menu-item menu-item-type-post_type menu-item-object-page \"><a href=\"https:\/\/iparksa.com\/pt-pt\/parking-rosalia-de-castro\/\">Rosal\u00eda de Castro<\/a><\/li>\n\t<\/ul>\n<\/li>\n<\/ul><\/div><\/div>\n<\/li>\n<li id=\"nav-menu-item-8873\" class=\"menu-item menu-item-type-custom menu-item-object-custom menu-item-has-children  has-sub narrow \"><a href=\"#\"><i class=\"fas fa-parking\"><\/i>Lisboa<\/a><span class=\"arrow\" aria-label=\"Open Submenu\"><\/span>\n<div class=\"popup\"><div class=\"inner\" style=\"\"><ul class=\"sub-menu porto-narrow-sub-menu\">\n\t<li id=\"nav-menu-item-3972\" class=\"menu-item menu-item-type-post_type menu-item-object-page menu-item-has-children  sub\" data-cols=\"1\"><a href=\"https:\/\/iparksa.com\/pt-pt\/parkings-ipark-agualva-cacem\/\"><i class=\"fas fa-parking\"><\/i>Agualva-C\u00e1cem<\/a>\n\t<ul class=\"sub-menu\">\n\t\t<li id=\"nav-menu-item-3973\" class=\"menu-item menu-item-type-post_type menu-item-object-page \"><a href=\"https:\/\/iparksa.com\/pt-pt\/ipark-cacem-parque-central\/\">Parque Central<\/a><\/li>\n\t<\/ul>\n<\/li>\n\t<li id=\"nav-menu-item-9271\" class=\"menu-item menu-item-type-post_type menu-item-object-page menu-item-has-children  sub\" data-cols=\"1\"><a href=\"https:\/\/iparksa.com\/pt-pt\/parkings-ipark-lisboa\/\"><i class=\"fas fa-parking\"><\/i>Lisboa<\/a>\n\t<ul class=\"sub-menu\">\n\t\t<li id=\"nav-menu-item-9272\" class=\"menu-item menu-item-type-post_type menu-item-object-page \"><a href=\"https:\/\/iparksa.com\/pt-pt\/ipark-lisboa-misericordia\/\">Misericordia<\/a><\/li>\n\t<\/ul>\n<\/li>\n<\/ul><\/div><\/div>\n<\/li>\n<li id=\"nav-menu-item-3974\" class=\"menu-item menu-item-type-post_type menu-item-object-page menu-item-has-children  has-sub narrow \"><a href=\"https:\/\/iparksa.com\/pt-pt\/parkings-ipark-braga\/\"><i class=\"fas fa-parking\"><\/i>Braga<\/a><span class=\"arrow\" aria-label=\"Open Submenu\"><\/span>\n<div class=\"popup\"><div class=\"inner\" style=\"\"><ul class=\"sub-menu porto-narrow-sub-menu\">\n\t<li id=\"nav-menu-item-3975\" class=\"menu-item menu-item-type-post_type menu-item-object-page \" data-cols=\"1\"><a href=\"https:\/\/iparksa.com\/pt-pt\/ipark-braga-parque-sao-lazaro\/\">Parque S\u00e3o L\u00e1zaro<\/a><\/li>\n<\/ul><\/div><\/div>\n<\/li>\n<li id=\"nav-menu-item-13144\" class=\"menu-item menu-item-type-post_type menu-item-object-page menu-item-has-children  has-sub narrow \"><a href=\"https:\/\/iparksa.com\/pt-pt\/parkings-ipark-oporto\/\"><i class=\"fas fa-parking\"><\/i>Oporto<\/a><span class=\"arrow\" aria-label=\"Open Submenu\"><\/span>\n<div class=\"popup\"><div class=\"inner\" style=\"\"><ul class=\"sub-menu porto-narrow-sub-menu\">\n\t<li id=\"nav-menu-item-12502\" class=\"menu-item menu-item-type-post_type menu-item-object-page \" data-cols=\"1\"><a href=\"https:\/\/iparksa.com\/pt-pt\/ipark-vilanova-de-gaia-parking-cais-de-gaia\/\">Cais de Gaia<\/a><\/li>\n\t<li id=\"nav-menu-item-13587\" class=\"menu-item menu-item-type-post_type menu-item-object-page \" data-cols=\"1\"><a href=\"https:\/\/iparksa.com\/pt-pt\/ipark-oporto-bonjardim-bolhao\/\">Bonjardim\/Bolh\u00e3o<\/a><\/li>\n\t<li id=\"nav-menu-item-15440\" class=\"menu-item menu-item-type-post_type menu-item-object-page \" data-cols=\"1\"><a href=\"https:\/\/iparksa.com\/pt-pt\/ipark-porto-parking-parque-bessa-leite\/\">Bessa Leite<\/a><\/li>\n<\/ul><\/div><\/div>\n<\/li>\n<\/ul><\/div><\/div><\/div><\/div>[\/vc_column][\/vc_row]<\/p>\n<\/div>","protected":false},"excerpt":{"rendered":"<p>[vc_row][vc_column][vc_empty_space height=&#8221;3vh&#8221;][\/vc_column][\/vc_row][vc_row wrap_container=&#8221;yes&#8221; el_id=&#8221;info&#8221; css=&#8221;.vc_custom_1642676363056{padding-right: 3em !important;padding-left: 3em !important;}&#8221;][vc_column][vc_row_inner][vc_column_inner width=&#8221;1\/3&#8243; offset=&#8221;vc_hidden-sm vc_hidden-xs&#8221;][vc_separator color=&#8221;custom&#8221; accent_color=&#8221;#a5be0b&#8221;][vc_custom_heading text=&#8221;Informa\u00e7ao&#8221; font_container=&#8221;tag:h4|text_align:left&#8221; use_theme_fonts=&#8221;yes&#8221;][vc_empty_space height=&#8221;20&#8243;][\/vc_column_inner][vc_column_inner width=&#8221;2\/3&#8243; offset=&#8221;vc_hidden-sm vc_hidden-xs&#8221;][vc_custom_heading text=&#8221;Ipark Estacionamientos Canarios SL&#8221; font_container=&#8221;tag:h3|font_size:14px|text_align:center|line_height:1&#8243; use_theme_fonts=&#8221;yes&#8221; font_weight=&#8221;500&#8243; letter_spacing=&#8221;-0.7px&#8221; el_class=&#8221;ls-0 mb-3 pb-1 mt-2 text-center&#8221; css_params=&#8221;&#8221;][vc_custom_heading text=&#8221;Parque de estacionamento Bahia Feliz&#8221; font_container=&#8221;tag:h3|font_size:24px|text_align:center|line_height:1.3&#8243; use_theme_fonts=&#8221;yes&#8221; font_weight=&#8221;700&#8243; letter_spacing=&#8221;-1.61px&#8221; el_class=&#8221;mb-3 text-center&#8221; css_params=&#8221;&#8221;][vc_column_text css=&#8221;.vc_custom_1777278142839{margin-bottom: 20px !important;}&#8221; css_params=&#8221;&#8221;]Se est\u00e1 \u00e0 procura de [&hellip;]<\/p>\n","protected":false},"author":3,"featured_media":0,"parent":0,"menu_order":0,"comment_status":"closed","ping_status":"closed","template":"","meta":{"footnotes":""},"wf_page_folders":[345],"class_list":["post-16174","page","type-page","status-publish","hentry"],"yoast_head":"<!-- This site is optimized with the Yoast SEO plugin v27.4 - https:\/\/yoast.com\/product\/yoast-seo-wordpress\/ -->\n<title>Reserve Parking Bah\u00eda Feliz em Gran Canaria | Parque de estacionamento no centro | iPark<\/title>\n<meta name=\"description\" content=\"O Parque de Estacionamento Bah\u00eda Feliz \u00e9 um parking central em Las Palmas de Gran Canaria. Tarifas com desconto para contratos online sem comiss\u00e3o. Entre e conhe\u00e7a as taxas.\" \/>\n<meta name=\"robots\" content=\"index, follow, max-snippet:-1, max-image-preview:large, max-video-preview:-1\" \/>\n<link rel=\"canonical\" href=\"https:\/\/iparksa.com\/pt-pt\/ipark-gran-canaria-parking-bahia-feliz\/\" \/>\n<meta property=\"og:locale\" content=\"pt_PT\" \/>\n<meta property=\"og:type\" content=\"article\" \/>\n<meta property=\"og:title\" content=\"Reserve Parking Bah\u00eda Feliz em Gran Canaria | Parque de estacionamento no centro | iPark\" \/>\n<meta property=\"og:description\" content=\"O Parque de Estacionamento Bah\u00eda Feliz \u00e9 um parking central em Las Palmas de Gran Canaria. Tarifas com desconto para contratos online sem comiss\u00e3o. Entre e conhe\u00e7a as taxas.\" \/>\n<meta property=\"og:url\" content=\"https:\/\/iparksa.com\/pt-pt\/ipark-gran-canaria-parking-bahia-feliz\/\" \/>\n<meta property=\"og:site_name\" content=\"iPark\" \/>\n<meta property=\"article:modified_time\" content=\"2026-04-27T10:34:14+00:00\" \/>\n<meta name=\"twitter:card\" content=\"summary_large_image\" \/>\n<meta name=\"twitter:label1\" content=\"Tempo estimado de leitura\" \/>\n\t<meta name=\"twitter:data1\" content=\"13 minutos\" \/>\n<script type=\"application\/ld+json\" class=\"yoast-schema-graph\">{\"@context\":\"https:\\\/\\\/schema.org\",\"@graph\":[{\"@type\":\"WebPage\",\"@id\":\"https:\\\/\\\/iparksa.com\\\/pt-pt\\\/ipark-gran-canaria-parking-bahia-feliz\\\/\",\"url\":\"https:\\\/\\\/iparksa.com\\\/pt-pt\\\/ipark-gran-canaria-parking-bahia-feliz\\\/\",\"name\":\"Reserve Parking Bah\u00eda Feliz em Gran Canaria | Parque de estacionamento no centro | iPark\",\"isPartOf\":{\"@id\":\"https:\\\/\\\/iparksa.com\\\/pt-pt\\\/#website\"},\"datePublished\":\"2026-04-23T11:41:54+00:00\",\"dateModified\":\"2026-04-27T10:34:14+00:00\",\"description\":\"O Parque de Estacionamento Bah\u00eda Feliz \u00e9 um parking central em Las Palmas de Gran Canaria. Tarifas com desconto para contratos online sem comiss\u00e3o. Entre e conhe\u00e7a as taxas.\",\"breadcrumb\":{\"@id\":\"https:\\\/\\\/iparksa.com\\\/pt-pt\\\/ipark-gran-canaria-parking-bahia-feliz\\\/#breadcrumb\"},\"inLanguage\":\"pt-PT\",\"potentialAction\":[{\"@type\":\"ReadAction\",\"target\":[\"https:\\\/\\\/iparksa.com\\\/pt-pt\\\/ipark-gran-canaria-parking-bahia-feliz\\\/\"]}]},{\"@type\":\"BreadcrumbList\",\"@id\":\"https:\\\/\\\/iparksa.com\\\/pt-pt\\\/ipark-gran-canaria-parking-bahia-feliz\\\/#breadcrumb\",\"itemListElement\":[{\"@type\":\"ListItem\",\"position\":1,\"name\":\"Portada\",\"item\":\"https:\\\/\\\/iparksa.com\\\/pt-pt\\\/\"},{\"@type\":\"ListItem\",\"position\":2,\"name\":\"Parque de estacionamento Bahia Feliz\"}]},{\"@type\":\"WebSite\",\"@id\":\"https:\\\/\\\/iparksa.com\\\/pt-pt\\\/#website\",\"url\":\"https:\\\/\\\/iparksa.com\\\/pt-pt\\\/\",\"name\":\"iPark\",\"description\":\"Gesti\u00f3n de aparcamientos\",\"potentialAction\":[{\"@type\":\"SearchAction\",\"target\":{\"@type\":\"EntryPoint\",\"urlTemplate\":\"https:\\\/\\\/iparksa.com\\\/pt-pt\\\/?s={search_term_string}\"},\"query-input\":{\"@type\":\"PropertyValueSpecification\",\"valueRequired\":true,\"valueName\":\"search_term_string\"}}],\"inLanguage\":\"pt-PT\"}]}<\/script>\n<!-- \/ Yoast SEO plugin. -->","yoast_head_json":{"title":"Reserve Parking Bah\u00eda Feliz em Gran Canaria | Parque de estacionamento no centro | iPark","description":"O Parque de Estacionamento Bah\u00eda Feliz \u00e9 um parking central em Las Palmas de Gran Canaria. Tarifas com desconto para contratos online sem comiss\u00e3o. Entre e conhe\u00e7a as taxas.","robots":{"index":"index","follow":"follow","max-snippet":"max-snippet:-1","max-image-preview":"max-image-preview:large","max-video-preview":"max-video-preview:-1"},"canonical":"https:\/\/iparksa.com\/pt-pt\/ipark-gran-canaria-parking-bahia-feliz\/","og_locale":"pt_PT","og_type":"article","og_title":"Reserve Parking Bah\u00eda Feliz em Gran Canaria | Parque de estacionamento no centro | iPark","og_description":"O Parque de Estacionamento Bah\u00eda Feliz \u00e9 um parking central em Las Palmas de Gran Canaria. Tarifas com desconto para contratos online sem comiss\u00e3o. Entre e conhe\u00e7a as taxas.","og_url":"https:\/\/iparksa.com\/pt-pt\/ipark-gran-canaria-parking-bahia-feliz\/","og_site_name":"iPark","article_modified_time":"2026-04-27T10:34:14+00:00","twitter_card":"summary_large_image","twitter_misc":{"Tempo estimado de leitura":"13 minutos"},"schema":{"@context":"https:\/\/schema.org","@graph":[{"@type":"WebPage","@id":"https:\/\/iparksa.com\/pt-pt\/ipark-gran-canaria-parking-bahia-feliz\/","url":"https:\/\/iparksa.com\/pt-pt\/ipark-gran-canaria-parking-bahia-feliz\/","name":"Reserve Parking Bah\u00eda Feliz em Gran Canaria | Parque de estacionamento no centro | iPark","isPartOf":{"@id":"https:\/\/iparksa.com\/pt-pt\/#website"},"datePublished":"2026-04-23T11:41:54+00:00","dateModified":"2026-04-27T10:34:14+00:00","description":"O Parque de Estacionamento Bah\u00eda Feliz \u00e9 um parking central em Las Palmas de Gran Canaria. Tarifas com desconto para contratos online sem comiss\u00e3o. Entre e conhe\u00e7a as taxas.","breadcrumb":{"@id":"https:\/\/iparksa.com\/pt-pt\/ipark-gran-canaria-parking-bahia-feliz\/#breadcrumb"},"inLanguage":"pt-PT","potentialAction":[{"@type":"ReadAction","target":["https:\/\/iparksa.com\/pt-pt\/ipark-gran-canaria-parking-bahia-feliz\/"]}]},{"@type":"BreadcrumbList","@id":"https:\/\/iparksa.com\/pt-pt\/ipark-gran-canaria-parking-bahia-feliz\/#breadcrumb","itemListElement":[{"@type":"ListItem","position":1,"name":"Portada","item":"https:\/\/iparksa.com\/pt-pt\/"},{"@type":"ListItem","position":2,"name":"Parque de estacionamento Bahia Feliz"}]},{"@type":"WebSite","@id":"https:\/\/iparksa.com\/pt-pt\/#website","url":"https:\/\/iparksa.com\/pt-pt\/","name":"iPark","description":"Gesti\u00f3n de aparcamientos","potentialAction":[{"@type":"SearchAction","target":{"@type":"EntryPoint","urlTemplate":"https:\/\/iparksa.com\/pt-pt\/?s={search_term_string}"},"query-input":{"@type":"PropertyValueSpecification","valueRequired":true,"valueName":"search_term_string"}}],"inLanguage":"pt-PT"}]}},"_links":{"self":[{"href":"https:\/\/iparksa.com\/pt-pt\/wp-json\/wp\/v2\/pages\/16174","targetHints":{"allow":["GET"]}}],"collection":[{"href":"https:\/\/iparksa.com\/pt-pt\/wp-json\/wp\/v2\/pages"}],"about":[{"href":"https:\/\/iparksa.com\/pt-pt\/wp-json\/wp\/v2\/types\/page"}],"author":[{"embeddable":true,"href":"https:\/\/iparksa.com\/pt-pt\/wp-json\/wp\/v2\/users\/3"}],"replies":[{"embeddable":true,"href":"https:\/\/iparksa.com\/pt-pt\/wp-json\/wp\/v2\/comments?post=16174"}],"version-history":[{"count":6,"href":"https:\/\/iparksa.com\/pt-pt\/wp-json\/wp\/v2\/pages\/16174\/revisions"}],"predecessor-version":[{"id":16194,"href":"https:\/\/iparksa.com\/pt-pt\/wp-json\/wp\/v2\/pages\/16174\/revisions\/16194"}],"wp:attachment":[{"href":"https:\/\/iparksa.com\/pt-pt\/wp-json\/wp\/v2\/media?parent=16174"}],"wp:term":[{"taxonomy":"wf_page_folders","embeddable":true,"href":"https:\/\/iparksa.com\/pt-pt\/wp-json\/wp\/v2\/wf_page_folders?post=16174"}],"curies":[{"name":"wp","href":"https:\/\/api.w.org\/{rel}","templated":true}]}}