{"id":3369,"date":"2021-12-30T11:18:05","date_gmt":"2021-12-30T10:18:05","guid":{"rendered":"https:\/\/iparksa.com\/parkings-ipark-malaga\/"},"modified":"2025-11-21T12:05:36","modified_gmt":"2025-11-21T11:05:36","slug":"parkings-ipark-malaga","status":"publish","type":"page","link":"https:\/\/iparksa.com\/en\/parkings-ipark-malaga\/","title":{"rendered":"Parkings in <span class=\"green\">M\u00e1laga<\/span>"},"content":{"rendered":"<div class=\"wpb-content-wrapper\"><p>[vc_row full_width=&#8221;stretch_row_content_no_spaces&#8221; content_placement=&#8221;middle&#8221;][vc_column][vc_empty_space height=&#8221;5vh&#8221;][\/vc_column][\/vc_row][vc_row wrap_container=&#8221;yes&#8221; el_id=&#8221;info&#8221; css=&#8221;.vc_custom_1642674319184{padding-right: 3em !important;padding-left: 3em !important;}&#8221;][vc_column width=&#8221;1\/4&#8243; offset=&#8221;vc_hidden-sm vc_hidden-xs&#8221;]<div class=\"porto-ultimate-content-box-container \"><div class=\"porto-ultimate-content-box porto_ucb_d751713988987e9331980363e24189ce\" style=\"\"><div class=\"widget_sidebar_menu main-sidebar-menu wpb_custom_bd96d282bd99227adaa2fd2727fa1ab3\"><div class=\"widget-title\">Parkings<\/div><div class=\"sidebar-menu-wrap\"><ul id=\"menu-parkings-en\" class=\"sidebar-menu\"><li id=\"nav-menu-item-14162\" class=\"menu-item menu-item-type-custom menu-item-object-custom menu-item-has-children  has-sub narrow \"><a href=\"https:\/\/iparksa.com\/en\/parkings-ipark-madrid\/\"><i class=\"fas fa-parking\"><\/i>Madrid<\/a><span class=\"arrow\" aria-label=\"Open Submenu\"><\/span>\n<div class=\"popup\"><div class=\"inner\" style=\"\"><ul class=\"sub-menu porto-narrow-sub-menu\">\n\t<li id=\"nav-menu-item-3813\" class=\"menu-item menu-item-type-post_type menu-item-object-page menu-item-has-children  sub\" data-cols=\"1\"><a href=\"https:\/\/iparksa.com\/en\/parkings-ipark-madrid\/\"><i class=\"fas fa-parking\"><\/i>Madrid<\/a>\n\t<ul class=\"sub-menu\">\n\t\t<li id=\"nav-menu-item-9883\" class=\"menu-item menu-item-type-post_type menu-item-object-page \"><a href=\"https:\/\/iparksa.com\/en\/ipark-madrid-parking-chamartin\/\">Parking Chamart\u00edn<\/a><\/li>\n\t\t<li id=\"nav-menu-item-3817\" class=\"menu-item menu-item-type-post_type menu-item-object-page \"><a href=\"https:\/\/iparksa.com\/en\/ipark-madrid-princesa-25\/\">Princesa 25<\/a><\/li>\n\t\t<li id=\"nav-menu-item-3859\" class=\"menu-item menu-item-type-post_type menu-item-object-page \"><a href=\"https:\/\/iparksa.com\/en\/ipark-madrid-atocha-70\/\">Atocha 70<\/a><\/li>\n\t\t<li id=\"nav-menu-item-3816\" class=\"menu-item menu-item-type-post_type menu-item-object-page \"><a href=\"https:\/\/iparksa.com\/en\/ipark-madrid-verdaguer-y-garcia\/\">Verdaguer y Garc\u00eda<\/a><\/li>\n\t\t<li id=\"nav-menu-item-10225\" class=\"menu-item menu-item-type-post_type menu-item-object-page \"><a href=\"https:\/\/iparksa.com\/en\/ipark-madrid-parking-goya\/\">Goya<\/a><\/li>\n\t\t<li id=\"nav-menu-item-14159\" class=\"menu-item menu-item-type-custom menu-item-object-custom \"><a href=\"https:\/\/iparksa.com\/en\/servicio-valet-parking-ave-atocha-chamartin\/\">Valet Service Atocha | Chamartin<\/a><\/li>\n\t<\/ul>\n<\/li>\n\t<li id=\"nav-menu-item-14188\" class=\"menu-item menu-item-type-custom menu-item-object-custom menu-item-has-children  sub\" data-cols=\"1\"><a href=\"https:\/\/iparksa.com\/en\/parkings-ipark-san-lorenzo-de-el-escorial\/\"><i class=\"fas fa-parking\"><\/i>San Lorenzo de El Escorial<\/a>\n\t<ul class=\"sub-menu\">\n\t\t<li id=\"nav-menu-item-10671\" class=\"menu-item menu-item-type-post_type menu-item-object-page \"><a href=\"https:\/\/iparksa.com\/en\/ipark-madrid-parking-plaza-de-la-constitucion\/\">Plaza de la Constituci\u00f3n<\/a><\/li>\n\t<\/ul>\n<\/li>\n<\/ul><\/div><\/div>\n<\/li>\n<li id=\"nav-menu-item-3818\" class=\"menu-item menu-item-type-post_type menu-item-object-page menu-item-has-children  has-sub narrow \"><a href=\"https:\/\/iparksa.com\/en\/parkings-ipark-granada\/\"><i class=\"fas fa-parking\"><\/i>Granada<\/a><span class=\"arrow\" aria-label=\"Open Submenu\"><\/span>\n<div class=\"popup\"><div class=\"inner\" style=\"\"><ul class=\"sub-menu porto-narrow-sub-menu\">\n\t<li id=\"nav-menu-item-3819\" class=\"menu-item menu-item-type-post_type menu-item-object-page \" data-cols=\"1\"><a href=\"https:\/\/iparksa.com\/en\/ipark-granada-severo-ochoa\/\">Severo Ochoa<\/a><\/li>\n\t<li id=\"nav-menu-item-3820\" class=\"menu-item menu-item-type-post_type menu-item-object-page \" data-cols=\"1\"><a href=\"https:\/\/iparksa.com\/en\/ipark-granada-parking-cruz-de-lagos\/\">Cruz de Lagos<\/a><\/li>\n\t<li id=\"nav-menu-item-3821\" class=\"menu-item menu-item-type-post_type menu-item-object-page \" data-cols=\"1\"><a href=\"https:\/\/iparksa.com\/en\/ipark-granada-ronda-centro\/\">Ronda Centro<\/a><\/li>\n\t<li id=\"nav-menu-item-13422\" class=\"menu-item menu-item-type-post_type menu-item-object-page \" data-cols=\"1\"><a href=\"https:\/\/iparksa.com\/en\/ipark-granada-aparcamiento-los-carmenes\/\">Parking Los C\u00e1rmenes<\/a><\/li>\n<\/ul><\/div><\/div>\n<\/li>\n<li id=\"nav-menu-item-3822\" class=\"menu-item menu-item-type-post_type menu-item-object-page menu-item-has-children  has-sub narrow \"><a href=\"https:\/\/iparksa.com\/en\/parkings-ipark-almeria\/\"><i class=\"fas fa-parking\"><\/i>Almer\u00eda<\/a><span class=\"arrow\" aria-label=\"Open Submenu\"><\/span>\n<div class=\"popup\"><div class=\"inner\" style=\"\"><ul class=\"sub-menu porto-narrow-sub-menu\">\n\t<li id=\"nav-menu-item-3823\" class=\"menu-item menu-item-type-post_type menu-item-object-page \" data-cols=\"1\"><a href=\"https:\/\/iparksa.com\/en\/ipark-almeria-rambla-obispo-orbera-mercado\/\">Obispo Orber\u00e1 Mercado<\/a><\/li>\n<\/ul><\/div><\/div>\n<\/li>\n<li id=\"nav-menu-item-8875\" class=\"menu-item menu-item-type-custom menu-item-object-custom menu-item-has-children  has-sub narrow \"><a href=\"#\"><i class=\"fas fa-parking\"><\/i>M\u00e1laga<\/a><span class=\"arrow\" aria-label=\"Open Submenu\"><\/span>\n<div class=\"popup\"><div class=\"inner\" style=\"\"><ul class=\"sub-menu porto-narrow-sub-menu\">\n\t<li id=\"nav-menu-item-3824\" class=\"menu-item menu-item-type-post_type menu-item-object-page menu-item-has-children  sub\" data-cols=\"1\"><a href=\"https:\/\/iparksa.com\/en\/parkings-ipark-malaga\/\"><i class=\"fas fa-parking\"><\/i>V\u00e9lez-M\u00e1laga<\/a>\n\t<ul class=\"sub-menu\">\n\t\t<li id=\"nav-menu-item-3825\" class=\"menu-item menu-item-type-post_type menu-item-object-page \"><a href=\"https:\/\/iparksa.com\/en\/ipark-velez-malaga-plaza-del-carmen\/\">Plaza del Carmen<\/a><\/li>\n\t\t<li id=\"nav-menu-item-3826\" class=\"menu-item menu-item-type-post_type menu-item-object-page \"><a href=\"https:\/\/iparksa.com\/en\/ipark-torre-del-mar-las-yucas\/\">Las Yucas<\/a><\/li>\n\t<\/ul>\n<\/li>\n\t<li id=\"nav-menu-item-9377\" class=\"menu-item menu-item-type-post_type menu-item-object-page menu-item-has-children  sub\" data-cols=\"1\"><a href=\"https:\/\/iparksa.com\/en\/parkings-ipark-torremolinos\/\"><i class=\"fas fa-parking\"><\/i>Torremolinos<\/a>\n\t<ul class=\"sub-menu\">\n\t\t<li id=\"nav-menu-item-3828\" class=\"menu-item menu-item-type-post_type menu-item-object-page \"><a href=\"https:\/\/iparksa.com\/en\/ipark-torremolinos-pueblo-blanco\/\">Pueblo Blanco<\/a><\/li>\n\t\t<li id=\"nav-menu-item-3827\" class=\"menu-item menu-item-type-post_type menu-item-object-page \"><a href=\"https:\/\/iparksa.com\/en\/ipark-torremolinos-parking-centro\/\">Ronda Centro<\/a><\/li>\n\t<\/ul>\n<\/li>\n<\/ul><\/div><\/div>\n<\/li>\n<li id=\"nav-menu-item-11357\" class=\"menu-item menu-item-type-post_type menu-item-object-page menu-item-has-children  has-sub narrow \"><a href=\"https:\/\/iparksa.com\/en\/parkings-ipark-murcia\/\"><i class=\"fas fa-parking\"><\/i>Murcia<\/a><span class=\"arrow\" aria-label=\"Open Submenu\"><\/span>\n<div class=\"popup\"><div class=\"inner\" style=\"\"><ul class=\"sub-menu porto-narrow-sub-menu\">\n\t<li id=\"nav-menu-item-11358\" class=\"menu-item menu-item-type-post_type menu-item-object-page \" data-cols=\"1\"><a href=\"https:\/\/iparksa.com\/en\/ipark-murcia-parking-jose-barnes\/\">Jos\u00e9 Barn\u00e9s<\/a><\/li>\n<\/ul><\/div><\/div>\n<\/li>\n<li id=\"nav-menu-item-15030\" class=\"menu-item menu-item-type-post_type menu-item-object-page menu-item-has-children  has-sub narrow \"><a href=\"https:\/\/iparksa.com\/en\/parkings-ipark-las-palmas-de-gran-canaria\/\"><i class=\"fas fa-parking\"><\/i>Gran Canaria<\/a><span class=\"arrow\" aria-label=\"Open Submenu\"><\/span>\n<div class=\"popup\"><div class=\"inner\" style=\"\"><ul class=\"sub-menu porto-narrow-sub-menu\">\n\t<li id=\"nav-menu-item-15031\" class=\"menu-item menu-item-type-post_type menu-item-object-page \" data-cols=\"1\"><a href=\"https:\/\/iparksa.com\/en\/ipark-las-palmas-de-gran-canaria-la-puntilla\/\">La Puntilla<\/a><\/li>\n\t<li id=\"nav-menu-item-15953\" class=\"menu-item menu-item-type-post_type menu-item-object-page \" data-cols=\"1\"><a href=\"https:\/\/iparksa.com\/en\/parking-ciudad-jardin\/\">Ciudad Jard\u00edn<\/a><\/li>\n\t<li id=\"nav-menu-item-15981\" class=\"menu-item menu-item-type-post_type menu-item-object-page \" data-cols=\"1\"><a href=\"https:\/\/iparksa.com\/en\/ipark-las-palmas-parking-monopol-triana\/\">Monopol<\/a><\/li>\n\t<li id=\"nav-menu-item-16203\" class=\"menu-item menu-item-type-post_type menu-item-object-page \" data-cols=\"1\"><a href=\"https:\/\/iparksa.com\/en\/ipark-gran-canaria-parking-bahia-feliz\/\">Bahia Feliz<\/a><\/li>\n<\/ul><\/div><\/div>\n<\/li>\n<li id=\"nav-menu-item-8876\" class=\"menu-item menu-item-type-custom menu-item-object-custom menu-item-has-children  has-sub narrow \"><a href=\"#\"><i class=\"fas fa-parking\"><\/i>Bizkaia<\/a><span class=\"arrow\" aria-label=\"Open Submenu\"><\/span>\n<div class=\"popup\"><div class=\"inner\" style=\"\"><ul class=\"sub-menu porto-narrow-sub-menu\">\n\t<li id=\"nav-menu-item-3829\" class=\"menu-item menu-item-type-post_type menu-item-object-page menu-item-has-children  sub\" data-cols=\"1\"><a href=\"https:\/\/iparksa.com\/en\/parkings-ipark-bilbao\/\"><i class=\"fas fa-parking\"><\/i>Bilbao<\/a>\n\t<ul class=\"sub-menu\">\n\t\t<li id=\"nav-menu-item-3830\" class=\"menu-item menu-item-type-post_type menu-item-object-page \"><a href=\"https:\/\/iparksa.com\/en\/ipark-bilbao-parking-madariaga\/\">Parking Madariaga<\/a><\/li>\n\t<\/ul>\n<\/li>\n<\/ul><\/div><\/div>\n<\/li>\n<li id=\"nav-menu-item-14131\" class=\"menu-item menu-item-type-custom menu-item-object-custom menu-item-has-children  has-sub narrow \"><a href=\"https:\/\/iparksa.com\/en\/ipark-donosti-parking-arcco-amara\/\"><i class=\"fas fa-parking\"><\/i>Guip\u00fazcoa<\/a><span class=\"arrow\" aria-label=\"Open Submenu\"><\/span>\n<div class=\"popup\"><div class=\"inner\" style=\"\"><ul class=\"sub-menu porto-narrow-sub-menu\">\n\t<li id=\"nav-menu-item-14132\" class=\"menu-item menu-item-type-post_type menu-item-object-page \" data-cols=\"1\"><a href=\"https:\/\/iparksa.com\/en\/ipark-donosti-parking-arcco-amara\/\">Parking Arcco Amara<\/a><\/li>\n<\/ul><\/div><\/div>\n<\/li>\n<li id=\"nav-menu-item-9290\" class=\"menu-item menu-item-type-custom menu-item-object-custom menu-item-has-children  has-sub narrow \"><a href=\"#\"><i class=\"fas fa-parking\"><\/i>Alicante<\/a><span class=\"arrow\" aria-label=\"Open Submenu\"><\/span>\n<div class=\"popup\"><div class=\"inner\" style=\"\"><ul class=\"sub-menu porto-narrow-sub-menu\">\n\t<li id=\"nav-menu-item-3967\" class=\"menu-item menu-item-type-post_type menu-item-object-page menu-item-has-children  sub\" data-cols=\"1\"><a href=\"https:\/\/iparksa.com\/en\/parkings-ipark-alicante\/\"><i class=\"fas fa-parking\"><\/i>Alicante<\/a>\n\t<ul class=\"sub-menu\">\n\t\t<li id=\"nav-menu-item-3968\" class=\"menu-item menu-item-type-post_type menu-item-object-page \"><a href=\"https:\/\/iparksa.com\/en\/ipark-alicante-poeta-quintana\/\">Poeta Quintana<\/a><\/li>\n\t<\/ul>\n<\/li>\n\t<li id=\"nav-menu-item-9379\" class=\"menu-item menu-item-type-post_type menu-item-object-page menu-item-has-children  sub\" data-cols=\"1\"><a href=\"https:\/\/iparksa.com\/en\/parkings-ipark-santa-pola\/\"><i class=\"fas fa-parking\"><\/i>Santa pola<\/a>\n\t<ul class=\"sub-menu\">\n\t\t<li id=\"nav-menu-item-9198\" class=\"menu-item menu-item-type-post_type menu-item-object-page \"><a href=\"https:\/\/iparksa.com\/en\/ipark-alicante-parking-castillo\/\">Parking Castillo<\/a><\/li>\n\t<\/ul>\n<\/li>\n<\/ul><\/div><\/div>\n<\/li>\n<li id=\"nav-menu-item-3833\" class=\"menu-item menu-item-type-post_type menu-item-object-page menu-item-has-children  has-sub narrow \"><a href=\"https:\/\/iparksa.com\/en\/parkings-ipark-cordoba\/\"><i class=\"fas fa-parking\"><\/i>C\u00f3rdoba<\/a><span class=\"arrow\" aria-label=\"Open Submenu\"><\/span>\n<div class=\"popup\"><div class=\"inner\" style=\"\"><ul class=\"sub-menu porto-narrow-sub-menu\">\n\t<li id=\"nav-menu-item-3834\" class=\"menu-item menu-item-type-post_type menu-item-object-page \" data-cols=\"1\"><a href=\"https:\/\/iparksa.com\/en\/ipark-cordoba-cordoba-centro\/\">C\u00f3rdoba Centro<\/a><\/li>\n<\/ul><\/div><\/div>\n<\/li>\n<li id=\"nav-menu-item-8878\" class=\"menu-item menu-item-type-custom menu-item-object-custom menu-item-has-children  has-sub narrow \"><a href=\"#\"><i class=\"fas fa-parking\"><\/i>C\u00e1diz<\/a><span class=\"arrow\" aria-label=\"Open Submenu\"><\/span>\n<div class=\"popup\"><div class=\"inner\" style=\"\"><ul class=\"sub-menu porto-narrow-sub-menu\">\n\t<li id=\"nav-menu-item-9378\" class=\"menu-item menu-item-type-post_type menu-item-object-page menu-item-has-children  sub\" data-cols=\"1\"><a href=\"https:\/\/iparksa.com\/en\/parkings-ipark-algeciras\/\"><i class=\"fas fa-parking\"><\/i>Algeciras<\/a>\n\t<ul class=\"sub-menu\">\n\t\t<li id=\"nav-menu-item-3838\" class=\"menu-item menu-item-type-post_type menu-item-object-page \"><a href=\"https:\/\/iparksa.com\/en\/ipark-algeciras-mercado-de-abastos\/\">Mercado de Abastos<\/a><\/li>\n\t\t<li id=\"nav-menu-item-9880\" class=\"menu-item menu-item-type-post_type menu-item-object-page \"><a href=\"https:\/\/iparksa.com\/en\/ipark-algeciras-parking-hispano\/\">Parking Hispano<\/a><\/li>\n\t<\/ul>\n<\/li>\n\t<li id=\"nav-menu-item-3837\" class=\"menu-item menu-item-type-post_type menu-item-object-page menu-item-has-children  sub\" data-cols=\"1\"><a href=\"https:\/\/iparksa.com\/en\/parkings-ipark-cadiz\/\"><i class=\"fas fa-parking\"><\/i>C\u00e1diz<\/a>\n\t<ul class=\"sub-menu\">\n\t\t<li id=\"nav-menu-item-3839\" class=\"menu-item menu-item-type-post_type menu-item-object-page \"><a href=\"https:\/\/iparksa.com\/en\/ipark-cadiz-garaje-america\/\">Garaje Am\u00e9rica<\/a><\/li>\n\t\t<li id=\"nav-menu-item-8781\" class=\"menu-item menu-item-type-post_type menu-item-object-page \"><a href=\"https:\/\/iparksa.com\/en\/ipark-cadiz-parking-telegrafia\/\">Parking Telegrafia<\/a><\/li>\n\t\t<li id=\"nav-menu-item-10750\" class=\"menu-item menu-item-type-post_type menu-item-object-page \"><a href=\"https:\/\/iparksa.com\/en\/ipark-cadiz-parking-fo-cona\/\">Puerta de Gibraltar<\/a><\/li>\n\t<\/ul>\n<\/li>\n\t<li id=\"nav-menu-item-14725\" class=\"menu-item menu-item-type-post_type menu-item-object-page menu-item-has-children  sub\" data-cols=\"1\"><a href=\"https:\/\/iparksa.com\/en\/parkings-ipark-rota\/\"><i class=\"fas fa-parking\"><\/i>Rota<\/a>\n\t<ul class=\"sub-menu\">\n\t\t<li id=\"nav-menu-item-14724\" class=\"menu-item menu-item-type-post_type menu-item-object-page \"><a href=\"https:\/\/iparksa.com\/en\/ipark-rota-parking-puerto-rota\/\">Parking Puerto Rota<\/a><\/li>\n\t<\/ul>\n<\/li>\n<\/ul><\/div><\/div>\n<\/li>\n<li id=\"nav-menu-item-8880\" class=\"menu-item menu-item-type-custom menu-item-object-custom menu-item-has-children  has-sub narrow \"><a href=\"#\"><i class=\"fas fa-parking\"><\/i>Huelva<\/a><span class=\"arrow\" aria-label=\"Open Submenu\"><\/span>\n<div class=\"popup\"><div class=\"inner\" style=\"\"><ul class=\"sub-menu porto-narrow-sub-menu\">\n\t<li id=\"nav-menu-item-3835\" class=\"menu-item menu-item-type-post_type menu-item-object-page menu-item-has-children  sub\" data-cols=\"1\"><a href=\"https:\/\/iparksa.com\/en\/parkings-ipark-huelva\/\"><i class=\"fas fa-parking\"><\/i>Huelva<\/a>\n\t<ul class=\"sub-menu\">\n\t\t<li id=\"nav-menu-item-7098\" class=\"menu-item menu-item-type-post_type menu-item-object-page \"><a href=\"https:\/\/iparksa.com\/en\/ipark-huelva-hospital-costa-de-la-luz\/\">Hospital Costa de la luz<\/a><\/li>\n\t\t<li id=\"nav-menu-item-11551\" class=\"menu-item menu-item-type-post_type menu-item-object-page \"><a href=\"https:\/\/iparksa.com\/en\/ipark-huelva-parking-coronacion\/\">Parking Coronaci\u00f3n<\/a><\/li>\n\t\t<li id=\"nav-menu-item-15629\" class=\"menu-item menu-item-type-post_type menu-item-object-page \"><a href=\"https:\/\/iparksa.com\/en\/ipark-huelva-parking-cc-puerta-del-odiel\/\">Parking Puerta del Odiel<\/a><\/li>\n\t<\/ul>\n<\/li>\n\t<li id=\"nav-menu-item-9380\" class=\"menu-item menu-item-type-post_type menu-item-object-page menu-item-has-children  sub\" data-cols=\"1\"><a href=\"https:\/\/iparksa.com\/en\/parkings-ipark-punta-umbria\/\"><i class=\"fas fa-parking\"><\/i>Punta Umbr\u00eda<\/a>\n\t<ul class=\"sub-menu\">\n\t\t<li id=\"nav-menu-item-3836\" class=\"menu-item menu-item-type-post_type menu-item-object-page \"><a href=\"https:\/\/iparksa.com\/en\/ipark-punta-umbria-hotel-barcelo\/\">Hotel Barcel\u00f3<\/a><\/li>\n\t\t<li id=\"nav-menu-item-14313\" class=\"menu-item menu-item-type-post_type menu-item-object-page \"><a href=\"https:\/\/iparksa.com\/en\/ipark-huelva-punta-umbria-mar\/\">Punta Umbria MAR<\/a><\/li>\n\t<\/ul>\n<\/li>\n<\/ul><\/div><\/div>\n<\/li>\n<li id=\"nav-menu-item-6949\" class=\"menu-item menu-item-type-post_type menu-item-object-page menu-item-has-children  has-sub narrow \"><a href=\"https:\/\/iparksa.com\/en\/parkings-ipark-soria\/\"><i class=\"fas fa-parking\"><\/i>Soria<\/a><span class=\"arrow\" aria-label=\"Open Submenu\"><\/span>\n<div class=\"popup\"><div class=\"inner\" style=\"\"><ul class=\"sub-menu porto-narrow-sub-menu\">\n\t<li id=\"nav-menu-item-6950\" class=\"menu-item menu-item-type-post_type menu-item-object-page \" data-cols=\"1\"><a href=\"https:\/\/iparksa.com\/en\/ipark-soria-riosa\/\">Riosa<\/a><\/li>\n<\/ul><\/div><\/div>\n<\/li>\n<li id=\"nav-menu-item-8882\" class=\"menu-item menu-item-type-custom menu-item-object-custom menu-item-has-children  has-sub narrow \"><a href=\"#\"><i class=\"fas fa-parking\"><\/i>Le\u00f3n<\/a><span class=\"arrow\" aria-label=\"Open Submenu\"><\/span>\n<div class=\"popup\"><div class=\"inner\" style=\"\"><ul class=\"sub-menu porto-narrow-sub-menu\">\n\t<li id=\"nav-menu-item-14872\" class=\"menu-item menu-item-type-post_type menu-item-object-page menu-item-has-children  sub\" data-cols=\"1\"><a href=\"https:\/\/iparksa.com\/en\/parkings-ipark-leon\/\"><i class=\"fas fa-parking\"><\/i>Le\u00f3n<\/a>\n\t<ul class=\"sub-menu\">\n\t\t<li id=\"nav-menu-item-14873\" class=\"menu-item menu-item-type-post_type menu-item-object-page \"><a href=\"https:\/\/iparksa.com\/en\/ipark-leon-parking-san-marcelo\/\">San Marcelo<\/a><\/li>\n\t<\/ul>\n<\/li>\n\t<li id=\"nav-menu-item-6951\" class=\"menu-item menu-item-type-post_type menu-item-object-page menu-item-has-children  sub\" data-cols=\"1\"><a href=\"https:\/\/iparksa.com\/en\/parkings-ipark-ponferrada\/\"><i class=\"fas fa-parking\"><\/i>Ponferrada<\/a>\n\t<ul class=\"sub-menu\">\n\t\t<li id=\"nav-menu-item-6952\" class=\"menu-item menu-item-type-post_type menu-item-object-page \"><a href=\"https:\/\/iparksa.com\/en\/ipark-ponferrada-compostilla\/\">Compostilla<\/a><\/li>\n\t<\/ul>\n<\/li>\n<\/ul><\/div><\/div>\n<\/li>\n<li id=\"nav-menu-item-9000\" class=\"menu-item menu-item-type-custom menu-item-object-custom menu-item-has-children  has-sub narrow \"><a href=\"#\"><i class=\"fas fa-parking\"><\/i>\u00c1lava<\/a><span class=\"arrow\" aria-label=\"Open Submenu\"><\/span>\n<div class=\"popup\"><div class=\"inner\" style=\"\"><ul class=\"sub-menu porto-narrow-sub-menu\">\n\t<li id=\"nav-menu-item-6955\" class=\"menu-item menu-item-type-post_type menu-item-object-page menu-item-has-children  sub\" data-cols=\"1\"><a href=\"https:\/\/iparksa.com\/en\/parkings-ipark-vitoria-gasteiz\/\"><i class=\"fas fa-parking\"><\/i>Vitoria-Gasteiz<\/a>\n\t<ul class=\"sub-menu\">\n\t\t<li id=\"nav-menu-item-6956\" class=\"menu-item menu-item-type-post_type menu-item-object-page \"><a href=\"https:\/\/iparksa.com\/en\/ipark-vitoria-gasteiz-san-jose-mutualia\/\">Hospital San Jos\u00e9<\/a><\/li>\n\t<\/ul>\n<\/li>\n<\/ul><\/div><\/div>\n<\/li>\n<li id=\"nav-menu-item-6953\" class=\"menu-item menu-item-type-post_type menu-item-object-page menu-item-has-children  has-sub narrow \"><a href=\"https:\/\/iparksa.com\/en\/parkings-ipark-caceres\/\"><i class=\"fas fa-parking\"><\/i>C\u00e1ceres<\/a><span class=\"arrow\" aria-label=\"Open Submenu\"><\/span>\n<div class=\"popup\"><div class=\"inner\" style=\"\"><ul class=\"sub-menu porto-narrow-sub-menu\">\n\t<li id=\"nav-menu-item-6954\" class=\"menu-item menu-item-type-post_type menu-item-object-page \" data-cols=\"1\"><a href=\"https:\/\/iparksa.com\/en\/ipark-caceres-canovas\/\">C\u00e1novas<\/a><\/li>\n<\/ul><\/div><\/div>\n<\/li>\n<li id=\"nav-menu-item-9884\" class=\"menu-item menu-item-type-custom menu-item-object-custom menu-item-has-children  has-sub narrow \"><a href=\"#\"><i class=\"fas fa-parking\"><\/i>Pontevedra<\/a><span class=\"arrow\" aria-label=\"Open Submenu\"><\/span>\n<div class=\"popup\"><div class=\"inner\" style=\"\"><ul class=\"sub-menu porto-narrow-sub-menu\">\n\t<li id=\"nav-menu-item-9881\" class=\"menu-item menu-item-type-post_type menu-item-object-page menu-item-has-children  sub\" data-cols=\"1\"><a href=\"https:\/\/iparksa.com\/en\/parkings-ipark-vigo\/\"><i class=\"fas fa-parking\"><\/i>Vigo<\/a>\n\t<ul class=\"sub-menu\">\n\t\t<li id=\"nav-menu-item-9882\" class=\"menu-item menu-item-type-post_type menu-item-object-page \"><a href=\"https:\/\/iparksa.com\/en\/ipark-vigo-colon-centro\/\">Col\u00f3n Centro<\/a><\/li>\n\t<\/ul>\n<\/li>\n<\/ul><\/div><\/div>\n<\/li>\n<li id=\"nav-menu-item-12312\" class=\"menu-item menu-item-type-custom menu-item-object-custom menu-item-has-children  has-sub narrow \"><a href=\"#\"><i class=\"fas fa-parking\"><\/i>La Coru\u00f1a<\/a><span class=\"arrow\" aria-label=\"Open Submenu\"><\/span>\n<div class=\"popup\"><div class=\"inner\" style=\"\"><ul class=\"sub-menu porto-narrow-sub-menu\">\n\t<li id=\"nav-menu-item-12313\" class=\"menu-item menu-item-type-post_type menu-item-object-page menu-item-has-children  sub\" data-cols=\"1\"><a href=\"https:\/\/iparksa.com\/en\/parkings-ipark-santiago-de-compostela\/\"><i class=\"fas fa-parking\"><\/i>Santiago<\/a>\n\t<ul class=\"sub-menu\">\n\t\t<li id=\"nav-menu-item-12314\" class=\"menu-item menu-item-type-post_type menu-item-object-page \"><a href=\"https:\/\/iparksa.com\/en\/ipark-santiago-de-compostela-parking-granvia\/\">Parking Gran V\u00eda<\/a><\/li>\n\t\t<li id=\"nav-menu-item-15959\" class=\"menu-item menu-item-type-post_type menu-item-object-page \"><a href=\"https:\/\/iparksa.com\/en\/parking-rosalia-de-castro\/\">Rosal\u00eda de Castro<\/a><\/li>\n\t<\/ul>\n<\/li>\n<\/ul><\/div><\/div>\n<\/li>\n<li id=\"nav-menu-item-8883\" class=\"menu-item menu-item-type-custom menu-item-object-custom menu-item-has-children  has-sub narrow \"><a href=\"#\"><i class=\"fas fa-parking\"><\/i>Lisboa<\/a><span class=\"arrow\" aria-label=\"Open Submenu\"><\/span>\n<div class=\"popup\"><div class=\"inner\" style=\"\"><ul class=\"sub-menu porto-narrow-sub-menu\">\n\t<li id=\"nav-menu-item-3840\" class=\"menu-item menu-item-type-post_type menu-item-object-page menu-item-has-children  sub\" data-cols=\"1\"><a href=\"https:\/\/iparksa.com\/en\/parkings-ipark-agualva-cacem\/\"><i class=\"fas fa-parking\"><\/i>Agualva-C\u00e1cem<\/a>\n\t<ul class=\"sub-menu\">\n\t\t<li id=\"nav-menu-item-3841\" class=\"menu-item menu-item-type-post_type menu-item-object-page \"><a href=\"https:\/\/iparksa.com\/en\/ipark-cacem-parque-central\/\">Parque Central<\/a><\/li>\n\t<\/ul>\n<\/li>\n\t<li id=\"nav-menu-item-9265\" class=\"menu-item menu-item-type-post_type menu-item-object-page menu-item-has-children  sub\" data-cols=\"1\"><a href=\"https:\/\/iparksa.com\/en\/parkings-ipark-lisboa\/\"><i class=\"fas fa-parking\"><\/i>Lisboa<\/a>\n\t<ul class=\"sub-menu\">\n\t\t<li id=\"nav-menu-item-9266\" class=\"menu-item menu-item-type-post_type menu-item-object-page \"><a href=\"https:\/\/iparksa.com\/en\/ipark-lisboa-misericordia\/\">Misericordia<\/a><\/li>\n\t<\/ul>\n<\/li>\n<\/ul><\/div><\/div>\n<\/li>\n<li id=\"nav-menu-item-3842\" class=\"menu-item menu-item-type-post_type menu-item-object-page menu-item-has-children  has-sub narrow \"><a href=\"https:\/\/iparksa.com\/en\/parkings-ipark-braga\/\"><i class=\"fas fa-parking\"><\/i>Braga<\/a><span class=\"arrow\" aria-label=\"Open Submenu\"><\/span>\n<div class=\"popup\"><div class=\"inner\" style=\"\"><ul class=\"sub-menu porto-narrow-sub-menu\">\n\t<li id=\"nav-menu-item-3843\" class=\"menu-item menu-item-type-post_type menu-item-object-page \" data-cols=\"1\"><a href=\"https:\/\/iparksa.com\/en\/ipark-braga-parque-sao-lazaro\/\">Parque S\u00e3o L\u00e1zaro<\/a><\/li>\n<\/ul><\/div><\/div>\n<\/li>\n<li id=\"nav-menu-item-13142\" class=\"menu-item menu-item-type-post_type menu-item-object-page menu-item-has-children  has-sub narrow \"><a href=\"https:\/\/iparksa.com\/en\/parkings-ipark-oporto\/\"><i class=\"fas fa-parking\"><\/i>Oporto<\/a><span class=\"arrow\" aria-label=\"Open Submenu\"><\/span>\n<div class=\"popup\"><div class=\"inner\" style=\"\"><ul class=\"sub-menu porto-narrow-sub-menu\">\n\t<li id=\"nav-menu-item-12491\" class=\"menu-item menu-item-type-post_type menu-item-object-page \" data-cols=\"1\"><a href=\"https:\/\/iparksa.com\/en\/ipark-vilanova-de-gaia-parking-cais-de-gaia\/\">Cais de Gaia<\/a><\/li>\n\t<li id=\"nav-menu-item-13584\" class=\"menu-item menu-item-type-post_type menu-item-object-page \" data-cols=\"1\"><a href=\"https:\/\/iparksa.com\/en\/ipark-oporto-bonjardim-bolhao\/\">Bonjardim\/Bolh\u00e3o<\/a><\/li>\n\t<li id=\"nav-menu-item-15438\" class=\"menu-item menu-item-type-post_type menu-item-object-page \" data-cols=\"1\"><a href=\"https:\/\/iparksa.com\/en\/ipark-porto-parking-parque-bessa-leite\/\">Bessa Leite<\/a><\/li>\n<\/ul><\/div><\/div>\n<\/li>\n<\/ul><\/div><\/div><\/div><\/div>[vc_empty_space height=&#8221;5vh&#8221;][\/vc_column][vc_column width=&#8221;3\/4&#8243;][vc_row_inner][vc_column_inner width=&#8221;1\/2&#8243;][vc_separator color=&#8221;custom&#8221; accent_color=&#8221;#a5be0b&#8221;][vc_custom_heading text=&#8221;iPark Las Yucas&#8221; font_container=&#8221;tag:h2|text_align:center&#8221; use_theme_fonts=&#8221;yes&#8221;][vc_separator color=&#8221;custom&#8221; el_width=&#8221;30&#8243; accent_color=&#8221;#a5be0b&#8221;][vc_column_text css=&#8221;.vc_custom_1664188034291{margin-bottom: 20px !important;}&#8221;]Public parking, with staff and video surveillance. On Avenida de Andaluc\u00eda and Calle Yucas, in the heart of Torre del Mar. We offer short- and long-term parking, with special discounts for online reservations.<\/p>\n<p>Similarly, if you make your Reservation through our website, it is necessary that you establish the day of arrival and the Reservation time. This allows us to guarantee a great experience and excellent service.[\/vc_column_text]<style>.porto-info-list32e37e15f73923da75b55522796274b1 i { color: #a5be0b; }<\/style><ul class=\"porto-info-list  porto-info-list32e37e15f73923da75b55522796274b1 wpb_custom_237f84ac8f0a44aaee12db7fb1c1c3b6\"><li class=\"porto-info-list-item  wpb_custom_eade0171093a7591372ccf9372738e3d\"><i class=\"porto-info-icon fas fa-map-marker\"><\/i><div class=\"porto-info-list-item-desc\">\n<h3 class=\"vc_custom_heading align-left text-uppercase\">C. Azucena, 29740 Torre del Mar, M\u00e1laga<\/h3>\n<p><\/div><\/li><\/ul>[vc_wp_text]<div id=\"metaslider-id-13001\" style=\"max-width: 800px; margin: 0 auto;\" class=\"ml-slider-3-107-0 metaslider metaslider-flex metaslider-13001 ml-slider ms-theme-default nav-hidden\" role=\"region\" aria-label=\"M\u00e1laga - Las Yucas\" data-height=\"600\" data-width=\"800\">\n    <div id=\"metaslider_container_13001\">\n        <div id=\"metaslider_13001\">\n            <ul class='slides'>\n                <li style=\"display: block; width: 100%;\" class=\"slide-13002 ms-image \" aria-roledescription=\"slide\" data-date=\"2024-07-15 16:05:09\" data-filename=\"las-yucas-00_edited-800x600.jpg\" data-slide-type=\"image\"><img loading=\"lazy\" decoding=\"async\" src=\"https:\/\/iparksa.com\/wp-content\/uploads\/2022\/11\/las-yucas-00_edited-800x600.jpg\" height=\"600\" width=\"800\" alt=\"\" class=\"slider-13001 slide-13002 msDefaultImage\" title=\"las yucas 00_edited\" \/><\/li>\n                <li style=\"display: none; width: 100%;\" class=\"slide-13003 ms-image \" aria-roledescription=\"slide\" data-date=\"2024-07-15 16:05:11\" data-filename=\"las-yucas-000_edited-800x600.jpg\" data-slide-type=\"image\"><img loading=\"lazy\" decoding=\"async\" src=\"https:\/\/iparksa.com\/wp-content\/uploads\/2022\/11\/las-yucas-000_edited-800x600.jpg\" height=\"600\" width=\"800\" alt=\"\" class=\"slider-13001 slide-13003 msDefaultImage\" title=\"las yucas 000_edited\" \/><\/li>\n            <\/ul>\n        <\/div>\n        \n    <\/div>\n<\/div>[\/vc_wp_text][vc_gmaps link=&#8221;#E-8_JTNDaWZyYW1lJTIwc3JjJTNEJTIyaHR0cHMlM0ElMkYlMkZ3d3cuZ29vZ2xlLmNvbSUyRm1hcHMlMkZlbWJlZCUzRnBiJTNEJTIxMW0xOCUyMTFtMTIlMjExbTMlMjExZDMxOTcuMTc1MDY4ODA5NTI4NSUyMTJkLTQuMDk1NjQ5MDg0MzY3OTQ0JTIxM2QzNi43NDIzNjg2Nzg2NTE5NSUyMTJtMyUyMTFmMCUyMTJmMCUyMTNmMCUyMTNtMiUyMTFpMTAyNCUyMTJpNzY4JTIxNGYxMy4xJTIxM20zJTIxMW0yJTIxMXMweGQ3MjQ3YmNlOTU5ZTBiZCUyNTNBMHhjNDhlZDMyODU0M2FiY2M3JTIxMnNQYXJraW5nJTI1MjBMYXMlMjUyMFl1Y2FzJTI1MjAlMjU3QyUyNTIwSVBhcmslMjE1ZTAlMjEzbTIlMjExc2VzJTIxMnNlcyUyMTR2MTY3NjQ2NDgzNzAyOSUyMTVtMiUyMTFzZXMlMjEyc2VzJTIyJTIwd2lkdGglM0QlMjI2MDAlMjIlMjBoZWlnaHQlM0QlMjI0NTAlMjIlMjBzdHlsZSUzRCUyMmJvcmRlciUzQTAlM0IlMjIlMjBhbGxvd2Z1bGxzY3JlZW4lM0QlMjIlMjIlMjBsb2FkaW5nJTNEJTIybGF6eSUyMiUyMHJlZmVycmVycG9saWN5JTNEJTIybm8tcmVmZXJyZXItd2hlbi1kb3duZ3JhZGUlMjIlM0UlM0MlMkZpZnJhbWUlM0U=&#8221; size=&#8221;150&#8243;][vc_btn title=&#8221;More info&#8221; style=&#8221;custom&#8221; custom_background=&#8221;#a5be0b&#8221; custom_text=&#8221;#ffffff&#8221; shape=&#8221;square&#8221; size=&#8221;lg&#8221; align=&#8221;center&#8221; i_icon_fontawesome=&#8221;&#8221; add_icon=&#8221;true&#8221; link=&#8221;url:https%3A%2F%2Fiparksa.com%2Fen%2Fipark-torre-del-mar-las-yucas%2F|title:iPark%20Torre%20del%20Mar%20%E2%80%93%20Las%20Yucas&#8221;][\/vc_column_inner][vc_column_inner width=&#8221;1\/2&#8243;][vc_separator color=&#8221;custom&#8221; accent_color=&#8221;#a5be0b&#8221;][vc_custom_heading text=&#8221;iPark Plaza del Carmen&#8221; font_container=&#8221;tag:h2|text_align:center&#8221; use_theme_fonts=&#8221;yes&#8221;][vc_separator color=&#8221;custom&#8221; el_width=&#8221;30&#8243; accent_color=&#8221;#a5be0b&#8221;][vc_column_text css=&#8221;.vc_custom_1664188048756{margin-bottom: 20px !important;}&#8221;]Public parking guarded and with the presence of staff. In the center of V\u00e9lez-M\u00e1laga under Plaza del Carmen. We offer rotation parking (by minutes), Reservations for days and Packages for months.[\/vc_column_text]<style>.porto-info-list32e37e15f73923da75b55522796274b1 i { color: #a5be0b; }<\/style><ul class=\"porto-info-list  porto-info-list32e37e15f73923da75b55522796274b1 wpb_custom_237f84ac8f0a44aaee12db7fb1c1c3b6\"><li class=\"porto-info-list-item  wpb_custom_eade0171093a7591372ccf9372738e3d\"><i class=\"porto-info-icon fas fa-map-marker\"><\/i><div class=\"porto-info-list-item-desc\">\n<h3 class=\"vc_custom_heading align-left text-uppercase\">C. Porter\u00eda del Carmen, s\/n, 29700 V\u00e9lez-M\u00e1laga, M\u00e1laga<\/h3>\n<p><\/div><\/li><\/ul>[vc_wp_text]<div id=\"metaslider-id-13007\" style=\"max-width: 800px; margin: 0 auto;\" class=\"ml-slider-3-107-0 metaslider metaslider-flex metaslider-13007 ml-slider ms-theme-default nav-hidden nav-hidden\" role=\"region\" aria-label=\"M\u00e1laga - Plaza del Carmen\" data-height=\"600\" data-width=\"800\">\n    <div id=\"metaslider_container_13007\">\n        <div id=\"metaslider_13007\">\n            <ul class='slides'>\n                <li style=\"display: block; width: 100%;\" class=\"slide-13008 ms-image \" aria-roledescription=\"slide\" data-date=\"2024-07-15 16:08:44\" data-filename=\"plaz-del-carmen-ipark_-372x279.jpg\" data-slide-type=\"image\"><img loading=\"lazy\" decoding=\"async\" src=\"https:\/\/iparksa.com\/wp-content\/uploads\/2021\/11\/plaz-del-carmen-ipark_-372x279.jpg\" height=\"600\" width=\"800\" alt=\"\" class=\"slider-13007 slide-13008 msDefaultImage\" title=\"plaz del carmen ipark_\" \/><\/li>\n                <li style=\"display: none; width: 100%;\" class=\"slide-13009 ms-image \" aria-roledescription=\"slide\" data-date=\"2024-07-15 16:08:47\" data-filename=\"plaz-del-carmen-ipark-372x279.jpg\" data-slide-type=\"image\"><img loading=\"lazy\" decoding=\"async\" src=\"https:\/\/iparksa.com\/wp-content\/uploads\/2021\/11\/plaz-del-carmen-ipark-372x279.jpg\" height=\"600\" width=\"800\" alt=\"\" class=\"slider-13007 slide-13009 msDefaultImage\" title=\"plaz del carmen ipark\" \/><\/li>\n            <\/ul>\n        <\/div>\n        \n    <\/div>\n<\/div>[\/vc_wp_text][vc_gmaps link=&#8221;#E-8_JTNDaWZyYW1lJTIwc3JjJTNEJTIyaHR0cHMlM0ElMkYlMkZ3d3cuZ29vZ2xlLmNvbSUyRm1hcHMlMkZlbWJlZCUzRnBiJTNEJTIxMW0xOCUyMTFtMTIlMjExbTMlMjExZDEzNDMuNTUyMzE1NjQ3MTk4MiUyMTJkLTQuMTA1MjI2MDIyMjU0NDI4JTIxM2QzNi43ODE5ODYyOTgzOTA5MDUlMjEybTMlMjExZjAlMjEyZjAlMjEzZjAlMjEzbTIlMjExaTEwMjQlMjEyaTc2OCUyMTRmMTMuMSUyMTNtMyUyMTFtMiUyMTFzMHhkNzI0NzI0MTJiNTZjYWQlMjUzQTB4MTQ2MjA4YTMxZGYwZGNjZiUyMTJzUGFya2luZyUyNTIwUGxhemElMjUyMGRlbCUyNTIwQ2FybWVuJTI1MjAlMjU3QyUyNTIwaVBhcmslMjE1ZTAlMjEzbTIlMjExc2VzJTIxMnNlcyUyMTR2MTY3NjQ2NDk4MTM1OCUyMTVtMiUyMTFzZXMlMjEyc2VzJTIyJTIwd2lkdGglM0QlMjI2MDAlMjIlMjBoZWlnaHQlM0QlMjI0NTAlMjIlMjBzdHlsZSUzRCUyMmJvcmRlciUzQTAlM0IlMjIlMjBhbGxvd2Z1bGxzY3JlZW4lM0QlMjIlMjIlMjBsb2FkaW5nJTNEJTIybGF6eSUyMiUyMHJlZmVycmVycG9saWN5JTNEJTIybm8tcmVmZXJyZXItd2hlbi1kb3duZ3JhZGUlMjIlM0UlM0MlMkZpZnJhbWUlM0U=&#8221; size=&#8221;150&#8243;][vc_btn title=&#8221;More info&#8221; style=&#8221;custom&#8221; custom_background=&#8221;#a5be0b&#8221; custom_text=&#8221;#ffffff&#8221; shape=&#8221;square&#8221; size=&#8221;lg&#8221; align=&#8221;center&#8221; i_icon_fontawesome=&#8221;&#8221; add_icon=&#8221;true&#8221; link=&#8221;url:https%3A%2F%2Fiparksa.com%2Fen%2Fipark-velez-malaga-plaza-del-carmen%2F|title:iPark%20V%C3%A9lez%20M%C3%A1laga%20%E2%80%93%20Plaza%20del%20Carmen&#8221;][\/vc_column_inner][\/vc_row_inner][\/vc_column][\/vc_row][vc_row css=&#8221;.vc_custom_1642674333098{padding-right: 3em !important;padding-left: 3em !important;}&#8221;][vc_column offset=&#8221;vc_hidden-xl vc_hidden-lg vc_hidden-md&#8221; conditional_render=&#8221;%5B%7B%22value_role%22%3A%22administrator%22%7D%5D&#8221; css_params=&#8221;&#8221;]<div class=\"porto-ultimate-content-box-container \"><div class=\"porto-ultimate-content-box porto_ucb_d751713988987e9331980363e24189ce\" style=\"\"><div class=\"widget_sidebar_menu main-sidebar-menu wpb_custom_bd96d282bd99227adaa2fd2727fa1ab3\"><div class=\"widget-title\">Parkings<\/div><div class=\"sidebar-menu-wrap\"><ul id=\"menu-parkings-en-1\" class=\"sidebar-menu\"><li id=\"nav-menu-item-14162\" class=\"menu-item menu-item-type-custom menu-item-object-custom menu-item-has-children  has-sub narrow \"><a href=\"https:\/\/iparksa.com\/en\/parkings-ipark-madrid\/\"><i class=\"fas fa-parking\"><\/i>Madrid<\/a><span class=\"arrow\" aria-label=\"Open Submenu\"><\/span>\n<div class=\"popup\"><div class=\"inner\" style=\"\"><ul class=\"sub-menu porto-narrow-sub-menu\">\n\t<li id=\"nav-menu-item-3813\" class=\"menu-item menu-item-type-post_type menu-item-object-page menu-item-has-children  sub\" data-cols=\"1\"><a href=\"https:\/\/iparksa.com\/en\/parkings-ipark-madrid\/\"><i class=\"fas fa-parking\"><\/i>Madrid<\/a>\n\t<ul class=\"sub-menu\">\n\t\t<li id=\"nav-menu-item-9883\" class=\"menu-item menu-item-type-post_type menu-item-object-page \"><a href=\"https:\/\/iparksa.com\/en\/ipark-madrid-parking-chamartin\/\">Parking Chamart\u00edn<\/a><\/li>\n\t\t<li id=\"nav-menu-item-3817\" class=\"menu-item menu-item-type-post_type menu-item-object-page \"><a href=\"https:\/\/iparksa.com\/en\/ipark-madrid-princesa-25\/\">Princesa 25<\/a><\/li>\n\t\t<li id=\"nav-menu-item-3859\" class=\"menu-item menu-item-type-post_type menu-item-object-page \"><a href=\"https:\/\/iparksa.com\/en\/ipark-madrid-atocha-70\/\">Atocha 70<\/a><\/li>\n\t\t<li id=\"nav-menu-item-3816\" class=\"menu-item menu-item-type-post_type menu-item-object-page \"><a href=\"https:\/\/iparksa.com\/en\/ipark-madrid-verdaguer-y-garcia\/\">Verdaguer y Garc\u00eda<\/a><\/li>\n\t\t<li id=\"nav-menu-item-10225\" class=\"menu-item menu-item-type-post_type menu-item-object-page \"><a href=\"https:\/\/iparksa.com\/en\/ipark-madrid-parking-goya\/\">Goya<\/a><\/li>\n\t\t<li id=\"nav-menu-item-14159\" class=\"menu-item menu-item-type-custom menu-item-object-custom \"><a href=\"https:\/\/iparksa.com\/en\/servicio-valet-parking-ave-atocha-chamartin\/\">Valet Service Atocha | Chamartin<\/a><\/li>\n\t<\/ul>\n<\/li>\n\t<li id=\"nav-menu-item-14188\" class=\"menu-item menu-item-type-custom menu-item-object-custom menu-item-has-children  sub\" data-cols=\"1\"><a href=\"https:\/\/iparksa.com\/en\/parkings-ipark-san-lorenzo-de-el-escorial\/\"><i class=\"fas fa-parking\"><\/i>San Lorenzo de El Escorial<\/a>\n\t<ul class=\"sub-menu\">\n\t\t<li id=\"nav-menu-item-10671\" class=\"menu-item menu-item-type-post_type menu-item-object-page \"><a href=\"https:\/\/iparksa.com\/en\/ipark-madrid-parking-plaza-de-la-constitucion\/\">Plaza de la Constituci\u00f3n<\/a><\/li>\n\t<\/ul>\n<\/li>\n<\/ul><\/div><\/div>\n<\/li>\n<li id=\"nav-menu-item-3818\" class=\"menu-item menu-item-type-post_type menu-item-object-page menu-item-has-children  has-sub narrow \"><a href=\"https:\/\/iparksa.com\/en\/parkings-ipark-granada\/\"><i class=\"fas fa-parking\"><\/i>Granada<\/a><span class=\"arrow\" aria-label=\"Open Submenu\"><\/span>\n<div class=\"popup\"><div class=\"inner\" style=\"\"><ul class=\"sub-menu porto-narrow-sub-menu\">\n\t<li id=\"nav-menu-item-3819\" class=\"menu-item menu-item-type-post_type menu-item-object-page \" data-cols=\"1\"><a href=\"https:\/\/iparksa.com\/en\/ipark-granada-severo-ochoa\/\">Severo Ochoa<\/a><\/li>\n\t<li id=\"nav-menu-item-3820\" class=\"menu-item menu-item-type-post_type menu-item-object-page \" data-cols=\"1\"><a href=\"https:\/\/iparksa.com\/en\/ipark-granada-parking-cruz-de-lagos\/\">Cruz de Lagos<\/a><\/li>\n\t<li id=\"nav-menu-item-3821\" class=\"menu-item menu-item-type-post_type menu-item-object-page \" data-cols=\"1\"><a href=\"https:\/\/iparksa.com\/en\/ipark-granada-ronda-centro\/\">Ronda Centro<\/a><\/li>\n\t<li id=\"nav-menu-item-13422\" class=\"menu-item menu-item-type-post_type menu-item-object-page \" data-cols=\"1\"><a href=\"https:\/\/iparksa.com\/en\/ipark-granada-aparcamiento-los-carmenes\/\">Parking Los C\u00e1rmenes<\/a><\/li>\n<\/ul><\/div><\/div>\n<\/li>\n<li id=\"nav-menu-item-3822\" class=\"menu-item menu-item-type-post_type menu-item-object-page menu-item-has-children  has-sub narrow \"><a href=\"https:\/\/iparksa.com\/en\/parkings-ipark-almeria\/\"><i class=\"fas fa-parking\"><\/i>Almer\u00eda<\/a><span class=\"arrow\" aria-label=\"Open Submenu\"><\/span>\n<div class=\"popup\"><div class=\"inner\" style=\"\"><ul class=\"sub-menu porto-narrow-sub-menu\">\n\t<li id=\"nav-menu-item-3823\" class=\"menu-item menu-item-type-post_type menu-item-object-page \" data-cols=\"1\"><a href=\"https:\/\/iparksa.com\/en\/ipark-almeria-rambla-obispo-orbera-mercado\/\">Obispo Orber\u00e1 Mercado<\/a><\/li>\n<\/ul><\/div><\/div>\n<\/li>\n<li id=\"nav-menu-item-8875\" class=\"menu-item menu-item-type-custom menu-item-object-custom menu-item-has-children  has-sub narrow \"><a href=\"#\"><i class=\"fas fa-parking\"><\/i>M\u00e1laga<\/a><span class=\"arrow\" aria-label=\"Open Submenu\"><\/span>\n<div class=\"popup\"><div class=\"inner\" style=\"\"><ul class=\"sub-menu porto-narrow-sub-menu\">\n\t<li id=\"nav-menu-item-3824\" class=\"menu-item menu-item-type-post_type menu-item-object-page menu-item-has-children  sub\" data-cols=\"1\"><a href=\"https:\/\/iparksa.com\/en\/parkings-ipark-malaga\/\"><i class=\"fas fa-parking\"><\/i>V\u00e9lez-M\u00e1laga<\/a>\n\t<ul class=\"sub-menu\">\n\t\t<li id=\"nav-menu-item-3825\" class=\"menu-item menu-item-type-post_type menu-item-object-page \"><a href=\"https:\/\/iparksa.com\/en\/ipark-velez-malaga-plaza-del-carmen\/\">Plaza del Carmen<\/a><\/li>\n\t\t<li id=\"nav-menu-item-3826\" class=\"menu-item menu-item-type-post_type menu-item-object-page \"><a href=\"https:\/\/iparksa.com\/en\/ipark-torre-del-mar-las-yucas\/\">Las Yucas<\/a><\/li>\n\t<\/ul>\n<\/li>\n\t<li id=\"nav-menu-item-9377\" class=\"menu-item menu-item-type-post_type menu-item-object-page menu-item-has-children  sub\" data-cols=\"1\"><a href=\"https:\/\/iparksa.com\/en\/parkings-ipark-torremolinos\/\"><i class=\"fas fa-parking\"><\/i>Torremolinos<\/a>\n\t<ul class=\"sub-menu\">\n\t\t<li id=\"nav-menu-item-3828\" class=\"menu-item menu-item-type-post_type menu-item-object-page \"><a href=\"https:\/\/iparksa.com\/en\/ipark-torremolinos-pueblo-blanco\/\">Pueblo Blanco<\/a><\/li>\n\t\t<li id=\"nav-menu-item-3827\" class=\"menu-item menu-item-type-post_type menu-item-object-page \"><a href=\"https:\/\/iparksa.com\/en\/ipark-torremolinos-parking-centro\/\">Ronda Centro<\/a><\/li>\n\t<\/ul>\n<\/li>\n<\/ul><\/div><\/div>\n<\/li>\n<li id=\"nav-menu-item-11357\" class=\"menu-item menu-item-type-post_type menu-item-object-page menu-item-has-children  has-sub narrow \"><a href=\"https:\/\/iparksa.com\/en\/parkings-ipark-murcia\/\"><i class=\"fas fa-parking\"><\/i>Murcia<\/a><span class=\"arrow\" aria-label=\"Open Submenu\"><\/span>\n<div class=\"popup\"><div class=\"inner\" style=\"\"><ul class=\"sub-menu porto-narrow-sub-menu\">\n\t<li id=\"nav-menu-item-11358\" class=\"menu-item menu-item-type-post_type menu-item-object-page \" data-cols=\"1\"><a href=\"https:\/\/iparksa.com\/en\/ipark-murcia-parking-jose-barnes\/\">Jos\u00e9 Barn\u00e9s<\/a><\/li>\n<\/ul><\/div><\/div>\n<\/li>\n<li id=\"nav-menu-item-15030\" class=\"menu-item menu-item-type-post_type menu-item-object-page menu-item-has-children  has-sub narrow \"><a href=\"https:\/\/iparksa.com\/en\/parkings-ipark-las-palmas-de-gran-canaria\/\"><i class=\"fas fa-parking\"><\/i>Gran Canaria<\/a><span class=\"arrow\" aria-label=\"Open Submenu\"><\/span>\n<div class=\"popup\"><div class=\"inner\" style=\"\"><ul class=\"sub-menu porto-narrow-sub-menu\">\n\t<li id=\"nav-menu-item-15031\" class=\"menu-item menu-item-type-post_type menu-item-object-page \" data-cols=\"1\"><a href=\"https:\/\/iparksa.com\/en\/ipark-las-palmas-de-gran-canaria-la-puntilla\/\">La Puntilla<\/a><\/li>\n\t<li id=\"nav-menu-item-15953\" class=\"menu-item menu-item-type-post_type menu-item-object-page \" data-cols=\"1\"><a href=\"https:\/\/iparksa.com\/en\/parking-ciudad-jardin\/\">Ciudad Jard\u00edn<\/a><\/li>\n\t<li id=\"nav-menu-item-15981\" class=\"menu-item menu-item-type-post_type menu-item-object-page \" data-cols=\"1\"><a href=\"https:\/\/iparksa.com\/en\/ipark-las-palmas-parking-monopol-triana\/\">Monopol<\/a><\/li>\n\t<li id=\"nav-menu-item-16203\" class=\"menu-item menu-item-type-post_type menu-item-object-page \" data-cols=\"1\"><a href=\"https:\/\/iparksa.com\/en\/ipark-gran-canaria-parking-bahia-feliz\/\">Bahia Feliz<\/a><\/li>\n<\/ul><\/div><\/div>\n<\/li>\n<li id=\"nav-menu-item-8876\" class=\"menu-item menu-item-type-custom menu-item-object-custom menu-item-has-children  has-sub narrow \"><a href=\"#\"><i class=\"fas fa-parking\"><\/i>Bizkaia<\/a><span class=\"arrow\" aria-label=\"Open Submenu\"><\/span>\n<div class=\"popup\"><div class=\"inner\" style=\"\"><ul class=\"sub-menu porto-narrow-sub-menu\">\n\t<li id=\"nav-menu-item-3829\" class=\"menu-item menu-item-type-post_type menu-item-object-page menu-item-has-children  sub\" data-cols=\"1\"><a href=\"https:\/\/iparksa.com\/en\/parkings-ipark-bilbao\/\"><i class=\"fas fa-parking\"><\/i>Bilbao<\/a>\n\t<ul class=\"sub-menu\">\n\t\t<li id=\"nav-menu-item-3830\" class=\"menu-item menu-item-type-post_type menu-item-object-page \"><a href=\"https:\/\/iparksa.com\/en\/ipark-bilbao-parking-madariaga\/\">Parking Madariaga<\/a><\/li>\n\t<\/ul>\n<\/li>\n<\/ul><\/div><\/div>\n<\/li>\n<li id=\"nav-menu-item-14131\" class=\"menu-item menu-item-type-custom menu-item-object-custom menu-item-has-children  has-sub narrow \"><a href=\"https:\/\/iparksa.com\/en\/ipark-donosti-parking-arcco-amara\/\"><i class=\"fas fa-parking\"><\/i>Guip\u00fazcoa<\/a><span class=\"arrow\" aria-label=\"Open Submenu\"><\/span>\n<div class=\"popup\"><div class=\"inner\" style=\"\"><ul class=\"sub-menu porto-narrow-sub-menu\">\n\t<li id=\"nav-menu-item-14132\" class=\"menu-item menu-item-type-post_type menu-item-object-page \" data-cols=\"1\"><a href=\"https:\/\/iparksa.com\/en\/ipark-donosti-parking-arcco-amara\/\">Parking Arcco Amara<\/a><\/li>\n<\/ul><\/div><\/div>\n<\/li>\n<li id=\"nav-menu-item-9290\" class=\"menu-item menu-item-type-custom menu-item-object-custom menu-item-has-children  has-sub narrow \"><a href=\"#\"><i class=\"fas fa-parking\"><\/i>Alicante<\/a><span class=\"arrow\" aria-label=\"Open Submenu\"><\/span>\n<div class=\"popup\"><div class=\"inner\" style=\"\"><ul class=\"sub-menu porto-narrow-sub-menu\">\n\t<li id=\"nav-menu-item-3967\" class=\"menu-item menu-item-type-post_type menu-item-object-page menu-item-has-children  sub\" data-cols=\"1\"><a href=\"https:\/\/iparksa.com\/en\/parkings-ipark-alicante\/\"><i class=\"fas fa-parking\"><\/i>Alicante<\/a>\n\t<ul class=\"sub-menu\">\n\t\t<li id=\"nav-menu-item-3968\" class=\"menu-item menu-item-type-post_type menu-item-object-page \"><a href=\"https:\/\/iparksa.com\/en\/ipark-alicante-poeta-quintana\/\">Poeta Quintana<\/a><\/li>\n\t<\/ul>\n<\/li>\n\t<li id=\"nav-menu-item-9379\" class=\"menu-item menu-item-type-post_type menu-item-object-page menu-item-has-children  sub\" data-cols=\"1\"><a href=\"https:\/\/iparksa.com\/en\/parkings-ipark-santa-pola\/\"><i class=\"fas fa-parking\"><\/i>Santa pola<\/a>\n\t<ul class=\"sub-menu\">\n\t\t<li id=\"nav-menu-item-9198\" class=\"menu-item menu-item-type-post_type menu-item-object-page \"><a href=\"https:\/\/iparksa.com\/en\/ipark-alicante-parking-castillo\/\">Parking Castillo<\/a><\/li>\n\t<\/ul>\n<\/li>\n<\/ul><\/div><\/div>\n<\/li>\n<li id=\"nav-menu-item-3833\" class=\"menu-item menu-item-type-post_type menu-item-object-page menu-item-has-children  has-sub narrow \"><a href=\"https:\/\/iparksa.com\/en\/parkings-ipark-cordoba\/\"><i class=\"fas fa-parking\"><\/i>C\u00f3rdoba<\/a><span class=\"arrow\" aria-label=\"Open Submenu\"><\/span>\n<div class=\"popup\"><div class=\"inner\" style=\"\"><ul class=\"sub-menu porto-narrow-sub-menu\">\n\t<li id=\"nav-menu-item-3834\" class=\"menu-item menu-item-type-post_type menu-item-object-page \" data-cols=\"1\"><a href=\"https:\/\/iparksa.com\/en\/ipark-cordoba-cordoba-centro\/\">C\u00f3rdoba Centro<\/a><\/li>\n<\/ul><\/div><\/div>\n<\/li>\n<li id=\"nav-menu-item-8878\" class=\"menu-item menu-item-type-custom menu-item-object-custom menu-item-has-children  has-sub narrow \"><a href=\"#\"><i class=\"fas fa-parking\"><\/i>C\u00e1diz<\/a><span class=\"arrow\" aria-label=\"Open Submenu\"><\/span>\n<div class=\"popup\"><div class=\"inner\" style=\"\"><ul class=\"sub-menu porto-narrow-sub-menu\">\n\t<li id=\"nav-menu-item-9378\" class=\"menu-item menu-item-type-post_type menu-item-object-page menu-item-has-children  sub\" data-cols=\"1\"><a href=\"https:\/\/iparksa.com\/en\/parkings-ipark-algeciras\/\"><i class=\"fas fa-parking\"><\/i>Algeciras<\/a>\n\t<ul class=\"sub-menu\">\n\t\t<li id=\"nav-menu-item-3838\" class=\"menu-item menu-item-type-post_type menu-item-object-page \"><a href=\"https:\/\/iparksa.com\/en\/ipark-algeciras-mercado-de-abastos\/\">Mercado de Abastos<\/a><\/li>\n\t\t<li id=\"nav-menu-item-9880\" class=\"menu-item menu-item-type-post_type menu-item-object-page \"><a href=\"https:\/\/iparksa.com\/en\/ipark-algeciras-parking-hispano\/\">Parking Hispano<\/a><\/li>\n\t<\/ul>\n<\/li>\n\t<li id=\"nav-menu-item-3837\" class=\"menu-item menu-item-type-post_type menu-item-object-page menu-item-has-children  sub\" data-cols=\"1\"><a href=\"https:\/\/iparksa.com\/en\/parkings-ipark-cadiz\/\"><i class=\"fas fa-parking\"><\/i>C\u00e1diz<\/a>\n\t<ul class=\"sub-menu\">\n\t\t<li id=\"nav-menu-item-3839\" class=\"menu-item menu-item-type-post_type menu-item-object-page \"><a href=\"https:\/\/iparksa.com\/en\/ipark-cadiz-garaje-america\/\">Garaje Am\u00e9rica<\/a><\/li>\n\t\t<li id=\"nav-menu-item-8781\" class=\"menu-item menu-item-type-post_type menu-item-object-page \"><a href=\"https:\/\/iparksa.com\/en\/ipark-cadiz-parking-telegrafia\/\">Parking Telegrafia<\/a><\/li>\n\t\t<li id=\"nav-menu-item-10750\" class=\"menu-item menu-item-type-post_type menu-item-object-page \"><a href=\"https:\/\/iparksa.com\/en\/ipark-cadiz-parking-fo-cona\/\">Puerta de Gibraltar<\/a><\/li>\n\t<\/ul>\n<\/li>\n\t<li id=\"nav-menu-item-14725\" class=\"menu-item menu-item-type-post_type menu-item-object-page menu-item-has-children  sub\" data-cols=\"1\"><a href=\"https:\/\/iparksa.com\/en\/parkings-ipark-rota\/\"><i class=\"fas fa-parking\"><\/i>Rota<\/a>\n\t<ul class=\"sub-menu\">\n\t\t<li id=\"nav-menu-item-14724\" class=\"menu-item menu-item-type-post_type menu-item-object-page \"><a href=\"https:\/\/iparksa.com\/en\/ipark-rota-parking-puerto-rota\/\">Parking Puerto Rota<\/a><\/li>\n\t<\/ul>\n<\/li>\n<\/ul><\/div><\/div>\n<\/li>\n<li id=\"nav-menu-item-8880\" class=\"menu-item menu-item-type-custom menu-item-object-custom menu-item-has-children  has-sub narrow \"><a href=\"#\"><i class=\"fas fa-parking\"><\/i>Huelva<\/a><span class=\"arrow\" aria-label=\"Open Submenu\"><\/span>\n<div class=\"popup\"><div class=\"inner\" style=\"\"><ul class=\"sub-menu porto-narrow-sub-menu\">\n\t<li id=\"nav-menu-item-3835\" class=\"menu-item menu-item-type-post_type menu-item-object-page menu-item-has-children  sub\" data-cols=\"1\"><a href=\"https:\/\/iparksa.com\/en\/parkings-ipark-huelva\/\"><i class=\"fas fa-parking\"><\/i>Huelva<\/a>\n\t<ul class=\"sub-menu\">\n\t\t<li id=\"nav-menu-item-7098\" class=\"menu-item menu-item-type-post_type menu-item-object-page \"><a href=\"https:\/\/iparksa.com\/en\/ipark-huelva-hospital-costa-de-la-luz\/\">Hospital Costa de la luz<\/a><\/li>\n\t\t<li id=\"nav-menu-item-11551\" class=\"menu-item menu-item-type-post_type menu-item-object-page \"><a href=\"https:\/\/iparksa.com\/en\/ipark-huelva-parking-coronacion\/\">Parking Coronaci\u00f3n<\/a><\/li>\n\t\t<li id=\"nav-menu-item-15629\" class=\"menu-item menu-item-type-post_type menu-item-object-page \"><a href=\"https:\/\/iparksa.com\/en\/ipark-huelva-parking-cc-puerta-del-odiel\/\">Parking Puerta del Odiel<\/a><\/li>\n\t<\/ul>\n<\/li>\n\t<li id=\"nav-menu-item-9380\" class=\"menu-item menu-item-type-post_type menu-item-object-page menu-item-has-children  sub\" data-cols=\"1\"><a href=\"https:\/\/iparksa.com\/en\/parkings-ipark-punta-umbria\/\"><i class=\"fas fa-parking\"><\/i>Punta Umbr\u00eda<\/a>\n\t<ul class=\"sub-menu\">\n\t\t<li id=\"nav-menu-item-3836\" class=\"menu-item menu-item-type-post_type menu-item-object-page \"><a href=\"https:\/\/iparksa.com\/en\/ipark-punta-umbria-hotel-barcelo\/\">Hotel Barcel\u00f3<\/a><\/li>\n\t\t<li id=\"nav-menu-item-14313\" class=\"menu-item menu-item-type-post_type menu-item-object-page \"><a href=\"https:\/\/iparksa.com\/en\/ipark-huelva-punta-umbria-mar\/\">Punta Umbria MAR<\/a><\/li>\n\t<\/ul>\n<\/li>\n<\/ul><\/div><\/div>\n<\/li>\n<li id=\"nav-menu-item-6949\" class=\"menu-item menu-item-type-post_type menu-item-object-page menu-item-has-children  has-sub narrow \"><a href=\"https:\/\/iparksa.com\/en\/parkings-ipark-soria\/\"><i class=\"fas fa-parking\"><\/i>Soria<\/a><span class=\"arrow\" aria-label=\"Open Submenu\"><\/span>\n<div class=\"popup\"><div class=\"inner\" style=\"\"><ul class=\"sub-menu porto-narrow-sub-menu\">\n\t<li id=\"nav-menu-item-6950\" class=\"menu-item menu-item-type-post_type menu-item-object-page \" data-cols=\"1\"><a href=\"https:\/\/iparksa.com\/en\/ipark-soria-riosa\/\">Riosa<\/a><\/li>\n<\/ul><\/div><\/div>\n<\/li>\n<li id=\"nav-menu-item-8882\" class=\"menu-item menu-item-type-custom menu-item-object-custom menu-item-has-children  has-sub narrow \"><a href=\"#\"><i class=\"fas fa-parking\"><\/i>Le\u00f3n<\/a><span class=\"arrow\" aria-label=\"Open Submenu\"><\/span>\n<div class=\"popup\"><div class=\"inner\" style=\"\"><ul class=\"sub-menu porto-narrow-sub-menu\">\n\t<li id=\"nav-menu-item-14872\" class=\"menu-item menu-item-type-post_type menu-item-object-page menu-item-has-children  sub\" data-cols=\"1\"><a href=\"https:\/\/iparksa.com\/en\/parkings-ipark-leon\/\"><i class=\"fas fa-parking\"><\/i>Le\u00f3n<\/a>\n\t<ul class=\"sub-menu\">\n\t\t<li id=\"nav-menu-item-14873\" class=\"menu-item menu-item-type-post_type menu-item-object-page \"><a href=\"https:\/\/iparksa.com\/en\/ipark-leon-parking-san-marcelo\/\">San Marcelo<\/a><\/li>\n\t<\/ul>\n<\/li>\n\t<li id=\"nav-menu-item-6951\" class=\"menu-item menu-item-type-post_type menu-item-object-page menu-item-has-children  sub\" data-cols=\"1\"><a href=\"https:\/\/iparksa.com\/en\/parkings-ipark-ponferrada\/\"><i class=\"fas fa-parking\"><\/i>Ponferrada<\/a>\n\t<ul class=\"sub-menu\">\n\t\t<li id=\"nav-menu-item-6952\" class=\"menu-item menu-item-type-post_type menu-item-object-page \"><a href=\"https:\/\/iparksa.com\/en\/ipark-ponferrada-compostilla\/\">Compostilla<\/a><\/li>\n\t<\/ul>\n<\/li>\n<\/ul><\/div><\/div>\n<\/li>\n<li id=\"nav-menu-item-9000\" class=\"menu-item menu-item-type-custom menu-item-object-custom menu-item-has-children  has-sub narrow \"><a href=\"#\"><i class=\"fas fa-parking\"><\/i>\u00c1lava<\/a><span class=\"arrow\" aria-label=\"Open Submenu\"><\/span>\n<div class=\"popup\"><div class=\"inner\" style=\"\"><ul class=\"sub-menu porto-narrow-sub-menu\">\n\t<li id=\"nav-menu-item-6955\" class=\"menu-item menu-item-type-post_type menu-item-object-page menu-item-has-children  sub\" data-cols=\"1\"><a href=\"https:\/\/iparksa.com\/en\/parkings-ipark-vitoria-gasteiz\/\"><i class=\"fas fa-parking\"><\/i>Vitoria-Gasteiz<\/a>\n\t<ul class=\"sub-menu\">\n\t\t<li id=\"nav-menu-item-6956\" class=\"menu-item menu-item-type-post_type menu-item-object-page \"><a href=\"https:\/\/iparksa.com\/en\/ipark-vitoria-gasteiz-san-jose-mutualia\/\">Hospital San Jos\u00e9<\/a><\/li>\n\t<\/ul>\n<\/li>\n<\/ul><\/div><\/div>\n<\/li>\n<li id=\"nav-menu-item-6953\" class=\"menu-item menu-item-type-post_type menu-item-object-page menu-item-has-children  has-sub narrow \"><a href=\"https:\/\/iparksa.com\/en\/parkings-ipark-caceres\/\"><i class=\"fas fa-parking\"><\/i>C\u00e1ceres<\/a><span class=\"arrow\" aria-label=\"Open Submenu\"><\/span>\n<div class=\"popup\"><div class=\"inner\" style=\"\"><ul class=\"sub-menu porto-narrow-sub-menu\">\n\t<li id=\"nav-menu-item-6954\" class=\"menu-item menu-item-type-post_type menu-item-object-page \" data-cols=\"1\"><a href=\"https:\/\/iparksa.com\/en\/ipark-caceres-canovas\/\">C\u00e1novas<\/a><\/li>\n<\/ul><\/div><\/div>\n<\/li>\n<li id=\"nav-menu-item-9884\" class=\"menu-item menu-item-type-custom menu-item-object-custom menu-item-has-children  has-sub narrow \"><a href=\"#\"><i class=\"fas fa-parking\"><\/i>Pontevedra<\/a><span class=\"arrow\" aria-label=\"Open Submenu\"><\/span>\n<div class=\"popup\"><div class=\"inner\" style=\"\"><ul class=\"sub-menu porto-narrow-sub-menu\">\n\t<li id=\"nav-menu-item-9881\" class=\"menu-item menu-item-type-post_type menu-item-object-page menu-item-has-children  sub\" data-cols=\"1\"><a href=\"https:\/\/iparksa.com\/en\/parkings-ipark-vigo\/\"><i class=\"fas fa-parking\"><\/i>Vigo<\/a>\n\t<ul class=\"sub-menu\">\n\t\t<li id=\"nav-menu-item-9882\" class=\"menu-item menu-item-type-post_type menu-item-object-page \"><a href=\"https:\/\/iparksa.com\/en\/ipark-vigo-colon-centro\/\">Col\u00f3n Centro<\/a><\/li>\n\t<\/ul>\n<\/li>\n<\/ul><\/div><\/div>\n<\/li>\n<li id=\"nav-menu-item-12312\" class=\"menu-item menu-item-type-custom menu-item-object-custom menu-item-has-children  has-sub narrow \"><a href=\"#\"><i class=\"fas fa-parking\"><\/i>La Coru\u00f1a<\/a><span class=\"arrow\" aria-label=\"Open Submenu\"><\/span>\n<div class=\"popup\"><div class=\"inner\" style=\"\"><ul class=\"sub-menu porto-narrow-sub-menu\">\n\t<li id=\"nav-menu-item-12313\" class=\"menu-item menu-item-type-post_type menu-item-object-page menu-item-has-children  sub\" data-cols=\"1\"><a href=\"https:\/\/iparksa.com\/en\/parkings-ipark-santiago-de-compostela\/\"><i class=\"fas fa-parking\"><\/i>Santiago<\/a>\n\t<ul class=\"sub-menu\">\n\t\t<li id=\"nav-menu-item-12314\" class=\"menu-item menu-item-type-post_type menu-item-object-page \"><a href=\"https:\/\/iparksa.com\/en\/ipark-santiago-de-compostela-parking-granvia\/\">Parking Gran V\u00eda<\/a><\/li>\n\t\t<li id=\"nav-menu-item-15959\" class=\"menu-item menu-item-type-post_type menu-item-object-page \"><a href=\"https:\/\/iparksa.com\/en\/parking-rosalia-de-castro\/\">Rosal\u00eda de Castro<\/a><\/li>\n\t<\/ul>\n<\/li>\n<\/ul><\/div><\/div>\n<\/li>\n<li id=\"nav-menu-item-8883\" class=\"menu-item menu-item-type-custom menu-item-object-custom menu-item-has-children  has-sub narrow \"><a href=\"#\"><i class=\"fas fa-parking\"><\/i>Lisboa<\/a><span class=\"arrow\" aria-label=\"Open Submenu\"><\/span>\n<div class=\"popup\"><div class=\"inner\" style=\"\"><ul class=\"sub-menu porto-narrow-sub-menu\">\n\t<li id=\"nav-menu-item-3840\" class=\"menu-item menu-item-type-post_type menu-item-object-page menu-item-has-children  sub\" data-cols=\"1\"><a href=\"https:\/\/iparksa.com\/en\/parkings-ipark-agualva-cacem\/\"><i class=\"fas fa-parking\"><\/i>Agualva-C\u00e1cem<\/a>\n\t<ul class=\"sub-menu\">\n\t\t<li id=\"nav-menu-item-3841\" class=\"menu-item menu-item-type-post_type menu-item-object-page \"><a href=\"https:\/\/iparksa.com\/en\/ipark-cacem-parque-central\/\">Parque Central<\/a><\/li>\n\t<\/ul>\n<\/li>\n\t<li id=\"nav-menu-item-9265\" class=\"menu-item menu-item-type-post_type menu-item-object-page menu-item-has-children  sub\" data-cols=\"1\"><a href=\"https:\/\/iparksa.com\/en\/parkings-ipark-lisboa\/\"><i class=\"fas fa-parking\"><\/i>Lisboa<\/a>\n\t<ul class=\"sub-menu\">\n\t\t<li id=\"nav-menu-item-9266\" class=\"menu-item menu-item-type-post_type menu-item-object-page \"><a href=\"https:\/\/iparksa.com\/en\/ipark-lisboa-misericordia\/\">Misericordia<\/a><\/li>\n\t<\/ul>\n<\/li>\n<\/ul><\/div><\/div>\n<\/li>\n<li id=\"nav-menu-item-3842\" class=\"menu-item menu-item-type-post_type menu-item-object-page menu-item-has-children  has-sub narrow \"><a href=\"https:\/\/iparksa.com\/en\/parkings-ipark-braga\/\"><i class=\"fas fa-parking\"><\/i>Braga<\/a><span class=\"arrow\" aria-label=\"Open Submenu\"><\/span>\n<div class=\"popup\"><div class=\"inner\" style=\"\"><ul class=\"sub-menu porto-narrow-sub-menu\">\n\t<li id=\"nav-menu-item-3843\" class=\"menu-item menu-item-type-post_type menu-item-object-page \" data-cols=\"1\"><a href=\"https:\/\/iparksa.com\/en\/ipark-braga-parque-sao-lazaro\/\">Parque S\u00e3o L\u00e1zaro<\/a><\/li>\n<\/ul><\/div><\/div>\n<\/li>\n<li id=\"nav-menu-item-13142\" class=\"menu-item menu-item-type-post_type menu-item-object-page menu-item-has-children  has-sub narrow \"><a href=\"https:\/\/iparksa.com\/en\/parkings-ipark-oporto\/\"><i class=\"fas fa-parking\"><\/i>Oporto<\/a><span class=\"arrow\" aria-label=\"Open Submenu\"><\/span>\n<div class=\"popup\"><div class=\"inner\" style=\"\"><ul class=\"sub-menu porto-narrow-sub-menu\">\n\t<li id=\"nav-menu-item-12491\" class=\"menu-item menu-item-type-post_type menu-item-object-page \" data-cols=\"1\"><a href=\"https:\/\/iparksa.com\/en\/ipark-vilanova-de-gaia-parking-cais-de-gaia\/\">Cais de Gaia<\/a><\/li>\n\t<li id=\"nav-menu-item-13584\" class=\"menu-item menu-item-type-post_type menu-item-object-page \" data-cols=\"1\"><a href=\"https:\/\/iparksa.com\/en\/ipark-oporto-bonjardim-bolhao\/\">Bonjardim\/Bolh\u00e3o<\/a><\/li>\n\t<li id=\"nav-menu-item-15438\" class=\"menu-item menu-item-type-post_type menu-item-object-page \" data-cols=\"1\"><a href=\"https:\/\/iparksa.com\/en\/ipark-porto-parking-parque-bessa-leite\/\">Bessa Leite<\/a><\/li>\n<\/ul><\/div><\/div>\n<\/li>\n<\/ul><\/div><\/div><\/div><\/div>[\/vc_column][\/vc_row][vc_row css=&#8221;.vc_custom_1650542889818{padding-right: 3em !important;padding-left: 3em !important;}&#8221;][vc_column][vc_row_inner][vc_column_inner][vc_custom_heading text=&#8221;Car parks in Malaga&#8221; use_theme_fonts=&#8221;yes&#8221;][vc_column_text]Traffic management is one of the main problems facing large urban centers today.<\/p>\n<p>In this case, <strong>parking a car in Malaga<\/strong> can become an odyssey, especially during rush hour, if there is no space on the street to do so.<\/p>\n<p>For this reason, Parking companies in Malaga, such as <strong>Ipark<\/strong>, offer you the opportunity to enjoy strategically located car parks in the center of this city, being able to park your car calmly while you carry out your daily tasks.[\/vc_column_text][\/vc_column_inner][\/vc_row_inner][vc_custom_heading text=&#8221;Why is it important to reserve Malaga parking?&#8221; use_theme_fonts=&#8221;yes&#8221;][vc_column_text]Can you imagine going out in your car and when you arrive at your destination not having a single place to park? This is precisely what you can avoid by contracting the services of a Malaga Parkings company.<\/p>\n<p>These types of companies manage the parking of cars, which circulate through the main road arteries of the city, which require a safe place to park.<\/p>\n<p>In general, these companies contribute to the organization of traffic in Malaga, providing adequate space and authorization for a car to remain for a previously stipulated period of time.<\/p>\n<p>Through the use of the <strong>parking center of Malaga<\/strong> you will be able to optimize your time and take advantage of it in a much more efficient way.<\/p>\n<p>You just have to go to the Malaga center car parks with the location that suits you best and leave your car parked there.<\/p>\n<p>In this way, you will enjoy a higher quality of life when visiting crowded areas and places, such as the city center, offices, hospitals, hotels, shopping centers, and many more.<\/p>\n<p>So don&#8217;t hesitate to reserve Malaga parking from this website.[\/vc_column_text][\/vc_column][\/vc_row][vc_row css=&#8221;.vc_custom_1650542735309{padding-right: 3em !important;padding-left: 3em !important;}&#8221;][vc_column][vc_custom_heading text=&#8221;Book parking in Malaga&#8221; use_theme_fonts=&#8221;yes&#8221;][vc_column_text]Taking your car and heading to your destination is not always an easy task to carry out, especially if it is an area where high traffic prevents you from parking calmly.<\/p>\n<p>Fortunately, you can reserve car parks in Malaga center simply through this link, where you can access a wide range of services.<\/p>\n<p>These will allow you to choose the most suitable Malaga center car park to leave your car while you go to work, go shopping or go about your daily routine.<\/p>\n<p>Ipark has a long history of offering a complete variety of solutions, which include car parks or City Parkings in key areas located in the center of the city of Malaga.<\/p>\n<p>On the other hand, this company also has Malaga car parks close to airports, land terminals and train stations, which function as a link that coordinates the mobility of people who visit or leave the city.[\/vc_column_text][\/vc_column][\/vc_row][vc_row css=&#8221;.vc_custom_1650541991231{padding-right: 3em !important;padding-left: 3em !important;}&#8221;][vc_column][vc_custom_heading text=&#8221;Where can I reserve parking in Malaga?&#8221; use_theme_fonts=&#8221;yes&#8221;][vc_column_text]Nowadays, it is very easy to reserve parking in Malaga, you just have to visit the iPark page and enter the number plate of your car.<\/p>\n<p>After acquiring the service in its subscription or reservation mode, you will become part of the database that will give you access to the car park system.<\/p>\n<p>Subsequently, you must go to some of the <strong>Parkings in Malaga<\/strong> closest to your destination and from there to the area where the ticket dispenser is located.<\/p>\n<p>In this place, a license plate reader camera will identify your car and give you access to the facilities.<\/p>\n<p>When you contract this service, the website will show you the purchases you have made and a profile with your information, so that you can streamline the entire process in future purchases.<\/p>\n<p>Malaga parking reservations are handled with a system that contemplates confirmation in advance, and you must indicate how many days of reservation you are going to contract and the day of your arrival.<\/p>\n<p>Next, we present the location of the main car parks in Malaga center:[\/vc_column_text][\/vc_column][\/vc_row][vc_row css=&#8221;.vc_custom_1650542004893{padding-right: 3em !important;padding-left: 3em !important;}&#8221;][vc_column][vc_custom_heading text=&#8221;iPark Las Yucas&#8221; use_theme_fonts=&#8221;yes&#8221;][vc_column_text]It is located in the heart of Torre del Mar, specifically on Avenida de Andaluc\u00eda with Yucas street. This public Malaga car park has video surveillance and security personnel.<\/p>\n<p>You can use the parking services for short and long stay periods. We recommend you make the contract online, to enjoy additional discounts.<\/p>\n<p><strong>Address: C. AZUCENA, 29740 TORRE DEL MAR, M\u00c1LAGA<\/strong>[\/vc_column_text][\/vc_column][\/vc_row][vc_row css=&#8221;.vc_custom_1650535355500{padding-right: 3em !important;padding-left: 3em !important;}&#8221;][vc_column][vc_custom_heading text=&#8221;iPark Plaza del Carmen&#8221; use_theme_fonts=&#8221;yes&#8221;][vc_column_text]This Malaga center car park has personalized surveillance and has quite flexible contracting plans, highlighting the parking services through daily reservations, the vouchers valid for monthly periods and the car parks with rotation per minute.<\/p>\n<p><strong>Address: C. PORTER\u00cdA DEL CARMEN, S\/N, 29700 V\u00c9LEZ-M\u00c1LAGA, M\u00c1LAGA<\/strong>[\/vc_column_text][\/vc_column][\/vc_row][vc_row css=&#8221;.vc_custom_1650535355500{padding-right: 3em !important;padding-left: 3em !important;}&#8221;][vc_column][vc_custom_heading text=&#8221;iPark Pueblo Blanco&#8221; use_theme_fonts=&#8221;yes&#8221;][vc_column_text]If you want to go to the city courts, then this car park in Malaga can be your best ally when carrying out procedures at the Civil Registry, the Police Station or the Torremolinos Cemetery.<\/p>\n<p><strong>Address: APARCAMIENTO P\u00daBLICO SUBTERR\u00c1NEO, C. SKAL, 29620 TORREMOLINOS, M\u00c1LAGA<\/strong>[\/vc_column_text][\/vc_column][\/vc_row][vc_row css=&#8221;.vc_custom_1650535355500{padding-right: 3em !important;padding-left: 3em !important;}&#8221;][vc_column][vc_custom_heading text=&#8221;iPark Parking Centro&#8221; use_theme_fonts=&#8221;yes&#8221;][vc_column_text]It is the best option to choose to park the car when visiting the Torremolinos center or the places near the Plaza de la Independencia.<\/p>\n<p><strong>Address: C. R\u00cdO ARBA, 2, LOCAL 4, 29620 TORREMOLINOS, M\u00c1LAGA<\/strong>[\/vc_column_text][\/vc_column][\/vc_row]<\/p>\n<\/div>","protected":false},"excerpt":{"rendered":"<p>[vc_row full_width=&#8221;stretch_row_content_no_spaces&#8221; content_placement=&#8221;middle&#8221;][vc_column][vc_empty_space height=&#8221;5vh&#8221;][\/vc_column][\/vc_row][vc_row wrap_container=&#8221;yes&#8221; el_id=&#8221;info&#8221; css=&#8221;.vc_custom_1642674319184{padding-right: 3em !important;padding-left: 3em !important;}&#8221;][vc_column width=&#8221;1\/4&#8243; offset=&#8221;vc_hidden-sm vc_hidden-xs&#8221;][vc_empty_space height=&#8221;5vh&#8221;][\/vc_column][vc_column width=&#8221;3\/4&#8243;][vc_row_inner][vc_column_inner width=&#8221;1\/2&#8243;][vc_separator color=&#8221;custom&#8221; accent_color=&#8221;#a5be0b&#8221;][vc_custom_heading text=&#8221;iPark Las Yucas&#8221; font_container=&#8221;tag:h2|text_align:center&#8221; use_theme_fonts=&#8221;yes&#8221;][vc_separator color=&#8221;custom&#8221; el_width=&#8221;30&#8243; accent_color=&#8221;#a5be0b&#8221;][vc_column_text css=&#8221;.vc_custom_1664188034291{margin-bottom: 20px !important;}&#8221;]Public parking, with staff and video surveillance. On Avenida de Andaluc\u00eda and Calle Yucas, in the heart of Torre del Mar. We offer short- and long-term [&hellip;]<\/p>\n","protected":false},"author":2,"featured_media":0,"parent":0,"menu_order":0,"comment_status":"closed","ping_status":"closed","template":"","meta":{"footnotes":""},"wf_page_folders":[187],"class_list":["post-3369","page","type-page","status-publish","hentry"],"yoast_head":"<!-- This site is optimized with the Yoast SEO plugin v27.4 - https:\/\/yoast.com\/product\/yoast-seo-wordpress\/ -->\n<title>Parkings in M\u00e1laga | Book Car park in city center | iPark<\/title>\n<meta name=\"description\" content=\"Book car park in M\u00e1laga, secure your parking space in the center. Book online and get great discounts. Park with Ipark!\" \/>\n<meta name=\"robots\" content=\"index, follow, max-snippet:-1, max-image-preview:large, max-video-preview:-1\" \/>\n<link rel=\"canonical\" href=\"https:\/\/iparksa.com\/en\/parkings-ipark-malaga\/\" \/>\n<meta property=\"og:locale\" content=\"en_US\" \/>\n<meta property=\"og:type\" content=\"article\" \/>\n<meta property=\"og:title\" content=\"Parkings in M\u00e1laga | Book Car park in city center | iPark\" \/>\n<meta property=\"og:description\" content=\"Book car park in M\u00e1laga, secure your parking space in the center. Book online and get great discounts. Park with Ipark!\" \/>\n<meta property=\"og:url\" content=\"https:\/\/iparksa.com\/en\/parkings-ipark-malaga\/\" \/>\n<meta property=\"og:site_name\" content=\"iPark\" \/>\n<meta property=\"article:modified_time\" content=\"2025-11-21T11:05:36+00:00\" \/>\n<meta name=\"twitter:card\" content=\"summary_large_image\" \/>\n<meta name=\"twitter:label1\" content=\"Est. reading time\" \/>\n\t<meta name=\"twitter:data1\" content=\"5 minutes\" \/>\n<script type=\"application\/ld+json\" class=\"yoast-schema-graph\">{\"@context\":\"https:\\\/\\\/schema.org\",\"@graph\":[{\"@type\":\"WebPage\",\"@id\":\"https:\\\/\\\/iparksa.com\\\/en\\\/parkings-ipark-malaga\\\/\",\"url\":\"https:\\\/\\\/iparksa.com\\\/en\\\/parkings-ipark-malaga\\\/\",\"name\":\"Parkings in M\u00e1laga | Book Car park in city center | iPark\",\"isPartOf\":{\"@id\":\"https:\\\/\\\/iparksa.com\\\/en\\\/#website\"},\"datePublished\":\"2021-12-30T10:18:05+00:00\",\"dateModified\":\"2025-11-21T11:05:36+00:00\",\"description\":\"Book car park in M\u00e1laga, secure your parking space in the center. Book online and get great discounts. Park with Ipark!\",\"breadcrumb\":{\"@id\":\"https:\\\/\\\/iparksa.com\\\/en\\\/parkings-ipark-malaga\\\/#breadcrumb\"},\"inLanguage\":\"en-US\",\"potentialAction\":[{\"@type\":\"ReadAction\",\"target\":[\"https:\\\/\\\/iparksa.com\\\/en\\\/parkings-ipark-malaga\\\/\"]}]},{\"@type\":\"BreadcrumbList\",\"@id\":\"https:\\\/\\\/iparksa.com\\\/en\\\/parkings-ipark-malaga\\\/#breadcrumb\",\"itemListElement\":[{\"@type\":\"ListItem\",\"position\":1,\"name\":\"Home\",\"item\":\"https:\\\/\\\/iparksa.com\\\/en\\\/\"},{\"@type\":\"ListItem\",\"position\":2,\"name\":\"Parkings in M\u00e1laga\"}]},{\"@type\":\"WebSite\",\"@id\":\"https:\\\/\\\/iparksa.com\\\/en\\\/#website\",\"url\":\"https:\\\/\\\/iparksa.com\\\/en\\\/\",\"name\":\"iPark\",\"description\":\"Gesti\u00f3n de aparcamientos\",\"potentialAction\":[{\"@type\":\"SearchAction\",\"target\":{\"@type\":\"EntryPoint\",\"urlTemplate\":\"https:\\\/\\\/iparksa.com\\\/en\\\/?s={search_term_string}\"},\"query-input\":{\"@type\":\"PropertyValueSpecification\",\"valueRequired\":true,\"valueName\":\"search_term_string\"}}],\"inLanguage\":\"en-US\"}]}<\/script>\n<!-- \/ Yoast SEO plugin. -->","yoast_head_json":{"title":"Parkings in M\u00e1laga | Book Car park in city center | iPark","description":"Book car park in M\u00e1laga, secure your parking space in the center. Book online and get great discounts. Park with Ipark!","robots":{"index":"index","follow":"follow","max-snippet":"max-snippet:-1","max-image-preview":"max-image-preview:large","max-video-preview":"max-video-preview:-1"},"canonical":"https:\/\/iparksa.com\/en\/parkings-ipark-malaga\/","og_locale":"en_US","og_type":"article","og_title":"Parkings in M\u00e1laga | Book Car park in city center | iPark","og_description":"Book car park in M\u00e1laga, secure your parking space in the center. Book online and get great discounts. Park with Ipark!","og_url":"https:\/\/iparksa.com\/en\/parkings-ipark-malaga\/","og_site_name":"iPark","article_modified_time":"2025-11-21T11:05:36+00:00","twitter_card":"summary_large_image","twitter_misc":{"Est. reading time":"5 minutes"},"schema":{"@context":"https:\/\/schema.org","@graph":[{"@type":"WebPage","@id":"https:\/\/iparksa.com\/en\/parkings-ipark-malaga\/","url":"https:\/\/iparksa.com\/en\/parkings-ipark-malaga\/","name":"Parkings in M\u00e1laga | Book Car park in city center | iPark","isPartOf":{"@id":"https:\/\/iparksa.com\/en\/#website"},"datePublished":"2021-12-30T10:18:05+00:00","dateModified":"2025-11-21T11:05:36+00:00","description":"Book car park in M\u00e1laga, secure your parking space in the center. Book online and get great discounts. Park with Ipark!","breadcrumb":{"@id":"https:\/\/iparksa.com\/en\/parkings-ipark-malaga\/#breadcrumb"},"inLanguage":"en-US","potentialAction":[{"@type":"ReadAction","target":["https:\/\/iparksa.com\/en\/parkings-ipark-malaga\/"]}]},{"@type":"BreadcrumbList","@id":"https:\/\/iparksa.com\/en\/parkings-ipark-malaga\/#breadcrumb","itemListElement":[{"@type":"ListItem","position":1,"name":"Home","item":"https:\/\/iparksa.com\/en\/"},{"@type":"ListItem","position":2,"name":"Parkings in M\u00e1laga"}]},{"@type":"WebSite","@id":"https:\/\/iparksa.com\/en\/#website","url":"https:\/\/iparksa.com\/en\/","name":"iPark","description":"Gesti\u00f3n de aparcamientos","potentialAction":[{"@type":"SearchAction","target":{"@type":"EntryPoint","urlTemplate":"https:\/\/iparksa.com\/en\/?s={search_term_string}"},"query-input":{"@type":"PropertyValueSpecification","valueRequired":true,"valueName":"search_term_string"}}],"inLanguage":"en-US"}]}},"_links":{"self":[{"href":"https:\/\/iparksa.com\/en\/wp-json\/wp\/v2\/pages\/3369","targetHints":{"allow":["GET"]}}],"collection":[{"href":"https:\/\/iparksa.com\/en\/wp-json\/wp\/v2\/pages"}],"about":[{"href":"https:\/\/iparksa.com\/en\/wp-json\/wp\/v2\/types\/page"}],"author":[{"embeddable":true,"href":"https:\/\/iparksa.com\/en\/wp-json\/wp\/v2\/users\/2"}],"replies":[{"embeddable":true,"href":"https:\/\/iparksa.com\/en\/wp-json\/wp\/v2\/comments?post=3369"}],"version-history":[{"count":17,"href":"https:\/\/iparksa.com\/en\/wp-json\/wp\/v2\/pages\/3369\/revisions"}],"predecessor-version":[{"id":15288,"href":"https:\/\/iparksa.com\/en\/wp-json\/wp\/v2\/pages\/3369\/revisions\/15288"}],"wp:attachment":[{"href":"https:\/\/iparksa.com\/en\/wp-json\/wp\/v2\/media?parent=3369"}],"wp:term":[{"taxonomy":"wf_page_folders","embeddable":true,"href":"https:\/\/iparksa.com\/en\/wp-json\/wp\/v2\/wf_page_folders?post=3369"}],"curies":[{"name":"wp","href":"https:\/\/api.w.org\/{rel}","templated":true}]}}